{"id":23606,"date":"2021-04-26T16:35:14","date_gmt":"2021-04-26T14:35:14","guid":{"rendered":"http:\/\/dacarcomercial.com\/boutique-2\/"},"modified":"2023-10-16T15:48:55","modified_gmt":"2023-10-16T13:48:55","slug":"boutique-2","status":"publish","type":"page","link":"https:\/\/dacarcomercial.com\/fr\/boutique-2\/","title":{"rendered":"Boutique"},"content":{"rendered":"\t\t<div data-elementor-type=\"wp-page\" data-elementor-id=\"23606\" class=\"elementor elementor-23606 elementor-21508\" data-elementor-post-type=\"page\">\n\t\t\t\t\t\t<section class=\"elementor-section elementor-top-section elementor-element elementor-element-d2c31ed elementor-section-height-min-height elementor-section-boxed elementor-section-height-default elementor-section-items-middle\" data-id=\"d2c31ed\" data-element_type=\"section\" data-e-type=\"section\" data-settings=\"{&quot;background_background&quot;:&quot;classic&quot;,&quot;jet_parallax_layout_list&quot;:[{&quot;jet_parallax_layout_image&quot;:{&quot;url&quot;:&quot;&quot;,&quot;id&quot;:&quot;&quot;,&quot;size&quot;:&quot;&quot;},&quot;_id&quot;:&quot;3a52522&quot;,&quot;jet_parallax_layout_image_tablet&quot;:{&quot;url&quot;:&quot;&quot;,&quot;id&quot;:&quot;&quot;,&quot;size&quot;:&quot;&quot;},&quot;jet_parallax_layout_image_mobile&quot;:{&quot;url&quot;:&quot;&quot;,&quot;id&quot;:&quot;&quot;,&quot;size&quot;:&quot;&quot;},&quot;jet_parallax_layout_speed&quot;:{&quot;unit&quot;:&quot;%&quot;,&quot;size&quot;:50,&quot;sizes&quot;:[]},&quot;jet_parallax_layout_type&quot;:&quot;scroll&quot;,&quot;jet_parallax_layout_direction&quot;:&quot;1&quot;,&quot;jet_parallax_layout_fx_direction&quot;:null,&quot;jet_parallax_layout_z_index&quot;:&quot;&quot;,&quot;jet_parallax_layout_bg_x&quot;:50,&quot;jet_parallax_layout_bg_x_tablet&quot;:&quot;&quot;,&quot;jet_parallax_layout_bg_x_mobile&quot;:&quot;&quot;,&quot;jet_parallax_layout_bg_y&quot;:50,&quot;jet_parallax_layout_bg_y_tablet&quot;:&quot;&quot;,&quot;jet_parallax_layout_bg_y_mobile&quot;:&quot;&quot;,&quot;jet_parallax_layout_bg_size&quot;:&quot;auto&quot;,&quot;jet_parallax_layout_bg_size_tablet&quot;:&quot;&quot;,&quot;jet_parallax_layout_bg_size_mobile&quot;:&quot;&quot;,&quot;jet_parallax_layout_animation_prop&quot;:&quot;transform&quot;,&quot;jet_parallax_layout_on&quot;:[&quot;desktop&quot;,&quot;tablet&quot;]}]}\">\n\t\t\t\t\t\t\t<div class=\"elementor-background-overlay\"><\/div>\n\t\t\t\t\t\t\t<div class=\"elementor-container elementor-column-gap-default\">\n\t\t\t\t\t<div class=\"elementor-column elementor-col-100 elementor-top-column elementor-element elementor-element-964eae4\" data-id=\"964eae4\" data-element_type=\"column\" data-e-type=\"column\">\n\t\t\t<div class=\"elementor-widget-wrap elementor-element-populated\">\n\t\t\t\t\t\t<div class=\"elementor-element elementor-element-fc01e57 elementor-widget elementor-widget-heading\" data-id=\"fc01e57\" data-element_type=\"widget\" data-e-type=\"widget\" data-widget_type=\"heading.default\">\n\t\t\t\t<div class=\"elementor-widget-container\">\n\t\t\t\t\t<h2 class=\"elementor-heading-title elementor-size-default\">Boutique<\/h2>\t\t\t\t<\/div>\n\t\t\t\t<\/div>\n\t\t\t\t<div class=\"elementor-element elementor-element-e855a70 elementor-widget elementor-widget-text-editor\" data-id=\"e855a70\" data-element_type=\"widget\" data-e-type=\"widget\" data-widget_type=\"text-editor.default\">\n\t\t\t\t<div class=\"elementor-widget-container\">\n\t\t\t\t\t\t\t\t\t<p>Bienvenue sur notre boutique en ligne de produits pour la protection des travailleurs <\/p>\n\t\t\t\t\t\t\t\t<\/div>\n\t\t\t\t<\/div>\n\t\t\t\t\t<\/div>\n\t\t<\/div>\n\t\t\t\t\t<\/div>\n\t\t<\/section>\n\t\t\t\t<section class=\"elementor-section elementor-top-section elementor-element elementor-element-e5bf3ba elementor-section-content-middle elementor-section-boxed elementor-section-height-default elementor-section-height-default\" data-id=\"e5bf3ba\" data-element_type=\"section\" data-e-type=\"section\" data-settings=\"{&quot;jet_parallax_layout_list&quot;:[{&quot;jet_parallax_layout_image&quot;:{&quot;url&quot;:&quot;&quot;,&quot;id&quot;:&quot;&quot;,&quot;size&quot;:&quot;&quot;},&quot;_id&quot;:&quot;c4152c4&quot;,&quot;jet_parallax_layout_image_tablet&quot;:{&quot;url&quot;:&quot;&quot;,&quot;id&quot;:&quot;&quot;,&quot;size&quot;:&quot;&quot;},&quot;jet_parallax_layout_image_mobile&quot;:{&quot;url&quot;:&quot;&quot;,&quot;id&quot;:&quot;&quot;,&quot;size&quot;:&quot;&quot;},&quot;jet_parallax_layout_speed&quot;:{&quot;unit&quot;:&quot;%&quot;,&quot;size&quot;:50,&quot;sizes&quot;:[]},&quot;jet_parallax_layout_type&quot;:&quot;scroll&quot;,&quot;jet_parallax_layout_direction&quot;:&quot;1&quot;,&quot;jet_parallax_layout_fx_direction&quot;:null,&quot;jet_parallax_layout_z_index&quot;:&quot;&quot;,&quot;jet_parallax_layout_bg_x&quot;:50,&quot;jet_parallax_layout_bg_x_tablet&quot;:&quot;&quot;,&quot;jet_parallax_layout_bg_x_mobile&quot;:&quot;&quot;,&quot;jet_parallax_layout_bg_y&quot;:50,&quot;jet_parallax_layout_bg_y_tablet&quot;:&quot;&quot;,&quot;jet_parallax_layout_bg_y_mobile&quot;:&quot;&quot;,&quot;jet_parallax_layout_bg_size&quot;:&quot;auto&quot;,&quot;jet_parallax_layout_bg_size_tablet&quot;:&quot;&quot;,&quot;jet_parallax_layout_bg_size_mobile&quot;:&quot;&quot;,&quot;jet_parallax_layout_animation_prop&quot;:&quot;transform&quot;,&quot;jet_parallax_layout_on&quot;:[&quot;desktop&quot;,&quot;tablet&quot;]}]}\">\n\t\t\t\t\t\t<div class=\"elementor-container elementor-column-gap-no\">\n\t\t\t\t\t<div class=\"elementor-column elementor-col-100 elementor-top-column elementor-element elementor-element-2d54f7e\" data-id=\"2d54f7e\" data-element_type=\"column\" data-e-type=\"column\">\n\t\t\t<div class=\"elementor-widget-wrap elementor-element-populated\">\n\t\t\t\t\t\t<div class=\"elementor-element elementor-element-123edc2 elementor-widget__width-auto elementor-widget elementor-widget-button\" data-id=\"123edc2\" data-element_type=\"widget\" data-e-type=\"widget\" data-widget_type=\"button.default\">\n\t\t\t\t<div class=\"elementor-widget-container\">\n\t\t\t\t\t\t\t\t\t<div class=\"elementor-button-wrapper\">\n\t\t\t\t\t<a class=\"elementor-button elementor-button-link elementor-size-sm\" href=\"#elementor-action%3Aaction%3Dpopup%3Aopen%26settings%3DeyJpZCI6MjIwNDksInRvZ2dsZSI6ZmFsc2V9\">\n\t\t\t\t\t\t<span class=\"elementor-button-content-wrapper\">\n\t\t\t\t\t\t<span class=\"elementor-button-icon\">\n\t\t\t\t<i aria-hidden=\"true\" class=\"fas fa-bars\"><\/i>\t\t\t<\/span>\n\t\t\t\t\t\t\t\t\t<span class=\"elementor-button-text\">Filtre<\/span>\n\t\t\t\t\t<\/span>\n\t\t\t\t\t<\/a>\n\t\t\t\t<\/div>\n\t\t\t\t\t\t\t\t<\/div>\n\t\t\t\t<\/div>\n\t\t\t\t<div class=\"elementor-element elementor-element-c801053 elementor-widget__width-initial elementor-widget-mobile__width-inherit elementor-widget-tablet__width-auto elementor-absolute elementor-widget elementor-widget-jet-ajax-search\" data-id=\"c801053\" data-element_type=\"widget\" data-e-type=\"widget\" data-settings=\"{&quot;_position&quot;:&quot;absolute&quot;,&quot;results_area_columns&quot;:1}\" data-widget_type=\"jet-ajax-search.default\">\n\t\t\t\t<div class=\"elementor-widget-container\">\n\t\t\t\t\t<div class=\"elementor-jet-ajax-search jet-search\">\n\t<div class=\"jet_search_listing_grid_hidden_template\" style=\"display: none;\">\n\t\t\t<\/div>\n\n<div class=\"jet-ajax-search\" data-settings=\"{&quot;symbols_for_start_searching&quot;:2,&quot;search_by_empty_value&quot;:&quot;&quot;,&quot;submit_on_enter&quot;:&quot;&quot;,&quot;search_source&quot;:[&quot;product&quot;],&quot;search_logging&quot;:&quot;&quot;,&quot;search_results_url&quot;:&quot;&quot;,&quot;search_taxonomy&quot;:&quot;&quot;,&quot;include_terms_ids&quot;:[],&quot;exclude_terms_ids&quot;:[],&quot;exclude_posts_ids&quot;:[],&quot;custom_fields_source&quot;:&quot;&quot;,&quot;limit_query&quot;:5,&quot;limit_query_tablet&quot;:&quot;&quot;,&quot;limit_query_mobile&quot;:&quot;&quot;,&quot;limit_query_in_result_area&quot;:25,&quot;results_order_by&quot;:&quot;relevance&quot;,&quot;results_order&quot;:&quot;asc&quot;,&quot;sentence&quot;:&quot;&quot;,&quot;search_in_taxonomy&quot;:&quot;&quot;,&quot;search_in_taxonomy_source&quot;:&quot;&quot;,&quot;results_area_width_by&quot;:&quot;form&quot;,&quot;results_area_custom_width&quot;:&quot;&quot;,&quot;results_area_custom_position&quot;:&quot;&quot;,&quot;results_area_columns&quot;:1,&quot;results_area_columns_tablet&quot;:&quot;&quot;,&quot;results_area_columns_mobile&quot;:&quot;&quot;,&quot;results_area_columns_mobile_portrait&quot;:&quot;&quot;,&quot;thumbnail_visible&quot;:&quot;yes&quot;,&quot;thumbnail_size&quot;:&quot;thumbnail&quot;,&quot;thumbnail_placeholder&quot;:{&quot;url&quot;:&quot;https:\\\/\\\/dacarcomercial.com\\\/wp-content\\\/plugins\\\/elementor\\\/assets\\\/images\\\/placeholder.png&quot;,&quot;id&quot;:&quot;&quot;,&quot;size&quot;:&quot;&quot;},&quot;post_content_source&quot;:&quot;content&quot;,&quot;post_content_custom_field_key&quot;:&quot;&quot;,&quot;post_content_length&quot;:30,&quot;show_product_price&quot;:&quot;&quot;,&quot;show_product_rating&quot;:&quot;&quot;,&quot;show_add_to_cart&quot;:&quot;&quot;,&quot;show_result_new_tab&quot;:&quot;&quot;,&quot;highlight_searched_text&quot;:&quot;&quot;,&quot;listing_id&quot;:&quot;&quot;,&quot;bullet_pagination&quot;:&quot;&quot;,&quot;number_pagination&quot;:&quot;&quot;,&quot;navigation_arrows&quot;:&quot;in_header&quot;,&quot;navigation_arrows_type&quot;:&quot;angle&quot;,&quot;show_title_related_meta&quot;:&quot;&quot;,&quot;meta_title_related_position&quot;:&quot;&quot;,&quot;title_related_meta&quot;:&quot;&quot;,&quot;show_content_related_meta&quot;:&quot;&quot;,&quot;meta_content_related_position&quot;:&quot;&quot;,&quot;content_related_meta&quot;:&quot;&quot;,&quot;negative_search&quot;:&quot;D\\u00e9sol\\u00e9, mais rien ne correspond \\u00e0 vos termes de recherche.&quot;,&quot;server_error&quot;:&quot;D\\u00e9sol\\u00e9, mais nous ne pouvons pas traiter votre requ\\u00eate de recherche pour le moment. Veuillez r\\u00e9essayer plus tard!&quot;,&quot;show_search_suggestions&quot;:&quot;&quot;,&quot;search_suggestions_position&quot;:&quot;&quot;,&quot;search_suggestions_source&quot;:&quot;&quot;,&quot;search_suggestions_limits&quot;:&quot;&quot;,&quot;search_suggestions_item_title_length&quot;:&quot;&quot;,&quot;catalog_visibility&quot;:&quot;&quot;,&quot;search_source_terms&quot;:&quot;&quot;,&quot;search_source_terms_title&quot;:&quot;&quot;,&quot;search_source_terms_icon&quot;:&quot;&quot;,&quot;search_source_terms_limit&quot;:&quot;&quot;,&quot;search_source_terms_listing_id&quot;:&quot;&quot;,&quot;search_source_terms_taxonomy&quot;:&quot;&quot;,&quot;search_source_users&quot;:&quot;&quot;,&quot;search_source_users_title&quot;:&quot;&quot;,&quot;search_source_users_icon&quot;:&quot;&quot;,&quot;search_source_users_limit&quot;:&quot;&quot;,&quot;search_source_users_listing_id&quot;:&quot;&quot;,&quot;lang&quot;:&quot;fr&quot;}\"><form class=\"jet-ajax-search__form\" method=\"get\" action=\"https:\/\/dacarcomercial.com\/fr\/\" role=\"search\" target=\"\">\n\t<div class=\"jet-ajax-search__fields-holder\">\n\t\t<div class=\"jet-ajax-search__field-wrapper\">\n\t\t\t<label for=\"search-input-c801053\" class=\"screen-reader-text\">Search ...<\/label>\n\t\t\t\t\t\t<input id=\"search-input-c801053\" class=\"jet-ajax-search__field\" type=\"search\" placeholder=\"Recherche\" value=\"\" name=\"s\" autocomplete=\"off\" \/>\n\t\t\t\t\t\t\t<input type=\"hidden\" value=\"{&quot;search_source&quot;:&quot;product&quot;}\" name=\"jet_ajax_search_settings\" \/>\n\t\t\t\t\t\t\t\t\t\t<input type=\"hidden\" value=\"product\" name=\"post_type\" \/>\n\t\t\t\n\t\t\t\t\t<\/div>\n\t\t\t<\/div>\n\t\n<button class=\"jet-ajax-search__submit\" type=\"submit\" aria-label=\"Search submit\"><span class=\"jet-ajax-search__submit-icon jet-ajax-search-icon\"><i aria-hidden=\"true\" class=\"fas fa-search\"><\/i><\/span><\/button>\n<\/form>\n\n<div class=\"jet-ajax-search__results-area\" >\n\t<div class=\"jet-ajax-search__results-holder\">\n\t\t\t\t\t<div class=\"jet-ajax-search__results-header\">\n\t\t\t\t\n<button class=\"jet-ajax-search__results-count\" aria-label=\"View all results\"><span><\/span> R\u00e9sultats<\/button>\n\t\t\t\t<div class=\"jet-ajax-search__navigation-holder\"><\/div>\n\t\t\t<\/div>\n\t\t\t\t\t\t<div class=\"jet-ajax-search__results-list results-area-col-desk-1 results-area-col-tablet-0 results-area-col-mobile-0 results-area-col-mobile-portrait-1\" >\n\t\t\t            <div class=\"jet-ajax-search__results-list-inner \"><\/div>\n\t\t\t\t\t<\/div>\n\t\t\t\t\t<div class=\"jet-ajax-search__results-footer\">\n\t\t\t\t\t\t\t\t\t<button class=\"jet-ajax-search__full-results\">Voir tous les r\u00e9sultats<\/button>\t\t\t\t\t\t\t\t<div class=\"jet-ajax-search__navigation-holder\"><\/div>\n\t\t\t<\/div>\n\t\t\t<\/div>\n\t<div class=\"jet-ajax-search__message\"><\/div>\n\t\n<div class=\"jet-ajax-search__spinner-holder\">\n\t<div class=\"jet-ajax-search__spinner\">\n\t\t<div class=\"rect rect-1\"><\/div>\n\t\t<div class=\"rect rect-2\"><\/div>\n\t\t<div class=\"rect rect-3\"><\/div>\n\t\t<div class=\"rect rect-4\"><\/div>\n\t\t<div class=\"rect rect-5\"><\/div>\n\t<\/div>\n<\/div>\n<\/div>\n<\/div>\n<\/div>\t\t\t\t<\/div>\n\t\t\t\t<\/div>\n\t\t\t\t\t<\/div>\n\t\t<\/div>\n\t\t\t\t\t<\/div>\n\t\t<\/section>\n\t\t\t\t<section class=\"elementor-section elementor-top-section elementor-element elementor-element-f17a9a4 elementor-section-boxed elementor-section-height-default elementor-section-height-default\" data-id=\"f17a9a4\" data-element_type=\"section\" data-e-type=\"section\" data-settings=\"{&quot;jet_parallax_layout_list&quot;:[{&quot;jet_parallax_layout_image&quot;:{&quot;url&quot;:&quot;&quot;,&quot;id&quot;:&quot;&quot;,&quot;size&quot;:&quot;&quot;},&quot;_id&quot;:&quot;1c3b47d&quot;,&quot;jet_parallax_layout_image_tablet&quot;:{&quot;url&quot;:&quot;&quot;,&quot;id&quot;:&quot;&quot;,&quot;size&quot;:&quot;&quot;},&quot;jet_parallax_layout_image_mobile&quot;:{&quot;url&quot;:&quot;&quot;,&quot;id&quot;:&quot;&quot;,&quot;size&quot;:&quot;&quot;},&quot;jet_parallax_layout_speed&quot;:{&quot;unit&quot;:&quot;%&quot;,&quot;size&quot;:50,&quot;sizes&quot;:[]},&quot;jet_parallax_layout_type&quot;:&quot;scroll&quot;,&quot;jet_parallax_layout_direction&quot;:&quot;1&quot;,&quot;jet_parallax_layout_fx_direction&quot;:null,&quot;jet_parallax_layout_z_index&quot;:&quot;&quot;,&quot;jet_parallax_layout_bg_x&quot;:50,&quot;jet_parallax_layout_bg_x_tablet&quot;:&quot;&quot;,&quot;jet_parallax_layout_bg_x_mobile&quot;:&quot;&quot;,&quot;jet_parallax_layout_bg_y&quot;:50,&quot;jet_parallax_layout_bg_y_tablet&quot;:&quot;&quot;,&quot;jet_parallax_layout_bg_y_mobile&quot;:&quot;&quot;,&quot;jet_parallax_layout_bg_size&quot;:&quot;auto&quot;,&quot;jet_parallax_layout_bg_size_tablet&quot;:&quot;&quot;,&quot;jet_parallax_layout_bg_size_mobile&quot;:&quot;&quot;,&quot;jet_parallax_layout_animation_prop&quot;:&quot;transform&quot;,&quot;jet_parallax_layout_on&quot;:[&quot;desktop&quot;,&quot;tablet&quot;]}]}\">\n\t\t\t\t\t\t<div class=\"elementor-container elementor-column-gap-default\">\n\t\t\t\t\t<div class=\"elementor-column elementor-col-100 elementor-top-column elementor-element elementor-element-ad7ddc9\" data-id=\"ad7ddc9\" data-element_type=\"column\" data-e-type=\"column\">\n\t\t\t<div class=\"elementor-widget-wrap\">\n\t\t\t\t\t\t\t<\/div>\n\t\t<\/div>\n\t\t\t\t\t<\/div>\n\t\t<\/section>\n\t\t\t\t<section class=\"elementor-section elementor-top-section elementor-element elementor-element-9fc0d6b elementor-section-boxed elementor-section-height-default elementor-section-height-default\" data-id=\"9fc0d6b\" data-element_type=\"section\" data-e-type=\"section\" data-settings=\"{&quot;jet_parallax_layout_list&quot;:[{&quot;jet_parallax_layout_image&quot;:{&quot;url&quot;:&quot;&quot;,&quot;id&quot;:&quot;&quot;,&quot;size&quot;:&quot;&quot;},&quot;_id&quot;:&quot;fb352a0&quot;,&quot;jet_parallax_layout_image_tablet&quot;:{&quot;url&quot;:&quot;&quot;,&quot;id&quot;:&quot;&quot;,&quot;size&quot;:&quot;&quot;},&quot;jet_parallax_layout_image_mobile&quot;:{&quot;url&quot;:&quot;&quot;,&quot;id&quot;:&quot;&quot;,&quot;size&quot;:&quot;&quot;},&quot;jet_parallax_layout_speed&quot;:{&quot;unit&quot;:&quot;%&quot;,&quot;size&quot;:50,&quot;sizes&quot;:[]},&quot;jet_parallax_layout_type&quot;:&quot;scroll&quot;,&quot;jet_parallax_layout_direction&quot;:&quot;1&quot;,&quot;jet_parallax_layout_fx_direction&quot;:null,&quot;jet_parallax_layout_z_index&quot;:&quot;&quot;,&quot;jet_parallax_layout_bg_x&quot;:50,&quot;jet_parallax_layout_bg_x_tablet&quot;:&quot;&quot;,&quot;jet_parallax_layout_bg_x_mobile&quot;:&quot;&quot;,&quot;jet_parallax_layout_bg_y&quot;:50,&quot;jet_parallax_layout_bg_y_tablet&quot;:&quot;&quot;,&quot;jet_parallax_layout_bg_y_mobile&quot;:&quot;&quot;,&quot;jet_parallax_layout_bg_size&quot;:&quot;auto&quot;,&quot;jet_parallax_layout_bg_size_tablet&quot;:&quot;&quot;,&quot;jet_parallax_layout_bg_size_mobile&quot;:&quot;&quot;,&quot;jet_parallax_layout_animation_prop&quot;:&quot;transform&quot;,&quot;jet_parallax_layout_on&quot;:[&quot;desktop&quot;,&quot;tablet&quot;]}]}\">\n\t\t\t\t\t\t<div class=\"elementor-container elementor-column-gap-no\">\n\t\t\t\t\t<div class=\"elementor-column elementor-col-100 elementor-top-column elementor-element elementor-element-c044912\" data-id=\"c044912\" data-element_type=\"column\" data-e-type=\"column\">\n\t\t\t<div class=\"elementor-widget-wrap elementor-element-populated\">\n\t\t\t\t\t\t<div class=\"elementor-element elementor-element-8c0d68d elementor-widget elementor-widget-woocommerce-breadcrumb\" data-id=\"8c0d68d\" data-element_type=\"widget\" data-e-type=\"widget\" data-widget_type=\"woocommerce-breadcrumb.default\">\n\t\t\t\t<div class=\"elementor-widget-container\">\n\t\t\t\t\t<nav class=\"woocommerce-breadcrumb\" aria-label=\"Breadcrumb\">Accueil<\/nav>\t\t\t\t<\/div>\n\t\t\t\t<\/div>\n\t\t\t\t<div class=\"elementor-element elementor-element-c272249 elementor-widget elementor-widget-jet-woo-categories\" data-id=\"c272249\" data-element_type=\"widget\" data-e-type=\"widget\" data-settings=\"{&quot;columns&quot;:&quot;4&quot;,&quot;columns_tablet&quot;:2,&quot;columns_mobile&quot;:1}\" data-widget_type=\"jet-woo-categories.default\">\n\t\t\t\t<div class=\"elementor-widget-container\">\n\t\t\t\t\t<div class=\"elementor-jet-woo-categories jet-woo-builder\"><div class=\"jet-woo-categories jet-woo-categories--preset-5 col-row  jet-equal-cols\" data-mobile-hover=\"\">\n<div class=\"jet-woo-categories__item \">\n\t<div class=\"jet-woo-categories__inner-box\"  >\n\t\t\n<div class=\"jet-woo-categories-thumbnail__wrap\">\n\t\n<div class=\"jet-woo-category-thumbnail\">\n\t<a href=\"https:\/\/dacarcomercial.com\/fr\/categorias-productos\/a6\/\"  rel=\"bookmark\">\n\t\t<img fetchpriority=\"high\" decoding=\"async\" width=\"400\" height=\"340\" src=\"https:\/\/dacarcomercial.com\/wp-content\/uploads\/2026\/03\/Careta-de-soldar-con-equipo-autonomo-A6.webp\" class=\"attachment-medium size-medium\" alt=\"Careta de soldar con equipo aut\u00f3nomo A6\" loading=\"eager\" title=\"\">\t<\/a>\n\t<div class=\"jet-woo-category-img-overlay\"><\/div>\n\t<div class=\"jet-woo-category-img-overlay__hover\"><\/div>\n<\/div><\/div>\n\n<div class=\"jet-woo-categories-content\">\n\t<div class=\"jet-woo-category-content__inner\">\n\t\t<h1 class=\"jet-woo-category-title\" ><a href=\"https:\/\/dacarcomercial.com\/fr\/categorias-productos\/a6\/\" class=\"jet-woo-category-title__link\" >A6<\/a><\/h1>\t<\/div>\n\n\t<div class=\"jet-woo-category-count__wrap\">\n\t\t\t<\/div>\n<\/div>\t<\/div>\n\n\t<\/div>\n<div class=\"jet-woo-categories__item \">\n\t<div class=\"jet-woo-categories__inner-box\"  >\n\t\t\n<div class=\"jet-woo-categories-thumbnail__wrap\">\n\t\n<div class=\"jet-woo-category-thumbnail\">\n\t<a href=\"https:\/\/dacarcomercial.com\/fr\/categorias-productos\/lunettes-de-protection\/accesoires\/\"  rel=\"bookmark\">\n\t\t<img decoding=\"async\" width=\"400\" height=\"340\" src=\"https:\/\/dacarcomercial.com\/wp-content\/uploads\/2021\/05\/RINONERARIGIDA.jpg\" class=\"attachment-medium size-medium\" alt=\"\" loading=\"eager\" title=\"\">\t<\/a>\n\t<div class=\"jet-woo-category-img-overlay\"><\/div>\n\t<div class=\"jet-woo-category-img-overlay__hover\"><\/div>\n<\/div><\/div>\n\n<div class=\"jet-woo-categories-content\">\n\t<div class=\"jet-woo-category-content__inner\">\n\t\t<h1 class=\"jet-woo-category-title\" ><a href=\"https:\/\/dacarcomercial.com\/fr\/categorias-productos\/lunettes-de-protection\/accesoires\/\" class=\"jet-woo-category-title__link\" >Accesoires<\/a><\/h1>\t<\/div>\n\n\t<div class=\"jet-woo-category-count__wrap\">\n\t\t\t<\/div>\n<\/div>\t<\/div>\n\n\t<\/div>\n<div class=\"jet-woo-categories__item \">\n\t<div class=\"jet-woo-categories__inner-box\"  >\n\t\t\n<div class=\"jet-woo-categories-thumbnail__wrap\">\n\t\n<div class=\"jet-woo-category-thumbnail\">\n\t<a href=\"https:\/\/dacarcomercial.com\/fr\/categorias-productos\/masques-de-soudage-avec-apport-dair\/cleanair-2\/accesoires-et-rechanges\/\"  rel=\"bookmark\">\n\t\t<img decoding=\"async\" width=\"400\" height=\"340\" src=\"https:\/\/dacarcomercial.com\/wp-content\/uploads\/images\/cargador-cleanair-basic.jpg\" class=\"attachment-medium size-medium\" alt=\"cargador cleanairbasic\" loading=\"eager\" title=\"\">\t<\/a>\n\t<div class=\"jet-woo-category-img-overlay\"><\/div>\n\t<div class=\"jet-woo-category-img-overlay__hover\"><\/div>\n<\/div><\/div>\n\n<div class=\"jet-woo-categories-content\">\n\t<div class=\"jet-woo-category-content__inner\">\n\t\t<h1 class=\"jet-woo-category-title\" ><a href=\"https:\/\/dacarcomercial.com\/fr\/categorias-productos\/masques-de-soudage-avec-apport-dair\/cleanair-2\/accesoires-et-rechanges\/\" class=\"jet-woo-category-title__link\" >Accesoires et rechanges<\/a><\/h1>\t<\/div>\n\n\t<div class=\"jet-woo-category-count__wrap\">\n\t\t\t<\/div>\n<\/div>\t<\/div>\n\n\t<\/div>\n<div class=\"jet-woo-categories__item \">\n\t<div class=\"jet-woo-categories__inner-box\"  >\n\t\t\n<div class=\"jet-woo-categories-thumbnail__wrap\">\n\t\n<div class=\"jet-woo-category-thumbnail\">\n\t<a href=\"https:\/\/dacarcomercial.com\/fr\/categorias-productos\/rideaux-lames-ecrans\/accessoires\/\"  rel=\"bookmark\">\n\t\t<img decoding=\"async\" width=\"400\" height=\"340\" src=\"https:\/\/dacarcomercial.com\/wp-content\/uploads\/images\/pinza-100mm-para-laminas.jpg\" class=\"attachment-medium size-medium\" alt=\"\" loading=\"eager\" title=\"\">\t<\/a>\n\t<div class=\"jet-woo-category-img-overlay\"><\/div>\n\t<div class=\"jet-woo-category-img-overlay__hover\"><\/div>\n<\/div><\/div>\n\n<div class=\"jet-woo-categories-content\">\n\t<div class=\"jet-woo-category-content__inner\">\n\t\t<h1 class=\"jet-woo-category-title\" ><a href=\"https:\/\/dacarcomercial.com\/fr\/categorias-productos\/rideaux-lames-ecrans\/accessoires\/\" class=\"jet-woo-category-title__link\" >Accessoires<\/a><\/h1>\t<\/div>\n\n\t<div class=\"jet-woo-category-count__wrap\">\n\t\t\t<\/div>\n<\/div>\t<\/div>\n\n\t<\/div>\n<div class=\"jet-woo-categories__item \">\n\t<div class=\"jet-woo-categories__inner-box\"  >\n\t\t\n<div class=\"jet-woo-categories-thumbnail__wrap\">\n\t\n<div class=\"jet-woo-category-thumbnail\">\n\t<a href=\"https:\/\/dacarcomercial.com\/fr\/categorias-productos\/protection-de-la-tete\/accessoires-et-rechange\/\"  rel=\"bookmark\">\n\t\t<img decoding=\"async\" width=\"400\" height=\"340\" src=\"https:\/\/dacarcomercial.com\/wp-content\/uploads\/2024\/03\/Accesorios-y-recambios.png\" class=\"attachment-medium size-medium\" alt=\"Accesorios y recambios\" loading=\"eager\" title=\"\">\t<\/a>\n\t<div class=\"jet-woo-category-img-overlay\"><\/div>\n\t<div class=\"jet-woo-category-img-overlay__hover\"><\/div>\n<\/div><\/div>\n\n<div class=\"jet-woo-categories-content\">\n\t<div class=\"jet-woo-category-content__inner\">\n\t\t<h1 class=\"jet-woo-category-title\" ><a href=\"https:\/\/dacarcomercial.com\/fr\/categorias-productos\/protection-de-la-tete\/accessoires-et-rechange\/\" class=\"jet-woo-category-title__link\" >Accessoires et rechange<\/a><\/h1>\t<\/div>\n\n\t<div class=\"jet-woo-category-count__wrap\">\n\t\t\t<\/div>\n<\/div>\t<\/div>\n\n\t<\/div>\n<div class=\"jet-woo-categories__item \">\n\t<div class=\"jet-woo-categories__inner-box\"  >\n\t\t\n<div class=\"jet-woo-categories-thumbnail__wrap\">\n\t\n<div class=\"jet-woo-category-thumbnail\">\n\t<a href=\"https:\/\/dacarcomercial.com\/fr\/categorias-productos\/masques-de-soudage-avec-apport-dair\/dacair-2\/accessoires-et-rechanges-fr\/\"  rel=\"bookmark\">\n\t\t<img decoding=\"async\" width=\"400\" height=\"340\" src=\"https:\/\/dacarcomercial.com\/wp-content\/uploads\/2024\/04\/Recambios-Dacair-1.png\" class=\"attachment-medium size-medium\" alt=\"Recambios Dacair\" loading=\"eager\" title=\"\">\t<\/a>\n\t<div class=\"jet-woo-category-img-overlay\"><\/div>\n\t<div class=\"jet-woo-category-img-overlay__hover\"><\/div>\n<\/div><\/div>\n\n<div class=\"jet-woo-categories-content\">\n\t<div class=\"jet-woo-category-content__inner\">\n\t\t<h1 class=\"jet-woo-category-title\" ><a href=\"https:\/\/dacarcomercial.com\/fr\/categorias-productos\/masques-de-soudage-avec-apport-dair\/dacair-2\/accessoires-et-rechanges-fr\/\" class=\"jet-woo-category-title__link\" >Accessoires et rechanges<\/a><\/h1>\t<\/div>\n\n\t<div class=\"jet-woo-category-count__wrap\">\n\t\t\t<\/div>\n<\/div>\t<\/div>\n\n\t<\/div>\n<div class=\"jet-woo-categories__item \">\n\t<div class=\"jet-woo-categories__inner-box\"  >\n\t\t\n<div class=\"jet-woo-categories-thumbnail__wrap\">\n\t\n<div class=\"jet-woo-category-thumbnail\">\n\t<a href=\"https:\/\/dacarcomercial.com\/fr\/categorias-productos\/masques-de-soudure\/accessoires-et-rechanges\/\"  rel=\"bookmark\">\n\t\t<img decoding=\"async\" width=\"400\" height=\"340\" src=\"https:\/\/dacarcomercial.com\/wp-content\/uploads\/2023\/06\/Nuevo-arnes-DRM-DRP-para-web.png\" class=\"attachment-medium size-medium\" alt=\"Nuevo arn\u00e9s DRM + DRP para web\" loading=\"eager\" title=\"\">\t<\/a>\n\t<div class=\"jet-woo-category-img-overlay\"><\/div>\n\t<div class=\"jet-woo-category-img-overlay__hover\"><\/div>\n<\/div><\/div>\n\n<div class=\"jet-woo-categories-content\">\n\t<div class=\"jet-woo-category-content__inner\">\n\t\t<h1 class=\"jet-woo-category-title\" ><a href=\"https:\/\/dacarcomercial.com\/fr\/categorias-productos\/masques-de-soudure\/accessoires-et-rechanges\/\" class=\"jet-woo-category-title__link\" >Accessoires et rechanges<\/a><\/h1>\t<\/div>\n\n\t<div class=\"jet-woo-category-count__wrap\">\n\t\t\t<\/div>\n<\/div>\t<\/div>\n\n\t<\/div>\n<div class=\"jet-woo-categories__item \">\n\t<div class=\"jet-woo-categories__inner-box\"  >\n\t\t\n<div class=\"jet-woo-categories-thumbnail__wrap\">\n\t\n<div class=\"jet-woo-category-thumbnail\">\n\t<a href=\"https:\/\/dacarcomercial.com\/fr\/categorias-productos\/masques-de-soudure\/avec-ecran-facial-dc-guard\/\"  rel=\"bookmark\">\n\t\t<img decoding=\"async\" width=\"400\" height=\"340\" src=\"https:\/\/dacarcomercial.com\/wp-content\/uploads\/con-protector-facial-dc-guard.jpg\" class=\"attachment-medium size-medium\" alt=\"\" loading=\"eager\" title=\"\">\t<\/a>\n\t<div class=\"jet-woo-category-img-overlay\"><\/div>\n\t<div class=\"jet-woo-category-img-overlay__hover\"><\/div>\n<\/div><\/div>\n\n<div class=\"jet-woo-categories-content\">\n\t<div class=\"jet-woo-category-content__inner\">\n\t\t<h1 class=\"jet-woo-category-title\" ><a href=\"https:\/\/dacarcomercial.com\/fr\/categorias-productos\/masques-de-soudure\/avec-ecran-facial-dc-guard\/\" class=\"jet-woo-category-title__link\" >Avec \u00e9cran facial DC-Guard<\/a><\/h1>\t<\/div>\n\n\t<div class=\"jet-woo-category-count__wrap\">\n\t\t\t<\/div>\n<\/div>\t<\/div>\n\n\t<\/div>\n<div class=\"jet-woo-categories__item \">\n\t<div class=\"jet-woo-categories__inner-box\"  >\n\t\t\n<div class=\"jet-woo-categories-thumbnail__wrap\">\n\t\n<div class=\"jet-woo-category-thumbnail\">\n\t<a href=\"https:\/\/dacarcomercial.com\/fr\/categorias-productos\/masques-de-soudure\/avec-filtres-electro-optiques\/\"  rel=\"bookmark\">\n\t\t<img decoding=\"async\" width=\"500\" height=\"500\" src=\"https:\/\/dacarcomercial.com\/wp-content\/uploads\/2022\/05\/Diseno-sin-titulo-44.png\" class=\"attachment-medium size-medium\" alt=\"C\u00f3mo elegir una careta de soldar electr\u00f3nica\" loading=\"eager\" title=\"\">\t<\/a>\n\t<div class=\"jet-woo-category-img-overlay\"><\/div>\n\t<div class=\"jet-woo-category-img-overlay__hover\"><\/div>\n<\/div><\/div>\n\n<div class=\"jet-woo-categories-content\">\n\t<div class=\"jet-woo-category-content__inner\">\n\t\t<h1 class=\"jet-woo-category-title\" ><a href=\"https:\/\/dacarcomercial.com\/fr\/categorias-productos\/masques-de-soudure\/avec-filtres-electro-optiques\/\" class=\"jet-woo-category-title__link\" >Avec filtres \u00e9lectro-optiques<\/a><\/h1>\t<\/div>\n\n\t<div class=\"jet-woo-category-count__wrap\">\n\t\t\t<\/div>\n<\/div>\t<\/div>\n\n\t<\/div>\n<div class=\"jet-woo-categories__item \">\n\t<div class=\"jet-woo-categories__inner-box\"  >\n\t\t\n<div class=\"jet-woo-categories-thumbnail__wrap\">\n\t\n<div class=\"jet-woo-category-thumbnail\">\n\t<a href=\"https:\/\/dacarcomercial.com\/fr\/categorias-productos\/lunettes-de-protection\/avec-oculaires-incolores\/\"  rel=\"bookmark\">\n\t\t<img decoding=\"async\" width=\"400\" height=\"340\" src=\"https:\/\/dacarcomercial.com\/wp-content\/uploads\/images\/victor-monture-cristal-gris-oculaire-anti-buee.jpg\" class=\"attachment-medium size-medium\" alt=\"\" loading=\"eager\" title=\"\">\t<\/a>\n\t<div class=\"jet-woo-category-img-overlay\"><\/div>\n\t<div class=\"jet-woo-category-img-overlay__hover\"><\/div>\n<\/div><\/div>\n\n<div class=\"jet-woo-categories-content\">\n\t<div class=\"jet-woo-category-content__inner\">\n\t\t<h1 class=\"jet-woo-category-title\" ><a href=\"https:\/\/dacarcomercial.com\/fr\/categorias-productos\/lunettes-de-protection\/avec-oculaires-incolores\/\" class=\"jet-woo-category-title__link\" >Avec oculaires incolores<\/a><\/h1>\t<\/div>\n\n\t<div class=\"jet-woo-category-count__wrap\">\n\t\t\t<\/div>\n<\/div>\t<\/div>\n\n\t<\/div>\n<div class=\"jet-woo-categories__item \">\n\t<div class=\"jet-woo-categories__inner-box\"  >\n\t\t\n<div class=\"jet-woo-categories-thumbnail__wrap\">\n\t\n<div class=\"jet-woo-category-thumbnail\">\n\t<a href=\"https:\/\/dacarcomercial.com\/fr\/categorias-productos\/masques-de-soudure\/avec-verre-soudeur\/\"  rel=\"bookmark\">\n\t\t<img decoding=\"async\" width=\"500\" height=\"500\" src=\"https:\/\/dacarcomercial.com\/wp-content\/uploads\/2022\/05\/Diseno-sin-titulo-45.png\" class=\"attachment-medium size-medium\" alt=\"caretas de soldar con cristal inact\u00ednico\" loading=\"eager\" title=\"\">\t<\/a>\n\t<div class=\"jet-woo-category-img-overlay\"><\/div>\n\t<div class=\"jet-woo-category-img-overlay__hover\"><\/div>\n<\/div><\/div>\n\n<div class=\"jet-woo-categories-content\">\n\t<div class=\"jet-woo-category-content__inner\">\n\t\t<h1 class=\"jet-woo-category-title\" ><a href=\"https:\/\/dacarcomercial.com\/fr\/categorias-productos\/masques-de-soudure\/avec-verre-soudeur\/\" class=\"jet-woo-category-title__link\" >Avec verre soudeur<\/a><\/h1>\t<\/div>\n\n\t<div class=\"jet-woo-category-count__wrap\">\n\t\t\t<\/div>\n<\/div>\t<\/div>\n\n\t<\/div>\n<div class=\"jet-woo-categories__item \">\n\t<div class=\"jet-woo-categories__inner-box\"  >\n\t\t\n<div class=\"jet-woo-categories-thumbnail__wrap\">\n\t\n<div class=\"jet-woo-category-thumbnail\">\n\t<a href=\"https:\/\/dacarcomercial.com\/fr\/categorias-productos\/protecteurs-auditifs\/bouchons-doreilles-et-bandes\/\"  rel=\"bookmark\">\n\t\t<img decoding=\"async\" width=\"400\" height=\"340\" src=\"https:\/\/dacarcomercial.com\/wp-content\/uploads\/2022\/03\/Diseno-sin-titulo-4-min.png\" class=\"attachment-medium size-medium\" alt=\"\" loading=\"eager\" title=\"\">\t<\/a>\n\t<div class=\"jet-woo-category-img-overlay\"><\/div>\n\t<div class=\"jet-woo-category-img-overlay__hover\"><\/div>\n<\/div><\/div>\n\n<div class=\"jet-woo-categories-content\">\n\t<div class=\"jet-woo-category-content__inner\">\n\t\t<h1 class=\"jet-woo-category-title\" ><a href=\"https:\/\/dacarcomercial.com\/fr\/categorias-productos\/protecteurs-auditifs\/bouchons-doreilles-et-bandes\/\" class=\"jet-woo-category-title__link\" >bouchons d\u00b4oreilles et bandes<\/a><\/h1>\t<\/div>\n\n\t<div class=\"jet-woo-category-count__wrap\">\n\t\t\t<\/div>\n<\/div>\t<\/div>\n\n\t<\/div>\n<div class=\"jet-woo-categories__item \">\n\t<div class=\"jet-woo-categories__inner-box\"  >\n\t\t\n<div class=\"jet-woo-categories-thumbnail__wrap\">\n\t\n<div class=\"jet-woo-category-thumbnail\">\n\t<a href=\"https:\/\/dacarcomercial.com\/fr\/categorias-productos\/protecteurs-auditifs\/casques-antibruit-passifs\/\"  rel=\"bookmark\">\n\t\t<img decoding=\"async\" width=\"400\" height=\"340\" src=\"https:\/\/dacarcomercial.com\/wp-content\/uploads\/images\/protecteur-auditif-secure-2.jpg\" class=\"attachment-medium size-medium\" alt=\"\" loading=\"eager\" title=\"\">\t<\/a>\n\t<div class=\"jet-woo-category-img-overlay\"><\/div>\n\t<div class=\"jet-woo-category-img-overlay__hover\"><\/div>\n<\/div><\/div>\n\n<div class=\"jet-woo-categories-content\">\n\t<div class=\"jet-woo-category-content__inner\">\n\t\t<h1 class=\"jet-woo-category-title\" ><a href=\"https:\/\/dacarcomercial.com\/fr\/categorias-productos\/protecteurs-auditifs\/casques-antibruit-passifs\/\" class=\"jet-woo-category-title__link\" >Casques antibruit passifs<\/a><\/h1>\t<\/div>\n\n\t<div class=\"jet-woo-category-count__wrap\">\n\t\t\t<\/div>\n<\/div>\t<\/div>\n\n\t<\/div>\n<div class=\"jet-woo-categories__item \">\n\t<div class=\"jet-woo-categories__inner-box\"  >\n\t\t\n<div class=\"jet-woo-categories-thumbnail__wrap\">\n\t\n<div class=\"jet-woo-category-thumbnail\">\n\t<a href=\"https:\/\/dacarcomercial.com\/fr\/categorias-productos\/protection-de-la-tete\/casques-de-chantier\/\"  rel=\"bookmark\">\n\t\t<img decoding=\"async\" width=\"400\" height=\"340\" src=\"https:\/\/dacarcomercial.com\/wp-content\/uploads\/casco-de-obra.jpg\" class=\"attachment-medium size-medium\" alt=\"\" loading=\"eager\" title=\"\">\t<\/a>\n\t<div class=\"jet-woo-category-img-overlay\"><\/div>\n\t<div class=\"jet-woo-category-img-overlay__hover\"><\/div>\n<\/div><\/div>\n\n<div class=\"jet-woo-categories-content\">\n\t<div class=\"jet-woo-category-content__inner\">\n\t\t<h1 class=\"jet-woo-category-title\" ><a href=\"https:\/\/dacarcomercial.com\/fr\/categorias-productos\/protection-de-la-tete\/casques-de-chantier\/\" class=\"jet-woo-category-title__link\" >Casques de chantier<\/a><\/h1>\t<\/div>\n\n\t<div class=\"jet-woo-category-count__wrap\">\n\t\t\t<\/div>\n<\/div>\t<\/div>\n\n\t<\/div>\n<div class=\"jet-woo-categories__item \">\n\t<div class=\"jet-woo-categories__inner-box\"  >\n\t\t\n<div class=\"jet-woo-categories-thumbnail__wrap\">\n\t\n<div class=\"jet-woo-category-thumbnail\">\n\t<a href=\"https:\/\/dacarcomercial.com\/fr\/categorias-productos\/protection-de-la-tete\/casques-pour-risques-electriques\/\"  rel=\"bookmark\">\n\t\t<img decoding=\"async\" width=\"400\" height=\"340\" src=\"https:\/\/dacarcomercial.com\/wp-content\/uploads\/images\/casco-e-man-azul.jpg\" class=\"attachment-medium size-medium\" alt=\"\" loading=\"eager\" title=\"\">\t<\/a>\n\t<div class=\"jet-woo-category-img-overlay\"><\/div>\n\t<div class=\"jet-woo-category-img-overlay__hover\"><\/div>\n<\/div><\/div>\n\n<div class=\"jet-woo-categories-content\">\n\t<div class=\"jet-woo-category-content__inner\">\n\t\t<h1 class=\"jet-woo-category-title\" ><a href=\"https:\/\/dacarcomercial.com\/fr\/categorias-productos\/protection-de-la-tete\/casques-pour-risques-electriques\/\" class=\"jet-woo-category-title__link\" >Casques pour risques \u00e9lectriques<\/a><\/h1>\t<\/div>\n\n\t<div class=\"jet-woo-category-count__wrap\">\n\t\t\t<\/div>\n<\/div>\t<\/div>\n\n\t<\/div>\n<div class=\"jet-woo-categories__item \">\n\t<div class=\"jet-woo-categories__inner-box\"  >\n\t\t\n<div class=\"jet-woo-categories-thumbnail__wrap\">\n\t\n<div class=\"jet-woo-category-thumbnail\">\n\t<a href=\"https:\/\/dacarcomercial.com\/fr\/categorias-productos\/masques-de-soudage-avec-apport-dair\/cleanair-2\/\"  rel=\"bookmark\">\n\t\t<img decoding=\"async\" width=\"400\" height=\"340\" src=\"https:\/\/dacarcomercial.com\/wp-content\/uploads\/2026\/03\/Proteccion-respiratoria-Cleanair.webp\" class=\"attachment-medium size-medium\" alt=\"Protecci\u00f3n respiratoria Cleanair\" loading=\"eager\" title=\"\">\t<\/a>\n\t<div class=\"jet-woo-category-img-overlay\"><\/div>\n\t<div class=\"jet-woo-category-img-overlay__hover\"><\/div>\n<\/div><\/div>\n\n<div class=\"jet-woo-categories-content\">\n\t<div class=\"jet-woo-category-content__inner\">\n\t\t<h1 class=\"jet-woo-category-title\" ><a href=\"https:\/\/dacarcomercial.com\/fr\/categorias-productos\/masques-de-soudage-avec-apport-dair\/cleanair-2\/\" class=\"jet-woo-category-title__link\" >CLEANAIR<\/a><\/h1>\t<\/div>\n\n\t<div class=\"jet-woo-category-count__wrap\">\n\t\t\t<\/div>\n<\/div>\t<\/div>\n\n\t<\/div>\n<div class=\"jet-woo-categories__item \">\n\t<div class=\"jet-woo-categories__inner-box\"  >\n\t\t\n<div class=\"jet-woo-categories-thumbnail__wrap\">\n\t\n<div class=\"jet-woo-category-thumbnail\">\n\t<a href=\"https:\/\/dacarcomercial.com\/fr\/categorias-productos\/masques-de-soudage-avec-apport-dair\/cleanair-2\/cleanair-aergo-2\/\"  rel=\"bookmark\">\n\t\t<img decoding=\"async\" width=\"400\" height=\"340\" src=\"https:\/\/dacarcomercial.com\/wp-content\/uploads\/cleanair-aergo-1.jpg\" class=\"attachment-medium size-medium\" alt=\"\" loading=\"eager\" title=\"\">\t<\/a>\n\t<div class=\"jet-woo-category-img-overlay\"><\/div>\n\t<div class=\"jet-woo-category-img-overlay__hover\"><\/div>\n<\/div><\/div>\n\n<div class=\"jet-woo-categories-content\">\n\t<div class=\"jet-woo-category-content__inner\">\n\t\t<h1 class=\"jet-woo-category-title\" ><a href=\"https:\/\/dacarcomercial.com\/fr\/categorias-productos\/masques-de-soudage-avec-apport-dair\/cleanair-2\/cleanair-aergo-2\/\" class=\"jet-woo-category-title__link\" >CleanAir AerGo<\/a><\/h1>\t<\/div>\n\n\t<div class=\"jet-woo-category-count__wrap\">\n\t\t\t<\/div>\n<\/div>\t<\/div>\n\n\t<\/div>\n<div class=\"jet-woo-categories__item \">\n\t<div class=\"jet-woo-categories__inner-box\"  >\n\t\t\n<div class=\"jet-woo-categories-thumbnail__wrap\">\n\t\n<div class=\"jet-woo-category-thumbnail\">\n\t<a href=\"https:\/\/dacarcomercial.com\/fr\/categorias-productos\/masques-de-soudage-avec-apport-dair\/cleanair-2\/cleanair-asbest-fr\/\"  rel=\"bookmark\">\n\t\t<img decoding=\"async\" width=\"400\" height=\"340\" src=\"https:\/\/dacarcomercial.com\/wp-content\/uploads\/2021\/03\/cf02-chemical-asbest.jpg\" class=\"attachment-medium size-medium\" alt=\"\" loading=\"eager\" title=\"\">\t<\/a>\n\t<div class=\"jet-woo-category-img-overlay\"><\/div>\n\t<div class=\"jet-woo-category-img-overlay__hover\"><\/div>\n<\/div><\/div>\n\n<div class=\"jet-woo-categories-content\">\n\t<div class=\"jet-woo-category-content__inner\">\n\t\t<h1 class=\"jet-woo-category-title\" ><a href=\"https:\/\/dacarcomercial.com\/fr\/categorias-productos\/masques-de-soudage-avec-apport-dair\/cleanair-2\/cleanair-asbest-fr\/\" class=\"jet-woo-category-title__link\" >CleanAir Asbest<\/a><\/h1>\t<\/div>\n\n\t<div class=\"jet-woo-category-count__wrap\">\n\t\t\t<\/div>\n<\/div>\t<\/div>\n\n\t<\/div>\n<div class=\"jet-woo-categories__item \">\n\t<div class=\"jet-woo-categories__inner-box\"  >\n\t\t\n<div class=\"jet-woo-categories-thumbnail__wrap\">\n\t\n<div class=\"jet-woo-category-thumbnail\">\n\t<a href=\"https:\/\/dacarcomercial.com\/fr\/categorias-productos\/masques-de-soudage-avec-apport-dair\/cleanair-2\/cleanair-chemical-2\/\"  rel=\"bookmark\">\n\t\t<img decoding=\"async\" width=\"400\" height=\"340\" src=\"https:\/\/dacarcomercial.com\/wp-content\/uploads\/cleanair-chemical.jpg\" class=\"attachment-medium size-medium\" alt=\"\" loading=\"eager\" title=\"\">\t<\/a>\n\t<div class=\"jet-woo-category-img-overlay\"><\/div>\n\t<div class=\"jet-woo-category-img-overlay__hover\"><\/div>\n<\/div><\/div>\n\n<div class=\"jet-woo-categories-content\">\n\t<div class=\"jet-woo-category-content__inner\">\n\t\t<h1 class=\"jet-woo-category-title\" ><a href=\"https:\/\/dacarcomercial.com\/fr\/categorias-productos\/masques-de-soudage-avec-apport-dair\/cleanair-2\/cleanair-chemical-2\/\" class=\"jet-woo-category-title__link\" >CleanAir Chemical<\/a><\/h1>\t<\/div>\n\n\t<div class=\"jet-woo-category-count__wrap\">\n\t\t\t<\/div>\n<\/div>\t<\/div>\n\n\t<\/div>\n<div class=\"jet-woo-categories__item \">\n\t<div class=\"jet-woo-categories__inner-box\"  >\n\t\t\n<div class=\"jet-woo-categories-thumbnail__wrap\">\n\t\n<div class=\"jet-woo-category-thumbnail\">\n\t<a href=\"https:\/\/dacarcomercial.com\/fr\/categorias-productos\/masques-de-soudage-avec-apport-dair\/cleanair-2\/cleanairbasic-2\/\"  rel=\"bookmark\">\n\t\t<img decoding=\"async\" width=\"400\" height=\"340\" src=\"https:\/\/dacarcomercial.com\/wp-content\/uploads\/cleanair-basic-1.jpg\" class=\"attachment-medium size-medium\" alt=\"\" loading=\"eager\" title=\"\">\t<\/a>\n\t<div class=\"jet-woo-category-img-overlay\"><\/div>\n\t<div class=\"jet-woo-category-img-overlay__hover\"><\/div>\n<\/div><\/div>\n\n<div class=\"jet-woo-categories-content\">\n\t<div class=\"jet-woo-category-content__inner\">\n\t\t<h1 class=\"jet-woo-category-title\" ><a href=\"https:\/\/dacarcomercial.com\/fr\/categorias-productos\/masques-de-soudage-avec-apport-dair\/cleanair-2\/cleanairbasic-2\/\" class=\"jet-woo-category-title__link\" >CleanAirBasic<\/a><\/h1>\t<\/div>\n\n\t<div class=\"jet-woo-category-count__wrap\">\n\t\t\t<\/div>\n<\/div>\t<\/div>\n\n\t<\/div>\n<div class=\"jet-woo-categories__item \">\n\t<div class=\"jet-woo-categories__inner-box\"  >\n\t\t\n<div class=\"jet-woo-categories-thumbnail__wrap\">\n\t\n<div class=\"jet-woo-category-thumbnail\">\n\t<a href=\"https:\/\/dacarcomercial.com\/fr\/categorias-productos\/toiles-ignifugees\/couverture-anti-feu\/\"  rel=\"bookmark\">\n\t\t<img decoding=\"async\" width=\"400\" height=\"340\" src=\"https:\/\/dacarcomercial.com\/wp-content\/uploads\/2025\/10\/MANTAS-IGNIFUGAS-CONTRA-INCENDIOS.png\" class=\"attachment-medium size-medium\" alt=\"\" loading=\"eager\" title=\"\">\t<\/a>\n\t<div class=\"jet-woo-category-img-overlay\"><\/div>\n\t<div class=\"jet-woo-category-img-overlay__hover\"><\/div>\n<\/div><\/div>\n\n<div class=\"jet-woo-categories-content\">\n\t<div class=\"jet-woo-category-content__inner\">\n\t\t<h1 class=\"jet-woo-category-title\" ><a href=\"https:\/\/dacarcomercial.com\/fr\/categorias-productos\/toiles-ignifugees\/couverture-anti-feu\/\" class=\"jet-woo-category-title__link\" >Couverture anti-feu<\/a><\/h1>\t<\/div>\n\n\t<div class=\"jet-woo-category-count__wrap\">\n\t\t\t<\/div>\n<\/div>\t<\/div>\n\n\t<\/div>\n<div class=\"jet-woo-categories__item \">\n\t<div class=\"jet-woo-categories__inner-box\"  >\n\t\t\n<div class=\"jet-woo-categories-thumbnail__wrap\">\n\t\n<div class=\"jet-woo-category-thumbnail\">\n\t<a href=\"https:\/\/dacarcomercial.com\/fr\/categorias-productos\/masques-de-soudage-avec-apport-dair\/dacair-2\/\"  rel=\"bookmark\">\n\t\t<img decoding=\"async\" width=\"400\" height=\"340\" src=\"https:\/\/dacarcomercial.com\/wp-content\/uploads\/dacair.jpg\" class=\"attachment-medium size-medium\" alt=\"\" loading=\"eager\" title=\"\">\t<\/a>\n\t<div class=\"jet-woo-category-img-overlay\"><\/div>\n\t<div class=\"jet-woo-category-img-overlay__hover\"><\/div>\n<\/div><\/div>\n\n<div class=\"jet-woo-categories-content\">\n\t<div class=\"jet-woo-category-content__inner\">\n\t\t<h1 class=\"jet-woo-category-title\" ><a href=\"https:\/\/dacarcomercial.com\/fr\/categorias-productos\/masques-de-soudage-avec-apport-dair\/dacair-2\/\" class=\"jet-woo-category-title__link\" >DACAiR<\/a><\/h1>\t<\/div>\n\n\t<div class=\"jet-woo-category-count__wrap\">\n\t\t\t<\/div>\n<\/div>\t<\/div>\n\n\t<\/div>\n<div class=\"jet-woo-categories__item \">\n\t<div class=\"jet-woo-categories__inner-box\"  >\n\t\t\n<div class=\"jet-woo-categories-thumbnail__wrap\">\n\t\n<div class=\"jet-woo-category-thumbnail\">\n\t<a href=\"https:\/\/dacarcomercial.com\/fr\/categorias-productos\/masques-de-soudure\/dc-1-2\/\"  rel=\"bookmark\">\n\t\t<img decoding=\"async\" width=\"600\" height=\"600\" src=\"https:\/\/dacarcomercial.com\/wp-content\/uploads\/2025\/10\/dc1.webp\" class=\"attachment-medium size-medium\" alt=\"\" loading=\"eager\" title=\"\">\t<\/a>\n\t<div class=\"jet-woo-category-img-overlay\"><\/div>\n\t<div class=\"jet-woo-category-img-overlay__hover\"><\/div>\n<\/div><\/div>\n\n<div class=\"jet-woo-categories-content\">\n\t<div class=\"jet-woo-category-content__inner\">\n\t\t<h1 class=\"jet-woo-category-title\" ><a href=\"https:\/\/dacarcomercial.com\/fr\/categorias-productos\/masques-de-soudure\/dc-1-2\/\" class=\"jet-woo-category-title__link\" >DC-1<\/a><\/h1>\t<\/div>\n\n\t<div class=\"jet-woo-category-count__wrap\">\n\t\t\t<\/div>\n<\/div>\t<\/div>\n\n\t<\/div>\n<div class=\"jet-woo-categories__item \">\n\t<div class=\"jet-woo-categories__inner-box\"  >\n\t\t\n<div class=\"jet-woo-categories-thumbnail__wrap\">\n\t\n<div class=\"jet-woo-category-thumbnail\">\n\t<a href=\"https:\/\/dacarcomercial.com\/fr\/categorias-productos\/masques-de-soudure\/dc-2-2\/\"  rel=\"bookmark\">\n\t\t<img decoding=\"async\" width=\"600\" height=\"600\" src=\"https:\/\/dacarcomercial.com\/wp-content\/uploads\/2021\/06\/careta-de-soldar-dc2-multixi-categoria-web.jpg\" class=\"attachment-medium size-medium\" alt=\"careta de soldar dc-2\" loading=\"eager\" title=\"\">\t<\/a>\n\t<div class=\"jet-woo-category-img-overlay\"><\/div>\n\t<div class=\"jet-woo-category-img-overlay__hover\"><\/div>\n<\/div><\/div>\n\n<div class=\"jet-woo-categories-content\">\n\t<div class=\"jet-woo-category-content__inner\">\n\t\t<h1 class=\"jet-woo-category-title\" ><a href=\"https:\/\/dacarcomercial.com\/fr\/categorias-productos\/masques-de-soudure\/dc-2-2\/\" class=\"jet-woo-category-title__link\" >DC-2<\/a><\/h1>\t<\/div>\n\n\t<div class=\"jet-woo-category-count__wrap\">\n\t\t\t<\/div>\n<\/div>\t<\/div>\n\n\t<\/div>\n<div class=\"jet-woo-categories__item \">\n\t<div class=\"jet-woo-categories__inner-box\"  >\n\t\t\n<div class=\"jet-woo-categories-thumbnail__wrap\">\n\t\n<div class=\"jet-woo-category-thumbnail\">\n\t<a href=\"https:\/\/dacarcomercial.com\/fr\/categorias-productos\/masques-a-souder-avec-casques\/dc-2-330-avec-casque-caretas-de-soldar-con-casco-de-obra\/\"  rel=\"bookmark\">\n\t\t<img decoding=\"async\" width=\"400\" height=\"340\" src=\"https:\/\/dacarcomercial.com\/wp-content\/uploads\/2024\/02\/careta-de-soldar-DC-2-330-11-con-casco-Radius.png\" class=\"attachment-medium size-medium\" alt=\"careta de soldar DC-2 330 11 con casco Radius\" loading=\"eager\" title=\"\">\t<\/a>\n\t<div class=\"jet-woo-category-img-overlay\"><\/div>\n\t<div class=\"jet-woo-category-img-overlay__hover\"><\/div>\n<\/div><\/div>\n\n<div class=\"jet-woo-categories-content\">\n\t<div class=\"jet-woo-category-content__inner\">\n\t\t<h1 class=\"jet-woo-category-title\" ><a href=\"https:\/\/dacarcomercial.com\/fr\/categorias-productos\/masques-a-souder-avec-casques\/dc-2-330-avec-casque-caretas-de-soldar-con-casco-de-obra\/\" class=\"jet-woo-category-title__link\" >DC-2 330 avec casque<\/a><\/h1>\t<\/div>\n\n\t<div class=\"jet-woo-category-count__wrap\">\n\t\t\t<\/div>\n<\/div>\t<\/div>\n\n\t<\/div>\n<div class=\"jet-woo-categories__item \">\n\t<div class=\"jet-woo-categories__inner-box\"  >\n\t\t\n<div class=\"jet-woo-categories-thumbnail__wrap\">\n\t\n<div class=\"jet-woo-category-thumbnail\">\n\t<a href=\"https:\/\/dacarcomercial.com\/fr\/categorias-productos\/masques-de-soudure\/dc-3\/\"  rel=\"bookmark\">\n\t\t<img decoding=\"async\" width=\"600\" height=\"600\" src=\"https:\/\/dacarcomercial.com\/wp-content\/uploads\/2021\/05\/dc-3-categoria.jpg\" class=\"attachment-medium size-medium\" alt=\"\" loading=\"eager\" title=\"\">\t<\/a>\n\t<div class=\"jet-woo-category-img-overlay\"><\/div>\n\t<div class=\"jet-woo-category-img-overlay__hover\"><\/div>\n<\/div><\/div>\n\n<div class=\"jet-woo-categories-content\">\n\t<div class=\"jet-woo-category-content__inner\">\n\t\t<h1 class=\"jet-woo-category-title\" ><a href=\"https:\/\/dacarcomercial.com\/fr\/categorias-productos\/masques-de-soudure\/dc-3\/\" class=\"jet-woo-category-title__link\" >DC-3<\/a><\/h1>\t<\/div>\n\n\t<div class=\"jet-woo-category-count__wrap\">\n\t\t\t<\/div>\n<\/div>\t<\/div>\n\n\t<\/div>\n<div class=\"jet-woo-categories__item \">\n\t<div class=\"jet-woo-categories__inner-box\"  >\n\t\t\n<div class=\"jet-woo-categories-thumbnail__wrap\">\n\t\n<div class=\"jet-woo-category-thumbnail\">\n\t<a href=\"https:\/\/dacarcomercial.com\/fr\/categorias-productos\/masques-de-soudure\/dc-4-2\/\"  rel=\"bookmark\">\n\t\t<img decoding=\"async\" width=\"600\" height=\"600\" src=\"https:\/\/dacarcomercial.com\/wp-content\/uploads\/2025\/10\/dc4.webp\" class=\"attachment-medium size-medium\" alt=\"\" loading=\"eager\" title=\"\">\t<\/a>\n\t<div class=\"jet-woo-category-img-overlay\"><\/div>\n\t<div class=\"jet-woo-category-img-overlay__hover\"><\/div>\n<\/div><\/div>\n\n<div class=\"jet-woo-categories-content\">\n\t<div class=\"jet-woo-category-content__inner\">\n\t\t<h1 class=\"jet-woo-category-title\" ><a href=\"https:\/\/dacarcomercial.com\/fr\/categorias-productos\/masques-de-soudure\/dc-4-2\/\" class=\"jet-woo-category-title__link\" >DC-4<\/a><\/h1>\t<\/div>\n\n\t<div class=\"jet-woo-category-count__wrap\">\n\t\t\t<\/div>\n<\/div>\t<\/div>\n\n\t<\/div>\n<div class=\"jet-woo-categories__item \">\n\t<div class=\"jet-woo-categories__inner-box\"  >\n\t\t\n<div class=\"jet-woo-categories-thumbnail__wrap\">\n\t\n<div class=\"jet-woo-category-thumbnail\">\n\t<a href=\"https:\/\/dacarcomercial.com\/fr\/categorias-productos\/masques-a-souder-avec-casques\/dc1-filter-electro-optique\/\"  rel=\"bookmark\">\n\t\t<img decoding=\"async\" width=\"400\" height=\"340\" src=\"https:\/\/dacarcomercial.com\/wp-content\/uploads\/dc1-filtro-electronico.jpg\" class=\"attachment-medium size-medium\" alt=\"\" loading=\"eager\" title=\"\">\t<\/a>\n\t<div class=\"jet-woo-category-img-overlay\"><\/div>\n\t<div class=\"jet-woo-category-img-overlay__hover\"><\/div>\n<\/div><\/div>\n\n<div class=\"jet-woo-categories-content\">\n\t<div class=\"jet-woo-category-content__inner\">\n\t\t<h1 class=\"jet-woo-category-title\" ><a href=\"https:\/\/dacarcomercial.com\/fr\/categorias-productos\/masques-a-souder-avec-casques\/dc1-filter-electro-optique\/\" class=\"jet-woo-category-title__link\" >DC1 + filtre \u00e9lectro-optique<\/a><\/h1>\t<\/div>\n\n\t<div class=\"jet-woo-category-count__wrap\">\n\t\t\t<\/div>\n<\/div>\t<\/div>\n\n\t<\/div>\n<div class=\"jet-woo-categories__item \">\n\t<div class=\"jet-woo-categories__inner-box\"  >\n\t\t\n<div class=\"jet-woo-categories-thumbnail__wrap\">\n\t\n<div class=\"jet-woo-category-thumbnail\">\n\t<a href=\"https:\/\/dacarcomercial.com\/fr\/categorias-productos\/masques-a-souder-avec-casques\/dc1-verre-passif\/\"  rel=\"bookmark\">\n\t\t<img decoding=\"async\" width=\"400\" height=\"340\" src=\"https:\/\/dacarcomercial.com\/wp-content\/uploads\/dc1-cristal-inactinico.jpg\" class=\"attachment-medium size-medium\" alt=\"\" loading=\"eager\" title=\"\">\t<\/a>\n\t<div class=\"jet-woo-category-img-overlay\"><\/div>\n\t<div class=\"jet-woo-category-img-overlay__hover\"><\/div>\n<\/div><\/div>\n\n<div class=\"jet-woo-categories-content\">\n\t<div class=\"jet-woo-category-content__inner\">\n\t\t<h1 class=\"jet-woo-category-title\" ><a href=\"https:\/\/dacarcomercial.com\/fr\/categorias-productos\/masques-a-souder-avec-casques\/dc1-verre-passif\/\" class=\"jet-woo-category-title__link\" >DC1 + verre passif<\/a><\/h1>\t<\/div>\n\n\t<div class=\"jet-woo-category-count__wrap\">\n\t\t\t<\/div>\n<\/div>\t<\/div>\n\n\t<\/div>\n<div class=\"jet-woo-categories__item \">\n\t<div class=\"jet-woo-categories__inner-box\"  >\n\t\t\n<div class=\"jet-woo-categories-thumbnail__wrap\">\n\t\n<div class=\"jet-woo-category-thumbnail\">\n\t<a href=\"https:\/\/dacarcomercial.com\/fr\/categorias-productos\/masques-a-souder-avec-casques\/dc2-filter-electronique\/\"  rel=\"bookmark\">\n\t\t<img decoding=\"async\" width=\"400\" height=\"340\" src=\"https:\/\/dacarcomercial.com\/wp-content\/uploads\/dc2-filtro-electronico.jpg\" class=\"attachment-medium size-medium\" alt=\"\" loading=\"eager\" title=\"\">\t<\/a>\n\t<div class=\"jet-woo-category-img-overlay\"><\/div>\n\t<div class=\"jet-woo-category-img-overlay__hover\"><\/div>\n<\/div><\/div>\n\n<div class=\"jet-woo-categories-content\">\n\t<div class=\"jet-woo-category-content__inner\">\n\t\t<h1 class=\"jet-woo-category-title\" ><a href=\"https:\/\/dacarcomercial.com\/fr\/categorias-productos\/masques-a-souder-avec-casques\/dc2-filter-electronique\/\" class=\"jet-woo-category-title__link\" >DC2 + filtre \u00e9lectronique<\/a><\/h1>\t<\/div>\n\n\t<div class=\"jet-woo-category-count__wrap\">\n\t\t\t<\/div>\n<\/div>\t<\/div>\n\n\t<\/div>\n<div class=\"jet-woo-categories__item \">\n\t<div class=\"jet-woo-categories__inner-box\"  >\n\t\t\n<div class=\"jet-woo-categories-thumbnail__wrap\">\n\t\n<div class=\"jet-woo-category-thumbnail\">\n\t<a href=\"https:\/\/dacarcomercial.com\/fr\/categorias-productos\/masques-a-souder-avec-casques\/dc2-verre-passif\/\"  rel=\"bookmark\">\n\t\t<img decoding=\"async\" width=\"400\" height=\"340\" src=\"https:\/\/dacarcomercial.com\/wp-content\/uploads\/dc2-cristal-inactinico.jpg\" class=\"attachment-medium size-medium\" alt=\"\" loading=\"eager\" title=\"\">\t<\/a>\n\t<div class=\"jet-woo-category-img-overlay\"><\/div>\n\t<div class=\"jet-woo-category-img-overlay__hover\"><\/div>\n<\/div><\/div>\n\n<div class=\"jet-woo-categories-content\">\n\t<div class=\"jet-woo-category-content__inner\">\n\t\t<h1 class=\"jet-woo-category-title\" ><a href=\"https:\/\/dacarcomercial.com\/fr\/categorias-productos\/masques-a-souder-avec-casques\/dc2-verre-passif\/\" class=\"jet-woo-category-title__link\" >DC2 + verre passif<\/a><\/h1>\t<\/div>\n\n\t<div class=\"jet-woo-category-count__wrap\">\n\t\t\t<\/div>\n<\/div>\t<\/div>\n\n\t<\/div>\n<div class=\"jet-woo-categories__item \">\n\t<div class=\"jet-woo-categories__inner-box\"  >\n\t\t\n<div class=\"jet-woo-categories-thumbnail__wrap\">\n\t\n<div class=\"jet-woo-category-thumbnail\">\n\t<a href=\"https:\/\/dacarcomercial.com\/fr\/categorias-productos\/protection-respiratoire\/sts-shigematsu-2\/demi-masques\/\"  rel=\"bookmark\">\n\t\t<img decoding=\"async\" width=\"840\" height=\"600\" src=\"https:\/\/dacarcomercial.com\/wp-content\/uploads\/images\/shigematsu-media-mascara-rs01s.jpg\" class=\"attachment-medium size-medium\" alt=\"Media m\u00e1scara RS01S\" loading=\"eager\" title=\"\">\t<\/a>\n\t<div class=\"jet-woo-category-img-overlay\"><\/div>\n\t<div class=\"jet-woo-category-img-overlay__hover\"><\/div>\n<\/div><\/div>\n\n<div class=\"jet-woo-categories-content\">\n\t<div class=\"jet-woo-category-content__inner\">\n\t\t<h1 class=\"jet-woo-category-title\" ><a href=\"https:\/\/dacarcomercial.com\/fr\/categorias-productos\/protection-respiratoire\/sts-shigematsu-2\/demi-masques\/\" class=\"jet-woo-category-title__link\" >Demi-masques<\/a><\/h1>\t<\/div>\n\n\t<div class=\"jet-woo-category-count__wrap\">\n\t\t\t<\/div>\n<\/div>\t<\/div>\n\n\t<\/div>\n<div class=\"jet-woo-categories__item \">\n\t<div class=\"jet-woo-categories__inner-box\"  >\n\t\t\n<div class=\"jet-woo-categories-thumbnail__wrap\">\n\t\n<div class=\"jet-woo-category-thumbnail\">\n\t<a href=\"https:\/\/dacarcomercial.com\/fr\/categorias-productos\/protection-faciale\/ecrans-pare-visage-dc-guard\/ecrans-et-rechanges\/\"  rel=\"bookmark\">\n\t\t<img decoding=\"async\" width=\"400\" height=\"340\" src=\"https:\/\/dacarcomercial.com\/wp-content\/uploads\/2024\/05\/Visores-y-recambios-DC-Guard.png\" class=\"attachment-medium size-medium\" alt=\"Visores y recambios DC-Guard\" loading=\"eager\" title=\"\">\t<\/a>\n\t<div class=\"jet-woo-category-img-overlay\"><\/div>\n\t<div class=\"jet-woo-category-img-overlay__hover\"><\/div>\n<\/div><\/div>\n\n<div class=\"jet-woo-categories-content\">\n\t<div class=\"jet-woo-category-content__inner\">\n\t\t<h1 class=\"jet-woo-category-title\" ><a href=\"https:\/\/dacarcomercial.com\/fr\/categorias-productos\/protection-faciale\/ecrans-pare-visage-dc-guard\/ecrans-et-rechanges\/\" class=\"jet-woo-category-title__link\" >\u00c9crans et rechanges<\/a><\/h1>\t<\/div>\n\n\t<div class=\"jet-woo-category-count__wrap\">\n\t\t\t<\/div>\n<\/div>\t<\/div>\n\n\t<\/div>\n<div class=\"jet-woo-categories__item \">\n\t<div class=\"jet-woo-categories__inner-box\"  >\n\t\t\n<div class=\"jet-woo-categories-thumbnail__wrap\">\n\t\n<div class=\"jet-woo-category-thumbnail\">\n\t<a href=\"https:\/\/dacarcomercial.com\/fr\/categorias-productos\/rideaux-lames-ecrans\/ecrans-mobiles\/\"  rel=\"bookmark\">\n\t\t<img decoding=\"async\" width=\"400\" height=\"340\" src=\"https:\/\/dacarcomercial.com\/wp-content\/uploads\/separadores-moviles.jpg\" class=\"attachment-medium size-medium\" alt=\"\" loading=\"eager\" title=\"\">\t<\/a>\n\t<div class=\"jet-woo-category-img-overlay\"><\/div>\n\t<div class=\"jet-woo-category-img-overlay__hover\"><\/div>\n<\/div><\/div>\n\n<div class=\"jet-woo-categories-content\">\n\t<div class=\"jet-woo-category-content__inner\">\n\t\t<h1 class=\"jet-woo-category-title\" ><a href=\"https:\/\/dacarcomercial.com\/fr\/categorias-productos\/rideaux-lames-ecrans\/ecrans-mobiles\/\" class=\"jet-woo-category-title__link\" >\u00c9crans mobiles<\/a><\/h1>\t<\/div>\n\n\t<div class=\"jet-woo-category-count__wrap\">\n\t\t\t<\/div>\n<\/div>\t<\/div>\n\n\t<\/div>\n<div class=\"jet-woo-categories__item \">\n\t<div class=\"jet-woo-categories__inner-box\"  >\n\t\t\n<div class=\"jet-woo-categories-thumbnail__wrap\">\n\t\n<div class=\"jet-woo-category-thumbnail\">\n\t<a href=\"https:\/\/dacarcomercial.com\/fr\/categorias-productos\/protection-faciale\/ecrans-pare-visage-dc-guard\/\"  rel=\"bookmark\">\n\t\t<img decoding=\"async\" width=\"400\" height=\"340\" src=\"https:\/\/dacarcomercial.com\/wp-content\/uploads\/2024\/05\/PROTECCION-FACIAL-1.png\" class=\"attachment-medium size-medium\" alt=\"PROTECCI\u00d3N FACIAL\" loading=\"eager\" title=\"\">\t<\/a>\n\t<div class=\"jet-woo-category-img-overlay\"><\/div>\n\t<div class=\"jet-woo-category-img-overlay__hover\"><\/div>\n<\/div><\/div>\n\n<div class=\"jet-woo-categories-content\">\n\t<div class=\"jet-woo-category-content__inner\">\n\t\t<h1 class=\"jet-woo-category-title\" ><a href=\"https:\/\/dacarcomercial.com\/fr\/categorias-productos\/protection-faciale\/ecrans-pare-visage-dc-guard\/\" class=\"jet-woo-category-title__link\" >\u00c9crans pare visage DC-Guard<\/a><\/h1>\t<\/div>\n\n\t<div class=\"jet-woo-category-count__wrap\">\n\t\t\t<\/div>\n<\/div>\t<\/div>\n\n\t<\/div>\n<div class=\"jet-woo-categories__item \">\n\t<div class=\"jet-woo-categories__inner-box\"  >\n\t\t\n<div class=\"jet-woo-categories-thumbnail__wrap\">\n\t\n<div class=\"jet-woo-category-thumbnail\">\n\t<a href=\"https:\/\/dacarcomercial.com\/fr\/categorias-productos\/ecrans-protecteurs-de-filtre\/\"  rel=\"bookmark\">\n\t\t<img decoding=\"async\" width=\"400\" height=\"340\" src=\"https:\/\/dacarcomercial.com\/wp-content\/uploads\/2021\/06\/POLICARBONATOS-CATEGORIAS-WEB.jpg\" class=\"attachment-medium size-medium\" alt=\"cubrefiltro\" loading=\"eager\" title=\"\">\t<\/a>\n\t<div class=\"jet-woo-category-img-overlay\"><\/div>\n\t<div class=\"jet-woo-category-img-overlay__hover\"><\/div>\n<\/div><\/div>\n\n<div class=\"jet-woo-categories-content\">\n\t<div class=\"jet-woo-category-content__inner\">\n\t\t<h1 class=\"jet-woo-category-title\" ><a href=\"https:\/\/dacarcomercial.com\/fr\/categorias-productos\/ecrans-protecteurs-de-filtre\/\" class=\"jet-woo-category-title__link\" >\u00c9CRANS PROTECTEURS DE FILTRE<\/a><\/h1>\t<\/div>\n\n\t<div class=\"jet-woo-category-count__wrap\">\n\t\t\t<\/div>\n<\/div>\t<\/div>\n\n\t<\/div>\n<div class=\"jet-woo-categories__item \">\n\t<div class=\"jet-woo-categories__inner-box\"  >\n\t\t\n<div class=\"jet-woo-categories-thumbnail__wrap\">\n\t\n<div class=\"jet-woo-category-thumbnail\">\n\t<a href=\"https:\/\/dacarcomercial.com\/fr\/categorias-productos\/masques-de-soudage-avec-apport-dair\/cleanair-2\/equipements-a-adduction-d-air-pressure\/\"  rel=\"bookmark\">\n\t\t<img decoding=\"async\" width=\"400\" height=\"340\" src=\"https:\/\/dacarcomercial.com\/wp-content\/uploads\/equipos-semiautonomos-pressure.jpg\" class=\"attachment-medium size-medium\" alt=\"\" loading=\"eager\" title=\"\">\t<\/a>\n\t<div class=\"jet-woo-category-img-overlay\"><\/div>\n\t<div class=\"jet-woo-category-img-overlay__hover\"><\/div>\n<\/div><\/div>\n\n<div class=\"jet-woo-categories-content\">\n\t<div class=\"jet-woo-category-content__inner\">\n\t\t<h1 class=\"jet-woo-category-title\" ><a href=\"https:\/\/dacarcomercial.com\/fr\/categorias-productos\/masques-de-soudage-avec-apport-dair\/cleanair-2\/equipements-a-adduction-d-air-pressure\/\" class=\"jet-woo-category-title__link\" >\u00c9quipements \u00e0 adduction d\u00b4air Pressure<\/a><\/h1>\t<\/div>\n\n\t<div class=\"jet-woo-category-count__wrap\">\n\t\t\t<\/div>\n<\/div>\t<\/div>\n\n\t<\/div>\n<div class=\"jet-woo-categories__item \">\n\t<div class=\"jet-woo-categories__inner-box\"  >\n\t\t\n<div class=\"jet-woo-categories-thumbnail__wrap\">\n\t\n<div class=\"jet-woo-category-thumbnail\">\n\t<a href=\"https:\/\/dacarcomercial.com\/fr\/categorias-productos\/protection-faciale\/ecrans-pare-visage-dc-guard\/equipements-complets\/\"  rel=\"bookmark\">\n\t\t<img decoding=\"async\" width=\"500\" height=\"500\" src=\"https:\/\/dacarcomercial.com\/wp-content\/uploads\/2022\/03\/Diseno-sin-titulo-26-min.png\" class=\"attachment-medium size-medium\" alt=\"pantallas faciales\" loading=\"eager\" title=\"\">\t<\/a>\n\t<div class=\"jet-woo-category-img-overlay\"><\/div>\n\t<div class=\"jet-woo-category-img-overlay__hover\"><\/div>\n<\/div><\/div>\n\n<div class=\"jet-woo-categories-content\">\n\t<div class=\"jet-woo-category-content__inner\">\n\t\t<h1 class=\"jet-woo-category-title\" ><a href=\"https:\/\/dacarcomercial.com\/fr\/categorias-productos\/protection-faciale\/ecrans-pare-visage-dc-guard\/equipements-complets\/\" class=\"jet-woo-category-title__link\" >\u00c9quipements complets<\/a><\/h1>\t<\/div>\n\n\t<div class=\"jet-woo-category-count__wrap\">\n\t\t\t<\/div>\n<\/div>\t<\/div>\n\n\t<\/div>\n<div class=\"jet-woo-categories__item \">\n\t<div class=\"jet-woo-categories__inner-box\"  >\n\t\t\n<div class=\"jet-woo-categories-thumbnail__wrap\">\n\t\n<div class=\"jet-woo-category-thumbnail\">\n\t<a href=\"https:\/\/dacarcomercial.com\/fr\/categorias-productos\/protection-respiratoire\/equipements-de-protection-pour-le-sablage\/\"  rel=\"bookmark\">\n\t\t<img decoding=\"async\" width=\"400\" height=\"340\" src=\"https:\/\/dacarcomercial.com\/wp-content\/uploads\/2025\/02\/Equipo-completo-Aspect.png\" class=\"attachment-medium size-medium\" alt=\"Equipo completo Aspect\" loading=\"eager\" title=\"\">\t<\/a>\n\t<div class=\"jet-woo-category-img-overlay\"><\/div>\n\t<div class=\"jet-woo-category-img-overlay__hover\"><\/div>\n<\/div><\/div>\n\n<div class=\"jet-woo-categories-content\">\n\t<div class=\"jet-woo-category-content__inner\">\n\t\t<h1 class=\"jet-woo-category-title\" ><a href=\"https:\/\/dacarcomercial.com\/fr\/categorias-productos\/protection-respiratoire\/equipements-de-protection-pour-le-sablage\/\" class=\"jet-woo-category-title__link\" >\u00c9quipements de protection pour le sablage<\/a><\/h1>\t<\/div>\n\n\t<div class=\"jet-woo-category-count__wrap\">\n\t\t\t<\/div>\n<\/div>\t<\/div>\n\n\t<\/div>\n<div class=\"jet-woo-categories__item \">\n\t<div class=\"jet-woo-categories__inner-box\"  >\n\t\t\n<div class=\"jet-woo-categories-thumbnail__wrap\">\n\t\n<div class=\"jet-woo-category-thumbnail\">\n\t<a href=\"https:\/\/dacarcomercial.com\/fr\/categorias-productos\/masques-de-soudage-avec-apport-dair\/dacair-2\/equipements-respirateurs-motorises-complets\/\"  rel=\"bookmark\">\n\t\t<img decoding=\"async\" width=\"400\" height=\"340\" src=\"https:\/\/dacarcomercial.com\/wp-content\/uploads\/dacair.jpg\" class=\"attachment-medium size-medium\" alt=\"\" loading=\"eager\" title=\"\">\t<\/a>\n\t<div class=\"jet-woo-category-img-overlay\"><\/div>\n\t<div class=\"jet-woo-category-img-overlay__hover\"><\/div>\n<\/div><\/div>\n\n<div class=\"jet-woo-categories-content\">\n\t<div class=\"jet-woo-category-content__inner\">\n\t\t<h1 class=\"jet-woo-category-title\" ><a href=\"https:\/\/dacarcomercial.com\/fr\/categorias-productos\/masques-de-soudage-avec-apport-dair\/dacair-2\/equipements-respirateurs-motorises-complets\/\" class=\"jet-woo-category-title__link\" >\u00c9quipements respirateurs motoris\u00e9s complets<\/a><\/h1>\t<\/div>\n\n\t<div class=\"jet-woo-category-count__wrap\">\n\t\t\t<\/div>\n<\/div>\t<\/div>\n\n\t<\/div>\n<div class=\"jet-woo-categories__item \">\n\t<div class=\"jet-woo-categories__inner-box\"  >\n\t\t\n<div class=\"jet-woo-categories-thumbnail__wrap\">\n\t\n<div class=\"jet-woo-category-thumbnail\">\n\t<a href=\"https:\/\/dacarcomercial.com\/fr\/categorias-productos\/masques-de-soudure\/f1-max-fr\/\"  rel=\"bookmark\">\n\t\t<img decoding=\"async\" width=\"400\" height=\"340\" src=\"https:\/\/dacarcomercial.com\/wp-content\/uploads\/2023\/06\/F1-MAX-para-web.png\" class=\"attachment-medium size-medium\" alt=\"careta de soldar F1 MAX\" loading=\"eager\" title=\"\">\t<\/a>\n\t<div class=\"jet-woo-category-img-overlay\"><\/div>\n\t<div class=\"jet-woo-category-img-overlay__hover\"><\/div>\n<\/div><\/div>\n\n<div class=\"jet-woo-categories-content\">\n\t<div class=\"jet-woo-category-content__inner\">\n\t\t<h1 class=\"jet-woo-category-title\" ><a href=\"https:\/\/dacarcomercial.com\/fr\/categorias-productos\/masques-de-soudure\/f1-max-fr\/\" class=\"jet-woo-category-title__link\" >F1 MAX<\/a><\/h1>\t<\/div>\n\n\t<div class=\"jet-woo-category-count__wrap\">\n\t\t\t<\/div>\n<\/div>\t<\/div>\n\n\t<\/div>\n<div class=\"jet-woo-categories__item \">\n\t<div class=\"jet-woo-categories__inner-box\"  >\n\t\t\n<div class=\"jet-woo-categories-thumbnail__wrap\">\n\t\n<div class=\"jet-woo-category-thumbnail\">\n\t<a href=\"https:\/\/dacarcomercial.com\/fr\/categorias-productos\/masques-de-soudage-avec-apport-dair\/cleanair-2\/filtres-cleanair\/\"  rel=\"bookmark\">\n\t\t<img decoding=\"async\" width=\"400\" height=\"340\" src=\"https:\/\/dacarcomercial.com\/wp-content\/uploads\/images\/juego-2-filtros-a1prsl-para-cleanair-aergo.jpg\" class=\"attachment-medium size-medium\" alt=\"\" loading=\"eager\" title=\"\">\t<\/a>\n\t<div class=\"jet-woo-category-img-overlay\"><\/div>\n\t<div class=\"jet-woo-category-img-overlay__hover\"><\/div>\n<\/div><\/div>\n\n<div class=\"jet-woo-categories-content\">\n\t<div class=\"jet-woo-category-content__inner\">\n\t\t<h1 class=\"jet-woo-category-title\" ><a href=\"https:\/\/dacarcomercial.com\/fr\/categorias-productos\/masques-de-soudage-avec-apport-dair\/cleanair-2\/filtres-cleanair\/\" class=\"jet-woo-category-title__link\" >Filtres CleanAir<\/a><\/h1>\t<\/div>\n\n\t<div class=\"jet-woo-category-count__wrap\">\n\t\t\t<\/div>\n<\/div>\t<\/div>\n\n\t<\/div>\n<div class=\"jet-woo-categories__item \">\n\t<div class=\"jet-woo-categories__inner-box\"  >\n\t\t\n<div class=\"jet-woo-categories-thumbnail__wrap\">\n\t\n<div class=\"jet-woo-category-thumbnail\">\n\t<a href=\"https:\/\/dacarcomercial.com\/fr\/categorias-productos\/filtres-electroniques-soudeur\/\"  rel=\"bookmark\">\n\t\t<img decoding=\"async\" width=\"325\" height=\"231\" src=\"https:\/\/dacarcomercial.com\/wp-content\/uploads\/filtros-electronicos.jpg\" class=\"attachment-medium size-medium\" alt=\"\" loading=\"eager\" title=\"\">\t<\/a>\n\t<div class=\"jet-woo-category-img-overlay\"><\/div>\n\t<div class=\"jet-woo-category-img-overlay__hover\"><\/div>\n<\/div><\/div>\n\n<div class=\"jet-woo-categories-content\">\n\t<div class=\"jet-woo-category-content__inner\">\n\t\t<h1 class=\"jet-woo-category-title\" ><a href=\"https:\/\/dacarcomercial.com\/fr\/categorias-productos\/filtres-electroniques-soudeur\/\" class=\"jet-woo-category-title__link\" >FILTRES \u00c9LECTRONIQUES SOUDEUR<\/a><\/h1>\t<\/div>\n\n\t<div class=\"jet-woo-category-count__wrap\">\n\t\t\t<\/div>\n<\/div>\t<\/div>\n\n\t<\/div>\n<div class=\"jet-woo-categories__item \">\n\t<div class=\"jet-woo-categories__inner-box\"  >\n\t\t\n<div class=\"jet-woo-categories-thumbnail__wrap\">\n\t\n<div class=\"jet-woo-category-thumbnail\">\n\t<a href=\"https:\/\/dacarcomercial.com\/fr\/categorias-productos\/protection-respiratoire\/sts-shigematsu-2\/filtres-serie-ca-pour-masques-et-demi-masques\/\"  rel=\"bookmark\">\n\t\t<img decoding=\"async\" width=\"578\" height=\"600\" src=\"https:\/\/dacarcomercial.com\/wp-content\/uploads\/filtro-shigematsu-serie-ca-ax.jpg\" class=\"attachment-medium size-medium\" alt=\"\" loading=\"eager\" title=\"\">\t<\/a>\n\t<div class=\"jet-woo-category-img-overlay\"><\/div>\n\t<div class=\"jet-woo-category-img-overlay__hover\"><\/div>\n<\/div><\/div>\n\n<div class=\"jet-woo-categories-content\">\n\t<div class=\"jet-woo-category-content__inner\">\n\t\t<h1 class=\"jet-woo-category-title\" ><a href=\"https:\/\/dacarcomercial.com\/fr\/categorias-productos\/protection-respiratoire\/sts-shigematsu-2\/filtres-serie-ca-pour-masques-et-demi-masques\/\" class=\"jet-woo-category-title__link\" >Filtres s\u00e9rie CA pour masques et demi-masques<\/a><\/h1>\t<\/div>\n\n\t<div class=\"jet-woo-category-count__wrap\">\n\t\t\t<\/div>\n<\/div>\t<\/div>\n\n\t<\/div>\n<div class=\"jet-woo-categories__item \">\n\t<div class=\"jet-woo-categories__inner-box\"  >\n\t\t\n<div class=\"jet-woo-categories-thumbnail__wrap\">\n\t\n<div class=\"jet-woo-category-thumbnail\">\n\t<a href=\"https:\/\/dacarcomercial.com\/fr\/categorias-productos\/protection-respiratoire\/sts-shigematsu-2\/filtres-serie-v-pour-demi-masque-et-masque-motorises-synchro\/\"  rel=\"bookmark\">\n\t\t<img decoding=\"async\" width=\"300\" height=\"323\" src=\"https:\/\/dacarcomercial.com\/wp-content\/uploads\/V-A1P3.jpg\" class=\"attachment-medium size-medium\" alt=\"\" loading=\"eager\" title=\"\">\t<\/a>\n\t<div class=\"jet-woo-category-img-overlay\"><\/div>\n\t<div class=\"jet-woo-category-img-overlay__hover\"><\/div>\n<\/div><\/div>\n\n<div class=\"jet-woo-categories-content\">\n\t<div class=\"jet-woo-category-content__inner\">\n\t\t<h1 class=\"jet-woo-category-title\" ><a href=\"https:\/\/dacarcomercial.com\/fr\/categorias-productos\/protection-respiratoire\/sts-shigematsu-2\/filtres-serie-v-pour-demi-masque-et-masque-motorises-synchro\/\" class=\"jet-woo-category-title__link\" >Filtres s\u00e9rie V pour demi-masque et masque motoris\u00e9s Synchro<\/a><\/h1>\t<\/div>\n\n\t<div class=\"jet-woo-category-count__wrap\">\n\t\t\t<\/div>\n<\/div>\t<\/div>\n\n\t<\/div>\n<div class=\"jet-woo-categories__item \">\n\t<div class=\"jet-woo-categories__inner-box\"  >\n\t\t\n<div class=\"jet-woo-categories-thumbnail__wrap\">\n\t\n<div class=\"jet-woo-category-thumbnail\">\n\t<a href=\"https:\/\/dacarcomercial.com\/fr\/categorias-productos\/vetements-de-protection\/soudeur\/gants\/\"  rel=\"bookmark\">\n\t\t<img decoding=\"async\" width=\"600\" height=\"600\" src=\"https:\/\/dacarcomercial.com\/wp-content\/uploads\/2022\/03\/Diseno-sin-titulo-13-min.png\" class=\"attachment-medium size-medium\" alt=\"Guantes de soldar\" loading=\"eager\" title=\"\">\t<\/a>\n\t<div class=\"jet-woo-category-img-overlay\"><\/div>\n\t<div class=\"jet-woo-category-img-overlay__hover\"><\/div>\n<\/div><\/div>\n\n<div class=\"jet-woo-categories-content\">\n\t<div class=\"jet-woo-category-content__inner\">\n\t\t<h1 class=\"jet-woo-category-title\" ><a href=\"https:\/\/dacarcomercial.com\/fr\/categorias-productos\/vetements-de-protection\/soudeur\/gants\/\" class=\"jet-woo-category-title__link\" >Gants<\/a><\/h1>\t<\/div>\n\n\t<div class=\"jet-woo-category-count__wrap\">\n\t\t\t<\/div>\n<\/div>\t<\/div>\n\n\t<\/div>\n<div class=\"jet-woo-categories__item \">\n\t<div class=\"jet-woo-categories__inner-box\"  >\n\t\t\n<div class=\"jet-woo-categories-thumbnail__wrap\">\n\t\n<div class=\"jet-woo-category-thumbnail\">\n\t<a href=\"https:\/\/dacarcomercial.com\/fr\/categorias-productos\/genouilleres-coussins\/\"  rel=\"bookmark\">\n\t\t<img decoding=\"async\" width=\"400\" height=\"340\" src=\"https:\/\/dacarcomercial.com\/wp-content\/uploads\/rodilleras-almohadillas.jpg\" class=\"attachment-medium size-medium\" alt=\"\" loading=\"eager\" title=\"\">\t<\/a>\n\t<div class=\"jet-woo-category-img-overlay\"><\/div>\n\t<div class=\"jet-woo-category-img-overlay__hover\"><\/div>\n<\/div><\/div>\n\n<div class=\"jet-woo-categories-content\">\n\t<div class=\"jet-woo-category-content__inner\">\n\t\t<h1 class=\"jet-woo-category-title\" ><a href=\"https:\/\/dacarcomercial.com\/fr\/categorias-productos\/genouilleres-coussins\/\" class=\"jet-woo-category-title__link\" >GENOUILL\u00c8RES \/ COUSSIN<\/a><\/h1>\t<\/div>\n\n\t<div class=\"jet-woo-category-count__wrap\">\n\t\t\t<\/div>\n<\/div>\t<\/div>\n\n\t<\/div>\n<div class=\"jet-woo-categories__item \">\n\t<div class=\"jet-woo-categories__inner-box\"  >\n\t\t\n<div class=\"jet-woo-categories-thumbnail__wrap\">\n\t\n<div class=\"jet-woo-category-thumbnail\">\n\t<a href=\"https:\/\/dacarcomercial.com\/fr\/categorias-productos\/masques-de-soudure\/grand-2\/\"  rel=\"bookmark\">\n\t\t<img decoding=\"async\" width=\"400\" height=\"340\" src=\"https:\/\/dacarcomercial.com\/wp-content\/uploads\/grand.jpg\" class=\"attachment-medium size-medium\" alt=\"\" loading=\"eager\" title=\"\">\t<\/a>\n\t<div class=\"jet-woo-category-img-overlay\"><\/div>\n\t<div class=\"jet-woo-category-img-overlay__hover\"><\/div>\n<\/div><\/div>\n\n<div class=\"jet-woo-categories-content\">\n\t<div class=\"jet-woo-category-content__inner\">\n\t\t<h1 class=\"jet-woo-category-title\" ><a href=\"https:\/\/dacarcomercial.com\/fr\/categorias-productos\/masques-de-soudure\/grand-2\/\" class=\"jet-woo-category-title__link\" >Grand<\/a><\/h1>\t<\/div>\n\n\t<div class=\"jet-woo-category-count__wrap\">\n\t\t\t<\/div>\n<\/div>\t<\/div>\n\n\t<\/div>\n<div class=\"jet-woo-categories__item \">\n\t<div class=\"jet-woo-categories__inner-box\"  >\n\t\t\n<div class=\"jet-woo-categories-thumbnail__wrap\">\n\t\n<div class=\"jet-woo-category-thumbnail\">\n\t<a href=\"https:\/\/dacarcomercial.com\/fr\/categorias-productos\/risques-electriques\/kits-complets-4300c\/\"  rel=\"bookmark\">\n\t\t<img decoding=\"async\" width=\"400\" height=\"340\" src=\"https:\/\/dacarcomercial.com\/wp-content\/uploads\/kits-completos-4300c.jpg\" class=\"attachment-medium size-medium\" alt=\"\" loading=\"eager\" title=\"\">\t<\/a>\n\t<div class=\"jet-woo-category-img-overlay\"><\/div>\n\t<div class=\"jet-woo-category-img-overlay__hover\"><\/div>\n<\/div><\/div>\n\n<div class=\"jet-woo-categories-content\">\n\t<div class=\"jet-woo-category-content__inner\">\n\t\t<h1 class=\"jet-woo-category-title\" ><a href=\"https:\/\/dacarcomercial.com\/fr\/categorias-productos\/risques-electriques\/kits-complets-4300c\/\" class=\"jet-woo-category-title__link\" >Kits complets 4300C<\/a><\/h1>\t<\/div>\n\n\t<div class=\"jet-woo-category-count__wrap\">\n\t\t\t<\/div>\n<\/div>\t<\/div>\n\n\t<\/div>\n<div class=\"jet-woo-categories__item \">\n\t<div class=\"jet-woo-categories__inner-box\"  >\n\t\t\n<div class=\"jet-woo-categories-thumbnail__wrap\">\n\t\n<div class=\"jet-woo-category-thumbnail\">\n\t<a href=\"https:\/\/dacarcomercial.com\/fr\/categorias-productos\/lampes-frontales-et-lampes-led\/\"  rel=\"bookmark\">\n\t\t<img decoding=\"async\" width=\"400\" height=\"340\" src=\"https:\/\/dacarcomercial.com\/wp-content\/uploads\/linternas-led.jpg\" class=\"attachment-medium size-medium\" alt=\"\" loading=\"eager\" title=\"\">\t<\/a>\n\t<div class=\"jet-woo-category-img-overlay\"><\/div>\n\t<div class=\"jet-woo-category-img-overlay__hover\"><\/div>\n<\/div><\/div>\n\n<div class=\"jet-woo-categories-content\">\n\t<div class=\"jet-woo-category-content__inner\">\n\t\t<h1 class=\"jet-woo-category-title\" ><a href=\"https:\/\/dacarcomercial.com\/fr\/categorias-productos\/lampes-frontales-et-lampes-led\/\" class=\"jet-woo-category-title__link\" >LAMPES FRONTALES ET LAMPES LED<\/a><\/h1>\t<\/div>\n\n\t<div class=\"jet-woo-category-count__wrap\">\n\t\t\t<\/div>\n<\/div>\t<\/div>\n\n\t<\/div>\n<div class=\"jet-woo-categories__item \">\n\t<div class=\"jet-woo-categories__inner-box\"  >\n\t\t\n<div class=\"jet-woo-categories-thumbnail__wrap\">\n\t\n<div class=\"jet-woo-category-thumbnail\">\n\t<a href=\"https:\/\/dacarcomercial.com\/fr\/categorias-productos\/rideaux-lames-ecrans\/lanieres\/\"  rel=\"bookmark\">\n\t\t<img decoding=\"async\" width=\"341\" height=\"291\" src=\"https:\/\/dacarcomercial.com\/wp-content\/uploads\/laminas.jpg\" class=\"attachment-medium size-medium\" alt=\"\" loading=\"eager\" title=\"\">\t<\/a>\n\t<div class=\"jet-woo-category-img-overlay\"><\/div>\n\t<div class=\"jet-woo-category-img-overlay__hover\"><\/div>\n<\/div><\/div>\n\n<div class=\"jet-woo-categories-content\">\n\t<div class=\"jet-woo-category-content__inner\">\n\t\t<h1 class=\"jet-woo-category-title\" ><a href=\"https:\/\/dacarcomercial.com\/fr\/categorias-productos\/rideaux-lames-ecrans\/lanieres\/\" class=\"jet-woo-category-title__link\" >Lani\u00e8res<\/a><\/h1>\t<\/div>\n\n\t<div class=\"jet-woo-category-count__wrap\">\n\t\t\t<\/div>\n<\/div>\t<\/div>\n\n\t<\/div>\n<div class=\"jet-woo-categories__item \">\n\t<div class=\"jet-woo-categories__inner-box\"  >\n\t\t\n<div class=\"jet-woo-categories-thumbnail__wrap\">\n\t\n<div class=\"jet-woo-category-thumbnail\">\n\t<a href=\"https:\/\/dacarcomercial.com\/fr\/categorias-productos\/lunettes-de-protection\/\"  rel=\"bookmark\">\n\t\t<img decoding=\"async\" width=\"400\" height=\"340\" src=\"https:\/\/dacarcomercial.com\/wp-content\/uploads\/2022\/03\/Diseno-sin-titulo-20-min.png\" class=\"attachment-medium size-medium\" alt=\"gafas de protecci\u00f3n\" loading=\"eager\" title=\"\">\t<\/a>\n\t<div class=\"jet-woo-category-img-overlay\"><\/div>\n\t<div class=\"jet-woo-category-img-overlay__hover\"><\/div>\n<\/div><\/div>\n\n<div class=\"jet-woo-categories-content\">\n\t<div class=\"jet-woo-category-content__inner\">\n\t\t<h1 class=\"jet-woo-category-title\" ><a href=\"https:\/\/dacarcomercial.com\/fr\/categorias-productos\/lunettes-de-protection\/\" class=\"jet-woo-category-title__link\" >LUNETTES DE PROTECTION<\/a><\/h1>\t<\/div>\n\n\t<div class=\"jet-woo-category-count__wrap\">\n\t\t\t<\/div>\n<\/div>\t<\/div>\n\n\t<\/div>\n<div class=\"jet-woo-categories__item \">\n\t<div class=\"jet-woo-categories__inner-box\"  >\n\t\t\n<div class=\"jet-woo-categories-thumbnail__wrap\">\n\t\n<div class=\"jet-woo-category-thumbnail\">\n\t<a href=\"https:\/\/dacarcomercial.com\/fr\/categorias-productos\/lunettes-de-protection\/lunettes-de-protection-laser\/\"  rel=\"bookmark\">\n\t\t<img decoding=\"async\" width=\"400\" height=\"340\" src=\"https:\/\/dacarcomercial.com\/wp-content\/uploads\/2024\/11\/GAFAS-PARA-SOLDADURA-LASER.png\" class=\"attachment-medium size-medium\" alt=\"GAFAS PARA SOLDADURA L\u00c1SER\" loading=\"eager\" title=\"\">\t<\/a>\n\t<div class=\"jet-woo-category-img-overlay\"><\/div>\n\t<div class=\"jet-woo-category-img-overlay__hover\"><\/div>\n<\/div><\/div>\n\n<div class=\"jet-woo-categories-content\">\n\t<div class=\"jet-woo-category-content__inner\">\n\t\t<h1 class=\"jet-woo-category-title\" ><a href=\"https:\/\/dacarcomercial.com\/fr\/categorias-productos\/lunettes-de-protection\/lunettes-de-protection-laser\/\" class=\"jet-woo-category-title__link\" >Lunettes de protection laser<\/a><\/h1>\t<\/div>\n\n\t<div class=\"jet-woo-category-count__wrap\">\n\t\t\t<\/div>\n<\/div>\t<\/div>\n\n\t<\/div>\n<div class=\"jet-woo-categories__item \">\n\t<div class=\"jet-woo-categories__inner-box\"  >\n\t\t\n<div class=\"jet-woo-categories-thumbnail__wrap\">\n\t\n<div class=\"jet-woo-category-thumbnail\">\n\t<a href=\"https:\/\/dacarcomercial.com\/fr\/categorias-productos\/protection-respiratoire\/masques\/\"  rel=\"bookmark\">\n\t\t<img decoding=\"async\" width=\"500\" height=\"500\" src=\"https:\/\/dacarcomercial.com\/wp-content\/uploads\/2022\/04\/mascarillas.png\" class=\"attachment-medium size-medium\" alt=\"mascarillas protecci\u00f3n respiratoria\" loading=\"eager\" title=\"\">\t<\/a>\n\t<div class=\"jet-woo-category-img-overlay\"><\/div>\n\t<div class=\"jet-woo-category-img-overlay__hover\"><\/div>\n<\/div><\/div>\n\n<div class=\"jet-woo-categories-content\">\n\t<div class=\"jet-woo-category-content__inner\">\n\t\t<h1 class=\"jet-woo-category-title\" ><a href=\"https:\/\/dacarcomercial.com\/fr\/categorias-productos\/protection-respiratoire\/masques\/\" class=\"jet-woo-category-title__link\" >Masques<\/a><\/h1>\t<\/div>\n\n\t<div class=\"jet-woo-category-count__wrap\">\n\t\t\t<\/div>\n<\/div>\t<\/div>\n\n\t<\/div>\n<div class=\"jet-woo-categories__item \">\n\t<div class=\"jet-woo-categories__inner-box\"  >\n\t\t\n<div class=\"jet-woo-categories-thumbnail__wrap\">\n\t\n<div class=\"jet-woo-category-thumbnail\">\n\t<a href=\"https:\/\/dacarcomercial.com\/fr\/categorias-productos\/masques-a-souder-avec-casques\/\"  rel=\"bookmark\">\n\t\t<img decoding=\"async\" width=\"743\" height=\"632\" src=\"https:\/\/dacarcomercial.com\/wp-content\/uploads\/caretas-de-soldar-con-casco.jpg\" class=\"attachment-medium size-medium\" alt=\"\" loading=\"eager\" title=\"\">\t<\/a>\n\t<div class=\"jet-woo-category-img-overlay\"><\/div>\n\t<div class=\"jet-woo-category-img-overlay__hover\"><\/div>\n<\/div><\/div>\n\n<div class=\"jet-woo-categories-content\">\n\t<div class=\"jet-woo-category-content__inner\">\n\t\t<h1 class=\"jet-woo-category-title\" ><a href=\"https:\/\/dacarcomercial.com\/fr\/categorias-productos\/masques-a-souder-avec-casques\/\" class=\"jet-woo-category-title__link\" >MASQUES \u00c0 SOUDER AVEC CASQUES<\/a><\/h1>\t<\/div>\n\n\t<div class=\"jet-woo-category-count__wrap\">\n\t\t\t<\/div>\n<\/div>\t<\/div>\n\n\t<\/div>\n<div class=\"jet-woo-categories__item \">\n\t<div class=\"jet-woo-categories__inner-box\"  >\n\t\t\n<div class=\"jet-woo-categories-thumbnail__wrap\">\n\t\n<div class=\"jet-woo-category-thumbnail\">\n\t<a href=\"https:\/\/dacarcomercial.com\/fr\/categorias-productos\/masques-de-soudure\/masques-avec-fenetre-relevable\/\"  rel=\"bookmark\">\n\t\t<img decoding=\"async\" width=\"600\" height=\"600\" src=\"https:\/\/dacarcomercial.com\/wp-content\/uploads\/2021\/05\/flip-web.jpg\" class=\"attachment-medium size-medium\" alt=\"\" loading=\"eager\" title=\"\">\t<\/a>\n\t<div class=\"jet-woo-category-img-overlay\"><\/div>\n\t<div class=\"jet-woo-category-img-overlay__hover\"><\/div>\n<\/div><\/div>\n\n<div class=\"jet-woo-categories-content\">\n\t<div class=\"jet-woo-category-content__inner\">\n\t\t<h1 class=\"jet-woo-category-title\" ><a href=\"https:\/\/dacarcomercial.com\/fr\/categorias-productos\/masques-de-soudure\/masques-avec-fenetre-relevable\/\" class=\"jet-woo-category-title__link\" >Masques avec fen\u00eatre relevable<\/a><\/h1>\t<\/div>\n\n\t<div class=\"jet-woo-category-count__wrap\">\n\t\t\t<\/div>\n<\/div>\t<\/div>\n\n\t<\/div>\n<div class=\"jet-woo-categories__item \">\n\t<div class=\"jet-woo-categories__inner-box\"  >\n\t\t\n<div class=\"jet-woo-categories-thumbnail__wrap\">\n\t\n<div class=\"jet-woo-category-thumbnail\">\n\t<a href=\"https:\/\/dacarcomercial.com\/fr\/categorias-productos\/masques-de-soudage-avec-apport-dair\/\"  rel=\"bookmark\">\n\t\t<img fetchpriority=\"high\" decoding=\"async\" width=\"400\" height=\"340\" src=\"https:\/\/dacarcomercial.com\/wp-content\/uploads\/2026\/03\/Careta-de-soldar-con-equipo-autonomo-A6.webp\" class=\"attachment-medium size-medium\" alt=\"Careta de soldar con equipo aut\u00f3nomo A6\" loading=\"eager\" title=\"\">\t<\/a>\n\t<div class=\"jet-woo-category-img-overlay\"><\/div>\n\t<div class=\"jet-woo-category-img-overlay__hover\"><\/div>\n<\/div><\/div>\n\n<div class=\"jet-woo-categories-content\">\n\t<div class=\"jet-woo-category-content__inner\">\n\t\t<h1 class=\"jet-woo-category-title\" ><a href=\"https:\/\/dacarcomercial.com\/fr\/categorias-productos\/masques-de-soudage-avec-apport-dair\/\" class=\"jet-woo-category-title__link\" >MASQUES DE SOUDAGE AVEC APPORT D'AIR<\/a><\/h1>\t<\/div>\n\n\t<div class=\"jet-woo-category-count__wrap\">\n\t\t\t<\/div>\n<\/div>\t<\/div>\n\n\t<\/div>\n<div class=\"jet-woo-categories__item \">\n\t<div class=\"jet-woo-categories__inner-box\"  >\n\t\t\n<div class=\"jet-woo-categories-thumbnail__wrap\">\n\t\n<div class=\"jet-woo-category-thumbnail\">\n\t<a href=\"https:\/\/dacarcomercial.com\/fr\/categorias-productos\/masques-de-soudure\/masques-de-soudage-avec-casque-de-chantier\/\"  rel=\"bookmark\">\n\t\t<img decoding=\"async\" width=\"510\" height=\"600\" src=\"https:\/\/dacarcomercial.com\/wp-content\/uploads\/dc-1-negra-elpasov913i-casco-terano-azul-scaled-1.jpg\" class=\"attachment-medium size-medium\" alt=\"careta de soldar dc-1 con casco de obra\" loading=\"eager\" title=\"\">\t<\/a>\n\t<div class=\"jet-woo-category-img-overlay\"><\/div>\n\t<div class=\"jet-woo-category-img-overlay__hover\"><\/div>\n<\/div><\/div>\n\n<div class=\"jet-woo-categories-content\">\n\t<div class=\"jet-woo-category-content__inner\">\n\t\t<h1 class=\"jet-woo-category-title\" ><a href=\"https:\/\/dacarcomercial.com\/fr\/categorias-productos\/masques-de-soudure\/masques-de-soudage-avec-casque-de-chantier\/\" class=\"jet-woo-category-title__link\" >Masques de soudage avec casque de chantier<\/a><\/h1>\t<\/div>\n\n\t<div class=\"jet-woo-category-count__wrap\">\n\t\t\t<\/div>\n<\/div>\t<\/div>\n\n\t<\/div>\n<div class=\"jet-woo-categories__item \">\n\t<div class=\"jet-woo-categories__inner-box\"  >\n\t\t\n<div class=\"jet-woo-categories-thumbnail__wrap\">\n\t\n<div class=\"jet-woo-category-thumbnail\">\n\t<a href=\"https:\/\/dacarcomercial.com\/fr\/categorias-productos\/masques-de-soudure\/\"  rel=\"bookmark\">\n\t\t<img decoding=\"async\" width=\"400\" height=\"340\" src=\"https:\/\/dacarcomercial.com\/wp-content\/uploads\/2026\/03\/Careta-de-soldar-DC-2-ULTRA-CLEAR-1.webp\" class=\"attachment-medium size-medium\" alt=\"Careta de soldar DC-2 ULTRA CLEAR\" loading=\"eager\" title=\"\">\t<\/a>\n\t<div class=\"jet-woo-category-img-overlay\"><\/div>\n\t<div class=\"jet-woo-category-img-overlay__hover\"><\/div>\n<\/div><\/div>\n\n<div class=\"jet-woo-categories-content\">\n\t<div class=\"jet-woo-category-content__inner\">\n\t\t<h1 class=\"jet-woo-category-title\" ><a href=\"https:\/\/dacarcomercial.com\/fr\/categorias-productos\/masques-de-soudure\/\" class=\"jet-woo-category-title__link\" >MASQUES DE SOUDURE<\/a><\/h1>\t<\/div>\n\n\t<div class=\"jet-woo-category-count__wrap\">\n\t\t\t<\/div>\n<\/div>\t<\/div>\n\n\t<\/div>\n<div class=\"jet-woo-categories__item \">\n\t<div class=\"jet-woo-categories__inner-box\"  >\n\t\t\n<div class=\"jet-woo-categories-thumbnail__wrap\">\n\t\n<div class=\"jet-woo-category-thumbnail\">\n\t<a href=\"https:\/\/dacarcomercial.com\/fr\/categorias-productos\/protection-respiratoire\/sts-shigematsu-2\/masques-faciaux\/\"  rel=\"bookmark\">\n\t\t<img decoding=\"async\" width=\"608\" height=\"600\" src=\"https:\/\/dacarcomercial.com\/wp-content\/uploads\/images\/shigematsu-mascara-completas-cf01.jpg\" class=\"attachment-medium size-medium\" alt=\"m\u00e1scara facial\" loading=\"eager\" title=\"\">\t<\/a>\n\t<div class=\"jet-woo-category-img-overlay\"><\/div>\n\t<div class=\"jet-woo-category-img-overlay__hover\"><\/div>\n<\/div><\/div>\n\n<div class=\"jet-woo-categories-content\">\n\t<div class=\"jet-woo-category-content__inner\">\n\t\t<h1 class=\"jet-woo-category-title\" ><a href=\"https:\/\/dacarcomercial.com\/fr\/categorias-productos\/protection-respiratoire\/sts-shigematsu-2\/masques-faciaux\/\" class=\"jet-woo-category-title__link\" >Masques faciaux<\/a><\/h1>\t<\/div>\n\n\t<div class=\"jet-woo-category-count__wrap\">\n\t\t\t<\/div>\n<\/div>\t<\/div>\n\n\t<\/div>\n<div class=\"jet-woo-categories__item \">\n\t<div class=\"jet-woo-categories__inner-box\"  >\n\t\t\n<div class=\"jet-woo-categories-thumbnail__wrap\">\n\t\n<div class=\"jet-woo-category-thumbnail\">\n\t<a href=\"https:\/\/dacarcomercial.com\/fr\/categorias-productos\/protection-respiratoire\/sts-shigematsu-2\/masques-faciaux-et-demi-masques-motorise-synchro\/\"  rel=\"bookmark\">\n\t\t<img decoding=\"async\" width=\"600\" height=\"561\" src=\"https:\/\/dacarcomercial.com\/wp-content\/uploads\/Sync09.jpg\" class=\"attachment-medium size-medium\" alt=\"m\u00e1scara facial motorizada Sync09\" loading=\"eager\" title=\"\">\t<\/a>\n\t<div class=\"jet-woo-category-img-overlay\"><\/div>\n\t<div class=\"jet-woo-category-img-overlay__hover\"><\/div>\n<\/div><\/div>\n\n<div class=\"jet-woo-categories-content\">\n\t<div class=\"jet-woo-category-content__inner\">\n\t\t<h1 class=\"jet-woo-category-title\" ><a href=\"https:\/\/dacarcomercial.com\/fr\/categorias-productos\/protection-respiratoire\/sts-shigematsu-2\/masques-faciaux-et-demi-masques-motorise-synchro\/\" class=\"jet-woo-category-title__link\" >Masques faciaux et demi-masques motoris\u00e9s Synchro<\/a><\/h1>\t<\/div>\n\n\t<div class=\"jet-woo-category-count__wrap\">\n\t\t\t<\/div>\n<\/div>\t<\/div>\n\n\t<\/div>\n<div class=\"jet-woo-categories__item \">\n\t<div class=\"jet-woo-categories__inner-box\"  >\n\t\t\n<div class=\"jet-woo-categories-thumbnail__wrap\">\n\t\n<div class=\"jet-woo-category-thumbnail\">\n\t<a href=\"https:\/\/dacarcomercial.com\/fr\/categorias-productos\/masques-de-soudure\/nova-fr\/\"  rel=\"bookmark\">\n\t\t<img decoding=\"async\" width=\"500\" height=\"500\" src=\"https:\/\/dacarcomercial.com\/wp-content\/uploads\/2022\/06\/caretas-de-soldar-nova-para-soldadores-1.png\" class=\"attachment-medium size-medium\" alt=\"caretas de soldar nova para soldadores\" loading=\"eager\" title=\"\">\t<\/a>\n\t<div class=\"jet-woo-category-img-overlay\"><\/div>\n\t<div class=\"jet-woo-category-img-overlay__hover\"><\/div>\n<\/div><\/div>\n\n<div class=\"jet-woo-categories-content\">\n\t<div class=\"jet-woo-category-content__inner\">\n\t\t<h1 class=\"jet-woo-category-title\" ><a href=\"https:\/\/dacarcomercial.com\/fr\/categorias-productos\/masques-de-soudure\/nova-fr\/\" class=\"jet-woo-category-title__link\" >Nova<\/a><\/h1>\t<\/div>\n\n\t<div class=\"jet-woo-category-count__wrap\">\n\t\t\t<\/div>\n<\/div>\t<\/div>\n\n\t<\/div>\n<div class=\"jet-woo-categories__item \">\n\t<div class=\"jet-woo-categories__inner-box\"  >\n\t\t\n<div class=\"jet-woo-categories-thumbnail__wrap\">\n\t\n<div class=\"jet-woo-category-thumbnail\">\n\t<a href=\"https:\/\/dacarcomercial.com\/fr\/categorias-productos\/lunettes-de-protection\/oculaires-pre-gradues\/\"  rel=\"bookmark\">\n\t\t<img decoding=\"async\" width=\"400\" height=\"340\" src=\"https:\/\/dacarcomercial.com\/wp-content\/uploads\/images\/terminator-plus-1-dioptrias.jpg\" class=\"attachment-medium size-medium\" alt=\"Terminator Plus Dioptrie\" loading=\"eager\" title=\"\">\t<\/a>\n\t<div class=\"jet-woo-category-img-overlay\"><\/div>\n\t<div class=\"jet-woo-category-img-overlay__hover\"><\/div>\n<\/div><\/div>\n\n<div class=\"jet-woo-categories-content\">\n\t<div class=\"jet-woo-category-content__inner\">\n\t\t<h1 class=\"jet-woo-category-title\" ><a href=\"https:\/\/dacarcomercial.com\/fr\/categorias-productos\/lunettes-de-protection\/oculaires-pre-gradues\/\" class=\"jet-woo-category-title__link\" >Oculaires pr\u00e9-gradu\u00e9s<\/a><\/h1>\t<\/div>\n\n\t<div class=\"jet-woo-category-count__wrap\">\n\t\t\t<\/div>\n<\/div>\t<\/div>\n\n\t<\/div>\n<div class=\"jet-woo-categories__item \">\n\t<div class=\"jet-woo-categories__inner-box\"  >\n\t\t\n<div class=\"jet-woo-categories-thumbnail__wrap\">\n\t\n<div class=\"jet-woo-category-thumbnail\">\n\t<a href=\"https:\/\/dacarcomercial.com\/fr\/categorias-productos\/lunettes-de-protection\/oculaires-solaires\/\"  rel=\"bookmark\">\n\t\t<img decoding=\"async\" width=\"400\" height=\"340\" src=\"https:\/\/dacarcomercial.com\/wp-content\/uploads\/2022\/03\/9026886AF.jpg\" class=\"attachment-medium size-medium\" alt=\"gafas de sol\" loading=\"eager\" title=\"\">\t<\/a>\n\t<div class=\"jet-woo-category-img-overlay\"><\/div>\n\t<div class=\"jet-woo-category-img-overlay__hover\"><\/div>\n<\/div><\/div>\n\n<div class=\"jet-woo-categories-content\">\n\t<div class=\"jet-woo-category-content__inner\">\n\t\t<h1 class=\"jet-woo-category-title\" ><a href=\"https:\/\/dacarcomercial.com\/fr\/categorias-productos\/lunettes-de-protection\/oculaires-solaires\/\" class=\"jet-woo-category-title__link\" >Oculaires solaires<\/a><\/h1>\t<\/div>\n\n\t<div class=\"jet-woo-category-count__wrap\">\n\t\t\t<\/div>\n<\/div>\t<\/div>\n\n\t<\/div>\n<div class=\"jet-woo-categories__item \">\n\t<div class=\"jet-woo-categories__inner-box\"  >\n\t\t\n<div class=\"jet-woo-categories-thumbnail__wrap\">\n\t\n<div class=\"jet-woo-category-thumbnail\">\n\t<a href=\"https:\/\/dacarcomercial.com\/fr\/categorias-productos\/masques-de-soudure\/opera\/\"  rel=\"bookmark\">\n\t\t<img decoding=\"async\" width=\"400\" height=\"340\" src=\"https:\/\/dacarcomercial.com\/wp-content\/uploads\/2021\/07\/OPERA.jpg\" class=\"attachment-medium size-medium\" alt=\"careta de soldar opera\" loading=\"eager\" title=\"\">\t<\/a>\n\t<div class=\"jet-woo-category-img-overlay\"><\/div>\n\t<div class=\"jet-woo-category-img-overlay__hover\"><\/div>\n<\/div><\/div>\n\n<div class=\"jet-woo-categories-content\">\n\t<div class=\"jet-woo-category-content__inner\">\n\t\t<h1 class=\"jet-woo-category-title\" ><a href=\"https:\/\/dacarcomercial.com\/fr\/categorias-productos\/masques-de-soudure\/opera\/\" class=\"jet-woo-category-title__link\" >Opera<\/a><\/h1>\t<\/div>\n\n\t<div class=\"jet-woo-category-count__wrap\">\n\t\t\t<\/div>\n<\/div>\t<\/div>\n\n\t<\/div>\n<div class=\"jet-woo-categories__item \">\n\t<div class=\"jet-woo-categories__inner-box\"  >\n\t\t\n<div class=\"jet-woo-categories-thumbnail__wrap\">\n\t\n<div class=\"jet-woo-category-thumbnail\">\n\t<a href=\"https:\/\/dacarcomercial.com\/fr\/categorias-productos\/tapis-protecteurs-de-sols\/sin-categorizar-fr\/\"  rel=\"bookmark\">\n\t\t<img decoding=\"async\" src=\"https:\/\/dacarcomercial.com\/wp-content\/plugins\/elementor\/assets\/images\/placeholder.png\" alt=\"\" title=\"\">\t<\/a>\n\t<div class=\"jet-woo-category-img-overlay\"><\/div>\n\t<div class=\"jet-woo-category-img-overlay__hover\"><\/div>\n<\/div><\/div>\n\n<div class=\"jet-woo-categories-content\">\n\t<div class=\"jet-woo-category-content__inner\">\n\t\t<h1 class=\"jet-woo-category-title\" ><a href=\"https:\/\/dacarcomercial.com\/fr\/categorias-productos\/tapis-protecteurs-de-sols\/sin-categorizar-fr\/\" class=\"jet-woo-category-title__link\" >Otros<\/a><\/h1>\t<\/div>\n\n\t<div class=\"jet-woo-category-count__wrap\">\n\t\t\t<\/div>\n<\/div>\t<\/div>\n\n\t<\/div>\n<div class=\"jet-woo-categories__item \">\n\t<div class=\"jet-woo-categories__inner-box\"  >\n\t\t\n<div class=\"jet-woo-categories-thumbnail__wrap\">\n\t\n<div class=\"jet-woo-category-thumbnail\">\n\t<a href=\"https:\/\/dacarcomercial.com\/fr\/categorias-productos\/masques-de-soudage-avec-apport-dair\/cleanair-2\/packs-cleanair-fr\/\"  rel=\"bookmark\">\n\t\t<img decoding=\"async\" width=\"500\" height=\"500\" src=\"https:\/\/dacarcomercial.com\/wp-content\/uploads\/2022\/04\/Packs-Cleanair.png\" class=\"attachment-medium size-medium\" alt=\"Packs Cleanair\" loading=\"eager\" title=\"\">\t<\/a>\n\t<div class=\"jet-woo-category-img-overlay\"><\/div>\n\t<div class=\"jet-woo-category-img-overlay__hover\"><\/div>\n<\/div><\/div>\n\n<div class=\"jet-woo-categories-content\">\n\t<div class=\"jet-woo-category-content__inner\">\n\t\t<h1 class=\"jet-woo-category-title\" ><a href=\"https:\/\/dacarcomercial.com\/fr\/categorias-productos\/masques-de-soudage-avec-apport-dair\/cleanair-2\/packs-cleanair-fr\/\" class=\"jet-woo-category-title__link\" >Packs Cleanair<\/a><\/h1>\t<\/div>\n\n\t<div class=\"jet-woo-category-count__wrap\">\n\t\t\t<\/div>\n<\/div>\t<\/div>\n\n\t<\/div>\n<div class=\"jet-woo-categories__item \">\n\t<div class=\"jet-woo-categories__inner-box\"  >\n\t\t\n<div class=\"jet-woo-categories-thumbnail__wrap\">\n\t\n<div class=\"jet-woo-category-thumbnail\">\n\t<a href=\"https:\/\/dacarcomercial.com\/fr\/categorias-productos\/packs-offre\/\"  rel=\"bookmark\">\n\t\t<img decoding=\"async\" width=\"400\" height=\"340\" src=\"https:\/\/dacarcomercial.com\/wp-content\/uploads\/2025\/06\/PACK-MIG-PRO-WEB.webp\" class=\"attachment-medium size-medium\" alt=\"\" loading=\"eager\" title=\"\">\t<\/a>\n\t<div class=\"jet-woo-category-img-overlay\"><\/div>\n\t<div class=\"jet-woo-category-img-overlay__hover\"><\/div>\n<\/div><\/div>\n\n<div class=\"jet-woo-categories-content\">\n\t<div class=\"jet-woo-category-content__inner\">\n\t\t<h1 class=\"jet-woo-category-title\" ><a href=\"https:\/\/dacarcomercial.com\/fr\/categorias-productos\/packs-offre\/\" class=\"jet-woo-category-title__link\" >PACKS OFFRE<\/a><\/h1>\t<\/div>\n\n\t<div class=\"jet-woo-category-count__wrap\">\n\t\t\t<\/div>\n<\/div>\t<\/div>\n\n\t<\/div>\n<div class=\"jet-woo-categories__item \">\n\t<div class=\"jet-woo-categories__inner-box\"  >\n\t\t\n<div class=\"jet-woo-categories-thumbnail__wrap\">\n\t\n<div class=\"jet-woo-category-thumbnail\">\n\t<a href=\"https:\/\/dacarcomercial.com\/fr\/categorias-productos\/lunettes-de-protection\/panoramiques\/\"  rel=\"bookmark\">\n\t\t<img decoding=\"async\" width=\"400\" height=\"340\" src=\"https:\/\/dacarcomercial.com\/wp-content\/uploads\/2021\/05\/9551165.jpg\" class=\"attachment-medium size-medium\" alt=\"Gondor NV\" loading=\"eager\" title=\"\">\t<\/a>\n\t<div class=\"jet-woo-category-img-overlay\"><\/div>\n\t<div class=\"jet-woo-category-img-overlay__hover\"><\/div>\n<\/div><\/div>\n\n<div class=\"jet-woo-categories-content\">\n\t<div class=\"jet-woo-category-content__inner\">\n\t\t<h1 class=\"jet-woo-category-title\" ><a href=\"https:\/\/dacarcomercial.com\/fr\/categorias-productos\/lunettes-de-protection\/panoramiques\/\" class=\"jet-woo-category-title__link\" >Panoramiques<\/a><\/h1>\t<\/div>\n\n\t<div class=\"jet-woo-category-count__wrap\">\n\t\t\t<\/div>\n<\/div>\t<\/div>\n\n\t<\/div>\n<div class=\"jet-woo-categories__item \">\n\t<div class=\"jet-woo-categories__inner-box\"  >\n\t\t\n<div class=\"jet-woo-categories-thumbnail__wrap\">\n\t\n<div class=\"jet-woo-category-thumbnail\">\n\t<a href=\"https:\/\/dacarcomercial.com\/fr\/categorias-productos\/lunettes-de-protection\/pour-soudure-autogene\/\"  rel=\"bookmark\">\n\t\t<img decoding=\"async\" width=\"400\" height=\"340\" src=\"https:\/\/dacarcomercial.com\/wp-content\/uploads\/images\/terminator-xtra-teinte3.jpg\" class=\"attachment-medium size-medium\" alt=\"\" loading=\"eager\" title=\"\">\t<\/a>\n\t<div class=\"jet-woo-category-img-overlay\"><\/div>\n\t<div class=\"jet-woo-category-img-overlay__hover\"><\/div>\n<\/div><\/div>\n\n<div class=\"jet-woo-categories-content\">\n\t<div class=\"jet-woo-category-content__inner\">\n\t\t<h1 class=\"jet-woo-category-title\" ><a href=\"https:\/\/dacarcomercial.com\/fr\/categorias-productos\/lunettes-de-protection\/pour-soudure-autogene\/\" class=\"jet-woo-category-title__link\" >Pour soudure autog\u00e8ne<\/a><\/h1>\t<\/div>\n\n\t<div class=\"jet-woo-category-count__wrap\">\n\t\t\t<\/div>\n<\/div>\t<\/div>\n\n\t<\/div>\n<div class=\"jet-woo-categories__item \">\n\t<div class=\"jet-woo-categories__inner-box\"  >\n\t\t\n<div class=\"jet-woo-categories-thumbnail__wrap\">\n\t\n<div class=\"jet-woo-category-thumbnail\">\n\t<a href=\"https:\/\/dacarcomercial.com\/fr\/categorias-productos\/protecteurs-auditifs\/\"  rel=\"bookmark\">\n\t\t<img decoding=\"async\" width=\"400\" height=\"340\" src=\"https:\/\/dacarcomercial.com\/wp-content\/uploads\/2022\/03\/Diseno-sin-titulo-8-min.png\" class=\"attachment-medium size-medium\" alt=\"protectores auditivos\" loading=\"eager\" title=\"\">\t<\/a>\n\t<div class=\"jet-woo-category-img-overlay\"><\/div>\n\t<div class=\"jet-woo-category-img-overlay__hover\"><\/div>\n<\/div><\/div>\n\n<div class=\"jet-woo-categories-content\">\n\t<div class=\"jet-woo-category-content__inner\">\n\t\t<h1 class=\"jet-woo-category-title\" ><a href=\"https:\/\/dacarcomercial.com\/fr\/categorias-productos\/protecteurs-auditifs\/\" class=\"jet-woo-category-title__link\" >PROTECTEURS AUDITIFS<\/a><\/h1>\t<\/div>\n\n\t<div class=\"jet-woo-category-count__wrap\">\n\t\t\t<\/div>\n<\/div>\t<\/div>\n\n\t<\/div>\n<div class=\"jet-woo-categories__item \">\n\t<div class=\"jet-woo-categories__inner-box\"  >\n\t\t\n<div class=\"jet-woo-categories-thumbnail__wrap\">\n\t\n<div class=\"jet-woo-category-thumbnail\">\n\t<a href=\"https:\/\/dacarcomercial.com\/fr\/categorias-productos\/protection-de-la-tete\/\"  rel=\"bookmark\">\n\t\t<img decoding=\"async\" width=\"400\" height=\"340\" src=\"https:\/\/dacarcomercial.com\/wp-content\/uploads\/proteccion-de-la-cabeza.jpg\" class=\"attachment-medium size-medium\" alt=\"\" loading=\"eager\" title=\"\">\t<\/a>\n\t<div class=\"jet-woo-category-img-overlay\"><\/div>\n\t<div class=\"jet-woo-category-img-overlay__hover\"><\/div>\n<\/div><\/div>\n\n<div class=\"jet-woo-categories-content\">\n\t<div class=\"jet-woo-category-content__inner\">\n\t\t<h1 class=\"jet-woo-category-title\" ><a href=\"https:\/\/dacarcomercial.com\/fr\/categorias-productos\/protection-de-la-tete\/\" class=\"jet-woo-category-title__link\" >PROTECTION DE LA T\u00caTE<\/a><\/h1>\t<\/div>\n\n\t<div class=\"jet-woo-category-count__wrap\">\n\t\t\t<\/div>\n<\/div>\t<\/div>\n\n\t<\/div>\n<div class=\"jet-woo-categories__item \">\n\t<div class=\"jet-woo-categories__inner-box\"  >\n\t\t\n<div class=\"jet-woo-categories-thumbnail__wrap\">\n\t\n<div class=\"jet-woo-category-thumbnail\">\n\t<a href=\"https:\/\/dacarcomercial.com\/fr\/categorias-productos\/protection-faciale\/\"  rel=\"bookmark\">\n\t\t<img decoding=\"async\" width=\"2161\" height=\"2161\" src=\"https:\/\/dacarcomercial.com\/wp-content\/uploads\/proteccion-facial.jpg\" class=\"attachment-medium size-medium\" alt=\"\" loading=\"eager\" title=\"\">\t<\/a>\n\t<div class=\"jet-woo-category-img-overlay\"><\/div>\n\t<div class=\"jet-woo-category-img-overlay__hover\"><\/div>\n<\/div><\/div>\n\n<div class=\"jet-woo-categories-content\">\n\t<div class=\"jet-woo-category-content__inner\">\n\t\t<h1 class=\"jet-woo-category-title\" ><a href=\"https:\/\/dacarcomercial.com\/fr\/categorias-productos\/protection-faciale\/\" class=\"jet-woo-category-title__link\" >PROTECTION FACIALE<\/a><\/h1>\t<\/div>\n\n\t<div class=\"jet-woo-category-count__wrap\">\n\t\t\t<\/div>\n<\/div>\t<\/div>\n\n\t<\/div>\n<div class=\"jet-woo-categories__item \">\n\t<div class=\"jet-woo-categories__inner-box\"  >\n\t\t\n<div class=\"jet-woo-categories-thumbnail__wrap\">\n\t\n<div class=\"jet-woo-category-thumbnail\">\n\t<a href=\"https:\/\/dacarcomercial.com\/fr\/categorias-productos\/protection-laser\/\"  rel=\"bookmark\">\n\t\t<img decoding=\"async\" width=\"400\" height=\"340\" src=\"https:\/\/dacarcomercial.com\/wp-content\/uploads\/2025\/03\/CARETA-DE-SOLDAR-GRAND-LASER-DE-FRENTE.png\" class=\"attachment-medium size-medium\" alt=\"\" loading=\"eager\" title=\"\">\t<\/a>\n\t<div class=\"jet-woo-category-img-overlay\"><\/div>\n\t<div class=\"jet-woo-category-img-overlay__hover\"><\/div>\n<\/div><\/div>\n\n<div class=\"jet-woo-categories-content\">\n\t<div class=\"jet-woo-category-content__inner\">\n\t\t<h1 class=\"jet-woo-category-title\" ><a href=\"https:\/\/dacarcomercial.com\/fr\/categorias-productos\/protection-laser\/\" class=\"jet-woo-category-title__link\" >PROTECTION LASER<\/a><\/h1>\t<\/div>\n\n\t<div class=\"jet-woo-category-count__wrap\">\n\t\t\t<\/div>\n<\/div>\t<\/div>\n\n\t<\/div>\n<div class=\"jet-woo-categories__item \">\n\t<div class=\"jet-woo-categories__inner-box\"  >\n\t\t\n<div class=\"jet-woo-categories-thumbnail__wrap\">\n\t\n<div class=\"jet-woo-category-thumbnail\">\n\t<a href=\"https:\/\/dacarcomercial.com\/fr\/categorias-productos\/protection-respiratoire\/\"  rel=\"bookmark\">\n\t\t<img decoding=\"async\" width=\"400\" height=\"340\" src=\"https:\/\/dacarcomercial.com\/wp-content\/uploads\/2021\/09\/PROTECCION-RESPIRATORIA-2.jpg\" class=\"attachment-medium size-medium\" alt=\"\" loading=\"eager\" title=\"\">\t<\/a>\n\t<div class=\"jet-woo-category-img-overlay\"><\/div>\n\t<div class=\"jet-woo-category-img-overlay__hover\"><\/div>\n<\/div><\/div>\n\n<div class=\"jet-woo-categories-content\">\n\t<div class=\"jet-woo-category-content__inner\">\n\t\t<h1 class=\"jet-woo-category-title\" ><a href=\"https:\/\/dacarcomercial.com\/fr\/categorias-productos\/protection-respiratoire\/\" class=\"jet-woo-category-title__link\" >PROTECTION RESPIRATOIRE<\/a><\/h1>\t<\/div>\n\n\t<div class=\"jet-woo-category-count__wrap\">\n\t\t\t<\/div>\n<\/div>\t<\/div>\n\n\t<\/div>\n<div class=\"jet-woo-categories__item \">\n\t<div class=\"jet-woo-categories__inner-box\"  >\n\t\t\n<div class=\"jet-woo-categories-thumbnail__wrap\">\n\t\n<div class=\"jet-woo-category-thumbnail\">\n\t<a href=\"https:\/\/dacarcomercial.com\/fr\/categorias-productos\/vetements-de-protection\/protection-thermique\/\"  rel=\"bookmark\">\n\t\t<img decoding=\"async\" width=\"400\" height=\"340\" src=\"https:\/\/dacarcomercial.com\/wp-content\/uploads\/proteccion-termica.jpg\" class=\"attachment-medium size-medium\" alt=\"\" loading=\"eager\" title=\"\">\t<\/a>\n\t<div class=\"jet-woo-category-img-overlay\"><\/div>\n\t<div class=\"jet-woo-category-img-overlay__hover\"><\/div>\n<\/div><\/div>\n\n<div class=\"jet-woo-categories-content\">\n\t<div class=\"jet-woo-category-content__inner\">\n\t\t<h1 class=\"jet-woo-category-title\" ><a href=\"https:\/\/dacarcomercial.com\/fr\/categorias-productos\/vetements-de-protection\/protection-thermique\/\" class=\"jet-woo-category-title__link\" >Protection Thermique<\/a><\/h1>\t<\/div>\n\n\t<div class=\"jet-woo-category-count__wrap\">\n\t\t\t<\/div>\n<\/div>\t<\/div>\n\n\t<\/div>\n<div class=\"jet-woo-categories__item \">\n\t<div class=\"jet-woo-categories__inner-box\"  >\n\t\t\n<div class=\"jet-woo-categories-thumbnail__wrap\">\n\t\n<div class=\"jet-woo-category-thumbnail\">\n\t<a href=\"https:\/\/dacarcomercial.com\/fr\/categorias-productos\/rideaux-lames-ecrans\/rideaux-de-soudage\/\"  rel=\"bookmark\">\n\t\t<img decoding=\"async\" width=\"400\" height=\"340\" src=\"https:\/\/dacarcomercial.com\/wp-content\/uploads\/cortinas-de-soldadura.jpg\" class=\"attachment-medium size-medium\" alt=\"\" loading=\"eager\" title=\"\">\t<\/a>\n\t<div class=\"jet-woo-category-img-overlay\"><\/div>\n\t<div class=\"jet-woo-category-img-overlay__hover\"><\/div>\n<\/div><\/div>\n\n<div class=\"jet-woo-categories-content\">\n\t<div class=\"jet-woo-category-content__inner\">\n\t\t<h1 class=\"jet-woo-category-title\" ><a href=\"https:\/\/dacarcomercial.com\/fr\/categorias-productos\/rideaux-lames-ecrans\/rideaux-de-soudage\/\" class=\"jet-woo-category-title__link\" >Rideaux de soudage<\/a><\/h1>\t<\/div>\n\n\t<div class=\"jet-woo-category-count__wrap\">\n\t\t\t<\/div>\n<\/div>\t<\/div>\n\n\t<\/div>\n<div class=\"jet-woo-categories__item \">\n\t<div class=\"jet-woo-categories__inner-box\"  >\n\t\t\n<div class=\"jet-woo-categories-thumbnail__wrap\">\n\t\n<div class=\"jet-woo-category-thumbnail\">\n\t<a href=\"https:\/\/dacarcomercial.com\/fr\/categorias-productos\/rideaux-lames-ecrans\/\"  rel=\"bookmark\">\n\t\t<img decoding=\"async\" width=\"400\" height=\"340\" src=\"https:\/\/dacarcomercial.com\/wp-content\/uploads\/espacios-de-trabajo.jpg\" class=\"attachment-medium size-medium\" alt=\"\" loading=\"eager\" title=\"\">\t<\/a>\n\t<div class=\"jet-woo-category-img-overlay\"><\/div>\n\t<div class=\"jet-woo-category-img-overlay__hover\"><\/div>\n<\/div><\/div>\n\n<div class=\"jet-woo-categories-content\">\n\t<div class=\"jet-woo-category-content__inner\">\n\t\t<h1 class=\"jet-woo-category-title\" ><a href=\"https:\/\/dacarcomercial.com\/fr\/categorias-productos\/rideaux-lames-ecrans\/\" class=\"jet-woo-category-title__link\" >RIDEAUX, LAMES ET \u00c9CRANS<\/a><\/h1>\t<\/div>\n\n\t<div class=\"jet-woo-category-count__wrap\">\n\t\t\t<\/div>\n<\/div>\t<\/div>\n\n\t<\/div>\n<div class=\"jet-woo-categories__item \">\n\t<div class=\"jet-woo-categories__inner-box\"  >\n\t\t\n<div class=\"jet-woo-categories-thumbnail__wrap\">\n\t\n<div class=\"jet-woo-category-thumbnail\">\n\t<a href=\"https:\/\/dacarcomercial.com\/fr\/categorias-productos\/risques-electriques\/\"  rel=\"bookmark\">\n\t\t<img decoding=\"async\" width=\"400\" height=\"340\" src=\"https:\/\/dacarcomercial.com\/wp-content\/uploads\/kits-completos-4300c.jpg\" class=\"attachment-medium size-medium\" alt=\"\" loading=\"eager\" title=\"\">\t<\/a>\n\t<div class=\"jet-woo-category-img-overlay\"><\/div>\n\t<div class=\"jet-woo-category-img-overlay__hover\"><\/div>\n<\/div><\/div>\n\n<div class=\"jet-woo-categories-content\">\n\t<div class=\"jet-woo-category-content__inner\">\n\t\t<h1 class=\"jet-woo-category-title\" ><a href=\"https:\/\/dacarcomercial.com\/fr\/categorias-productos\/risques-electriques\/\" class=\"jet-woo-category-title__link\" >RISQUES \u00c9LECTRIQUES<\/a><\/h1>\t<\/div>\n\n\t<div class=\"jet-woo-category-count__wrap\">\n\t\t\t<\/div>\n<\/div>\t<\/div>\n\n\t<\/div>\n<div class=\"jet-woo-categories__item \">\n\t<div class=\"jet-woo-categories__inner-box\"  >\n\t\t\n<div class=\"jet-woo-categories-thumbnail__wrap\">\n\t\n<div class=\"jet-woo-category-thumbnail\">\n\t<a href=\"https:\/\/dacarcomercial.com\/fr\/categorias-productos\/masques-de-soudure\/soudage-laser\/\"  rel=\"bookmark\">\n\t\t<img decoding=\"async\" width=\"400\" height=\"340\" src=\"https:\/\/dacarcomercial.com\/wp-content\/uploads\/2025\/03\/Careta-de-soldar-Grand-laser.png\" class=\"attachment-medium size-medium\" alt=\"Careta de soldar Grand l\u00e1ser\" loading=\"eager\" title=\"\">\t<\/a>\n\t<div class=\"jet-woo-category-img-overlay\"><\/div>\n\t<div class=\"jet-woo-category-img-overlay__hover\"><\/div>\n<\/div><\/div>\n\n<div class=\"jet-woo-categories-content\">\n\t<div class=\"jet-woo-category-content__inner\">\n\t\t<h1 class=\"jet-woo-category-title\" ><a href=\"https:\/\/dacarcomercial.com\/fr\/categorias-productos\/masques-de-soudure\/soudage-laser\/\" class=\"jet-woo-category-title__link\" >SOUDAGE LASER<\/a><\/h1>\t<\/div>\n\n\t<div class=\"jet-woo-category-count__wrap\">\n\t\t\t<\/div>\n<\/div>\t<\/div>\n\n\t<\/div>\n<div class=\"jet-woo-categories__item \">\n\t<div class=\"jet-woo-categories__inner-box\"  >\n\t\t\n<div class=\"jet-woo-categories-thumbnail__wrap\">\n\t\n<div class=\"jet-woo-category-thumbnail\">\n\t<a href=\"https:\/\/dacarcomercial.com\/fr\/categorias-productos\/vetements-de-protection\/soudeur\/\"  rel=\"bookmark\">\n\t\t<img decoding=\"async\" width=\"600\" height=\"600\" src=\"https:\/\/dacarcomercial.com\/wp-content\/uploads\/2022\/03\/Diseno-sin-titulo-12-min.png\" class=\"attachment-medium size-medium\" alt=\"Soldadura\" loading=\"eager\" title=\"\">\t<\/a>\n\t<div class=\"jet-woo-category-img-overlay\"><\/div>\n\t<div class=\"jet-woo-category-img-overlay__hover\"><\/div>\n<\/div><\/div>\n\n<div class=\"jet-woo-categories-content\">\n\t<div class=\"jet-woo-category-content__inner\">\n\t\t<h1 class=\"jet-woo-category-title\" ><a href=\"https:\/\/dacarcomercial.com\/fr\/categorias-productos\/vetements-de-protection\/soudeur\/\" class=\"jet-woo-category-title__link\" >Soudeur<\/a><\/h1>\t<\/div>\n\n\t<div class=\"jet-woo-category-count__wrap\">\n\t\t\t<\/div>\n<\/div>\t<\/div>\n\n\t<\/div>\n<div class=\"jet-woo-categories__item \">\n\t<div class=\"jet-woo-categories__inner-box\"  >\n\t\t\n<div class=\"jet-woo-categories-thumbnail__wrap\">\n\t\n<div class=\"jet-woo-category-thumbnail\">\n\t<a href=\"https:\/\/dacarcomercial.com\/fr\/categorias-productos\/protection-respiratoire\/sts-shigematsu-2\/\"  rel=\"bookmark\">\n\t\t<img decoding=\"async\" width=\"600\" height=\"600\" src=\"https:\/\/dacarcomercial.com\/wp-content\/uploads\/2022\/03\/Diseno-sin-titulo-9-min.png\" class=\"attachment-medium size-medium\" alt=\"protecci\u00f3n respiratoria\" loading=\"eager\" title=\"\">\t<\/a>\n\t<div class=\"jet-woo-category-img-overlay\"><\/div>\n\t<div class=\"jet-woo-category-img-overlay__hover\"><\/div>\n<\/div><\/div>\n\n<div class=\"jet-woo-categories-content\">\n\t<div class=\"jet-woo-category-content__inner\">\n\t\t<h1 class=\"jet-woo-category-title\" ><a href=\"https:\/\/dacarcomercial.com\/fr\/categorias-productos\/protection-respiratoire\/sts-shigematsu-2\/\" class=\"jet-woo-category-title__link\" >STS Shigematsu<\/a><\/h1>\t<\/div>\n\n\t<div class=\"jet-woo-category-count__wrap\">\n\t\t\t<\/div>\n<\/div>\t<\/div>\n\n\t<\/div>\n<div class=\"jet-woo-categories__item \">\n\t<div class=\"jet-woo-categories__inner-box\"  >\n\t\t\n<div class=\"jet-woo-categories-thumbnail__wrap\">\n\t\n<div class=\"jet-woo-category-thumbnail\">\n\t<a href=\"https:\/\/dacarcomercial.com\/fr\/categorias-productos\/protection-faciale\/systeme-4300mt-pour-combiner-avec-casque\/\"  rel=\"bookmark\">\n\t\t<img decoding=\"async\" width=\"400\" height=\"340\" src=\"https:\/\/dacarcomercial.com\/wp-content\/uploads\/sistema-4300mt-para-acoplar-a-casco.jpg\" class=\"attachment-medium size-medium\" alt=\"\" loading=\"eager\" title=\"\">\t<\/a>\n\t<div class=\"jet-woo-category-img-overlay\"><\/div>\n\t<div class=\"jet-woo-category-img-overlay__hover\"><\/div>\n<\/div><\/div>\n\n<div class=\"jet-woo-categories-content\">\n\t<div class=\"jet-woo-category-content__inner\">\n\t\t<h1 class=\"jet-woo-category-title\" ><a href=\"https:\/\/dacarcomercial.com\/fr\/categorias-productos\/protection-faciale\/systeme-4300mt-pour-combiner-avec-casque\/\" class=\"jet-woo-category-title__link\" >Syst\u00e8me 4300MT pour combiner avec casque<\/a><\/h1>\t<\/div>\n\n\t<div class=\"jet-woo-category-count__wrap\">\n\t\t\t<\/div>\n<\/div>\t<\/div>\n\n\t<\/div>\n<div class=\"jet-woo-categories__item \">\n\t<div class=\"jet-woo-categories__inner-box\"  >\n\t\t\n<div class=\"jet-woo-categories-thumbnail__wrap\">\n\t\n<div class=\"jet-woo-category-thumbnail\">\n\t<a href=\"https:\/\/dacarcomercial.com\/fr\/categorias-productos\/protection-faciale\/systeme-multi-usage-safe-1-2-3\/\"  rel=\"bookmark\">\n\t\t<img decoding=\"async\" width=\"400\" height=\"340\" src=\"https:\/\/dacarcomercial.com\/wp-content\/uploads\/sistema-multiuso-safe-1-2-3.jpg\" class=\"attachment-medium size-medium\" alt=\"\" loading=\"eager\" title=\"\">\t<\/a>\n\t<div class=\"jet-woo-category-img-overlay\"><\/div>\n\t<div class=\"jet-woo-category-img-overlay__hover\"><\/div>\n<\/div><\/div>\n\n<div class=\"jet-woo-categories-content\">\n\t<div class=\"jet-woo-category-content__inner\">\n\t\t<h1 class=\"jet-woo-category-title\" ><a href=\"https:\/\/dacarcomercial.com\/fr\/categorias-productos\/protection-faciale\/systeme-multi-usage-safe-1-2-3\/\" class=\"jet-woo-category-title__link\" >Syst\u00e8me multi usage Safe 1, 2 &amp; 3<\/a><\/h1>\t<\/div>\n\n\t<div class=\"jet-woo-category-count__wrap\">\n\t\t\t<\/div>\n<\/div>\t<\/div>\n\n\t<\/div>\n<div class=\"jet-woo-categories__item \">\n\t<div class=\"jet-woo-categories__inner-box\"  >\n\t\t\n<div class=\"jet-woo-categories-thumbnail__wrap\">\n\t\n<div class=\"jet-woo-category-thumbnail\">\n\t<a href=\"https:\/\/dacarcomercial.com\/fr\/categorias-productos\/tapis-protecteurs-de-sols\/\"  rel=\"bookmark\">\n\t\t<img decoding=\"async\" width=\"400\" height=\"340\" src=\"https:\/\/dacarcomercial.com\/wp-content\/uploads\/protectores-de-suelos-de-goma.jpg\" class=\"attachment-medium size-medium\" alt=\"\" loading=\"eager\" title=\"\">\t<\/a>\n\t<div class=\"jet-woo-category-img-overlay\"><\/div>\n\t<div class=\"jet-woo-category-img-overlay__hover\"><\/div>\n<\/div><\/div>\n\n<div class=\"jet-woo-categories-content\">\n\t<div class=\"jet-woo-category-content__inner\">\n\t\t<h1 class=\"jet-woo-category-title\" ><a href=\"https:\/\/dacarcomercial.com\/fr\/categorias-productos\/tapis-protecteurs-de-sols\/\" class=\"jet-woo-category-title__link\" >TAPIS PROTECTEURS DE SOLS<\/a><\/h1>\t<\/div>\n\n\t<div class=\"jet-woo-category-count__wrap\">\n\t\t\t<\/div>\n<\/div>\t<\/div>\n\n\t<\/div>\n<div class=\"jet-woo-categories__item \">\n\t<div class=\"jet-woo-categories__inner-box\"  >\n\t\t\n<div class=\"jet-woo-categories-thumbnail__wrap\">\n\t\n<div class=\"jet-woo-category-thumbnail\">\n\t<a href=\"https:\/\/dacarcomercial.com\/fr\/categorias-productos\/toiles-ignifugees\/toiles-anti-chaleur-sans-fibre-de-verre\/\"  rel=\"bookmark\">\n\t\t<img decoding=\"async\" width=\"305\" height=\"165\" src=\"https:\/\/dacarcomercial.com\/wp-content\/uploads\/2021\/08\/images-1.jpg\" class=\"attachment-medium size-medium\" alt=\"Manta ign\u00edfuga 100% Felt hasta 1250\u00ba\" loading=\"eager\" title=\"\">\t<\/a>\n\t<div class=\"jet-woo-category-img-overlay\"><\/div>\n\t<div class=\"jet-woo-category-img-overlay__hover\"><\/div>\n<\/div><\/div>\n\n<div class=\"jet-woo-categories-content\">\n\t<div class=\"jet-woo-category-content__inner\">\n\t\t<h1 class=\"jet-woo-category-title\" ><a href=\"https:\/\/dacarcomercial.com\/fr\/categorias-productos\/toiles-ignifugees\/toiles-anti-chaleur-sans-fibre-de-verre\/\" class=\"jet-woo-category-title__link\" >Toiles anti-chaleur sans fibre de verre<\/a><\/h1>\t<\/div>\n\n\t<div class=\"jet-woo-category-count__wrap\">\n\t\t\t<\/div>\n<\/div>\t<\/div>\n\n\t<\/div>\n<div class=\"jet-woo-categories__item \">\n\t<div class=\"jet-woo-categories__inner-box\"  >\n\t\t\n<div class=\"jet-woo-categories-thumbnail__wrap\">\n\t\n<div class=\"jet-woo-category-thumbnail\">\n\t<a href=\"https:\/\/dacarcomercial.com\/fr\/categorias-productos\/toiles-ignifugees\/toiles-avec-recouvrements-speciaux\/\"  rel=\"bookmark\">\n\t\t<img decoding=\"async\" width=\"400\" height=\"340\" src=\"https:\/\/dacarcomercial.com\/wp-content\/uploads\/2025\/03\/Mantas-con-revestimientos-especiales.png\" class=\"attachment-medium size-medium\" alt=\"Mantas con revestimientos especiales\" loading=\"eager\" title=\"\">\t<\/a>\n\t<div class=\"jet-woo-category-img-overlay\"><\/div>\n\t<div class=\"jet-woo-category-img-overlay__hover\"><\/div>\n<\/div><\/div>\n\n<div class=\"jet-woo-categories-content\">\n\t<div class=\"jet-woo-category-content__inner\">\n\t\t<h1 class=\"jet-woo-category-title\" ><a href=\"https:\/\/dacarcomercial.com\/fr\/categorias-productos\/toiles-ignifugees\/toiles-avec-recouvrements-speciaux\/\" class=\"jet-woo-category-title__link\" >Toiles avec recouvrements sp\u00e9ciaux<\/a><\/h1>\t<\/div>\n\n\t<div class=\"jet-woo-category-count__wrap\">\n\t\t\t<\/div>\n<\/div>\t<\/div>\n\n\t<\/div>\n<div class=\"jet-woo-categories__item \">\n\t<div class=\"jet-woo-categories__inner-box\"  >\n\t\t\n<div class=\"jet-woo-categories-thumbnail__wrap\">\n\t\n<div class=\"jet-woo-category-thumbnail\">\n\t<a href=\"https:\/\/dacarcomercial.com\/fr\/categorias-productos\/toiles-ignifugees\/\"  rel=\"bookmark\">\n\t\t<img decoding=\"async\" width=\"305\" height=\"165\" src=\"https:\/\/dacarcomercial.com\/wp-content\/uploads\/2021\/08\/images-1.jpg\" class=\"attachment-medium size-medium\" alt=\"Manta ign\u00edfuga 100% Felt hasta 1250\u00ba\" loading=\"eager\" title=\"\">\t<\/a>\n\t<div class=\"jet-woo-category-img-overlay\"><\/div>\n\t<div class=\"jet-woo-category-img-overlay__hover\"><\/div>\n<\/div><\/div>\n\n<div class=\"jet-woo-categories-content\">\n\t<div class=\"jet-woo-category-content__inner\">\n\t\t<h1 class=\"jet-woo-category-title\" ><a href=\"https:\/\/dacarcomercial.com\/fr\/categorias-productos\/toiles-ignifugees\/\" class=\"jet-woo-category-title__link\" >TOILES IGNIFUG\u00c9ES<\/a><\/h1>\t<\/div>\n\n\t<div class=\"jet-woo-category-count__wrap\">\n\t\t\t<\/div>\n<\/div>\t<\/div>\n\n\t<\/div>\n<div class=\"jet-woo-categories__item \">\n\t<div class=\"jet-woo-categories__inner-box\"  >\n\t\t\n<div class=\"jet-woo-categories-thumbnail__wrap\">\n\t\n<div class=\"jet-woo-category-thumbnail\">\n\t<a href=\"https:\/\/dacarcomercial.com\/fr\/categorias-productos\/toiles-ignifugees\/toiles-ignifugees-avec-aimants\/\"  rel=\"bookmark\">\n\t\t<img decoding=\"async\" width=\"400\" height=\"340\" src=\"https:\/\/dacarcomercial.com\/wp-content\/uploads\/images\/manta-ignifuga-dc600-1x1m-2-imanes-arriba.jpg\" class=\"attachment-medium size-medium\" alt=\"manta ign\u00edfuga imantada\" loading=\"eager\" title=\"\">\t<\/a>\n\t<div class=\"jet-woo-category-img-overlay\"><\/div>\n\t<div class=\"jet-woo-category-img-overlay__hover\"><\/div>\n<\/div><\/div>\n\n<div class=\"jet-woo-categories-content\">\n\t<div class=\"jet-woo-category-content__inner\">\n\t\t<h1 class=\"jet-woo-category-title\" ><a href=\"https:\/\/dacarcomercial.com\/fr\/categorias-productos\/toiles-ignifugees\/toiles-ignifugees-avec-aimants\/\" class=\"jet-woo-category-title__link\" >Toiles ignifuge\u00e9s avec aimants<\/a><\/h1>\t<\/div>\n\n\t<div class=\"jet-woo-category-count__wrap\">\n\t\t\t<\/div>\n<\/div>\t<\/div>\n\n\t<\/div>\n<div class=\"jet-woo-categories__item \">\n\t<div class=\"jet-woo-categories__inner-box\"  >\n\t\t\n<div class=\"jet-woo-categories-thumbnail__wrap\">\n\t\n<div class=\"jet-woo-category-thumbnail\">\n\t<a href=\"https:\/\/dacarcomercial.com\/fr\/categorias-productos\/toiles-ignifugees\/toiles-ignifugees-jusqua-1000oc\/\"  rel=\"bookmark\">\n\t\t<img decoding=\"async\" width=\"300\" height=\"300\" src=\"https:\/\/dacarcomercial.com\/wp-content\/uploads\/2021\/08\/4865-16198111.jpg\" class=\"attachment-medium size-medium\" alt=\"\" loading=\"eager\" title=\"\">\t<\/a>\n\t<div class=\"jet-woo-category-img-overlay\"><\/div>\n\t<div class=\"jet-woo-category-img-overlay__hover\"><\/div>\n<\/div><\/div>\n\n<div class=\"jet-woo-categories-content\">\n\t<div class=\"jet-woo-category-content__inner\">\n\t\t<h1 class=\"jet-woo-category-title\" ><a href=\"https:\/\/dacarcomercial.com\/fr\/categorias-productos\/toiles-ignifugees\/toiles-ignifugees-jusqua-1000oc\/\" class=\"jet-woo-category-title__link\" >Toiles ignifug\u00e9es jusqu\u00b4\u00e0 1000\u00baC<\/a><\/h1>\t<\/div>\n\n\t<div class=\"jet-woo-category-count__wrap\">\n\t\t\t<\/div>\n<\/div>\t<\/div>\n\n\t<\/div>\n<div class=\"jet-woo-categories__item \">\n\t<div class=\"jet-woo-categories__inner-box\"  >\n\t\t\n<div class=\"jet-woo-categories-thumbnail__wrap\">\n\t\n<div class=\"jet-woo-category-thumbnail\">\n\t<a href=\"https:\/\/dacarcomercial.com\/fr\/categorias-productos\/toiles-ignifugees\/toiles-ignifugees-jusqua-1500oc\/\"  rel=\"bookmark\">\n\t\t<img decoding=\"async\" width=\"512\" height=\"512\" src=\"https:\/\/dacarcomercial.com\/wp-content\/uploads\/2021\/08\/unnamed.jpg\" class=\"attachment-medium size-medium\" alt=\"La manta ign\u00edfuga DC-1300 i abrasi\u00f3n de Dacar\" loading=\"eager\" title=\"\">\t<\/a>\n\t<div class=\"jet-woo-category-img-overlay\"><\/div>\n\t<div class=\"jet-woo-category-img-overlay__hover\"><\/div>\n<\/div><\/div>\n\n<div class=\"jet-woo-categories-content\">\n\t<div class=\"jet-woo-category-content__inner\">\n\t\t<h1 class=\"jet-woo-category-title\" ><a href=\"https:\/\/dacarcomercial.com\/fr\/categorias-productos\/toiles-ignifugees\/toiles-ignifugees-jusqua-1500oc\/\" class=\"jet-woo-category-title__link\" >Toiles ignifug\u00e9es jusqu\u00b4\u00e0 1500\u00baC<\/a><\/h1>\t<\/div>\n\n\t<div class=\"jet-woo-category-count__wrap\">\n\t\t\t<\/div>\n<\/div>\t<\/div>\n\n\t<\/div>\n<div class=\"jet-woo-categories__item \">\n\t<div class=\"jet-woo-categories__inner-box\"  >\n\t\t\n<div class=\"jet-woo-categories-thumbnail__wrap\">\n\t\n<div class=\"jet-woo-category-thumbnail\">\n\t<a href=\"https:\/\/dacarcomercial.com\/fr\/categorias-productos\/toiles-ignifugees\/toiles-ignifugees-jusqua-600oc\/\"  rel=\"bookmark\">\n\t\t<img decoding=\"async\" width=\"800\" height=\"800\" src=\"https:\/\/dacarcomercial.com\/wp-content\/uploads\/2021\/08\/manta-ignifuga-2000x3000mm-dacar.jpg\" class=\"attachment-medium size-medium\" alt=\"manta ign\u00edfuga DC-600L\" loading=\"eager\" title=\"\">\t<\/a>\n\t<div class=\"jet-woo-category-img-overlay\"><\/div>\n\t<div class=\"jet-woo-category-img-overlay__hover\"><\/div>\n<\/div><\/div>\n\n<div class=\"jet-woo-categories-content\">\n\t<div class=\"jet-woo-category-content__inner\">\n\t\t<h1 class=\"jet-woo-category-title\" ><a href=\"https:\/\/dacarcomercial.com\/fr\/categorias-productos\/toiles-ignifugees\/toiles-ignifugees-jusqua-600oc\/\" class=\"jet-woo-category-title__link\" >Toiles ignifug\u00e9es jusqu\u00b4\u00e0 600\u00baC<\/a><\/h1>\t<\/div>\n\n\t<div class=\"jet-woo-category-count__wrap\">\n\t\t\t<\/div>\n<\/div>\t<\/div>\n\n\t<\/div>\n<div class=\"jet-woo-categories__item \">\n\t<div class=\"jet-woo-categories__inner-box\"  >\n\t\t\n<div class=\"jet-woo-categories-thumbnail__wrap\">\n\t\n<div class=\"jet-woo-category-thumbnail\">\n\t<a href=\"https:\/\/dacarcomercial.com\/fr\/categorias-productos\/masques-de-soudage-avec-apport-dair\/cleanair-2\/tuyaux-dair\/\"  rel=\"bookmark\">\n\t\t<img decoding=\"async\" width=\"400\" height=\"340\" src=\"https:\/\/dacarcomercial.com\/wp-content\/uploads\/tubos-de-aire.jpg\" class=\"attachment-medium size-medium\" alt=\"Tubo de aire rosca-motor (Versi\u00f3n corta)\" loading=\"eager\" title=\"\">\t<\/a>\n\t<div class=\"jet-woo-category-img-overlay\"><\/div>\n\t<div class=\"jet-woo-category-img-overlay__hover\"><\/div>\n<\/div><\/div>\n\n<div class=\"jet-woo-categories-content\">\n\t<div class=\"jet-woo-category-content__inner\">\n\t\t<h1 class=\"jet-woo-category-title\" ><a href=\"https:\/\/dacarcomercial.com\/fr\/categorias-productos\/masques-de-soudage-avec-apport-dair\/cleanair-2\/tuyaux-dair\/\" class=\"jet-woo-category-title__link\" >Tuyaux d'air<\/a><\/h1>\t<\/div>\n\n\t<div class=\"jet-woo-category-count__wrap\">\n\t\t\t<\/div>\n<\/div>\t<\/div>\n\n\t<\/div>\n<div class=\"jet-woo-categories__item \">\n\t<div class=\"jet-woo-categories__inner-box\"  >\n\t\t\n<div class=\"jet-woo-categories-thumbnail__wrap\">\n\t\n<div class=\"jet-woo-category-thumbnail\">\n\t<a href=\"https:\/\/dacarcomercial.com\/fr\/categorias-productos\/masques-de-soudage-avec-apport-dair\/cleanair-2\/unites-de-tete\/\"  rel=\"bookmark\">\n\t\t<img decoding=\"async\" width=\"600\" height=\"600\" src=\"https:\/\/dacarcomercial.com\/wp-content\/uploads\/2022\/03\/Diseno-sin-titulo-19-min.png\" class=\"attachment-medium size-medium\" alt=\"Unidades de cabeza para cleanair\" loading=\"eager\" title=\"\">\t<\/a>\n\t<div class=\"jet-woo-category-img-overlay\"><\/div>\n\t<div class=\"jet-woo-category-img-overlay__hover\"><\/div>\n<\/div><\/div>\n\n<div class=\"jet-woo-categories-content\">\n\t<div class=\"jet-woo-category-content__inner\">\n\t\t<h1 class=\"jet-woo-category-title\" ><a href=\"https:\/\/dacarcomercial.com\/fr\/categorias-productos\/masques-de-soudage-avec-apport-dair\/cleanair-2\/unites-de-tete\/\" class=\"jet-woo-category-title__link\" >Unit\u00e9s de t\u00eate<\/a><\/h1>\t<\/div>\n\n\t<div class=\"jet-woo-category-count__wrap\">\n\t\t\t<\/div>\n<\/div>\t<\/div>\n\n\t<\/div>\n<div class=\"jet-woo-categories__item \">\n\t<div class=\"jet-woo-categories__inner-box\"  >\n\t\t\n<div class=\"jet-woo-categories-thumbnail__wrap\">\n\t\n<div class=\"jet-woo-category-thumbnail\">\n\t<a href=\"https:\/\/dacarcomercial.com\/fr\/categorias-productos\/vetements-de-protection\/\"  rel=\"bookmark\">\n\t\t<img decoding=\"async\" width=\"600\" height=\"600\" src=\"https:\/\/dacarcomercial.com\/wp-content\/uploads\/2022\/03\/Diseno-sin-titulo-10-min.png\" class=\"attachment-medium size-medium\" alt=\"VESTUARIO DE PROTECCI\u00d3N\" loading=\"eager\" title=\"\">\t<\/a>\n\t<div class=\"jet-woo-category-img-overlay\"><\/div>\n\t<div class=\"jet-woo-category-img-overlay__hover\"><\/div>\n<\/div><\/div>\n\n<div class=\"jet-woo-categories-content\">\n\t<div class=\"jet-woo-category-content__inner\">\n\t\t<h1 class=\"jet-woo-category-title\" ><a href=\"https:\/\/dacarcomercial.com\/fr\/categorias-productos\/vetements-de-protection\/\" class=\"jet-woo-category-title__link\" >V\u00caTEMENTS DE PROTECTION<\/a><\/h1>\t<\/div>\n\n\t<div class=\"jet-woo-category-count__wrap\">\n\t\t\t<\/div>\n<\/div>\t<\/div>\n\n\t<\/div>\n<div class=\"jet-woo-categories__item \">\n\t<div class=\"jet-woo-categories__inner-box\"  >\n\t\t\n<div class=\"jet-woo-categories-thumbnail__wrap\">\n\t\n<div class=\"jet-woo-category-thumbnail\">\n\t<a href=\"https:\/\/dacarcomercial.com\/fr\/categorias-productos\/vetements-de-protection\/soudeur\/vetements-pour-soudeur\/\"  rel=\"bookmark\">\n\t\t<img decoding=\"async\" width=\"600\" height=\"600\" src=\"https:\/\/dacarcomercial.com\/wp-content\/uploads\/2022\/03\/Diseno-sin-titulo-11-min.png\" class=\"attachment-medium size-medium\" alt=\"Ropa para soldar\" loading=\"eager\" title=\"\">\t<\/a>\n\t<div class=\"jet-woo-category-img-overlay\"><\/div>\n\t<div class=\"jet-woo-category-img-overlay__hover\"><\/div>\n<\/div><\/div>\n\n<div class=\"jet-woo-categories-content\">\n\t<div class=\"jet-woo-category-content__inner\">\n\t\t<h1 class=\"jet-woo-category-title\" ><a href=\"https:\/\/dacarcomercial.com\/fr\/categorias-productos\/vetements-de-protection\/soudeur\/vetements-pour-soudeur\/\" class=\"jet-woo-category-title__link\" >V\u00eatements pour soudeur<\/a><\/h1>\t<\/div>\n\n\t<div class=\"jet-woo-category-count__wrap\">\n\t\t\t<\/div>\n<\/div>\t<\/div>\n\n\t<\/div>\n<div class=\"jet-woo-categories__item \">\n\t<div class=\"jet-woo-categories__inner-box\"  >\n\t\t\n<div class=\"jet-woo-categories-thumbnail__wrap\">\n\t\n<div class=\"jet-woo-category-thumbnail\">\n\t<a href=\"https:\/\/dacarcomercial.com\/fr\/categorias-productos\/masques-de-soudure\/x3-fr\/\"  rel=\"bookmark\">\n\t\t<img decoding=\"async\" width=\"500\" height=\"500\" src=\"https:\/\/dacarcomercial.com\/wp-content\/uploads\/2025\/04\/Caretas-de-soldar-X3-.png\" class=\"attachment-medium size-medium\" alt=\"Caretas de soldar X3\" loading=\"eager\" title=\"\">\t<\/a>\n\t<div class=\"jet-woo-category-img-overlay\"><\/div>\n\t<div class=\"jet-woo-category-img-overlay__hover\"><\/div>\n<\/div><\/div>\n\n<div class=\"jet-woo-categories-content\">\n\t<div class=\"jet-woo-category-content__inner\">\n\t\t<h1 class=\"jet-woo-category-title\" ><a href=\"https:\/\/dacarcomercial.com\/fr\/categorias-productos\/masques-de-soudure\/x3-fr\/\" class=\"jet-woo-category-title__link\" >X3<\/a><\/h1>\t<\/div>\n\n\t<div class=\"jet-woo-category-count__wrap\">\n\t\t\t<\/div>\n<\/div>\t<\/div>\n\n\t<\/div><\/div>\n<\/div>\t\t\t\t<\/div>\n\t\t\t\t<\/div>\n\t\t\t\t\t<\/div>\n\t\t<\/div>\n\t\t\t\t\t<\/div>\n\t\t<\/section>\n\t\t\t\t<section class=\"elementor-section elementor-top-section elementor-element elementor-element-fa1171c elementor-hidden-desktop elementor-hidden-tablet elementor-hidden-phone elementor-section-boxed elementor-section-height-default elementor-section-height-default\" data-id=\"fa1171c\" data-element_type=\"section\" data-e-type=\"section\" data-settings=\"{&quot;jet_parallax_layout_list&quot;:[{&quot;jet_parallax_layout_image&quot;:{&quot;url&quot;:&quot;&quot;,&quot;id&quot;:&quot;&quot;,&quot;size&quot;:&quot;&quot;},&quot;_id&quot;:&quot;352ef21&quot;,&quot;jet_parallax_layout_image_tablet&quot;:{&quot;url&quot;:&quot;&quot;,&quot;id&quot;:&quot;&quot;,&quot;size&quot;:&quot;&quot;},&quot;jet_parallax_layout_image_mobile&quot;:{&quot;url&quot;:&quot;&quot;,&quot;id&quot;:&quot;&quot;,&quot;size&quot;:&quot;&quot;},&quot;jet_parallax_layout_speed&quot;:{&quot;unit&quot;:&quot;%&quot;,&quot;size&quot;:50,&quot;sizes&quot;:[]},&quot;jet_parallax_layout_type&quot;:&quot;scroll&quot;,&quot;jet_parallax_layout_direction&quot;:&quot;1&quot;,&quot;jet_parallax_layout_fx_direction&quot;:null,&quot;jet_parallax_layout_z_index&quot;:&quot;&quot;,&quot;jet_parallax_layout_bg_x&quot;:50,&quot;jet_parallax_layout_bg_x_tablet&quot;:&quot;&quot;,&quot;jet_parallax_layout_bg_x_mobile&quot;:&quot;&quot;,&quot;jet_parallax_layout_bg_y&quot;:50,&quot;jet_parallax_layout_bg_y_tablet&quot;:&quot;&quot;,&quot;jet_parallax_layout_bg_y_mobile&quot;:&quot;&quot;,&quot;jet_parallax_layout_bg_size&quot;:&quot;auto&quot;,&quot;jet_parallax_layout_bg_size_tablet&quot;:&quot;&quot;,&quot;jet_parallax_layout_bg_size_mobile&quot;:&quot;&quot;,&quot;jet_parallax_layout_animation_prop&quot;:&quot;transform&quot;,&quot;jet_parallax_layout_on&quot;:[&quot;desktop&quot;,&quot;tablet&quot;]}]}\">\n\t\t\t\t\t\t<div class=\"elementor-container elementor-column-gap-no\">\n\t\t\t\t\t<div class=\"elementor-column elementor-col-50 elementor-top-column elementor-element elementor-element-aa03587\" data-id=\"aa03587\" data-element_type=\"column\" data-e-type=\"column\">\n\t\t\t<div class=\"elementor-widget-wrap\">\n\t\t\t\t\t\t\t<\/div>\n\t\t<\/div>\n\t\t\t\t<div class=\"elementor-column elementor-col-50 elementor-top-column elementor-element elementor-element-9f76255\" data-id=\"9f76255\" data-element_type=\"column\" data-e-type=\"column\">\n\t\t\t<div class=\"elementor-widget-wrap elementor-element-populated\">\n\t\t\t\t\t\t<div class=\"elementor-element elementor-element-0fe4d21 elementor-widget elementor-widget-jet-woo-categories\" data-id=\"0fe4d21\" data-element_type=\"widget\" data-e-type=\"widget\" data-settings=\"{&quot;columns&quot;:&quot;4&quot;,&quot;columns_tablet&quot;:2,&quot;columns_mobile&quot;:1}\" data-widget_type=\"jet-woo-categories.default\">\n\t\t\t\t<div class=\"elementor-widget-container\">\n\t\t\t\t\t<div class=\"elementor-jet-woo-categories jet-woo-builder\"><div class=\"jet-woo-categories jet-woo-categories--preset-5 col-row  jet-equal-cols\" data-mobile-hover=\"\">\n<div class=\"jet-woo-categories__item \">\n\t<div class=\"jet-woo-categories__inner-box\"  >\n\t\t\n<div class=\"jet-woo-categories-thumbnail__wrap\">\n\t\n<div class=\"jet-woo-category-thumbnail\">\n\t<a href=\"https:\/\/dacarcomercial.com\/fr\/categorias-productos\/a6\/\"  rel=\"bookmark\">\n\t\t<img decoding=\"async\" width=\"150\" height=\"150\" src=\"https:\/\/dacarcomercial.com\/wp-content\/uploads\/2026\/03\/Careta-de-soldar-con-equipo-autonomo-A6-150x150.webp\" class=\"attachment-thumbnail size-thumbnail\" alt=\"Careta de soldar con equipo aut\u00f3nomo A6\" loading=\"eager\" title=\"\">\t<\/a>\n\t<div class=\"jet-woo-category-img-overlay\"><\/div>\n\t<div class=\"jet-woo-category-img-overlay__hover\"><\/div>\n<\/div><\/div>\n\n<div class=\"jet-woo-categories-content\">\n\t<div class=\"jet-woo-category-content__inner\">\n\t\t<h3 class=\"jet-woo-category-title\" ><a href=\"https:\/\/dacarcomercial.com\/fr\/categorias-productos\/a6\/\" class=\"jet-woo-category-title__link\" >A6<\/a><\/h3>\t<\/div>\n\n\t<div class=\"jet-woo-category-count__wrap\">\n\t\t\t<\/div>\n<\/div>\t<\/div>\n\n\t<\/div>\n<div class=\"jet-woo-categories__item \">\n\t<div class=\"jet-woo-categories__inner-box\"  >\n\t\t\n<div class=\"jet-woo-categories-thumbnail__wrap\">\n\t\n<div class=\"jet-woo-category-thumbnail\">\n\t<a href=\"https:\/\/dacarcomercial.com\/fr\/categorias-productos\/lunettes-de-protection\/accesoires\/\"  rel=\"bookmark\">\n\t\t<img decoding=\"async\" width=\"150\" height=\"150\" src=\"https:\/\/dacarcomercial.com\/wp-content\/uploads\/2021\/05\/RINONERARIGIDA-150x150.jpg\" class=\"attachment-thumbnail size-thumbnail\" alt=\"\" loading=\"eager\" title=\"\">\t<\/a>\n\t<div class=\"jet-woo-category-img-overlay\"><\/div>\n\t<div class=\"jet-woo-category-img-overlay__hover\"><\/div>\n<\/div><\/div>\n\n<div class=\"jet-woo-categories-content\">\n\t<div class=\"jet-woo-category-content__inner\">\n\t\t<h3 class=\"jet-woo-category-title\" ><a href=\"https:\/\/dacarcomercial.com\/fr\/categorias-productos\/lunettes-de-protection\/accesoires\/\" class=\"jet-woo-category-title__link\" >Accesoires<\/a><\/h3>\n<div class=\"jet-woo-category-excerpt\">Toutes sortes d'accessoires tels que des housses, des cordons ou...<\/div>\t<\/div>\n\n\t<div class=\"jet-woo-category-count__wrap\">\n\t\t\t<\/div>\n<\/div>\t<\/div>\n\n\t<\/div>\n<div class=\"jet-woo-categories__item \">\n\t<div class=\"jet-woo-categories__inner-box\"  >\n\t\t\n<div class=\"jet-woo-categories-thumbnail__wrap\">\n\t\n<div class=\"jet-woo-category-thumbnail\">\n\t<a href=\"https:\/\/dacarcomercial.com\/fr\/categorias-productos\/masques-de-soudage-avec-apport-dair\/cleanair-2\/accesoires-et-rechanges\/\"  rel=\"bookmark\">\n\t\t<img decoding=\"async\" width=\"150\" height=\"150\" src=\"https:\/\/dacarcomercial.com\/wp-content\/uploads\/images\/cargador-cleanair-basic-150x150.jpg\" class=\"attachment-thumbnail size-thumbnail\" alt=\"cargador cleanairbasic\" loading=\"eager\" title=\"\">\t<\/a>\n\t<div class=\"jet-woo-category-img-overlay\"><\/div>\n\t<div class=\"jet-woo-category-img-overlay__hover\"><\/div>\n<\/div><\/div>\n\n<div class=\"jet-woo-categories-content\">\n\t<div class=\"jet-woo-category-content__inner\">\n\t\t<h3 class=\"jet-woo-category-title\" ><a href=\"https:\/\/dacarcomercial.com\/fr\/categorias-productos\/masques-de-soudage-avec-apport-dair\/cleanair-2\/accesoires-et-rechanges\/\" class=\"jet-woo-category-title__link\" >Accesoires et rechanges<\/a><\/h3>\n<div class=\"jet-woo-category-excerpt\">Accessoires et pi\u00e8ces de rechange pour les syst\u00e8mes d'air comprim\u00e9...<\/div>\t<\/div>\n\n\t<div class=\"jet-woo-category-count__wrap\">\n\t\t\t<\/div>\n<\/div>\t<\/div>\n\n\t<\/div>\n<div class=\"jet-woo-categories__item \">\n\t<div class=\"jet-woo-categories__inner-box\"  >\n\t\t\n<div class=\"jet-woo-categories-thumbnail__wrap\">\n\t\n<div class=\"jet-woo-category-thumbnail\">\n\t<a href=\"https:\/\/dacarcomercial.com\/fr\/categorias-productos\/rideaux-lames-ecrans\/accessoires\/\"  rel=\"bookmark\">\n\t\t<img decoding=\"async\" width=\"150\" height=\"150\" src=\"https:\/\/dacarcomercial.com\/wp-content\/uploads\/images\/pinza-100mm-para-laminas-150x150.jpg\" class=\"attachment-thumbnail size-thumbnail\" alt=\"\" loading=\"eager\" title=\"\">\t<\/a>\n\t<div class=\"jet-woo-category-img-overlay\"><\/div>\n\t<div class=\"jet-woo-category-img-overlay__hover\"><\/div>\n<\/div><\/div>\n\n<div class=\"jet-woo-categories-content\">\n\t<div class=\"jet-woo-category-content__inner\">\n\t\t<h3 class=\"jet-woo-category-title\" ><a href=\"https:\/\/dacarcomercial.com\/fr\/categorias-productos\/rideaux-lames-ecrans\/accessoires\/\" class=\"jet-woo-category-title__link\" >Accessoires<\/a><\/h3>\n<div class=\"jet-woo-category-excerpt\">Une large gamme d'accessoires et de compl\u00e9ments pour la r\u00e9alisation...<\/div>\t<\/div>\n\n\t<div class=\"jet-woo-category-count__wrap\">\n\t\t\t<\/div>\n<\/div>\t<\/div>\n\n\t<\/div>\n<div class=\"jet-woo-categories__item \">\n\t<div class=\"jet-woo-categories__inner-box\"  >\n\t\t\n<div class=\"jet-woo-categories-thumbnail__wrap\">\n\t\n<div class=\"jet-woo-category-thumbnail\">\n\t<a href=\"https:\/\/dacarcomercial.com\/fr\/categorias-productos\/protection-de-la-tete\/accessoires-et-rechange\/\"  rel=\"bookmark\">\n\t\t<img decoding=\"async\" width=\"150\" height=\"150\" src=\"https:\/\/dacarcomercial.com\/wp-content\/uploads\/2024\/03\/Accesorios-y-recambios-150x150.png\" class=\"attachment-thumbnail size-thumbnail\" alt=\"Accesorios y recambios\" loading=\"eager\" title=\"\">\t<\/a>\n\t<div class=\"jet-woo-category-img-overlay\"><\/div>\n\t<div class=\"jet-woo-category-img-overlay__hover\"><\/div>\n<\/div><\/div>\n\n<div class=\"jet-woo-categories-content\">\n\t<div class=\"jet-woo-category-content__inner\">\n\t\t<h3 class=\"jet-woo-category-title\" ><a href=\"https:\/\/dacarcomercial.com\/fr\/categorias-productos\/protection-de-la-tete\/accessoires-et-rechange\/\" class=\"jet-woo-category-title__link\" >Accessoires et rechange<\/a><\/h3>\t<\/div>\n\n\t<div class=\"jet-woo-category-count__wrap\">\n\t\t\t<\/div>\n<\/div>\t<\/div>\n\n\t<\/div>\n<div class=\"jet-woo-categories__item \">\n\t<div class=\"jet-woo-categories__inner-box\"  >\n\t\t\n<div class=\"jet-woo-categories-thumbnail__wrap\">\n\t\n<div class=\"jet-woo-category-thumbnail\">\n\t<a href=\"https:\/\/dacarcomercial.com\/fr\/categorias-productos\/masques-de-soudage-avec-apport-dair\/dacair-2\/accessoires-et-rechanges-fr\/\"  rel=\"bookmark\">\n\t\t<img decoding=\"async\" width=\"150\" height=\"150\" src=\"https:\/\/dacarcomercial.com\/wp-content\/uploads\/2024\/04\/Recambios-Dacair-1-150x150.png\" class=\"attachment-thumbnail size-thumbnail\" alt=\"Recambios Dacair\" loading=\"eager\" title=\"\">\t<\/a>\n\t<div class=\"jet-woo-category-img-overlay\"><\/div>\n\t<div class=\"jet-woo-category-img-overlay__hover\"><\/div>\n<\/div><\/div>\n\n<div class=\"jet-woo-categories-content\">\n\t<div class=\"jet-woo-category-content__inner\">\n\t\t<h3 class=\"jet-woo-category-title\" ><a href=\"https:\/\/dacarcomercial.com\/fr\/categorias-productos\/masques-de-soudage-avec-apport-dair\/dacair-2\/accessoires-et-rechanges-fr\/\" class=\"jet-woo-category-title__link\" >Accessoires et rechanges<\/a><\/h3>\n<div class=\"jet-woo-category-excerpt\">Tous les accessoires et pi\u00e8ces de rechange pour les appareils...<\/div>\t<\/div>\n\n\t<div class=\"jet-woo-category-count__wrap\">\n\t\t\t<\/div>\n<\/div>\t<\/div>\n\n\t<\/div>\n<div class=\"jet-woo-categories__item \">\n\t<div class=\"jet-woo-categories__inner-box\"  >\n\t\t\n<div class=\"jet-woo-categories-thumbnail__wrap\">\n\t\n<div class=\"jet-woo-category-thumbnail\">\n\t<a href=\"https:\/\/dacarcomercial.com\/fr\/categorias-productos\/masques-de-soudure\/accessoires-et-rechanges\/\"  rel=\"bookmark\">\n\t\t<img decoding=\"async\" width=\"150\" height=\"150\" src=\"https:\/\/dacarcomercial.com\/wp-content\/uploads\/2023\/06\/Nuevo-arnes-DRM-DRP-para-web-150x150.png\" class=\"attachment-thumbnail size-thumbnail\" alt=\"Nuevo arn\u00e9s DRM + DRP para web\" loading=\"eager\" title=\"\">\t<\/a>\n\t<div class=\"jet-woo-category-img-overlay\"><\/div>\n\t<div class=\"jet-woo-category-img-overlay__hover\"><\/div>\n<\/div><\/div>\n\n<div class=\"jet-woo-categories-content\">\n\t<div class=\"jet-woo-category-content__inner\">\n\t\t<h3 class=\"jet-woo-category-title\" ><a href=\"https:\/\/dacarcomercial.com\/fr\/categorias-productos\/masques-de-soudure\/accessoires-et-rechanges\/\" class=\"jet-woo-category-title__link\" >Accessoires et rechanges<\/a><\/h3>\n<div class=\"jet-woo-category-excerpt\">Accessoires et pi\u00e8ces de rechange pour les casques de soudage...<\/div>\t<\/div>\n\n\t<div class=\"jet-woo-category-count__wrap\">\n\t\t\t<\/div>\n<\/div>\t<\/div>\n\n\t<\/div>\n<div class=\"jet-woo-categories__item \">\n\t<div class=\"jet-woo-categories__inner-box\"  >\n\t\t\n<div class=\"jet-woo-categories-thumbnail__wrap\">\n\t\n<div class=\"jet-woo-category-thumbnail\">\n\t<a href=\"https:\/\/dacarcomercial.com\/fr\/categorias-productos\/masques-de-soudure\/avec-ecran-facial-dc-guard\/\"  rel=\"bookmark\">\n\t\t<img decoding=\"async\" width=\"150\" height=\"150\" src=\"https:\/\/dacarcomercial.com\/wp-content\/uploads\/con-protector-facial-dc-guard-150x150.jpg\" class=\"attachment-thumbnail size-thumbnail\" alt=\"\" loading=\"eager\" title=\"\">\t<\/a>\n\t<div class=\"jet-woo-category-img-overlay\"><\/div>\n\t<div class=\"jet-woo-category-img-overlay__hover\"><\/div>\n<\/div><\/div>\n\n<div class=\"jet-woo-categories-content\">\n\t<div class=\"jet-woo-category-content__inner\">\n\t\t<h3 class=\"jet-woo-category-title\" ><a href=\"https:\/\/dacarcomercial.com\/fr\/categorias-productos\/masques-de-soudure\/avec-ecran-facial-dc-guard\/\" class=\"jet-woo-category-title__link\" >Avec \u00e9cran facial DC-Guard<\/a><\/h3>\n<div class=\"jet-woo-category-excerpt\">Ensembles compos\u00e9s d\u00b4un masque de soudure avec l\u00b4\u00e9cran facial DC-Guard...<\/div>\t<\/div>\n\n\t<div class=\"jet-woo-category-count__wrap\">\n\t\t\t<\/div>\n<\/div>\t<\/div>\n\n\t<\/div>\n<div class=\"jet-woo-categories__item \">\n\t<div class=\"jet-woo-categories__inner-box\"  >\n\t\t\n<div class=\"jet-woo-categories-thumbnail__wrap\">\n\t\n<div class=\"jet-woo-category-thumbnail\">\n\t<a href=\"https:\/\/dacarcomercial.com\/fr\/categorias-productos\/masques-de-soudure\/avec-filtres-electro-optiques\/\"  rel=\"bookmark\">\n\t\t<img decoding=\"async\" width=\"150\" height=\"150\" src=\"https:\/\/dacarcomercial.com\/wp-content\/uploads\/2022\/05\/Diseno-sin-titulo-44-150x150.png\" class=\"attachment-thumbnail size-thumbnail\" alt=\"C\u00f3mo elegir una careta de soldar electr\u00f3nica\" loading=\"eager\" title=\"\">\t<\/a>\n\t<div class=\"jet-woo-category-img-overlay\"><\/div>\n\t<div class=\"jet-woo-category-img-overlay__hover\"><\/div>\n<\/div><\/div>\n\n<div class=\"jet-woo-categories-content\">\n\t<div class=\"jet-woo-category-content__inner\">\n\t\t<h3 class=\"jet-woo-category-title\" ><a href=\"https:\/\/dacarcomercial.com\/fr\/categorias-productos\/masques-de-soudure\/avec-filtres-electro-optiques\/\" class=\"jet-woo-category-title__link\" >Avec filtres \u00e9lectro-optiques<\/a><\/h3>\n<div class=\"jet-woo-category-excerpt\">Masques de soudure avec filtre \u00e9lectronique.<\/div>\t<\/div>\n\n\t<div class=\"jet-woo-category-count__wrap\">\n\t\t\t<\/div>\n<\/div>\t<\/div>\n\n\t<\/div>\n<div class=\"jet-woo-categories__item \">\n\t<div class=\"jet-woo-categories__inner-box\"  >\n\t\t\n<div class=\"jet-woo-categories-thumbnail__wrap\">\n\t\n<div class=\"jet-woo-category-thumbnail\">\n\t<a href=\"https:\/\/dacarcomercial.com\/fr\/categorias-productos\/lunettes-de-protection\/avec-oculaires-incolores\/\"  rel=\"bookmark\">\n\t\t<img decoding=\"async\" width=\"150\" height=\"150\" src=\"https:\/\/dacarcomercial.com\/wp-content\/uploads\/images\/victor-monture-cristal-gris-oculaire-anti-buee-150x150.jpg\" class=\"attachment-thumbnail size-thumbnail\" alt=\"\" loading=\"eager\" title=\"\">\t<\/a>\n\t<div class=\"jet-woo-category-img-overlay\"><\/div>\n\t<div class=\"jet-woo-category-img-overlay__hover\"><\/div>\n<\/div><\/div>\n\n<div class=\"jet-woo-categories-content\">\n\t<div class=\"jet-woo-category-content__inner\">\n\t\t<h3 class=\"jet-woo-category-title\" ><a href=\"https:\/\/dacarcomercial.com\/fr\/categorias-productos\/lunettes-de-protection\/avec-oculaires-incolores\/\" class=\"jet-woo-category-title__link\" >Avec oculaires incolores<\/a><\/h3>\n<div class=\"jet-woo-category-excerpt\">Lunettes de protection contre les projections de particules solides avec...<\/div>\t<\/div>\n\n\t<div class=\"jet-woo-category-count__wrap\">\n\t\t\t<\/div>\n<\/div>\t<\/div>\n\n\t<\/div>\n<div class=\"jet-woo-categories__item \">\n\t<div class=\"jet-woo-categories__inner-box\"  >\n\t\t\n<div class=\"jet-woo-categories-thumbnail__wrap\">\n\t\n<div class=\"jet-woo-category-thumbnail\">\n\t<a href=\"https:\/\/dacarcomercial.com\/fr\/categorias-productos\/masques-de-soudure\/avec-verre-soudeur\/\"  rel=\"bookmark\">\n\t\t<img decoding=\"async\" width=\"150\" height=\"150\" src=\"https:\/\/dacarcomercial.com\/wp-content\/uploads\/2022\/05\/Diseno-sin-titulo-45-150x150.png\" class=\"attachment-thumbnail size-thumbnail\" alt=\"caretas de soldar con cristal inact\u00ednico\" loading=\"eager\" title=\"\">\t<\/a>\n\t<div class=\"jet-woo-category-img-overlay\"><\/div>\n\t<div class=\"jet-woo-category-img-overlay__hover\"><\/div>\n<\/div><\/div>\n\n<div class=\"jet-woo-categories-content\">\n\t<div class=\"jet-woo-category-content__inner\">\n\t\t<h3 class=\"jet-woo-category-title\" ><a href=\"https:\/\/dacarcomercial.com\/fr\/categorias-productos\/masques-de-soudure\/avec-verre-soudeur\/\" class=\"jet-woo-category-title__link\" >Avec verre soudeur<\/a><\/h3>\n<div class=\"jet-woo-category-excerpt\">Masques de soudure avec verre de soudure traditionnel inactinique.<\/div>\t<\/div>\n\n\t<div class=\"jet-woo-category-count__wrap\">\n\t\t\t<\/div>\n<\/div>\t<\/div>\n\n\t<\/div>\n<div class=\"jet-woo-categories__item \">\n\t<div class=\"jet-woo-categories__inner-box\"  >\n\t\t\n<div class=\"jet-woo-categories-thumbnail__wrap\">\n\t\n<div class=\"jet-woo-category-thumbnail\">\n\t<a href=\"https:\/\/dacarcomercial.com\/fr\/categorias-productos\/protecteurs-auditifs\/bouchons-doreilles-et-bandes\/\"  rel=\"bookmark\">\n\t\t<img decoding=\"async\" width=\"150\" height=\"150\" src=\"https:\/\/dacarcomercial.com\/wp-content\/uploads\/2022\/03\/Diseno-sin-titulo-4-min-150x150.png\" class=\"attachment-thumbnail size-thumbnail\" alt=\"\" loading=\"eager\" title=\"\">\t<\/a>\n\t<div class=\"jet-woo-category-img-overlay\"><\/div>\n\t<div class=\"jet-woo-category-img-overlay__hover\"><\/div>\n<\/div><\/div>\n\n<div class=\"jet-woo-categories-content\">\n\t<div class=\"jet-woo-category-content__inner\">\n\t\t<h3 class=\"jet-woo-category-title\" ><a href=\"https:\/\/dacarcomercial.com\/fr\/categorias-productos\/protecteurs-auditifs\/bouchons-doreilles-et-bandes\/\" class=\"jet-woo-category-title__link\" >bouchons d\u00b4oreilles et bandes<\/a><\/h3>\t<\/div>\n\n\t<div class=\"jet-woo-category-count__wrap\">\n\t\t\t<\/div>\n<\/div>\t<\/div>\n\n\t<\/div>\n<div class=\"jet-woo-categories__item \">\n\t<div class=\"jet-woo-categories__inner-box\"  >\n\t\t\n<div class=\"jet-woo-categories-thumbnail__wrap\">\n\t\n<div class=\"jet-woo-category-thumbnail\">\n\t<a href=\"https:\/\/dacarcomercial.com\/fr\/categorias-productos\/protecteurs-auditifs\/casques-antibruit-passifs\/\"  rel=\"bookmark\">\n\t\t<img decoding=\"async\" width=\"150\" height=\"150\" src=\"https:\/\/dacarcomercial.com\/wp-content\/uploads\/images\/protecteur-auditif-secure-2-150x150.jpg\" class=\"attachment-thumbnail size-thumbnail\" alt=\"\" loading=\"eager\" title=\"\">\t<\/a>\n\t<div class=\"jet-woo-category-img-overlay\"><\/div>\n\t<div class=\"jet-woo-category-img-overlay__hover\"><\/div>\n<\/div><\/div>\n\n<div class=\"jet-woo-categories-content\">\n\t<div class=\"jet-woo-category-content__inner\">\n\t\t<h3 class=\"jet-woo-category-title\" ><a href=\"https:\/\/dacarcomercial.com\/fr\/categorias-productos\/protecteurs-auditifs\/casques-antibruit-passifs\/\" class=\"jet-woo-category-title__link\" >Casques antibruit passifs<\/a><\/h3>\n<div class=\"jet-woo-category-excerpt\">Avec des harnais de t\u00eate, des harnais de cou ou...<\/div>\t<\/div>\n\n\t<div class=\"jet-woo-category-count__wrap\">\n\t\t\t<\/div>\n<\/div>\t<\/div>\n\n\t<\/div>\n<div class=\"jet-woo-categories__item \">\n\t<div class=\"jet-woo-categories__inner-box\"  >\n\t\t\n<div class=\"jet-woo-categories-thumbnail__wrap\">\n\t\n<div class=\"jet-woo-category-thumbnail\">\n\t<a href=\"https:\/\/dacarcomercial.com\/fr\/categorias-productos\/protection-de-la-tete\/casques-de-chantier\/\"  rel=\"bookmark\">\n\t\t<img decoding=\"async\" width=\"150\" height=\"150\" src=\"https:\/\/dacarcomercial.com\/wp-content\/uploads\/casco-de-obra-150x150.jpg\" class=\"attachment-thumbnail size-thumbnail\" alt=\"\" loading=\"eager\" title=\"\">\t<\/a>\n\t<div class=\"jet-woo-category-img-overlay\"><\/div>\n\t<div class=\"jet-woo-category-img-overlay__hover\"><\/div>\n<\/div><\/div>\n\n<div class=\"jet-woo-categories-content\">\n\t<div class=\"jet-woo-category-content__inner\">\n\t\t<h3 class=\"jet-woo-category-title\" ><a href=\"https:\/\/dacarcomercial.com\/fr\/categorias-productos\/protection-de-la-tete\/casques-de-chantier\/\" class=\"jet-woo-category-title__link\" >Casques de chantier<\/a><\/h3>\n<div class=\"jet-woo-category-excerpt\">Casques de chantier avec ou sans ventilation, \u00e0 visi\u00e8re courte,...<\/div>\t<\/div>\n\n\t<div class=\"jet-woo-category-count__wrap\">\n\t\t\t<\/div>\n<\/div>\t<\/div>\n\n\t<\/div>\n<div class=\"jet-woo-categories__item \">\n\t<div class=\"jet-woo-categories__inner-box\"  >\n\t\t\n<div class=\"jet-woo-categories-thumbnail__wrap\">\n\t\n<div class=\"jet-woo-category-thumbnail\">\n\t<a href=\"https:\/\/dacarcomercial.com\/fr\/categorias-productos\/protection-de-la-tete\/casques-pour-risques-electriques\/\"  rel=\"bookmark\">\n\t\t<img decoding=\"async\" width=\"150\" height=\"150\" src=\"https:\/\/dacarcomercial.com\/wp-content\/uploads\/images\/casco-e-man-azul-150x150.jpg\" class=\"attachment-thumbnail size-thumbnail\" alt=\"\" loading=\"eager\" title=\"\">\t<\/a>\n\t<div class=\"jet-woo-category-img-overlay\"><\/div>\n\t<div class=\"jet-woo-category-img-overlay__hover\"><\/div>\n<\/div><\/div>\n\n<div class=\"jet-woo-categories-content\">\n\t<div class=\"jet-woo-category-content__inner\">\n\t\t<h3 class=\"jet-woo-category-title\" ><a href=\"https:\/\/dacarcomercial.com\/fr\/categorias-productos\/protection-de-la-tete\/casques-pour-risques-electriques\/\" class=\"jet-woo-category-title__link\" >Casques pour risques \u00e9lectriques<\/a><\/h3>\n<div class=\"jet-woo-category-excerpt\">Casques de s\u00e9curit\u00e9 sp\u00e9cialement con\u00e7us pour la protection de la...<\/div>\t<\/div>\n\n\t<div class=\"jet-woo-category-count__wrap\">\n\t\t\t<\/div>\n<\/div>\t<\/div>\n\n\t<\/div>\n<div class=\"jet-woo-categories__item \">\n\t<div class=\"jet-woo-categories__inner-box\"  >\n\t\t\n<div class=\"jet-woo-categories-thumbnail__wrap\">\n\t\n<div class=\"jet-woo-category-thumbnail\">\n\t<a href=\"https:\/\/dacarcomercial.com\/fr\/categorias-productos\/masques-de-soudage-avec-apport-dair\/cleanair-2\/\"  rel=\"bookmark\">\n\t\t<img decoding=\"async\" width=\"150\" height=\"150\" src=\"https:\/\/dacarcomercial.com\/wp-content\/uploads\/2026\/03\/Proteccion-respiratoria-Cleanair-150x150.webp\" class=\"attachment-thumbnail size-thumbnail\" alt=\"Protecci\u00f3n respiratoria Cleanair\" loading=\"eager\" title=\"\">\t<\/a>\n\t<div class=\"jet-woo-category-img-overlay\"><\/div>\n\t<div class=\"jet-woo-category-img-overlay__hover\"><\/div>\n<\/div><\/div>\n\n<div class=\"jet-woo-categories-content\">\n\t<div class=\"jet-woo-category-content__inner\">\n\t\t<h3 class=\"jet-woo-category-title\" ><a href=\"https:\/\/dacarcomercial.com\/fr\/categorias-productos\/masques-de-soudage-avec-apport-dair\/cleanair-2\/\" class=\"jet-woo-category-title__link\" >CLEANAIR<\/a><\/h3>\n<div class=\"jet-woo-category-excerpt\">CleanAIR est la marque pour les ensembles de protection respiratoire...<\/div>\t<\/div>\n\n\t<div class=\"jet-woo-category-count__wrap\">\n\t\t\t<\/div>\n<\/div>\t<\/div>\n\n\t<\/div>\n<div class=\"jet-woo-categories__item \">\n\t<div class=\"jet-woo-categories__inner-box\"  >\n\t\t\n<div class=\"jet-woo-categories-thumbnail__wrap\">\n\t\n<div class=\"jet-woo-category-thumbnail\">\n\t<a href=\"https:\/\/dacarcomercial.com\/fr\/categorias-productos\/masques-de-soudage-avec-apport-dair\/cleanair-2\/cleanair-aergo-2\/\"  rel=\"bookmark\">\n\t\t<img decoding=\"async\" width=\"150\" height=\"150\" src=\"https:\/\/dacarcomercial.com\/wp-content\/uploads\/cleanair-aergo-1-150x150.jpg\" class=\"attachment-thumbnail size-thumbnail\" alt=\"\" loading=\"eager\" title=\"\">\t<\/a>\n\t<div class=\"jet-woo-category-img-overlay\"><\/div>\n\t<div class=\"jet-woo-category-img-overlay__hover\"><\/div>\n<\/div><\/div>\n\n<div class=\"jet-woo-categories-content\">\n\t<div class=\"jet-woo-category-content__inner\">\n\t\t<h3 class=\"jet-woo-category-title\" ><a href=\"https:\/\/dacarcomercial.com\/fr\/categorias-productos\/masques-de-soudage-avec-apport-dair\/cleanair-2\/cleanair-aergo-2\/\" class=\"jet-woo-category-title__link\" >CleanAir AerGo<\/a><\/h3>\n<div class=\"jet-woo-category-excerpt\">Les appareils motoris\u00e9s CleanAIR AerGO pour la protection respiratoire dans...<\/div>\t<\/div>\n\n\t<div class=\"jet-woo-category-count__wrap\">\n\t\t\t<\/div>\n<\/div>\t<\/div>\n\n\t<\/div>\n<div class=\"jet-woo-categories__item \">\n\t<div class=\"jet-woo-categories__inner-box\"  >\n\t\t\n<div class=\"jet-woo-categories-thumbnail__wrap\">\n\t\n<div class=\"jet-woo-category-thumbnail\">\n\t<a href=\"https:\/\/dacarcomercial.com\/fr\/categorias-productos\/masques-de-soudage-avec-apport-dair\/cleanair-2\/cleanair-asbest-fr\/\"  rel=\"bookmark\">\n\t\t<img decoding=\"async\" width=\"150\" height=\"150\" src=\"https:\/\/dacarcomercial.com\/wp-content\/uploads\/2021\/03\/cf02-chemical-asbest-150x150.jpg\" class=\"attachment-thumbnail size-thumbnail\" alt=\"\" loading=\"eager\" title=\"\">\t<\/a>\n\t<div class=\"jet-woo-category-img-overlay\"><\/div>\n\t<div class=\"jet-woo-category-img-overlay__hover\"><\/div>\n<\/div><\/div>\n\n<div class=\"jet-woo-categories-content\">\n\t<div class=\"jet-woo-category-content__inner\">\n\t\t<h3 class=\"jet-woo-category-title\" ><a href=\"https:\/\/dacarcomercial.com\/fr\/categorias-productos\/masques-de-soudage-avec-apport-dair\/cleanair-2\/cleanair-asbest-fr\/\" class=\"jet-woo-category-title__link\" >CleanAir Asbest<\/a><\/h3>\n<div class=\"jet-woo-category-excerpt\">L'\u00e9quipement motoris\u00e9 CleanAIR Asbest pour la protection respiratoire dans les...<\/div>\t<\/div>\n\n\t<div class=\"jet-woo-category-count__wrap\">\n\t\t\t<\/div>\n<\/div>\t<\/div>\n\n\t<\/div>\n<div class=\"jet-woo-categories__item \">\n\t<div class=\"jet-woo-categories__inner-box\"  >\n\t\t\n<div class=\"jet-woo-categories-thumbnail__wrap\">\n\t\n<div class=\"jet-woo-category-thumbnail\">\n\t<a href=\"https:\/\/dacarcomercial.com\/fr\/categorias-productos\/masques-de-soudage-avec-apport-dair\/cleanair-2\/cleanair-chemical-2\/\"  rel=\"bookmark\">\n\t\t<img decoding=\"async\" width=\"150\" height=\"150\" src=\"https:\/\/dacarcomercial.com\/wp-content\/uploads\/cleanair-chemical-150x150.jpg\" class=\"attachment-thumbnail size-thumbnail\" alt=\"\" loading=\"eager\" title=\"\">\t<\/a>\n\t<div class=\"jet-woo-category-img-overlay\"><\/div>\n\t<div class=\"jet-woo-category-img-overlay__hover\"><\/div>\n<\/div><\/div>\n\n<div class=\"jet-woo-categories-content\">\n\t<div class=\"jet-woo-category-content__inner\">\n\t\t<h3 class=\"jet-woo-category-title\" ><a href=\"https:\/\/dacarcomercial.com\/fr\/categorias-productos\/masques-de-soudage-avec-apport-dair\/cleanair-2\/cleanair-chemical-2\/\" class=\"jet-woo-category-title__link\" >CleanAir Chemical<\/a><\/h3>\n<div class=\"jet-woo-category-excerpt\">CleanAIR \u00c9quipement chimique pour la protection respiratoire dans les environnements...<\/div>\t<\/div>\n\n\t<div class=\"jet-woo-category-count__wrap\">\n\t\t\t<\/div>\n<\/div>\t<\/div>\n\n\t<\/div>\n<div class=\"jet-woo-categories__item \">\n\t<div class=\"jet-woo-categories__inner-box\"  >\n\t\t\n<div class=\"jet-woo-categories-thumbnail__wrap\">\n\t\n<div class=\"jet-woo-category-thumbnail\">\n\t<a href=\"https:\/\/dacarcomercial.com\/fr\/categorias-productos\/masques-de-soudage-avec-apport-dair\/cleanair-2\/cleanairbasic-2\/\"  rel=\"bookmark\">\n\t\t<img decoding=\"async\" width=\"150\" height=\"150\" src=\"https:\/\/dacarcomercial.com\/wp-content\/uploads\/cleanair-basic-1-150x150.jpg\" class=\"attachment-thumbnail size-thumbnail\" alt=\"\" loading=\"eager\" title=\"\">\t<\/a>\n\t<div class=\"jet-woo-category-img-overlay\"><\/div>\n\t<div class=\"jet-woo-category-img-overlay__hover\"><\/div>\n<\/div><\/div>\n\n<div class=\"jet-woo-categories-content\">\n\t<div class=\"jet-woo-category-content__inner\">\n\t\t<h3 class=\"jet-woo-category-title\" ><a href=\"https:\/\/dacarcomercial.com\/fr\/categorias-productos\/masques-de-soudage-avec-apport-dair\/cleanair-2\/cleanairbasic-2\/\" class=\"jet-woo-category-title__link\" >CleanAirBasic<\/a><\/h3>\n<div class=\"jet-woo-category-excerpt\">Appareils motoris\u00e9s CleanAIR Basic pour la protection respiratoire dans les...<\/div>\t<\/div>\n\n\t<div class=\"jet-woo-category-count__wrap\">\n\t\t\t<\/div>\n<\/div>\t<\/div>\n\n\t<\/div>\n<div class=\"jet-woo-categories__item \">\n\t<div class=\"jet-woo-categories__inner-box\"  >\n\t\t\n<div class=\"jet-woo-categories-thumbnail__wrap\">\n\t\n<div class=\"jet-woo-category-thumbnail\">\n\t<a href=\"https:\/\/dacarcomercial.com\/fr\/categorias-productos\/toiles-ignifugees\/couverture-anti-feu\/\"  rel=\"bookmark\">\n\t\t<img decoding=\"async\" width=\"150\" height=\"150\" src=\"https:\/\/dacarcomercial.com\/wp-content\/uploads\/2025\/10\/MANTAS-IGNIFUGAS-CONTRA-INCENDIOS-150x150.png\" class=\"attachment-thumbnail size-thumbnail\" alt=\"\" loading=\"eager\" title=\"\">\t<\/a>\n\t<div class=\"jet-woo-category-img-overlay\"><\/div>\n\t<div class=\"jet-woo-category-img-overlay__hover\"><\/div>\n<\/div><\/div>\n\n<div class=\"jet-woo-categories-content\">\n\t<div class=\"jet-woo-category-content__inner\">\n\t\t<h3 class=\"jet-woo-category-title\" ><a href=\"https:\/\/dacarcomercial.com\/fr\/categorias-productos\/toiles-ignifugees\/couverture-anti-feu\/\" class=\"jet-woo-category-title__link\" >Couverture anti-feu<\/a><\/h3>\n<div class=\"jet-woo-category-excerpt\">Pour les cuisines industrielles, les h\u00f4tels, les restaurants, ... la...<\/div>\t<\/div>\n\n\t<div class=\"jet-woo-category-count__wrap\">\n\t\t\t<\/div>\n<\/div>\t<\/div>\n\n\t<\/div>\n<div class=\"jet-woo-categories__item \">\n\t<div class=\"jet-woo-categories__inner-box\"  >\n\t\t\n<div class=\"jet-woo-categories-thumbnail__wrap\">\n\t\n<div class=\"jet-woo-category-thumbnail\">\n\t<a href=\"https:\/\/dacarcomercial.com\/fr\/categorias-productos\/masques-de-soudage-avec-apport-dair\/dacair-2\/\"  rel=\"bookmark\">\n\t\t<img decoding=\"async\" width=\"150\" height=\"150\" src=\"https:\/\/dacarcomercial.com\/wp-content\/uploads\/dacair-150x150.jpg\" class=\"attachment-thumbnail size-thumbnail\" alt=\"\" loading=\"eager\" title=\"\">\t<\/a>\n\t<div class=\"jet-woo-category-img-overlay\"><\/div>\n\t<div class=\"jet-woo-category-img-overlay__hover\"><\/div>\n<\/div><\/div>\n\n<div class=\"jet-woo-categories-content\">\n\t<div class=\"jet-woo-category-content__inner\">\n\t\t<h3 class=\"jet-woo-category-title\" ><a href=\"https:\/\/dacarcomercial.com\/fr\/categorias-productos\/masques-de-soudage-avec-apport-dair\/dacair-2\/\" class=\"jet-woo-category-title__link\" >DACAiR<\/a><\/h3>\n<div class=\"jet-woo-category-excerpt\">Ensembles motoris\u00e9s pour la protection respiratoire des soudeurs et pour...<\/div>\t<\/div>\n\n\t<div class=\"jet-woo-category-count__wrap\">\n\t\t\t<\/div>\n<\/div>\t<\/div>\n\n\t<\/div>\n<div class=\"jet-woo-categories__item \">\n\t<div class=\"jet-woo-categories__inner-box\"  >\n\t\t\n<div class=\"jet-woo-categories-thumbnail__wrap\">\n\t\n<div class=\"jet-woo-category-thumbnail\">\n\t<a href=\"https:\/\/dacarcomercial.com\/fr\/categorias-productos\/masques-de-soudure\/dc-1-2\/\"  rel=\"bookmark\">\n\t\t<img decoding=\"async\" width=\"150\" height=\"150\" src=\"https:\/\/dacarcomercial.com\/wp-content\/uploads\/2025\/10\/dc1-150x150.webp\" class=\"attachment-thumbnail size-thumbnail\" alt=\"\" loading=\"eager\" title=\"\">\t<\/a>\n\t<div class=\"jet-woo-category-img-overlay\"><\/div>\n\t<div class=\"jet-woo-category-img-overlay__hover\"><\/div>\n<\/div><\/div>\n\n<div class=\"jet-woo-categories-content\">\n\t<div class=\"jet-woo-category-content__inner\">\n\t\t<h3 class=\"jet-woo-category-title\" ><a href=\"https:\/\/dacarcomercial.com\/fr\/categorias-productos\/masques-de-soudure\/dc-1-2\/\" class=\"jet-woo-category-title__link\" >DC-1<\/a><\/h3>\n<div class=\"jet-woo-category-excerpt\">Le masque \u00e0 souder DC-1 est tr\u00e8s l\u00e9ger et flexible...<\/div>\t<\/div>\n\n\t<div class=\"jet-woo-category-count__wrap\">\n\t\t\t<\/div>\n<\/div>\t<\/div>\n\n\t<\/div>\n<div class=\"jet-woo-categories__item \">\n\t<div class=\"jet-woo-categories__inner-box\"  >\n\t\t\n<div class=\"jet-woo-categories-thumbnail__wrap\">\n\t\n<div class=\"jet-woo-category-thumbnail\">\n\t<a href=\"https:\/\/dacarcomercial.com\/fr\/categorias-productos\/masques-de-soudure\/dc-2-2\/\"  rel=\"bookmark\">\n\t\t<img decoding=\"async\" width=\"150\" height=\"150\" src=\"https:\/\/dacarcomercial.com\/wp-content\/uploads\/2021\/06\/careta-de-soldar-dc2-multixi-categoria-web-150x150.jpg\" class=\"attachment-thumbnail size-thumbnail\" alt=\"careta de soldar dc-2\" loading=\"eager\" title=\"\">\t<\/a>\n\t<div class=\"jet-woo-category-img-overlay\"><\/div>\n\t<div class=\"jet-woo-category-img-overlay__hover\"><\/div>\n<\/div><\/div>\n\n<div class=\"jet-woo-categories-content\">\n\t<div class=\"jet-woo-category-content__inner\">\n\t\t<h3 class=\"jet-woo-category-title\" ><a href=\"https:\/\/dacarcomercial.com\/fr\/categorias-productos\/masques-de-soudure\/dc-2-2\/\" class=\"jet-woo-category-title__link\" >DC-2<\/a><\/h3>\n<div class=\"jet-woo-category-excerpt\">Le masque \u00e0 souder DC-2 est robuste, compact et convient...<\/div>\t<\/div>\n\n\t<div class=\"jet-woo-category-count__wrap\">\n\t\t\t<\/div>\n<\/div>\t<\/div>\n\n\t<\/div>\n<div class=\"jet-woo-categories__item \">\n\t<div class=\"jet-woo-categories__inner-box\"  >\n\t\t\n<div class=\"jet-woo-categories-thumbnail__wrap\">\n\t\n<div class=\"jet-woo-category-thumbnail\">\n\t<a href=\"https:\/\/dacarcomercial.com\/fr\/categorias-productos\/masques-a-souder-avec-casques\/dc-2-330-avec-casque-caretas-de-soldar-con-casco-de-obra\/\"  rel=\"bookmark\">\n\t\t<img decoding=\"async\" width=\"150\" height=\"150\" src=\"https:\/\/dacarcomercial.com\/wp-content\/uploads\/2024\/02\/careta-de-soldar-DC-2-330-11-con-casco-Radius-150x150.png\" class=\"attachment-thumbnail size-thumbnail\" alt=\"careta de soldar DC-2 330 11 con casco Radius\" loading=\"eager\" title=\"\">\t<\/a>\n\t<div class=\"jet-woo-category-img-overlay\"><\/div>\n\t<div class=\"jet-woo-category-img-overlay__hover\"><\/div>\n<\/div><\/div>\n\n<div class=\"jet-woo-categories-content\">\n\t<div class=\"jet-woo-category-content__inner\">\n\t\t<h3 class=\"jet-woo-category-title\" ><a href=\"https:\/\/dacarcomercial.com\/fr\/categorias-productos\/masques-a-souder-avec-casques\/dc-2-330-avec-casque-caretas-de-soldar-con-casco-de-obra\/\" class=\"jet-woo-category-title__link\" >DC-2 330 avec casque<\/a><\/h3>\n<div class=\"jet-woo-category-excerpt\">Masque \u00e0 souder DC-2 330 11 avec casque Radius<\/div>\t<\/div>\n\n\t<div class=\"jet-woo-category-count__wrap\">\n\t\t\t<\/div>\n<\/div>\t<\/div>\n\n\t<\/div>\n<div class=\"jet-woo-categories__item \">\n\t<div class=\"jet-woo-categories__inner-box\"  >\n\t\t\n<div class=\"jet-woo-categories-thumbnail__wrap\">\n\t\n<div class=\"jet-woo-category-thumbnail\">\n\t<a href=\"https:\/\/dacarcomercial.com\/fr\/categorias-productos\/masques-de-soudure\/dc-3\/\"  rel=\"bookmark\">\n\t\t<img decoding=\"async\" width=\"150\" height=\"150\" src=\"https:\/\/dacarcomercial.com\/wp-content\/uploads\/2021\/05\/dc-3-categoria-150x150.jpg\" class=\"attachment-thumbnail size-thumbnail\" alt=\"\" loading=\"eager\" title=\"\">\t<\/a>\n\t<div class=\"jet-woo-category-img-overlay\"><\/div>\n\t<div class=\"jet-woo-category-img-overlay__hover\"><\/div>\n<\/div><\/div>\n\n<div class=\"jet-woo-categories-content\">\n\t<div class=\"jet-woo-category-content__inner\">\n\t\t<h3 class=\"jet-woo-category-title\" ><a href=\"https:\/\/dacarcomercial.com\/fr\/categorias-productos\/masques-de-soudure\/dc-3\/\" class=\"jet-woo-category-title__link\" >DC-3<\/a><\/h3>\n<div class=\"jet-woo-category-excerpt\">Le masque \u00e0 souder DC-3 est parfait pour combiner soudage...<\/div>\t<\/div>\n\n\t<div class=\"jet-woo-category-count__wrap\">\n\t\t\t<\/div>\n<\/div>\t<\/div>\n\n\t<\/div>\n<div class=\"jet-woo-categories__item \">\n\t<div class=\"jet-woo-categories__inner-box\"  >\n\t\t\n<div class=\"jet-woo-categories-thumbnail__wrap\">\n\t\n<div class=\"jet-woo-category-thumbnail\">\n\t<a href=\"https:\/\/dacarcomercial.com\/fr\/categorias-productos\/masques-de-soudure\/dc-4-2\/\"  rel=\"bookmark\">\n\t\t<img decoding=\"async\" width=\"150\" height=\"150\" src=\"https:\/\/dacarcomercial.com\/wp-content\/uploads\/2025\/10\/dc4-150x150.webp\" class=\"attachment-thumbnail size-thumbnail\" alt=\"\" loading=\"eager\" title=\"\">\t<\/a>\n\t<div class=\"jet-woo-category-img-overlay\"><\/div>\n\t<div class=\"jet-woo-category-img-overlay__hover\"><\/div>\n<\/div><\/div>\n\n<div class=\"jet-woo-categories-content\">\n\t<div class=\"jet-woo-category-content__inner\">\n\t\t<h3 class=\"jet-woo-category-title\" ><a href=\"https:\/\/dacarcomercial.com\/fr\/categorias-productos\/masques-de-soudure\/dc-4-2\/\" class=\"jet-woo-category-title__link\" >DC-4<\/a><\/h3>\n<div class=\"jet-woo-category-excerpt\">Masque \u00e0 souder DC-4. Avec une fen\u00eatre de 133 x...<\/div>\t<\/div>\n\n\t<div class=\"jet-woo-category-count__wrap\">\n\t\t\t<\/div>\n<\/div>\t<\/div>\n\n\t<\/div>\n<div class=\"jet-woo-categories__item \">\n\t<div class=\"jet-woo-categories__inner-box\"  >\n\t\t\n<div class=\"jet-woo-categories-thumbnail__wrap\">\n\t\n<div class=\"jet-woo-category-thumbnail\">\n\t<a href=\"https:\/\/dacarcomercial.com\/fr\/categorias-productos\/masques-a-souder-avec-casques\/dc1-filter-electro-optique\/\"  rel=\"bookmark\">\n\t\t<img decoding=\"async\" width=\"150\" height=\"150\" src=\"https:\/\/dacarcomercial.com\/wp-content\/uploads\/dc1-filtro-electronico-150x150.jpg\" class=\"attachment-thumbnail size-thumbnail\" alt=\"\" loading=\"eager\" title=\"\">\t<\/a>\n\t<div class=\"jet-woo-category-img-overlay\"><\/div>\n\t<div class=\"jet-woo-category-img-overlay__hover\"><\/div>\n<\/div><\/div>\n\n<div class=\"jet-woo-categories-content\">\n\t<div class=\"jet-woo-category-content__inner\">\n\t\t<h3 class=\"jet-woo-category-title\" ><a href=\"https:\/\/dacarcomercial.com\/fr\/categorias-productos\/masques-a-souder-avec-casques\/dc1-filter-electro-optique\/\" class=\"jet-woo-category-title__link\" >DC1 + filtre \u00e9lectro-optique<\/a><\/h3>\n<div class=\"jet-woo-category-excerpt\">Masque \u00e0 souder DC-1 avec filtre \u00e9lectronique et casque de...<\/div>\t<\/div>\n\n\t<div class=\"jet-woo-category-count__wrap\">\n\t\t\t<\/div>\n<\/div>\t<\/div>\n\n\t<\/div>\n<div class=\"jet-woo-categories__item \">\n\t<div class=\"jet-woo-categories__inner-box\"  >\n\t\t\n<div class=\"jet-woo-categories-thumbnail__wrap\">\n\t\n<div class=\"jet-woo-category-thumbnail\">\n\t<a href=\"https:\/\/dacarcomercial.com\/fr\/categorias-productos\/masques-a-souder-avec-casques\/dc1-verre-passif\/\"  rel=\"bookmark\">\n\t\t<img decoding=\"async\" width=\"150\" height=\"150\" src=\"https:\/\/dacarcomercial.com\/wp-content\/uploads\/dc1-cristal-inactinico-150x150.jpg\" class=\"attachment-thumbnail size-thumbnail\" alt=\"\" loading=\"eager\" title=\"\">\t<\/a>\n\t<div class=\"jet-woo-category-img-overlay\"><\/div>\n\t<div class=\"jet-woo-category-img-overlay__hover\"><\/div>\n<\/div><\/div>\n\n<div class=\"jet-woo-categories-content\">\n\t<div class=\"jet-woo-category-content__inner\">\n\t\t<h3 class=\"jet-woo-category-title\" ><a href=\"https:\/\/dacarcomercial.com\/fr\/categorias-productos\/masques-a-souder-avec-casques\/dc1-verre-passif\/\" class=\"jet-woo-category-title__link\" >DC1 + verre passif<\/a><\/h3>\n<div class=\"jet-woo-category-excerpt\">Masque \u00e0 souder DC-1 avec verre inactinique et casque de...<\/div>\t<\/div>\n\n\t<div class=\"jet-woo-category-count__wrap\">\n\t\t\t<\/div>\n<\/div>\t<\/div>\n\n\t<\/div>\n<div class=\"jet-woo-categories__item \">\n\t<div class=\"jet-woo-categories__inner-box\"  >\n\t\t\n<div class=\"jet-woo-categories-thumbnail__wrap\">\n\t\n<div class=\"jet-woo-category-thumbnail\">\n\t<a href=\"https:\/\/dacarcomercial.com\/fr\/categorias-productos\/masques-a-souder-avec-casques\/dc2-filter-electronique\/\"  rel=\"bookmark\">\n\t\t<img decoding=\"async\" width=\"150\" height=\"150\" src=\"https:\/\/dacarcomercial.com\/wp-content\/uploads\/dc2-filtro-electronico-150x150.jpg\" class=\"attachment-thumbnail size-thumbnail\" alt=\"\" loading=\"eager\" title=\"\">\t<\/a>\n\t<div class=\"jet-woo-category-img-overlay\"><\/div>\n\t<div class=\"jet-woo-category-img-overlay__hover\"><\/div>\n<\/div><\/div>\n\n<div class=\"jet-woo-categories-content\">\n\t<div class=\"jet-woo-category-content__inner\">\n\t\t<h3 class=\"jet-woo-category-title\" ><a href=\"https:\/\/dacarcomercial.com\/fr\/categorias-productos\/masques-a-souder-avec-casques\/dc2-filter-electronique\/\" class=\"jet-woo-category-title__link\" >DC2 + filtre \u00e9lectronique<\/a><\/h3>\n<div class=\"jet-woo-category-excerpt\">Masque \u00e0 souder DC-3 avec verre inactinique et casque de...<\/div>\t<\/div>\n\n\t<div class=\"jet-woo-category-count__wrap\">\n\t\t\t<\/div>\n<\/div>\t<\/div>\n\n\t<\/div>\n<div class=\"jet-woo-categories__item \">\n\t<div class=\"jet-woo-categories__inner-box\"  >\n\t\t\n<div class=\"jet-woo-categories-thumbnail__wrap\">\n\t\n<div class=\"jet-woo-category-thumbnail\">\n\t<a href=\"https:\/\/dacarcomercial.com\/fr\/categorias-productos\/masques-a-souder-avec-casques\/dc2-verre-passif\/\"  rel=\"bookmark\">\n\t\t<img decoding=\"async\" width=\"150\" height=\"150\" src=\"https:\/\/dacarcomercial.com\/wp-content\/uploads\/dc2-cristal-inactinico-150x150.jpg\" class=\"attachment-thumbnail size-thumbnail\" alt=\"\" loading=\"eager\" title=\"\">\t<\/a>\n\t<div class=\"jet-woo-category-img-overlay\"><\/div>\n\t<div class=\"jet-woo-category-img-overlay__hover\"><\/div>\n<\/div><\/div>\n\n<div class=\"jet-woo-categories-content\">\n\t<div class=\"jet-woo-category-content__inner\">\n\t\t<h3 class=\"jet-woo-category-title\" ><a href=\"https:\/\/dacarcomercial.com\/fr\/categorias-productos\/masques-a-souder-avec-casques\/dc2-verre-passif\/\" class=\"jet-woo-category-title__link\" >DC2 + verre passif<\/a><\/h3>\n<div class=\"jet-woo-category-excerpt\">Masque \u00e0 souder DC-2 FLIP avec un verre inactinique dans...<\/div>\t<\/div>\n\n\t<div class=\"jet-woo-category-count__wrap\">\n\t\t\t<\/div>\n<\/div>\t<\/div>\n\n\t<\/div>\n<div class=\"jet-woo-categories__item \">\n\t<div class=\"jet-woo-categories__inner-box\"  >\n\t\t\n<div class=\"jet-woo-categories-thumbnail__wrap\">\n\t\n<div class=\"jet-woo-category-thumbnail\">\n\t<a href=\"https:\/\/dacarcomercial.com\/fr\/categorias-productos\/protection-respiratoire\/sts-shigematsu-2\/demi-masques\/\"  rel=\"bookmark\">\n\t\t<img decoding=\"async\" width=\"150\" height=\"150\" src=\"https:\/\/dacarcomercial.com\/wp-content\/uploads\/images\/shigematsu-media-mascara-rs01s-150x150.jpg\" class=\"attachment-thumbnail size-thumbnail\" alt=\"Media m\u00e1scara RS01S\" loading=\"eager\" title=\"\">\t<\/a>\n\t<div class=\"jet-woo-category-img-overlay\"><\/div>\n\t<div class=\"jet-woo-category-img-overlay__hover\"><\/div>\n<\/div><\/div>\n\n<div class=\"jet-woo-categories-content\">\n\t<div class=\"jet-woo-category-content__inner\">\n\t\t<h3 class=\"jet-woo-category-title\" ><a href=\"https:\/\/dacarcomercial.com\/fr\/categorias-productos\/protection-respiratoire\/sts-shigematsu-2\/demi-masques\/\" class=\"jet-woo-category-title__link\" >Demi-masques<\/a><\/h3>\n<div class=\"jet-woo-category-excerpt\">Les demi-masques Shigematsu offrent confort et s\u00e9curit\u00e9 \u00e0 l'op\u00e9rateur. Ils...<\/div>\t<\/div>\n\n\t<div class=\"jet-woo-category-count__wrap\">\n\t\t\t<\/div>\n<\/div>\t<\/div>\n\n\t<\/div>\n<div class=\"jet-woo-categories__item \">\n\t<div class=\"jet-woo-categories__inner-box\"  >\n\t\t\n<div class=\"jet-woo-categories-thumbnail__wrap\">\n\t\n<div class=\"jet-woo-category-thumbnail\">\n\t<a href=\"https:\/\/dacarcomercial.com\/fr\/categorias-productos\/protection-faciale\/ecrans-pare-visage-dc-guard\/ecrans-et-rechanges\/\"  rel=\"bookmark\">\n\t\t<img decoding=\"async\" width=\"150\" height=\"150\" src=\"https:\/\/dacarcomercial.com\/wp-content\/uploads\/2024\/05\/Visores-y-recambios-DC-Guard-150x150.png\" class=\"attachment-thumbnail size-thumbnail\" alt=\"Visores y recambios DC-Guard\" loading=\"eager\" title=\"\">\t<\/a>\n\t<div class=\"jet-woo-category-img-overlay\"><\/div>\n\t<div class=\"jet-woo-category-img-overlay__hover\"><\/div>\n<\/div><\/div>\n\n<div class=\"jet-woo-categories-content\">\n\t<div class=\"jet-woo-category-content__inner\">\n\t\t<h3 class=\"jet-woo-category-title\" ><a href=\"https:\/\/dacarcomercial.com\/fr\/categorias-productos\/protection-faciale\/ecrans-pare-visage-dc-guard\/ecrans-et-rechanges\/\" class=\"jet-woo-category-title__link\" >\u00c9crans et rechanges<\/a><\/h3>\n<div class=\"jet-woo-category-excerpt\">Visi\u00e8res et pi\u00e8ces de rechange pour l'\u00e9cran facial DC-Guard<\/div>\t<\/div>\n\n\t<div class=\"jet-woo-category-count__wrap\">\n\t\t\t<\/div>\n<\/div>\t<\/div>\n\n\t<\/div>\n<div class=\"jet-woo-categories__item \">\n\t<div class=\"jet-woo-categories__inner-box\"  >\n\t\t\n<div class=\"jet-woo-categories-thumbnail__wrap\">\n\t\n<div class=\"jet-woo-category-thumbnail\">\n\t<a href=\"https:\/\/dacarcomercial.com\/fr\/categorias-productos\/rideaux-lames-ecrans\/ecrans-mobiles\/\"  rel=\"bookmark\">\n\t\t<img decoding=\"async\" width=\"150\" height=\"150\" src=\"https:\/\/dacarcomercial.com\/wp-content\/uploads\/separadores-moviles-150x150.jpg\" class=\"attachment-thumbnail size-thumbnail\" alt=\"\" loading=\"eager\" title=\"\">\t<\/a>\n\t<div class=\"jet-woo-category-img-overlay\"><\/div>\n\t<div class=\"jet-woo-category-img-overlay__hover\"><\/div>\n<\/div><\/div>\n\n<div class=\"jet-woo-categories-content\">\n\t<div class=\"jet-woo-category-content__inner\">\n\t\t<h3 class=\"jet-woo-category-title\" ><a href=\"https:\/\/dacarcomercial.com\/fr\/categorias-productos\/rideaux-lames-ecrans\/ecrans-mobiles\/\" class=\"jet-woo-category-title__link\" >\u00c9crans mobiles<\/a><\/h3>\n<div class=\"jet-woo-category-excerpt\">L\u00e9gers, stables et faciles \u00e0 assembler, les s\u00e9parateurs mobiles constituent...<\/div>\t<\/div>\n\n\t<div class=\"jet-woo-category-count__wrap\">\n\t\t\t<\/div>\n<\/div>\t<\/div>\n\n\t<\/div>\n<div class=\"jet-woo-categories__item \">\n\t<div class=\"jet-woo-categories__inner-box\"  >\n\t\t\n<div class=\"jet-woo-categories-thumbnail__wrap\">\n\t\n<div class=\"jet-woo-category-thumbnail\">\n\t<a href=\"https:\/\/dacarcomercial.com\/fr\/categorias-productos\/protection-faciale\/ecrans-pare-visage-dc-guard\/\"  rel=\"bookmark\">\n\t\t<img decoding=\"async\" width=\"150\" height=\"150\" src=\"https:\/\/dacarcomercial.com\/wp-content\/uploads\/2024\/05\/PROTECCION-FACIAL-1-150x150.png\" class=\"attachment-thumbnail size-thumbnail\" alt=\"PROTECCI\u00d3N FACIAL\" loading=\"eager\" title=\"\">\t<\/a>\n\t<div class=\"jet-woo-category-img-overlay\"><\/div>\n\t<div class=\"jet-woo-category-img-overlay__hover\"><\/div>\n<\/div><\/div>\n\n<div class=\"jet-woo-categories-content\">\n\t<div class=\"jet-woo-category-content__inner\">\n\t\t<h3 class=\"jet-woo-category-title\" ><a href=\"https:\/\/dacarcomercial.com\/fr\/categorias-productos\/protection-faciale\/ecrans-pare-visage-dc-guard\/\" class=\"jet-woo-category-title__link\" >\u00c9crans pare visage DC-Guard<\/a><\/h3>\n<div class=\"jet-woo-category-excerpt\">Les \u00e9crans pare visage DC-Guard offrent un confort maximal \u00e0...<\/div>\t<\/div>\n\n\t<div class=\"jet-woo-category-count__wrap\">\n\t\t\t<\/div>\n<\/div>\t<\/div>\n\n\t<\/div>\n<div class=\"jet-woo-categories__item \">\n\t<div class=\"jet-woo-categories__inner-box\"  >\n\t\t\n<div class=\"jet-woo-categories-thumbnail__wrap\">\n\t\n<div class=\"jet-woo-category-thumbnail\">\n\t<a href=\"https:\/\/dacarcomercial.com\/fr\/categorias-productos\/ecrans-protecteurs-de-filtre\/\"  rel=\"bookmark\">\n\t\t<img decoding=\"async\" width=\"150\" height=\"150\" src=\"https:\/\/dacarcomercial.com\/wp-content\/uploads\/2021\/06\/POLICARBONATOS-CATEGORIAS-WEB-150x150.jpg\" class=\"attachment-thumbnail size-thumbnail\" alt=\"cubrefiltro\" loading=\"eager\" title=\"\">\t<\/a>\n\t<div class=\"jet-woo-category-img-overlay\"><\/div>\n\t<div class=\"jet-woo-category-img-overlay__hover\"><\/div>\n<\/div><\/div>\n\n<div class=\"jet-woo-categories-content\">\n\t<div class=\"jet-woo-category-content__inner\">\n\t\t<h3 class=\"jet-woo-category-title\" ><a href=\"https:\/\/dacarcomercial.com\/fr\/categorias-productos\/ecrans-protecteurs-de-filtre\/\" class=\"jet-woo-category-title__link\" >\u00c9CRANS PROTECTEURS DE FILTRE<\/a><\/h3>\n<div class=\"jet-woo-category-excerpt\">\u00c9crans de protection en polycarbonate anti-impacts pour la protection des...<\/div>\t<\/div>\n\n\t<div class=\"jet-woo-category-count__wrap\">\n\t\t\t<\/div>\n<\/div>\t<\/div>\n\n\t<\/div>\n<div class=\"jet-woo-categories__item \">\n\t<div class=\"jet-woo-categories__inner-box\"  >\n\t\t\n<div class=\"jet-woo-categories-thumbnail__wrap\">\n\t\n<div class=\"jet-woo-category-thumbnail\">\n\t<a href=\"https:\/\/dacarcomercial.com\/fr\/categorias-productos\/masques-de-soudage-avec-apport-dair\/cleanair-2\/equipements-a-adduction-d-air-pressure\/\"  rel=\"bookmark\">\n\t\t<img decoding=\"async\" width=\"150\" height=\"150\" src=\"https:\/\/dacarcomercial.com\/wp-content\/uploads\/equipos-semiautonomos-pressure-150x150.jpg\" class=\"attachment-thumbnail size-thumbnail\" alt=\"\" loading=\"eager\" title=\"\">\t<\/a>\n\t<div class=\"jet-woo-category-img-overlay\"><\/div>\n\t<div class=\"jet-woo-category-img-overlay__hover\"><\/div>\n<\/div><\/div>\n\n<div class=\"jet-woo-categories-content\">\n\t<div class=\"jet-woo-category-content__inner\">\n\t\t<h3 class=\"jet-woo-category-title\" ><a href=\"https:\/\/dacarcomercial.com\/fr\/categorias-productos\/masques-de-soudage-avec-apport-dair\/cleanair-2\/equipements-a-adduction-d-air-pressure\/\" class=\"jet-woo-category-title__link\" >\u00c9quipements \u00e0 adduction d\u00b4air Pressure<\/a><\/h3>\n<div class=\"jet-woo-category-excerpt\">Les \u00e9quipements \u00e0 adduction d\u00b4air Pressure de CleanAIR cr\u00e9ent un...<\/div>\t<\/div>\n\n\t<div class=\"jet-woo-category-count__wrap\">\n\t\t\t<\/div>\n<\/div>\t<\/div>\n\n\t<\/div>\n<div class=\"jet-woo-categories__item \">\n\t<div class=\"jet-woo-categories__inner-box\"  >\n\t\t\n<div class=\"jet-woo-categories-thumbnail__wrap\">\n\t\n<div class=\"jet-woo-category-thumbnail\">\n\t<a href=\"https:\/\/dacarcomercial.com\/fr\/categorias-productos\/protection-faciale\/ecrans-pare-visage-dc-guard\/equipements-complets\/\"  rel=\"bookmark\">\n\t\t<img decoding=\"async\" width=\"150\" height=\"150\" src=\"https:\/\/dacarcomercial.com\/wp-content\/uploads\/2022\/03\/Diseno-sin-titulo-26-min-150x150.png\" class=\"attachment-thumbnail size-thumbnail\" alt=\"pantallas faciales\" loading=\"eager\" title=\"\">\t<\/a>\n\t<div class=\"jet-woo-category-img-overlay\"><\/div>\n\t<div class=\"jet-woo-category-img-overlay__hover\"><\/div>\n<\/div><\/div>\n\n<div class=\"jet-woo-categories-content\">\n\t<div class=\"jet-woo-category-content__inner\">\n\t\t<h3 class=\"jet-woo-category-title\" ><a href=\"https:\/\/dacarcomercial.com\/fr\/categorias-productos\/protection-faciale\/ecrans-pare-visage-dc-guard\/equipements-complets\/\" class=\"jet-woo-category-title__link\" >\u00c9quipements complets<\/a><\/h3>\n<div class=\"jet-woo-category-excerpt\">Diff\u00e9rents mod\u00e8les d'\u00e9quipements complets DC-Guard avec ou sans mentonni\u00e8re, visi\u00e8res...<\/div>\t<\/div>\n\n\t<div class=\"jet-woo-category-count__wrap\">\n\t\t\t<\/div>\n<\/div>\t<\/div>\n\n\t<\/div>\n<div class=\"jet-woo-categories__item \">\n\t<div class=\"jet-woo-categories__inner-box\"  >\n\t\t\n<div class=\"jet-woo-categories-thumbnail__wrap\">\n\t\n<div class=\"jet-woo-category-thumbnail\">\n\t<a href=\"https:\/\/dacarcomercial.com\/fr\/categorias-productos\/protection-respiratoire\/equipements-de-protection-pour-le-sablage\/\"  rel=\"bookmark\">\n\t\t<img decoding=\"async\" width=\"150\" height=\"150\" src=\"https:\/\/dacarcomercial.com\/wp-content\/uploads\/2025\/02\/Equipo-completo-Aspect-150x150.png\" class=\"attachment-thumbnail size-thumbnail\" alt=\"Equipo completo Aspect\" loading=\"eager\" title=\"\">\t<\/a>\n\t<div class=\"jet-woo-category-img-overlay\"><\/div>\n\t<div class=\"jet-woo-category-img-overlay__hover\"><\/div>\n<\/div><\/div>\n\n<div class=\"jet-woo-categories-content\">\n\t<div class=\"jet-woo-category-content__inner\">\n\t\t<h3 class=\"jet-woo-category-title\" ><a href=\"https:\/\/dacarcomercial.com\/fr\/categorias-productos\/protection-respiratoire\/equipements-de-protection-pour-le-sablage\/\" class=\"jet-woo-category-title__link\" >\u00c9quipements de protection pour le sablage<\/a><\/h3>\t<\/div>\n\n\t<div class=\"jet-woo-category-count__wrap\">\n\t\t\t<\/div>\n<\/div>\t<\/div>\n\n\t<\/div>\n<div class=\"jet-woo-categories__item \">\n\t<div class=\"jet-woo-categories__inner-box\"  >\n\t\t\n<div class=\"jet-woo-categories-thumbnail__wrap\">\n\t\n<div class=\"jet-woo-category-thumbnail\">\n\t<a href=\"https:\/\/dacarcomercial.com\/fr\/categorias-productos\/masques-de-soudage-avec-apport-dair\/dacair-2\/equipements-respirateurs-motorises-complets\/\"  rel=\"bookmark\">\n\t\t<img decoding=\"async\" width=\"150\" height=\"150\" src=\"https:\/\/dacarcomercial.com\/wp-content\/uploads\/dacair-150x150.jpg\" class=\"attachment-thumbnail size-thumbnail\" alt=\"\" loading=\"eager\" title=\"\">\t<\/a>\n\t<div class=\"jet-woo-category-img-overlay\"><\/div>\n\t<div class=\"jet-woo-category-img-overlay__hover\"><\/div>\n<\/div><\/div>\n\n<div class=\"jet-woo-categories-content\">\n\t<div class=\"jet-woo-category-content__inner\">\n\t\t<h3 class=\"jet-woo-category-title\" ><a href=\"https:\/\/dacarcomercial.com\/fr\/categorias-productos\/masques-de-soudage-avec-apport-dair\/dacair-2\/equipements-respirateurs-motorises-complets\/\" class=\"jet-woo-category-title__link\" >\u00c9quipements respirateurs motoris\u00e9s complets<\/a><\/h3>\n<div class=\"jet-woo-category-excerpt\">Toutes les combinaisons disponibles d'appareils de protection respiratoire \u00e0 ventilation...<\/div>\t<\/div>\n\n\t<div class=\"jet-woo-category-count__wrap\">\n\t\t\t<\/div>\n<\/div>\t<\/div>\n\n\t<\/div>\n<div class=\"jet-woo-categories__item \">\n\t<div class=\"jet-woo-categories__inner-box\"  >\n\t\t\n<div class=\"jet-woo-categories-thumbnail__wrap\">\n\t\n<div class=\"jet-woo-category-thumbnail\">\n\t<a href=\"https:\/\/dacarcomercial.com\/fr\/categorias-productos\/masques-de-soudure\/f1-max-fr\/\"  rel=\"bookmark\">\n\t\t<img decoding=\"async\" width=\"150\" height=\"150\" src=\"https:\/\/dacarcomercial.com\/wp-content\/uploads\/2023\/06\/F1-MAX-para-web-150x150.png\" class=\"attachment-thumbnail size-thumbnail\" alt=\"careta de soldar F1 MAX\" loading=\"eager\" title=\"\">\t<\/a>\n\t<div class=\"jet-woo-category-img-overlay\"><\/div>\n\t<div class=\"jet-woo-category-img-overlay__hover\"><\/div>\n<\/div><\/div>\n\n<div class=\"jet-woo-categories-content\">\n\t<div class=\"jet-woo-category-content__inner\">\n\t\t<h3 class=\"jet-woo-category-title\" ><a href=\"https:\/\/dacarcomercial.com\/fr\/categorias-productos\/masques-de-soudure\/f1-max-fr\/\" class=\"jet-woo-category-title__link\" >F1 MAX<\/a><\/h3>\t<\/div>\n\n\t<div class=\"jet-woo-category-count__wrap\">\n\t\t\t<\/div>\n<\/div>\t<\/div>\n\n\t<\/div>\n<div class=\"jet-woo-categories__item \">\n\t<div class=\"jet-woo-categories__inner-box\"  >\n\t\t\n<div class=\"jet-woo-categories-thumbnail__wrap\">\n\t\n<div class=\"jet-woo-category-thumbnail\">\n\t<a href=\"https:\/\/dacarcomercial.com\/fr\/categorias-productos\/masques-de-soudage-avec-apport-dair\/cleanair-2\/filtres-cleanair\/\"  rel=\"bookmark\">\n\t\t<img decoding=\"async\" width=\"150\" height=\"150\" src=\"https:\/\/dacarcomercial.com\/wp-content\/uploads\/images\/juego-2-filtros-a1prsl-para-cleanair-aergo-150x150.jpg\" class=\"attachment-thumbnail size-thumbnail\" alt=\"\" loading=\"eager\" title=\"\">\t<\/a>\n\t<div class=\"jet-woo-category-img-overlay\"><\/div>\n\t<div class=\"jet-woo-category-img-overlay__hover\"><\/div>\n<\/div><\/div>\n\n<div class=\"jet-woo-categories-content\">\n\t<div class=\"jet-woo-category-content__inner\">\n\t\t<h3 class=\"jet-woo-category-title\" ><a href=\"https:\/\/dacarcomercial.com\/fr\/categorias-productos\/masques-de-soudage-avec-apport-dair\/cleanair-2\/filtres-cleanair\/\" class=\"jet-woo-category-title__link\" >Filtres CleanAir<\/a><\/h3>\n<div class=\"jet-woo-category-excerpt\">Tous les filtres de protection respiratoire pour les \u00e9quipements CleanAIR...<\/div>\t<\/div>\n\n\t<div class=\"jet-woo-category-count__wrap\">\n\t\t\t<\/div>\n<\/div>\t<\/div>\n\n\t<\/div>\n<div class=\"jet-woo-categories__item \">\n\t<div class=\"jet-woo-categories__inner-box\"  >\n\t\t\n<div class=\"jet-woo-categories-thumbnail__wrap\">\n\t\n<div class=\"jet-woo-category-thumbnail\">\n\t<a href=\"https:\/\/dacarcomercial.com\/fr\/categorias-productos\/filtres-electroniques-soudeur\/\"  rel=\"bookmark\">\n\t\t<img decoding=\"async\" width=\"150\" height=\"150\" src=\"https:\/\/dacarcomercial.com\/wp-content\/uploads\/filtros-electronicos-150x150.jpg\" class=\"attachment-thumbnail size-thumbnail\" alt=\"\" loading=\"eager\" title=\"\">\t<\/a>\n\t<div class=\"jet-woo-category-img-overlay\"><\/div>\n\t<div class=\"jet-woo-category-img-overlay__hover\"><\/div>\n<\/div><\/div>\n\n<div class=\"jet-woo-categories-content\">\n\t<div class=\"jet-woo-category-content__inner\">\n\t\t<h3 class=\"jet-woo-category-title\" ><a href=\"https:\/\/dacarcomercial.com\/fr\/categorias-productos\/filtres-electroniques-soudeur\/\" class=\"jet-woo-category-title__link\" >FILTRES \u00c9LECTRONIQUES SOUDEUR<\/a><\/h3>\n<div class=\"jet-woo-category-excerpt\">Une large gamme de filtres \u00e9lectronique pour le soudage. Depuis...<\/div>\t<\/div>\n\n\t<div class=\"jet-woo-category-count__wrap\">\n\t\t\t<\/div>\n<\/div>\t<\/div>\n\n\t<\/div>\n<div class=\"jet-woo-categories__item \">\n\t<div class=\"jet-woo-categories__inner-box\"  >\n\t\t\n<div class=\"jet-woo-categories-thumbnail__wrap\">\n\t\n<div class=\"jet-woo-category-thumbnail\">\n\t<a href=\"https:\/\/dacarcomercial.com\/fr\/categorias-productos\/protection-respiratoire\/sts-shigematsu-2\/filtres-serie-ca-pour-masques-et-demi-masques\/\"  rel=\"bookmark\">\n\t\t<img decoding=\"async\" width=\"150\" height=\"150\" src=\"https:\/\/dacarcomercial.com\/wp-content\/uploads\/filtro-shigematsu-serie-ca-ax-150x150.jpg\" class=\"attachment-thumbnail size-thumbnail\" alt=\"\" loading=\"eager\" title=\"\">\t<\/a>\n\t<div class=\"jet-woo-category-img-overlay\"><\/div>\n\t<div class=\"jet-woo-category-img-overlay__hover\"><\/div>\n<\/div><\/div>\n\n<div class=\"jet-woo-categories-content\">\n\t<div class=\"jet-woo-category-content__inner\">\n\t\t<h3 class=\"jet-woo-category-title\" ><a href=\"https:\/\/dacarcomercial.com\/fr\/categorias-productos\/protection-respiratoire\/sts-shigematsu-2\/filtres-serie-ca-pour-masques-et-demi-masques\/\" class=\"jet-woo-category-title__link\" >Filtres s\u00e9rie CA pour masques et demi-masques<\/a><\/h3>\t<\/div>\n\n\t<div class=\"jet-woo-category-count__wrap\">\n\t\t\t<\/div>\n<\/div>\t<\/div>\n\n\t<\/div>\n<div class=\"jet-woo-categories__item \">\n\t<div class=\"jet-woo-categories__inner-box\"  >\n\t\t\n<div class=\"jet-woo-categories-thumbnail__wrap\">\n\t\n<div class=\"jet-woo-category-thumbnail\">\n\t<a href=\"https:\/\/dacarcomercial.com\/fr\/categorias-productos\/protection-respiratoire\/sts-shigematsu-2\/filtres-serie-v-pour-demi-masque-et-masque-motorises-synchro\/\"  rel=\"bookmark\">\n\t\t<img decoding=\"async\" width=\"150\" height=\"150\" src=\"https:\/\/dacarcomercial.com\/wp-content\/uploads\/V-A1P3-150x150.jpg\" class=\"attachment-thumbnail size-thumbnail\" alt=\"\" loading=\"eager\" title=\"\">\t<\/a>\n\t<div class=\"jet-woo-category-img-overlay\"><\/div>\n\t<div class=\"jet-woo-category-img-overlay__hover\"><\/div>\n<\/div><\/div>\n\n<div class=\"jet-woo-categories-content\">\n\t<div class=\"jet-woo-category-content__inner\">\n\t\t<h3 class=\"jet-woo-category-title\" ><a href=\"https:\/\/dacarcomercial.com\/fr\/categorias-productos\/protection-respiratoire\/sts-shigematsu-2\/filtres-serie-v-pour-demi-masque-et-masque-motorises-synchro\/\" class=\"jet-woo-category-title__link\" >Filtres s\u00e9rie V pour demi-masque et masque motoris\u00e9s Synchro<\/a><\/h3>\t<\/div>\n\n\t<div class=\"jet-woo-category-count__wrap\">\n\t\t\t<\/div>\n<\/div>\t<\/div>\n\n\t<\/div>\n<div class=\"jet-woo-categories__item \">\n\t<div class=\"jet-woo-categories__inner-box\"  >\n\t\t\n<div class=\"jet-woo-categories-thumbnail__wrap\">\n\t\n<div class=\"jet-woo-category-thumbnail\">\n\t<a href=\"https:\/\/dacarcomercial.com\/fr\/categorias-productos\/vetements-de-protection\/soudeur\/gants\/\"  rel=\"bookmark\">\n\t\t<img decoding=\"async\" width=\"150\" height=\"150\" src=\"https:\/\/dacarcomercial.com\/wp-content\/uploads\/2022\/03\/Diseno-sin-titulo-13-min-150x150.png\" class=\"attachment-thumbnail size-thumbnail\" alt=\"Guantes de soldar\" loading=\"eager\" title=\"\">\t<\/a>\n\t<div class=\"jet-woo-category-img-overlay\"><\/div>\n\t<div class=\"jet-woo-category-img-overlay__hover\"><\/div>\n<\/div><\/div>\n\n<div class=\"jet-woo-categories-content\">\n\t<div class=\"jet-woo-category-content__inner\">\n\t\t<h3 class=\"jet-woo-category-title\" ><a href=\"https:\/\/dacarcomercial.com\/fr\/categorias-productos\/vetements-de-protection\/soudeur\/gants\/\" class=\"jet-woo-category-title__link\" >Gants<\/a><\/h3>\n<div class=\"jet-woo-category-excerpt\">Gants de soudage<\/div>\t<\/div>\n\n\t<div class=\"jet-woo-category-count__wrap\">\n\t\t\t<\/div>\n<\/div>\t<\/div>\n\n\t<\/div>\n<div class=\"jet-woo-categories__item \">\n\t<div class=\"jet-woo-categories__inner-box\"  >\n\t\t\n<div class=\"jet-woo-categories-thumbnail__wrap\">\n\t\n<div class=\"jet-woo-category-thumbnail\">\n\t<a href=\"https:\/\/dacarcomercial.com\/fr\/categorias-productos\/genouilleres-coussins\/\"  rel=\"bookmark\">\n\t\t<img decoding=\"async\" width=\"150\" height=\"150\" src=\"https:\/\/dacarcomercial.com\/wp-content\/uploads\/rodilleras-almohadillas-150x150.jpg\" class=\"attachment-thumbnail size-thumbnail\" alt=\"\" loading=\"eager\" title=\"\">\t<\/a>\n\t<div class=\"jet-woo-category-img-overlay\"><\/div>\n\t<div class=\"jet-woo-category-img-overlay__hover\"><\/div>\n<\/div><\/div>\n\n<div class=\"jet-woo-categories-content\">\n\t<div class=\"jet-woo-category-content__inner\">\n\t\t<h3 class=\"jet-woo-category-title\" ><a href=\"https:\/\/dacarcomercial.com\/fr\/categorias-productos\/genouilleres-coussins\/\" class=\"jet-woo-category-title__link\" >GENOUILL\u00c8RES \/ COUSSIN<\/a><\/h3>\n<div class=\"jet-woo-category-excerpt\">Genouill\u00e8res certifi\u00e9es pour un usage professionnel et de loisirs. Diff\u00e9rents...<\/div>\t<\/div>\n\n\t<div class=\"jet-woo-category-count__wrap\">\n\t\t\t<\/div>\n<\/div>\t<\/div>\n\n\t<\/div>\n<div class=\"jet-woo-categories__item \">\n\t<div class=\"jet-woo-categories__inner-box\"  >\n\t\t\n<div class=\"jet-woo-categories-thumbnail__wrap\">\n\t\n<div class=\"jet-woo-category-thumbnail\">\n\t<a href=\"https:\/\/dacarcomercial.com\/fr\/categorias-productos\/masques-de-soudure\/grand-2\/\"  rel=\"bookmark\">\n\t\t<img decoding=\"async\" width=\"150\" height=\"150\" src=\"https:\/\/dacarcomercial.com\/wp-content\/uploads\/grand-150x150.jpg\" class=\"attachment-thumbnail size-thumbnail\" alt=\"\" loading=\"eager\" title=\"\">\t<\/a>\n\t<div class=\"jet-woo-category-img-overlay\"><\/div>\n\t<div class=\"jet-woo-category-img-overlay__hover\"><\/div>\n<\/div><\/div>\n\n<div class=\"jet-woo-categories-content\">\n\t<div class=\"jet-woo-category-content__inner\">\n\t\t<h3 class=\"jet-woo-category-title\" ><a href=\"https:\/\/dacarcomercial.com\/fr\/categorias-productos\/masques-de-soudure\/grand-2\/\" class=\"jet-woo-category-title__link\" >Grand<\/a><\/h3>\n<div class=\"jet-woo-category-excerpt\">Grand masque \u00e0 souder. Avec une fen\u00eatre de 133 x...<\/div>\t<\/div>\n\n\t<div class=\"jet-woo-category-count__wrap\">\n\t\t\t<\/div>\n<\/div>\t<\/div>\n\n\t<\/div>\n<div class=\"jet-woo-categories__item \">\n\t<div class=\"jet-woo-categories__inner-box\"  >\n\t\t\n<div class=\"jet-woo-categories-thumbnail__wrap\">\n\t\n<div class=\"jet-woo-category-thumbnail\">\n\t<a href=\"https:\/\/dacarcomercial.com\/fr\/categorias-productos\/risques-electriques\/kits-complets-4300c\/\"  rel=\"bookmark\">\n\t\t<img decoding=\"async\" width=\"150\" height=\"150\" src=\"https:\/\/dacarcomercial.com\/wp-content\/uploads\/kits-completos-4300c-150x150.jpg\" class=\"attachment-thumbnail size-thumbnail\" alt=\"\" loading=\"eager\" title=\"\">\t<\/a>\n\t<div class=\"jet-woo-category-img-overlay\"><\/div>\n\t<div class=\"jet-woo-category-img-overlay__hover\"><\/div>\n<\/div><\/div>\n\n<div class=\"jet-woo-categories-content\">\n\t<div class=\"jet-woo-category-content__inner\">\n\t\t<h3 class=\"jet-woo-category-title\" ><a href=\"https:\/\/dacarcomercial.com\/fr\/categorias-productos\/risques-electriques\/kits-complets-4300c\/\" class=\"jet-woo-category-title__link\" >Kits complets 4300C<\/a><\/h3>\t<\/div>\n\n\t<div class=\"jet-woo-category-count__wrap\">\n\t\t\t<\/div>\n<\/div>\t<\/div>\n\n\t<\/div>\n<div class=\"jet-woo-categories__item \">\n\t<div class=\"jet-woo-categories__inner-box\"  >\n\t\t\n<div class=\"jet-woo-categories-thumbnail__wrap\">\n\t\n<div class=\"jet-woo-category-thumbnail\">\n\t<a href=\"https:\/\/dacarcomercial.com\/fr\/categorias-productos\/lampes-frontales-et-lampes-led\/\"  rel=\"bookmark\">\n\t\t<img decoding=\"async\" width=\"150\" height=\"150\" src=\"https:\/\/dacarcomercial.com\/wp-content\/uploads\/linternas-led-150x150.jpg\" class=\"attachment-thumbnail size-thumbnail\" alt=\"\" loading=\"eager\" title=\"\">\t<\/a>\n\t<div class=\"jet-woo-category-img-overlay\"><\/div>\n\t<div class=\"jet-woo-category-img-overlay__hover\"><\/div>\n<\/div><\/div>\n\n<div class=\"jet-woo-categories-content\">\n\t<div class=\"jet-woo-category-content__inner\">\n\t\t<h3 class=\"jet-woo-category-title\" ><a href=\"https:\/\/dacarcomercial.com\/fr\/categorias-productos\/lampes-frontales-et-lampes-led\/\" class=\"jet-woo-category-title__link\" >LAMPES FRONTALES ET LAMPES LED<\/a><\/h3>\n<div class=\"jet-woo-category-excerpt\">Lampes frontales et lampes LED professionnelles pour l\u2019industrie et les...<\/div>\t<\/div>\n\n\t<div class=\"jet-woo-category-count__wrap\">\n\t\t\t<\/div>\n<\/div>\t<\/div>\n\n\t<\/div>\n<div class=\"jet-woo-categories__item \">\n\t<div class=\"jet-woo-categories__inner-box\"  >\n\t\t\n<div class=\"jet-woo-categories-thumbnail__wrap\">\n\t\n<div class=\"jet-woo-category-thumbnail\">\n\t<a href=\"https:\/\/dacarcomercial.com\/fr\/categorias-productos\/rideaux-lames-ecrans\/lanieres\/\"  rel=\"bookmark\">\n\t\t<img decoding=\"async\" width=\"150\" height=\"150\" src=\"https:\/\/dacarcomercial.com\/wp-content\/uploads\/laminas-150x150.jpg\" class=\"attachment-thumbnail size-thumbnail\" alt=\"\" loading=\"eager\" title=\"\">\t<\/a>\n\t<div class=\"jet-woo-category-img-overlay\"><\/div>\n\t<div class=\"jet-woo-category-img-overlay__hover\"><\/div>\n<\/div><\/div>\n\n<div class=\"jet-woo-categories-content\">\n\t<div class=\"jet-woo-category-content__inner\">\n\t\t<h3 class=\"jet-woo-category-title\" ><a href=\"https:\/\/dacarcomercial.com\/fr\/categorias-productos\/rideaux-lames-ecrans\/lanieres\/\" class=\"jet-woo-category-title__link\" >Lani\u00e8res<\/a><\/h3>\n<div class=\"jet-woo-category-excerpt\">Une large gamme de films de soudage pour la construction...<\/div>\t<\/div>\n\n\t<div class=\"jet-woo-category-count__wrap\">\n\t\t\t<\/div>\n<\/div>\t<\/div>\n\n\t<\/div>\n<div class=\"jet-woo-categories__item \">\n\t<div class=\"jet-woo-categories__inner-box\"  >\n\t\t\n<div class=\"jet-woo-categories-thumbnail__wrap\">\n\t\n<div class=\"jet-woo-category-thumbnail\">\n\t<a href=\"https:\/\/dacarcomercial.com\/fr\/categorias-productos\/lunettes-de-protection\/\"  rel=\"bookmark\">\n\t\t<img decoding=\"async\" width=\"150\" height=\"150\" src=\"https:\/\/dacarcomercial.com\/wp-content\/uploads\/2022\/03\/Diseno-sin-titulo-20-min-150x150.png\" class=\"attachment-thumbnail size-thumbnail\" alt=\"gafas de protecci\u00f3n\" loading=\"eager\" title=\"\">\t<\/a>\n\t<div class=\"jet-woo-category-img-overlay\"><\/div>\n\t<div class=\"jet-woo-category-img-overlay__hover\"><\/div>\n<\/div><\/div>\n\n<div class=\"jet-woo-categories-content\">\n\t<div class=\"jet-woo-category-content__inner\">\n\t\t<h3 class=\"jet-woo-category-title\" ><a href=\"https:\/\/dacarcomercial.com\/fr\/categorias-productos\/lunettes-de-protection\/\" class=\"jet-woo-category-title__link\" >LUNETTES DE PROTECTION<\/a><\/h3>\n<div class=\"jet-woo-category-excerpt\">Distributeurs officiels des lunettes de protection Infield, du groupe ESSILOR....<\/div>\t<\/div>\n\n\t<div class=\"jet-woo-category-count__wrap\">\n\t\t\t<\/div>\n<\/div>\t<\/div>\n\n\t<\/div>\n<div class=\"jet-woo-categories__item \">\n\t<div class=\"jet-woo-categories__inner-box\"  >\n\t\t\n<div class=\"jet-woo-categories-thumbnail__wrap\">\n\t\n<div class=\"jet-woo-category-thumbnail\">\n\t<a href=\"https:\/\/dacarcomercial.com\/fr\/categorias-productos\/lunettes-de-protection\/lunettes-de-protection-laser\/\"  rel=\"bookmark\">\n\t\t<img decoding=\"async\" width=\"150\" height=\"150\" src=\"https:\/\/dacarcomercial.com\/wp-content\/uploads\/2024\/11\/GAFAS-PARA-SOLDADURA-LASER-150x150.png\" class=\"attachment-thumbnail size-thumbnail\" alt=\"GAFAS PARA SOLDADURA L\u00c1SER\" loading=\"eager\" title=\"\">\t<\/a>\n\t<div class=\"jet-woo-category-img-overlay\"><\/div>\n\t<div class=\"jet-woo-category-img-overlay__hover\"><\/div>\n<\/div><\/div>\n\n<div class=\"jet-woo-categories-content\">\n\t<div class=\"jet-woo-category-content__inner\">\n\t\t<h3 class=\"jet-woo-category-title\" ><a href=\"https:\/\/dacarcomercial.com\/fr\/categorias-productos\/lunettes-de-protection\/lunettes-de-protection-laser\/\" class=\"jet-woo-category-title__link\" >Lunettes de protection laser<\/a><\/h3>\n<div class=\"jet-woo-category-excerpt\">Lunettes de soudure laser, prot\u00e9geant vos yeux lors de la...<\/div>\t<\/div>\n\n\t<div class=\"jet-woo-category-count__wrap\">\n\t\t\t<\/div>\n<\/div>\t<\/div>\n\n\t<\/div>\n<div class=\"jet-woo-categories__item \">\n\t<div class=\"jet-woo-categories__inner-box\"  >\n\t\t\n<div class=\"jet-woo-categories-thumbnail__wrap\">\n\t\n<div class=\"jet-woo-category-thumbnail\">\n\t<a href=\"https:\/\/dacarcomercial.com\/fr\/categorias-productos\/protection-respiratoire\/masques\/\"  rel=\"bookmark\">\n\t\t<img decoding=\"async\" width=\"150\" height=\"150\" src=\"https:\/\/dacarcomercial.com\/wp-content\/uploads\/2022\/04\/mascarillas-150x150.png\" class=\"attachment-thumbnail size-thumbnail\" alt=\"mascarillas protecci\u00f3n respiratoria\" loading=\"eager\" title=\"\">\t<\/a>\n\t<div class=\"jet-woo-category-img-overlay\"><\/div>\n\t<div class=\"jet-woo-category-img-overlay__hover\"><\/div>\n<\/div><\/div>\n\n<div class=\"jet-woo-categories-content\">\n\t<div class=\"jet-woo-category-content__inner\">\n\t\t<h3 class=\"jet-woo-category-title\" ><a href=\"https:\/\/dacarcomercial.com\/fr\/categorias-productos\/protection-respiratoire\/masques\/\" class=\"jet-woo-category-title__link\" >Masques<\/a><\/h3>\n<div class=\"jet-woo-category-excerpt\">Prot\u00e9gez vos voies respiratoires \u00e0 tout moment gr\u00e2ce aux masques...<\/div>\t<\/div>\n\n\t<div class=\"jet-woo-category-count__wrap\">\n\t\t\t<\/div>\n<\/div>\t<\/div>\n\n\t<\/div>\n<div class=\"jet-woo-categories__item \">\n\t<div class=\"jet-woo-categories__inner-box\"  >\n\t\t\n<div class=\"jet-woo-categories-thumbnail__wrap\">\n\t\n<div class=\"jet-woo-category-thumbnail\">\n\t<a href=\"https:\/\/dacarcomercial.com\/fr\/categorias-productos\/masques-a-souder-avec-casques\/\"  rel=\"bookmark\">\n\t\t<img decoding=\"async\" width=\"150\" height=\"150\" src=\"https:\/\/dacarcomercial.com\/wp-content\/uploads\/caretas-de-soldar-con-casco-150x150.jpg\" class=\"attachment-thumbnail size-thumbnail\" alt=\"\" loading=\"eager\" title=\"\">\t<\/a>\n\t<div class=\"jet-woo-category-img-overlay\"><\/div>\n\t<div class=\"jet-woo-category-img-overlay__hover\"><\/div>\n<\/div><\/div>\n\n<div class=\"jet-woo-categories-content\">\n\t<div class=\"jet-woo-category-content__inner\">\n\t\t<h3 class=\"jet-woo-category-title\" ><a href=\"https:\/\/dacarcomercial.com\/fr\/categorias-productos\/masques-a-souder-avec-casques\/\" class=\"jet-woo-category-title__link\" >MASQUES \u00c0 SOUDER AVEC CASQUES<\/a><\/h3>\n<div class=\"jet-woo-category-excerpt\">Dacar propose une large gamme d\u00b4ensembles masques \u00e0 souder avec...<\/div>\t<\/div>\n\n\t<div class=\"jet-woo-category-count__wrap\">\n\t\t\t<\/div>\n<\/div>\t<\/div>\n\n\t<\/div>\n<div class=\"jet-woo-categories__item \">\n\t<div class=\"jet-woo-categories__inner-box\"  >\n\t\t\n<div class=\"jet-woo-categories-thumbnail__wrap\">\n\t\n<div class=\"jet-woo-category-thumbnail\">\n\t<a href=\"https:\/\/dacarcomercial.com\/fr\/categorias-productos\/masques-de-soudure\/masques-avec-fenetre-relevable\/\"  rel=\"bookmark\">\n\t\t<img decoding=\"async\" width=\"150\" height=\"150\" src=\"https:\/\/dacarcomercial.com\/wp-content\/uploads\/2021\/05\/flip-web-150x150.jpg\" class=\"attachment-thumbnail size-thumbnail\" alt=\"\" loading=\"eager\" title=\"\">\t<\/a>\n\t<div class=\"jet-woo-category-img-overlay\"><\/div>\n\t<div class=\"jet-woo-category-img-overlay__hover\"><\/div>\n<\/div><\/div>\n\n<div class=\"jet-woo-categories-content\">\n\t<div class=\"jet-woo-category-content__inner\">\n\t\t<h3 class=\"jet-woo-category-title\" ><a href=\"https:\/\/dacarcomercial.com\/fr\/categorias-productos\/masques-de-soudure\/masques-avec-fenetre-relevable\/\" class=\"jet-woo-category-title__link\" >Masques avec fen\u00eatre relevable<\/a><\/h3>\n<div class=\"jet-woo-category-excerpt\">Masques de soudure avec fen\u00eatre relevable pour alterner le soudage...<\/div>\t<\/div>\n\n\t<div class=\"jet-woo-category-count__wrap\">\n\t\t\t<\/div>\n<\/div>\t<\/div>\n\n\t<\/div>\n<div class=\"jet-woo-categories__item \">\n\t<div class=\"jet-woo-categories__inner-box\"  >\n\t\t\n<div class=\"jet-woo-categories-thumbnail__wrap\">\n\t\n<div class=\"jet-woo-category-thumbnail\">\n\t<a href=\"https:\/\/dacarcomercial.com\/fr\/categorias-productos\/masques-de-soudage-avec-apport-dair\/\"  rel=\"bookmark\">\n\t\t<img decoding=\"async\" width=\"150\" height=\"150\" src=\"https:\/\/dacarcomercial.com\/wp-content\/uploads\/2026\/03\/Careta-de-soldar-con-equipo-autonomo-A6-150x150.webp\" class=\"attachment-thumbnail size-thumbnail\" alt=\"Careta de soldar con equipo aut\u00f3nomo A6\" loading=\"eager\" title=\"\">\t<\/a>\n\t<div class=\"jet-woo-category-img-overlay\"><\/div>\n\t<div class=\"jet-woo-category-img-overlay__hover\"><\/div>\n<\/div><\/div>\n\n<div class=\"jet-woo-categories-content\">\n\t<div class=\"jet-woo-category-content__inner\">\n\t\t<h3 class=\"jet-woo-category-title\" ><a href=\"https:\/\/dacarcomercial.com\/fr\/categorias-productos\/masques-de-soudage-avec-apport-dair\/\" class=\"jet-woo-category-title__link\" >MASQUES DE SOUDAGE AVEC APPORT D'AIR<\/a><\/h3>\n<div class=\"jet-woo-category-excerpt\">Les masques de soudage avec apport d'air sont con\u00e7us pour...<\/div>\t<\/div>\n\n\t<div class=\"jet-woo-category-count__wrap\">\n\t\t\t<\/div>\n<\/div>\t<\/div>\n\n\t<\/div>\n<div class=\"jet-woo-categories__item \">\n\t<div class=\"jet-woo-categories__inner-box\"  >\n\t\t\n<div class=\"jet-woo-categories-thumbnail__wrap\">\n\t\n<div class=\"jet-woo-category-thumbnail\">\n\t<a href=\"https:\/\/dacarcomercial.com\/fr\/categorias-productos\/masques-de-soudure\/masques-de-soudage-avec-casque-de-chantier\/\"  rel=\"bookmark\">\n\t\t<img decoding=\"async\" width=\"150\" height=\"150\" src=\"https:\/\/dacarcomercial.com\/wp-content\/uploads\/dc-1-negra-elpasov913i-casco-terano-azul-scaled-1-150x150.jpg\" class=\"attachment-thumbnail size-thumbnail\" alt=\"careta de soldar dc-1 con casco de obra\" loading=\"eager\" title=\"\">\t<\/a>\n\t<div class=\"jet-woo-category-img-overlay\"><\/div>\n\t<div class=\"jet-woo-category-img-overlay__hover\"><\/div>\n<\/div><\/div>\n\n<div class=\"jet-woo-categories-content\">\n\t<div class=\"jet-woo-category-content__inner\">\n\t\t<h3 class=\"jet-woo-category-title\" ><a href=\"https:\/\/dacarcomercial.com\/fr\/categorias-productos\/masques-de-soudure\/masques-de-soudage-avec-casque-de-chantier\/\" class=\"jet-woo-category-title__link\" >Masques de soudage avec casque de chantier<\/a><\/h3>\n<div class=\"jet-woo-category-excerpt\">Les masques de soudage avec casque de chantier sont la...<\/div>\t<\/div>\n\n\t<div class=\"jet-woo-category-count__wrap\">\n\t\t\t<\/div>\n<\/div>\t<\/div>\n\n\t<\/div>\n<div class=\"jet-woo-categories__item \">\n\t<div class=\"jet-woo-categories__inner-box\"  >\n\t\t\n<div class=\"jet-woo-categories-thumbnail__wrap\">\n\t\n<div class=\"jet-woo-category-thumbnail\">\n\t<a href=\"https:\/\/dacarcomercial.com\/fr\/categorias-productos\/masques-de-soudure\/\"  rel=\"bookmark\">\n\t\t<img decoding=\"async\" width=\"150\" height=\"150\" src=\"https:\/\/dacarcomercial.com\/wp-content\/uploads\/2026\/03\/Careta-de-soldar-DC-2-ULTRA-CLEAR-1-150x150.webp\" class=\"attachment-thumbnail size-thumbnail\" alt=\"Careta de soldar DC-2 ULTRA CLEAR\" loading=\"eager\" title=\"\">\t<\/a>\n\t<div class=\"jet-woo-category-img-overlay\"><\/div>\n\t<div class=\"jet-woo-category-img-overlay__hover\"><\/div>\n<\/div><\/div>\n\n<div class=\"jet-woo-categories-content\">\n\t<div class=\"jet-woo-category-content__inner\">\n\t\t<h3 class=\"jet-woo-category-title\" ><a href=\"https:\/\/dacarcomercial.com\/fr\/categorias-productos\/masques-de-soudure\/\" class=\"jet-woo-category-title__link\" >MASQUES DE SOUDURE<\/a><\/h3>\n<div class=\"jet-woo-category-excerpt\">Une vaste gamme de masques de soudure\u00a0avec avec ou sans...<\/div>\t<\/div>\n\n\t<div class=\"jet-woo-category-count__wrap\">\n\t\t\t<\/div>\n<\/div>\t<\/div>\n\n\t<\/div>\n<div class=\"jet-woo-categories__item \">\n\t<div class=\"jet-woo-categories__inner-box\"  >\n\t\t\n<div class=\"jet-woo-categories-thumbnail__wrap\">\n\t\n<div class=\"jet-woo-category-thumbnail\">\n\t<a href=\"https:\/\/dacarcomercial.com\/fr\/categorias-productos\/protection-respiratoire\/sts-shigematsu-2\/masques-faciaux\/\"  rel=\"bookmark\">\n\t\t<img decoding=\"async\" width=\"150\" height=\"150\" src=\"https:\/\/dacarcomercial.com\/wp-content\/uploads\/images\/shigematsu-mascara-completas-cf01-150x150.jpg\" class=\"attachment-thumbnail size-thumbnail\" alt=\"m\u00e1scara facial\" loading=\"eager\" title=\"\">\t<\/a>\n\t<div class=\"jet-woo-category-img-overlay\"><\/div>\n\t<div class=\"jet-woo-category-img-overlay__hover\"><\/div>\n<\/div><\/div>\n\n<div class=\"jet-woo-categories-content\">\n\t<div class=\"jet-woo-category-content__inner\">\n\t\t<h3 class=\"jet-woo-category-title\" ><a href=\"https:\/\/dacarcomercial.com\/fr\/categorias-productos\/protection-respiratoire\/sts-shigematsu-2\/masques-faciaux\/\" class=\"jet-woo-category-title__link\" >Masques faciaux<\/a><\/h3>\n<div class=\"jet-woo-category-excerpt\">Masques pour une protection compl\u00e8te du visage et des voies...<\/div>\t<\/div>\n\n\t<div class=\"jet-woo-category-count__wrap\">\n\t\t\t<\/div>\n<\/div>\t<\/div>\n\n\t<\/div>\n<div class=\"jet-woo-categories__item \">\n\t<div class=\"jet-woo-categories__inner-box\"  >\n\t\t\n<div class=\"jet-woo-categories-thumbnail__wrap\">\n\t\n<div class=\"jet-woo-category-thumbnail\">\n\t<a href=\"https:\/\/dacarcomercial.com\/fr\/categorias-productos\/protection-respiratoire\/sts-shigematsu-2\/masques-faciaux-et-demi-masques-motorise-synchro\/\"  rel=\"bookmark\">\n\t\t<img decoding=\"async\" width=\"150\" height=\"150\" src=\"https:\/\/dacarcomercial.com\/wp-content\/uploads\/Sync09-150x150.jpg\" class=\"attachment-thumbnail size-thumbnail\" alt=\"m\u00e1scara facial motorizada Sync09\" loading=\"eager\" title=\"\">\t<\/a>\n\t<div class=\"jet-woo-category-img-overlay\"><\/div>\n\t<div class=\"jet-woo-category-img-overlay__hover\"><\/div>\n<\/div><\/div>\n\n<div class=\"jet-woo-categories-content\">\n\t<div class=\"jet-woo-category-content__inner\">\n\t\t<h3 class=\"jet-woo-category-title\" ><a href=\"https:\/\/dacarcomercial.com\/fr\/categorias-productos\/protection-respiratoire\/sts-shigematsu-2\/masques-faciaux-et-demi-masques-motorise-synchro\/\" class=\"jet-woo-category-title__link\" >Masques faciaux et demi-masques motoris\u00e9s Synchro<\/a><\/h3>\n<div class=\"jet-woo-category-excerpt\">Le motoventilateur Synchro de STS Shigematsu est un motoventilateur qui...<\/div>\t<\/div>\n\n\t<div class=\"jet-woo-category-count__wrap\">\n\t\t\t<\/div>\n<\/div>\t<\/div>\n\n\t<\/div>\n<div class=\"jet-woo-categories__item \">\n\t<div class=\"jet-woo-categories__inner-box\"  >\n\t\t\n<div class=\"jet-woo-categories-thumbnail__wrap\">\n\t\n<div class=\"jet-woo-category-thumbnail\">\n\t<a href=\"https:\/\/dacarcomercial.com\/fr\/categorias-productos\/masques-de-soudure\/nova-fr\/\"  rel=\"bookmark\">\n\t\t<img decoding=\"async\" width=\"150\" height=\"150\" src=\"https:\/\/dacarcomercial.com\/wp-content\/uploads\/2022\/06\/caretas-de-soldar-nova-para-soldadores-1-150x150.png\" class=\"attachment-thumbnail size-thumbnail\" alt=\"caretas de soldar nova para soldadores\" loading=\"eager\" title=\"\">\t<\/a>\n\t<div class=\"jet-woo-category-img-overlay\"><\/div>\n\t<div class=\"jet-woo-category-img-overlay__hover\"><\/div>\n<\/div><\/div>\n\n<div class=\"jet-woo-categories-content\">\n\t<div class=\"jet-woo-category-content__inner\">\n\t\t<h3 class=\"jet-woo-category-title\" ><a href=\"https:\/\/dacarcomercial.com\/fr\/categorias-productos\/masques-de-soudure\/nova-fr\/\" class=\"jet-woo-category-title__link\" >Nova<\/a><\/h3>\n<div class=\"jet-woo-category-excerpt\">Masque \u00e0 souder Nova pour soudeurs semi-professionnels ou occasionnels. Avec...<\/div>\t<\/div>\n\n\t<div class=\"jet-woo-category-count__wrap\">\n\t\t\t<\/div>\n<\/div>\t<\/div>\n\n\t<\/div>\n<div class=\"jet-woo-categories__item \">\n\t<div class=\"jet-woo-categories__inner-box\"  >\n\t\t\n<div class=\"jet-woo-categories-thumbnail__wrap\">\n\t\n<div class=\"jet-woo-category-thumbnail\">\n\t<a href=\"https:\/\/dacarcomercial.com\/fr\/categorias-productos\/lunettes-de-protection\/oculaires-pre-gradues\/\"  rel=\"bookmark\">\n\t\t<img decoding=\"async\" width=\"150\" height=\"150\" src=\"https:\/\/dacarcomercial.com\/wp-content\/uploads\/images\/terminator-plus-1-dioptrias-150x150.jpg\" class=\"attachment-thumbnail size-thumbnail\" alt=\"Terminator Plus Dioptrie\" loading=\"eager\" title=\"\">\t<\/a>\n\t<div class=\"jet-woo-category-img-overlay\"><\/div>\n\t<div class=\"jet-woo-category-img-overlay__hover\"><\/div>\n<\/div><\/div>\n\n<div class=\"jet-woo-categories-content\">\n\t<div class=\"jet-woo-category-content__inner\">\n\t\t<h3 class=\"jet-woo-category-title\" ><a href=\"https:\/\/dacarcomercial.com\/fr\/categorias-productos\/lunettes-de-protection\/oculaires-pre-gradues\/\" class=\"jet-woo-category-title__link\" >Oculaires pr\u00e9-gradu\u00e9s<\/a><\/h3>\n<div class=\"jet-woo-category-excerpt\">Lunettes de s\u00e9curit\u00e9 avec verres pr\u00e9-grad\u00e9s pour une vision de...<\/div>\t<\/div>\n\n\t<div class=\"jet-woo-category-count__wrap\">\n\t\t\t<\/div>\n<\/div>\t<\/div>\n\n\t<\/div>\n<div class=\"jet-woo-categories__item \">\n\t<div class=\"jet-woo-categories__inner-box\"  >\n\t\t\n<div class=\"jet-woo-categories-thumbnail__wrap\">\n\t\n<div class=\"jet-woo-category-thumbnail\">\n\t<a href=\"https:\/\/dacarcomercial.com\/fr\/categorias-productos\/lunettes-de-protection\/oculaires-solaires\/\"  rel=\"bookmark\">\n\t\t<img decoding=\"async\" width=\"150\" height=\"150\" src=\"https:\/\/dacarcomercial.com\/wp-content\/uploads\/2022\/03\/9026886AF-150x150.jpg\" class=\"attachment-thumbnail size-thumbnail\" alt=\"gafas de sol\" loading=\"eager\" title=\"\">\t<\/a>\n\t<div class=\"jet-woo-category-img-overlay\"><\/div>\n\t<div class=\"jet-woo-category-img-overlay__hover\"><\/div>\n<\/div><\/div>\n\n<div class=\"jet-woo-categories-content\">\n\t<div class=\"jet-woo-category-content__inner\">\n\t\t<h3 class=\"jet-woo-category-title\" ><a href=\"https:\/\/dacarcomercial.com\/fr\/categorias-productos\/lunettes-de-protection\/oculaires-solaires\/\" class=\"jet-woo-category-title__link\" >Oculaires solaires<\/a><\/h3>\n<div class=\"jet-woo-category-excerpt\">Lunettes de s\u00e9curit\u00e9 avec verres solaires pour le travail en...<\/div>\t<\/div>\n\n\t<div class=\"jet-woo-category-count__wrap\">\n\t\t\t<\/div>\n<\/div>\t<\/div>\n\n\t<\/div>\n<div class=\"jet-woo-categories__item \">\n\t<div class=\"jet-woo-categories__inner-box\"  >\n\t\t\n<div class=\"jet-woo-categories-thumbnail__wrap\">\n\t\n<div class=\"jet-woo-category-thumbnail\">\n\t<a href=\"https:\/\/dacarcomercial.com\/fr\/categorias-productos\/masques-de-soudure\/opera\/\"  rel=\"bookmark\">\n\t\t<img decoding=\"async\" width=\"150\" height=\"150\" src=\"https:\/\/dacarcomercial.com\/wp-content\/uploads\/2021\/07\/OPERA-150x150.jpg\" class=\"attachment-thumbnail size-thumbnail\" alt=\"careta de soldar opera\" loading=\"eager\" title=\"\">\t<\/a>\n\t<div class=\"jet-woo-category-img-overlay\"><\/div>\n\t<div class=\"jet-woo-category-img-overlay__hover\"><\/div>\n<\/div><\/div>\n\n<div class=\"jet-woo-categories-content\">\n\t<div class=\"jet-woo-category-content__inner\">\n\t\t<h3 class=\"jet-woo-category-title\" ><a href=\"https:\/\/dacarcomercial.com\/fr\/categorias-productos\/masques-de-soudure\/opera\/\" class=\"jet-woo-category-title__link\" >Opera<\/a><\/h3>\n<div class=\"jet-woo-category-excerpt\">Le nouveau masque \u00e1 souder Opera est un premier prix...<\/div>\t<\/div>\n\n\t<div class=\"jet-woo-category-count__wrap\">\n\t\t\t<\/div>\n<\/div>\t<\/div>\n\n\t<\/div>\n<div class=\"jet-woo-categories__item \">\n\t<div class=\"jet-woo-categories__inner-box\"  >\n\t\t\n<div class=\"jet-woo-categories-thumbnail__wrap\">\n\t\n<div class=\"jet-woo-category-thumbnail\">\n\t<a href=\"https:\/\/dacarcomercial.com\/fr\/categorias-productos\/tapis-protecteurs-de-sols\/sin-categorizar-fr\/\"  rel=\"bookmark\">\n\t\t<img decoding=\"async\" src=\"https:\/\/dacarcomercial.com\/wp-content\/plugins\/elementor\/assets\/images\/placeholder.png\" alt=\"\" title=\"\">\t<\/a>\n\t<div class=\"jet-woo-category-img-overlay\"><\/div>\n\t<div class=\"jet-woo-category-img-overlay__hover\"><\/div>\n<\/div><\/div>\n\n<div class=\"jet-woo-categories-content\">\n\t<div class=\"jet-woo-category-content__inner\">\n\t\t<h3 class=\"jet-woo-category-title\" ><a href=\"https:\/\/dacarcomercial.com\/fr\/categorias-productos\/tapis-protecteurs-de-sols\/sin-categorizar-fr\/\" class=\"jet-woo-category-title__link\" >Otros<\/a><\/h3>\t<\/div>\n\n\t<div class=\"jet-woo-category-count__wrap\">\n\t\t\t<\/div>\n<\/div>\t<\/div>\n\n\t<\/div>\n<div class=\"jet-woo-categories__item \">\n\t<div class=\"jet-woo-categories__inner-box\"  >\n\t\t\n<div class=\"jet-woo-categories-thumbnail__wrap\">\n\t\n<div class=\"jet-woo-category-thumbnail\">\n\t<a href=\"https:\/\/dacarcomercial.com\/fr\/categorias-productos\/masques-de-soudage-avec-apport-dair\/cleanair-2\/packs-cleanair-fr\/\"  rel=\"bookmark\">\n\t\t<img decoding=\"async\" width=\"150\" height=\"150\" src=\"https:\/\/dacarcomercial.com\/wp-content\/uploads\/2022\/04\/Packs-Cleanair-150x150.png\" class=\"attachment-thumbnail size-thumbnail\" alt=\"Packs Cleanair\" loading=\"eager\" title=\"\">\t<\/a>\n\t<div class=\"jet-woo-category-img-overlay\"><\/div>\n\t<div class=\"jet-woo-category-img-overlay__hover\"><\/div>\n<\/div><\/div>\n\n<div class=\"jet-woo-categories-content\">\n\t<div class=\"jet-woo-category-content__inner\">\n\t\t<h3 class=\"jet-woo-category-title\" ><a href=\"https:\/\/dacarcomercial.com\/fr\/categorias-productos\/masques-de-soudage-avec-apport-dair\/cleanair-2\/packs-cleanair-fr\/\" class=\"jet-woo-category-title__link\" >Packs Cleanair<\/a><\/h3>\t<\/div>\n\n\t<div class=\"jet-woo-category-count__wrap\">\n\t\t\t<\/div>\n<\/div>\t<\/div>\n\n\t<\/div>\n<div class=\"jet-woo-categories__item \">\n\t<div class=\"jet-woo-categories__inner-box\"  >\n\t\t\n<div class=\"jet-woo-categories-thumbnail__wrap\">\n\t\n<div class=\"jet-woo-category-thumbnail\">\n\t<a href=\"https:\/\/dacarcomercial.com\/fr\/categorias-productos\/packs-offre\/\"  rel=\"bookmark\">\n\t\t<img decoding=\"async\" width=\"150\" height=\"150\" src=\"https:\/\/dacarcomercial.com\/wp-content\/uploads\/2025\/06\/PACK-MIG-PRO-WEB-150x150.webp\" class=\"attachment-thumbnail size-thumbnail\" alt=\"\" loading=\"eager\" title=\"\">\t<\/a>\n\t<div class=\"jet-woo-category-img-overlay\"><\/div>\n\t<div class=\"jet-woo-category-img-overlay__hover\"><\/div>\n<\/div><\/div>\n\n<div class=\"jet-woo-categories-content\">\n\t<div class=\"jet-woo-category-content__inner\">\n\t\t<h3 class=\"jet-woo-category-title\" ><a href=\"https:\/\/dacarcomercial.com\/fr\/categorias-productos\/packs-offre\/\" class=\"jet-woo-category-title__link\" >PACKS OFFRE<\/a><\/h3>\t<\/div>\n\n\t<div class=\"jet-woo-category-count__wrap\">\n\t\t\t<\/div>\n<\/div>\t<\/div>\n\n\t<\/div>\n<div class=\"jet-woo-categories__item \">\n\t<div class=\"jet-woo-categories__inner-box\"  >\n\t\t\n<div class=\"jet-woo-categories-thumbnail__wrap\">\n\t\n<div class=\"jet-woo-category-thumbnail\">\n\t<a href=\"https:\/\/dacarcomercial.com\/fr\/categorias-productos\/lunettes-de-protection\/panoramiques\/\"  rel=\"bookmark\">\n\t\t<img decoding=\"async\" width=\"150\" height=\"150\" src=\"https:\/\/dacarcomercial.com\/wp-content\/uploads\/2021\/05\/9551165-150x150.jpg\" class=\"attachment-thumbnail size-thumbnail\" alt=\"Gondor NV\" loading=\"eager\" title=\"\">\t<\/a>\n\t<div class=\"jet-woo-category-img-overlay\"><\/div>\n\t<div class=\"jet-woo-category-img-overlay__hover\"><\/div>\n<\/div><\/div>\n\n<div class=\"jet-woo-categories-content\">\n\t<div class=\"jet-woo-category-content__inner\">\n\t\t<h3 class=\"jet-woo-category-title\" ><a href=\"https:\/\/dacarcomercial.com\/fr\/categorias-productos\/lunettes-de-protection\/panoramiques\/\" class=\"jet-woo-category-title__link\" >Panoramiques<\/a><\/h3>\n<div class=\"jet-woo-category-excerpt\">Lunettes de s\u00e9curit\u00e9 panoramiques pour la protection contre les particules...<\/div>\t<\/div>\n\n\t<div class=\"jet-woo-category-count__wrap\">\n\t\t\t<\/div>\n<\/div>\t<\/div>\n\n\t<\/div>\n<div class=\"jet-woo-categories__item \">\n\t<div class=\"jet-woo-categories__inner-box\"  >\n\t\t\n<div class=\"jet-woo-categories-thumbnail__wrap\">\n\t\n<div class=\"jet-woo-category-thumbnail\">\n\t<a href=\"https:\/\/dacarcomercial.com\/fr\/categorias-productos\/lunettes-de-protection\/pour-soudure-autogene\/\"  rel=\"bookmark\">\n\t\t<img decoding=\"async\" width=\"150\" height=\"150\" src=\"https:\/\/dacarcomercial.com\/wp-content\/uploads\/images\/terminator-xtra-teinte3-150x150.jpg\" class=\"attachment-thumbnail size-thumbnail\" alt=\"\" loading=\"eager\" title=\"\">\t<\/a>\n\t<div class=\"jet-woo-category-img-overlay\"><\/div>\n\t<div class=\"jet-woo-category-img-overlay__hover\"><\/div>\n<\/div><\/div>\n\n<div class=\"jet-woo-categories-content\">\n\t<div class=\"jet-woo-category-content__inner\">\n\t\t<h3 class=\"jet-woo-category-title\" ><a href=\"https:\/\/dacarcomercial.com\/fr\/categorias-productos\/lunettes-de-protection\/pour-soudure-autogene\/\" class=\"jet-woo-category-title__link\" >Pour soudure autog\u00e8ne<\/a><\/h3>\n<div class=\"jet-woo-category-excerpt\">Lunettes de s\u00e9curit\u00e9 pour le soudage, l'oxycoupage ou le polissage...<\/div>\t<\/div>\n\n\t<div class=\"jet-woo-category-count__wrap\">\n\t\t\t<\/div>\n<\/div>\t<\/div>\n\n\t<\/div>\n<div class=\"jet-woo-categories__item \">\n\t<div class=\"jet-woo-categories__inner-box\"  >\n\t\t\n<div class=\"jet-woo-categories-thumbnail__wrap\">\n\t\n<div class=\"jet-woo-category-thumbnail\">\n\t<a href=\"https:\/\/dacarcomercial.com\/fr\/categorias-productos\/protecteurs-auditifs\/\"  rel=\"bookmark\">\n\t\t<img decoding=\"async\" width=\"150\" height=\"150\" src=\"https:\/\/dacarcomercial.com\/wp-content\/uploads\/2022\/03\/Diseno-sin-titulo-8-min-150x150.png\" class=\"attachment-thumbnail size-thumbnail\" alt=\"protectores auditivos\" loading=\"eager\" title=\"\">\t<\/a>\n\t<div class=\"jet-woo-category-img-overlay\"><\/div>\n\t<div class=\"jet-woo-category-img-overlay__hover\"><\/div>\n<\/div><\/div>\n\n<div class=\"jet-woo-categories-content\">\n\t<div class=\"jet-woo-category-content__inner\">\n\t\t<h3 class=\"jet-woo-category-title\" ><a href=\"https:\/\/dacarcomercial.com\/fr\/categorias-productos\/protecteurs-auditifs\/\" class=\"jet-woo-category-title__link\" >PROTECTEURS AUDITIFS<\/a><\/h3>\n<div class=\"jet-woo-category-excerpt\">Protecteurs auditifs pour usage seul, avec serre-t\u00eate \u00e0 la nuque...<\/div>\t<\/div>\n\n\t<div class=\"jet-woo-category-count__wrap\">\n\t\t\t<\/div>\n<\/div>\t<\/div>\n\n\t<\/div>\n<div class=\"jet-woo-categories__item \">\n\t<div class=\"jet-woo-categories__inner-box\"  >\n\t\t\n<div class=\"jet-woo-categories-thumbnail__wrap\">\n\t\n<div class=\"jet-woo-category-thumbnail\">\n\t<a href=\"https:\/\/dacarcomercial.com\/fr\/categorias-productos\/protection-de-la-tete\/\"  rel=\"bookmark\">\n\t\t<img decoding=\"async\" width=\"150\" height=\"150\" src=\"https:\/\/dacarcomercial.com\/wp-content\/uploads\/proteccion-de-la-cabeza-150x150.jpg\" class=\"attachment-thumbnail size-thumbnail\" alt=\"\" loading=\"eager\" title=\"\">\t<\/a>\n\t<div class=\"jet-woo-category-img-overlay\"><\/div>\n\t<div class=\"jet-woo-category-img-overlay__hover\"><\/div>\n<\/div><\/div>\n\n<div class=\"jet-woo-categories-content\">\n\t<div class=\"jet-woo-category-content__inner\">\n\t\t<h3 class=\"jet-woo-category-title\" ><a href=\"https:\/\/dacarcomercial.com\/fr\/categorias-productos\/protection-de-la-tete\/\" class=\"jet-woo-category-title__link\" >PROTECTION DE LA T\u00caTE<\/a><\/h3>\n<div class=\"jet-woo-category-excerpt\">Casques de chantier pour la construction, l\u00b4industrie chimique et du...<\/div>\t<\/div>\n\n\t<div class=\"jet-woo-category-count__wrap\">\n\t\t\t<\/div>\n<\/div>\t<\/div>\n\n\t<\/div>\n<div class=\"jet-woo-categories__item \">\n\t<div class=\"jet-woo-categories__inner-box\"  >\n\t\t\n<div class=\"jet-woo-categories-thumbnail__wrap\">\n\t\n<div class=\"jet-woo-category-thumbnail\">\n\t<a href=\"https:\/\/dacarcomercial.com\/fr\/categorias-productos\/protection-faciale\/\"  rel=\"bookmark\">\n\t\t<img decoding=\"async\" width=\"150\" height=\"150\" src=\"https:\/\/dacarcomercial.com\/wp-content\/uploads\/proteccion-facial-150x150.jpg\" class=\"attachment-thumbnail size-thumbnail\" alt=\"\" loading=\"eager\" title=\"\">\t<\/a>\n\t<div class=\"jet-woo-category-img-overlay\"><\/div>\n\t<div class=\"jet-woo-category-img-overlay__hover\"><\/div>\n<\/div><\/div>\n\n<div class=\"jet-woo-categories-content\">\n\t<div class=\"jet-woo-category-content__inner\">\n\t\t<h3 class=\"jet-woo-category-title\" ><a href=\"https:\/\/dacarcomercial.com\/fr\/categorias-productos\/protection-faciale\/\" class=\"jet-woo-category-title__link\" >PROTECTION FACIALE<\/a><\/h3>\n<div class=\"jet-woo-category-excerpt\">\u00c9crans pare-visage pour la protection faciale \u00e0 utiliser avec ou...<\/div>\t<\/div>\n\n\t<div class=\"jet-woo-category-count__wrap\">\n\t\t\t<\/div>\n<\/div>\t<\/div>\n\n\t<\/div>\n<div class=\"jet-woo-categories__item \">\n\t<div class=\"jet-woo-categories__inner-box\"  >\n\t\t\n<div class=\"jet-woo-categories-thumbnail__wrap\">\n\t\n<div class=\"jet-woo-category-thumbnail\">\n\t<a href=\"https:\/\/dacarcomercial.com\/fr\/categorias-productos\/protection-laser\/\"  rel=\"bookmark\">\n\t\t<img decoding=\"async\" width=\"150\" height=\"150\" src=\"https:\/\/dacarcomercial.com\/wp-content\/uploads\/2025\/03\/CARETA-DE-SOLDAR-GRAND-LASER-DE-FRENTE-150x150.png\" class=\"attachment-thumbnail size-thumbnail\" alt=\"\" loading=\"eager\" title=\"\">\t<\/a>\n\t<div class=\"jet-woo-category-img-overlay\"><\/div>\n\t<div class=\"jet-woo-category-img-overlay__hover\"><\/div>\n<\/div><\/div>\n\n<div class=\"jet-woo-categories-content\">\n\t<div class=\"jet-woo-category-content__inner\">\n\t\t<h3 class=\"jet-woo-category-title\" ><a href=\"https:\/\/dacarcomercial.com\/fr\/categorias-productos\/protection-laser\/\" class=\"jet-woo-category-title__link\" >PROTECTION LASER<\/a><\/h3>\n<div class=\"jet-woo-category-excerpt\">Chez DACAR, nous sommes sp\u00e9cialis\u00e9s dans la protection laser. D\u00e9couvrez...<\/div>\t<\/div>\n\n\t<div class=\"jet-woo-category-count__wrap\">\n\t\t\t<\/div>\n<\/div>\t<\/div>\n\n\t<\/div>\n<div class=\"jet-woo-categories__item \">\n\t<div class=\"jet-woo-categories__inner-box\"  >\n\t\t\n<div class=\"jet-woo-categories-thumbnail__wrap\">\n\t\n<div class=\"jet-woo-category-thumbnail\">\n\t<a href=\"https:\/\/dacarcomercial.com\/fr\/categorias-productos\/protection-respiratoire\/\"  rel=\"bookmark\">\n\t\t<img decoding=\"async\" width=\"150\" height=\"150\" src=\"https:\/\/dacarcomercial.com\/wp-content\/uploads\/2021\/09\/PROTECCION-RESPIRATORIA-2-150x150.jpg\" class=\"attachment-thumbnail size-thumbnail\" alt=\"\" loading=\"eager\" title=\"\">\t<\/a>\n\t<div class=\"jet-woo-category-img-overlay\"><\/div>\n\t<div class=\"jet-woo-category-img-overlay__hover\"><\/div>\n<\/div><\/div>\n\n<div class=\"jet-woo-categories-content\">\n\t<div class=\"jet-woo-category-content__inner\">\n\t\t<h3 class=\"jet-woo-category-title\" ><a href=\"https:\/\/dacarcomercial.com\/fr\/categorias-productos\/protection-respiratoire\/\" class=\"jet-woo-category-title__link\" >PROTECTION RESPIRATOIRE<\/a><\/h3>\n<div class=\"jet-woo-category-excerpt\">Masques respiratoires, demi-masques et masques complets, \u00e9quipements motoris\u00e9s ou \u00e0...<\/div>\t<\/div>\n\n\t<div class=\"jet-woo-category-count__wrap\">\n\t\t\t<\/div>\n<\/div>\t<\/div>\n\n\t<\/div>\n<div class=\"jet-woo-categories__item \">\n\t<div class=\"jet-woo-categories__inner-box\"  >\n\t\t\n<div class=\"jet-woo-categories-thumbnail__wrap\">\n\t\n<div class=\"jet-woo-category-thumbnail\">\n\t<a href=\"https:\/\/dacarcomercial.com\/fr\/categorias-productos\/vetements-de-protection\/protection-thermique\/\"  rel=\"bookmark\">\n\t\t<img decoding=\"async\" width=\"150\" height=\"150\" src=\"https:\/\/dacarcomercial.com\/wp-content\/uploads\/proteccion-termica-150x150.jpg\" class=\"attachment-thumbnail size-thumbnail\" alt=\"\" loading=\"eager\" title=\"\">\t<\/a>\n\t<div class=\"jet-woo-category-img-overlay\"><\/div>\n\t<div class=\"jet-woo-category-img-overlay__hover\"><\/div>\n<\/div><\/div>\n\n<div class=\"jet-woo-categories-content\">\n\t<div class=\"jet-woo-category-content__inner\">\n\t\t<h3 class=\"jet-woo-category-title\" ><a href=\"https:\/\/dacarcomercial.com\/fr\/categorias-productos\/vetements-de-protection\/protection-thermique\/\" class=\"jet-woo-category-title__link\" >Protection Thermique<\/a><\/h3>\t<\/div>\n\n\t<div class=\"jet-woo-category-count__wrap\">\n\t\t\t<\/div>\n<\/div>\t<\/div>\n\n\t<\/div>\n<div class=\"jet-woo-categories__item \">\n\t<div class=\"jet-woo-categories__inner-box\"  >\n\t\t\n<div class=\"jet-woo-categories-thumbnail__wrap\">\n\t\n<div class=\"jet-woo-category-thumbnail\">\n\t<a href=\"https:\/\/dacarcomercial.com\/fr\/categorias-productos\/rideaux-lames-ecrans\/rideaux-de-soudage\/\"  rel=\"bookmark\">\n\t\t<img decoding=\"async\" width=\"150\" height=\"150\" src=\"https:\/\/dacarcomercial.com\/wp-content\/uploads\/cortinas-de-soldadura-150x150.jpg\" class=\"attachment-thumbnail size-thumbnail\" alt=\"\" loading=\"eager\" title=\"\">\t<\/a>\n\t<div class=\"jet-woo-category-img-overlay\"><\/div>\n\t<div class=\"jet-woo-category-img-overlay__hover\"><\/div>\n<\/div><\/div>\n\n<div class=\"jet-woo-categories-content\">\n\t<div class=\"jet-woo-category-content__inner\">\n\t\t<h3 class=\"jet-woo-category-title\" ><a href=\"https:\/\/dacarcomercial.com\/fr\/categorias-productos\/rideaux-lames-ecrans\/rideaux-de-soudage\/\" class=\"jet-woo-category-title__link\" >Rideaux de soudage<\/a><\/h3>\n<div class=\"jet-woo-category-excerpt\">Une large gamme de rideaux de soudure pour cr\u00e9er des...<\/div>\t<\/div>\n\n\t<div class=\"jet-woo-category-count__wrap\">\n\t\t\t<\/div>\n<\/div>\t<\/div>\n\n\t<\/div>\n<div class=\"jet-woo-categories__item \">\n\t<div class=\"jet-woo-categories__inner-box\"  >\n\t\t\n<div class=\"jet-woo-categories-thumbnail__wrap\">\n\t\n<div class=\"jet-woo-category-thumbnail\">\n\t<a href=\"https:\/\/dacarcomercial.com\/fr\/categorias-productos\/rideaux-lames-ecrans\/\"  rel=\"bookmark\">\n\t\t<img decoding=\"async\" width=\"150\" height=\"150\" src=\"https:\/\/dacarcomercial.com\/wp-content\/uploads\/espacios-de-trabajo-150x150.jpg\" class=\"attachment-thumbnail size-thumbnail\" alt=\"\" loading=\"eager\" title=\"\">\t<\/a>\n\t<div class=\"jet-woo-category-img-overlay\"><\/div>\n\t<div class=\"jet-woo-category-img-overlay__hover\"><\/div>\n<\/div><\/div>\n\n<div class=\"jet-woo-categories-content\">\n\t<div class=\"jet-woo-category-content__inner\">\n\t\t<h3 class=\"jet-woo-category-title\" ><a href=\"https:\/\/dacarcomercial.com\/fr\/categorias-productos\/rideaux-lames-ecrans\/\" class=\"jet-woo-category-title__link\" >RIDEAUX, LAMES ET \u00c9CRANS<\/a><\/h3>\n<div class=\"jet-woo-category-excerpt\">Rideaux de soudage, lani\u00e8res, \u00e9crans et structures pour la conf\u00e9ction...<\/div>\t<\/div>\n\n\t<div class=\"jet-woo-category-count__wrap\">\n\t\t\t<\/div>\n<\/div>\t<\/div>\n\n\t<\/div>\n<div class=\"jet-woo-categories__item \">\n\t<div class=\"jet-woo-categories__inner-box\"  >\n\t\t\n<div class=\"jet-woo-categories-thumbnail__wrap\">\n\t\n<div class=\"jet-woo-category-thumbnail\">\n\t<a href=\"https:\/\/dacarcomercial.com\/fr\/categorias-productos\/risques-electriques\/\"  rel=\"bookmark\">\n\t\t<img decoding=\"async\" width=\"150\" height=\"150\" src=\"https:\/\/dacarcomercial.com\/wp-content\/uploads\/kits-completos-4300c-150x150.jpg\" class=\"attachment-thumbnail size-thumbnail\" alt=\"\" loading=\"eager\" title=\"\">\t<\/a>\n\t<div class=\"jet-woo-category-img-overlay\"><\/div>\n\t<div class=\"jet-woo-category-img-overlay__hover\"><\/div>\n<\/div><\/div>\n\n<div class=\"jet-woo-categories-content\">\n\t<div class=\"jet-woo-category-content__inner\">\n\t\t<h3 class=\"jet-woo-category-title\" ><a href=\"https:\/\/dacarcomercial.com\/fr\/categorias-productos\/risques-electriques\/\" class=\"jet-woo-category-title__link\" >RISQUES \u00c9LECTRIQUES<\/a><\/h3>\n<div class=\"jet-woo-category-excerpt\">Ensembles compos\u00e9s de casques de chantier, supports et \u00e9crans de...<\/div>\t<\/div>\n\n\t<div class=\"jet-woo-category-count__wrap\">\n\t\t\t<\/div>\n<\/div>\t<\/div>\n\n\t<\/div>\n<div class=\"jet-woo-categories__item \">\n\t<div class=\"jet-woo-categories__inner-box\"  >\n\t\t\n<div class=\"jet-woo-categories-thumbnail__wrap\">\n\t\n<div class=\"jet-woo-category-thumbnail\">\n\t<a href=\"https:\/\/dacarcomercial.com\/fr\/categorias-productos\/masques-de-soudure\/soudage-laser\/\"  rel=\"bookmark\">\n\t\t<img decoding=\"async\" width=\"150\" height=\"150\" src=\"https:\/\/dacarcomercial.com\/wp-content\/uploads\/2025\/03\/Careta-de-soldar-Grand-laser-150x150.png\" class=\"attachment-thumbnail size-thumbnail\" alt=\"Careta de soldar Grand l\u00e1ser\" loading=\"eager\" title=\"\">\t<\/a>\n\t<div class=\"jet-woo-category-img-overlay\"><\/div>\n\t<div class=\"jet-woo-category-img-overlay__hover\"><\/div>\n<\/div><\/div>\n\n<div class=\"jet-woo-categories-content\">\n\t<div class=\"jet-woo-category-content__inner\">\n\t\t<h3 class=\"jet-woo-category-title\" ><a href=\"https:\/\/dacarcomercial.com\/fr\/categorias-productos\/masques-de-soudure\/soudage-laser\/\" class=\"jet-woo-category-title__link\" >SOUDAGE LASER<\/a><\/h3>\t<\/div>\n\n\t<div class=\"jet-woo-category-count__wrap\">\n\t\t\t<\/div>\n<\/div>\t<\/div>\n\n\t<\/div>\n<div class=\"jet-woo-categories__item \">\n\t<div class=\"jet-woo-categories__inner-box\"  >\n\t\t\n<div class=\"jet-woo-categories-thumbnail__wrap\">\n\t\n<div class=\"jet-woo-category-thumbnail\">\n\t<a href=\"https:\/\/dacarcomercial.com\/fr\/categorias-productos\/vetements-de-protection\/soudeur\/\"  rel=\"bookmark\">\n\t\t<img decoding=\"async\" width=\"150\" height=\"150\" src=\"https:\/\/dacarcomercial.com\/wp-content\/uploads\/2022\/03\/Diseno-sin-titulo-12-min-150x150.png\" class=\"attachment-thumbnail size-thumbnail\" alt=\"Soldadura\" loading=\"eager\" title=\"\">\t<\/a>\n\t<div class=\"jet-woo-category-img-overlay\"><\/div>\n\t<div class=\"jet-woo-category-img-overlay__hover\"><\/div>\n<\/div><\/div>\n\n<div class=\"jet-woo-categories-content\">\n\t<div class=\"jet-woo-category-content__inner\">\n\t\t<h3 class=\"jet-woo-category-title\" ><a href=\"https:\/\/dacarcomercial.com\/fr\/categorias-productos\/vetements-de-protection\/soudeur\/\" class=\"jet-woo-category-title__link\" >Soudeur<\/a><\/h3>\t<\/div>\n\n\t<div class=\"jet-woo-category-count__wrap\">\n\t\t\t<\/div>\n<\/div>\t<\/div>\n\n\t<\/div>\n<div class=\"jet-woo-categories__item \">\n\t<div class=\"jet-woo-categories__inner-box\"  >\n\t\t\n<div class=\"jet-woo-categories-thumbnail__wrap\">\n\t\n<div class=\"jet-woo-category-thumbnail\">\n\t<a href=\"https:\/\/dacarcomercial.com\/fr\/categorias-productos\/protection-respiratoire\/sts-shigematsu-2\/\"  rel=\"bookmark\">\n\t\t<img decoding=\"async\" width=\"150\" height=\"150\" src=\"https:\/\/dacarcomercial.com\/wp-content\/uploads\/2022\/03\/Diseno-sin-titulo-9-min-150x150.png\" class=\"attachment-thumbnail size-thumbnail\" alt=\"protecci\u00f3n respiratoria\" loading=\"eager\" title=\"\">\t<\/a>\n\t<div class=\"jet-woo-category-img-overlay\"><\/div>\n\t<div class=\"jet-woo-category-img-overlay__hover\"><\/div>\n<\/div><\/div>\n\n<div class=\"jet-woo-categories-content\">\n\t<div class=\"jet-woo-category-content__inner\">\n\t\t<h3 class=\"jet-woo-category-title\" ><a href=\"https:\/\/dacarcomercial.com\/fr\/categorias-productos\/protection-respiratoire\/sts-shigematsu-2\/\" class=\"jet-woo-category-title__link\" >STS Shigematsu<\/a><\/h3>\n<div class=\"jet-woo-category-excerpt\">STS Shigematsu est un fabriquant japonais d\u00b4\u00e9quipements de protection respiratoire...<\/div>\t<\/div>\n\n\t<div class=\"jet-woo-category-count__wrap\">\n\t\t\t<\/div>\n<\/div>\t<\/div>\n\n\t<\/div>\n<div class=\"jet-woo-categories__item \">\n\t<div class=\"jet-woo-categories__inner-box\"  >\n\t\t\n<div class=\"jet-woo-categories-thumbnail__wrap\">\n\t\n<div class=\"jet-woo-category-thumbnail\">\n\t<a href=\"https:\/\/dacarcomercial.com\/fr\/categorias-productos\/protection-faciale\/systeme-4300mt-pour-combiner-avec-casque\/\"  rel=\"bookmark\">\n\t\t<img decoding=\"async\" width=\"150\" height=\"150\" src=\"https:\/\/dacarcomercial.com\/wp-content\/uploads\/sistema-4300mt-para-acoplar-a-casco-150x150.jpg\" class=\"attachment-thumbnail size-thumbnail\" alt=\"\" loading=\"eager\" title=\"\">\t<\/a>\n\t<div class=\"jet-woo-category-img-overlay\"><\/div>\n\t<div class=\"jet-woo-category-img-overlay__hover\"><\/div>\n<\/div><\/div>\n\n<div class=\"jet-woo-categories-content\">\n\t<div class=\"jet-woo-category-content__inner\">\n\t\t<h3 class=\"jet-woo-category-title\" ><a href=\"https:\/\/dacarcomercial.com\/fr\/categorias-productos\/protection-faciale\/systeme-4300mt-pour-combiner-avec-casque\/\" class=\"jet-woo-category-title__link\" >Syst\u00e8me 4300MT pour combiner avec casque<\/a><\/h3>\n<div class=\"jet-woo-category-excerpt\">Une large gamme de visi\u00e8res et leur support 4300MT pour...<\/div>\t<\/div>\n\n\t<div class=\"jet-woo-category-count__wrap\">\n\t\t\t<\/div>\n<\/div>\t<\/div>\n\n\t<\/div>\n<div class=\"jet-woo-categories__item \">\n\t<div class=\"jet-woo-categories__inner-box\"  >\n\t\t\n<div class=\"jet-woo-categories-thumbnail__wrap\">\n\t\n<div class=\"jet-woo-category-thumbnail\">\n\t<a href=\"https:\/\/dacarcomercial.com\/fr\/categorias-productos\/protection-faciale\/systeme-multi-usage-safe-1-2-3\/\"  rel=\"bookmark\">\n\t\t<img decoding=\"async\" width=\"150\" height=\"150\" src=\"https:\/\/dacarcomercial.com\/wp-content\/uploads\/sistema-multiuso-safe-1-2-3-150x150.jpg\" class=\"attachment-thumbnail size-thumbnail\" alt=\"\" loading=\"eager\" title=\"\">\t<\/a>\n\t<div class=\"jet-woo-category-img-overlay\"><\/div>\n\t<div class=\"jet-woo-category-img-overlay__hover\"><\/div>\n<\/div><\/div>\n\n<div class=\"jet-woo-categories-content\">\n\t<div class=\"jet-woo-category-content__inner\">\n\t\t<h3 class=\"jet-woo-category-title\" ><a href=\"https:\/\/dacarcomercial.com\/fr\/categorias-productos\/protection-faciale\/systeme-multi-usage-safe-1-2-3\/\" class=\"jet-woo-category-title__link\" >Syst\u00e8me multi usage Safe 1, 2 &amp; 3<\/a><\/h3>\t<\/div>\n\n\t<div class=\"jet-woo-category-count__wrap\">\n\t\t\t<\/div>\n<\/div>\t<\/div>\n\n\t<\/div>\n<div class=\"jet-woo-categories__item \">\n\t<div class=\"jet-woo-categories__inner-box\"  >\n\t\t\n<div class=\"jet-woo-categories-thumbnail__wrap\">\n\t\n<div class=\"jet-woo-category-thumbnail\">\n\t<a href=\"https:\/\/dacarcomercial.com\/fr\/categorias-productos\/tapis-protecteurs-de-sols\/\"  rel=\"bookmark\">\n\t\t<img decoding=\"async\" width=\"150\" height=\"150\" src=\"https:\/\/dacarcomercial.com\/wp-content\/uploads\/protectores-de-suelos-de-goma-150x150.jpg\" class=\"attachment-thumbnail size-thumbnail\" alt=\"\" loading=\"eager\" title=\"\">\t<\/a>\n\t<div class=\"jet-woo-category-img-overlay\"><\/div>\n\t<div class=\"jet-woo-category-img-overlay__hover\"><\/div>\n<\/div><\/div>\n\n<div class=\"jet-woo-categories-content\">\n\t<div class=\"jet-woo-category-content__inner\">\n\t\t<h3 class=\"jet-woo-category-title\" ><a href=\"https:\/\/dacarcomercial.com\/fr\/categorias-productos\/tapis-protecteurs-de-sols\/\" class=\"jet-woo-category-title__link\" >TAPIS PROTECTEURS DE SOLS<\/a><\/h3>\n<div class=\"jet-woo-category-excerpt\">Les tapis protecteurs de sols en caoutchouc prot\u00e8gent ceux-ci des...<\/div>\t<\/div>\n\n\t<div class=\"jet-woo-category-count__wrap\">\n\t\t\t<\/div>\n<\/div>\t<\/div>\n\n\t<\/div>\n<div class=\"jet-woo-categories__item \">\n\t<div class=\"jet-woo-categories__inner-box\"  >\n\t\t\n<div class=\"jet-woo-categories-thumbnail__wrap\">\n\t\n<div class=\"jet-woo-category-thumbnail\">\n\t<a href=\"https:\/\/dacarcomercial.com\/fr\/categorias-productos\/toiles-ignifugees\/toiles-anti-chaleur-sans-fibre-de-verre\/\"  rel=\"bookmark\">\n\t\t<img decoding=\"async\" width=\"150\" height=\"81\" src=\"https:\/\/dacarcomercial.com\/wp-content\/uploads\/2021\/08\/images-1.jpg\" class=\"attachment-thumbnail size-thumbnail\" alt=\"Manta ign\u00edfuga 100% Felt hasta 1250\u00ba\" loading=\"eager\" title=\"\">\t<\/a>\n\t<div class=\"jet-woo-category-img-overlay\"><\/div>\n\t<div class=\"jet-woo-category-img-overlay__hover\"><\/div>\n<\/div><\/div>\n\n<div class=\"jet-woo-categories-content\">\n\t<div class=\"jet-woo-category-content__inner\">\n\t\t<h3 class=\"jet-woo-category-title\" ><a href=\"https:\/\/dacarcomercial.com\/fr\/categorias-productos\/toiles-ignifugees\/toiles-anti-chaleur-sans-fibre-de-verre\/\" class=\"jet-woo-category-title__link\" >Toiles anti-chaleur sans fibre de verre<\/a><\/h3>\n<div class=\"jet-woo-category-excerpt\">Les couvertures ignifuges sans fibre de verre ne piquent pas,...<\/div>\t<\/div>\n\n\t<div class=\"jet-woo-category-count__wrap\">\n\t\t\t<\/div>\n<\/div>\t<\/div>\n\n\t<\/div>\n<div class=\"jet-woo-categories__item \">\n\t<div class=\"jet-woo-categories__inner-box\"  >\n\t\t\n<div class=\"jet-woo-categories-thumbnail__wrap\">\n\t\n<div class=\"jet-woo-category-thumbnail\">\n\t<a href=\"https:\/\/dacarcomercial.com\/fr\/categorias-productos\/toiles-ignifugees\/toiles-avec-recouvrements-speciaux\/\"  rel=\"bookmark\">\n\t\t<img decoding=\"async\" width=\"150\" height=\"150\" src=\"https:\/\/dacarcomercial.com\/wp-content\/uploads\/2025\/03\/Mantas-con-revestimientos-especiales-150x150.png\" class=\"attachment-thumbnail size-thumbnail\" alt=\"Mantas con revestimientos especiales\" loading=\"eager\" title=\"\">\t<\/a>\n\t<div class=\"jet-woo-category-img-overlay\"><\/div>\n\t<div class=\"jet-woo-category-img-overlay__hover\"><\/div>\n<\/div><\/div>\n\n<div class=\"jet-woo-categories-content\">\n\t<div class=\"jet-woo-category-content__inner\">\n\t\t<h3 class=\"jet-woo-category-title\" ><a href=\"https:\/\/dacarcomercial.com\/fr\/categorias-productos\/toiles-ignifugees\/toiles-avec-recouvrements-speciaux\/\" class=\"jet-woo-category-title__link\" >Toiles avec recouvrements sp\u00e9ciaux<\/a><\/h3>\t<\/div>\n\n\t<div class=\"jet-woo-category-count__wrap\">\n\t\t\t<\/div>\n<\/div>\t<\/div>\n\n\t<\/div>\n<div class=\"jet-woo-categories__item \">\n\t<div class=\"jet-woo-categories__inner-box\"  >\n\t\t\n<div class=\"jet-woo-categories-thumbnail__wrap\">\n\t\n<div class=\"jet-woo-category-thumbnail\">\n\t<a href=\"https:\/\/dacarcomercial.com\/fr\/categorias-productos\/toiles-ignifugees\/\"  rel=\"bookmark\">\n\t\t<img decoding=\"async\" width=\"150\" height=\"81\" src=\"https:\/\/dacarcomercial.com\/wp-content\/uploads\/2021\/08\/images-1.jpg\" class=\"attachment-thumbnail size-thumbnail\" alt=\"Manta ign\u00edfuga 100% Felt hasta 1250\u00ba\" loading=\"eager\" title=\"\">\t<\/a>\n\t<div class=\"jet-woo-category-img-overlay\"><\/div>\n\t<div class=\"jet-woo-category-img-overlay__hover\"><\/div>\n<\/div><\/div>\n\n<div class=\"jet-woo-categories-content\">\n\t<div class=\"jet-woo-category-content__inner\">\n\t\t<h3 class=\"jet-woo-category-title\" ><a href=\"https:\/\/dacarcomercial.com\/fr\/categorias-productos\/toiles-ignifugees\/\" class=\"jet-woo-category-title__link\" >TOILES IGNIFUG\u00c9ES<\/a><\/h3>\n<div class=\"jet-woo-category-excerpt\">Les toiles ignifug\u00e9es servent \u00e0 prot\u00e9ger l'environnement du soudeur contre...<\/div>\t<\/div>\n\n\t<div class=\"jet-woo-category-count__wrap\">\n\t\t\t<\/div>\n<\/div>\t<\/div>\n\n\t<\/div>\n<div class=\"jet-woo-categories__item \">\n\t<div class=\"jet-woo-categories__inner-box\"  >\n\t\t\n<div class=\"jet-woo-categories-thumbnail__wrap\">\n\t\n<div class=\"jet-woo-category-thumbnail\">\n\t<a href=\"https:\/\/dacarcomercial.com\/fr\/categorias-productos\/toiles-ignifugees\/toiles-ignifugees-avec-aimants\/\"  rel=\"bookmark\">\n\t\t<img decoding=\"async\" width=\"150\" height=\"150\" src=\"https:\/\/dacarcomercial.com\/wp-content\/uploads\/images\/manta-ignifuga-dc600-1x1m-2-imanes-arriba-150x150.jpg\" class=\"attachment-thumbnail size-thumbnail\" alt=\"manta ign\u00edfuga imantada\" loading=\"eager\" title=\"\">\t<\/a>\n\t<div class=\"jet-woo-category-img-overlay\"><\/div>\n\t<div class=\"jet-woo-category-img-overlay__hover\"><\/div>\n<\/div><\/div>\n\n<div class=\"jet-woo-categories-content\">\n\t<div class=\"jet-woo-category-content__inner\">\n\t\t<h3 class=\"jet-woo-category-title\" ><a href=\"https:\/\/dacarcomercial.com\/fr\/categorias-productos\/toiles-ignifugees\/toiles-ignifugees-avec-aimants\/\" class=\"jet-woo-category-title__link\" >Toiles ignifuge\u00e9s avec aimants<\/a><\/h3>\n<div class=\"jet-woo-category-excerpt\">Les Toiles ignifuge\u00e9s avec aimants sont tr\u00e8s pratiques pour \u00eatre...<\/div>\t<\/div>\n\n\t<div class=\"jet-woo-category-count__wrap\">\n\t\t\t<\/div>\n<\/div>\t<\/div>\n\n\t<\/div>\n<div class=\"jet-woo-categories__item \">\n\t<div class=\"jet-woo-categories__inner-box\"  >\n\t\t\n<div class=\"jet-woo-categories-thumbnail__wrap\">\n\t\n<div class=\"jet-woo-category-thumbnail\">\n\t<a href=\"https:\/\/dacarcomercial.com\/fr\/categorias-productos\/toiles-ignifugees\/toiles-ignifugees-jusqua-1000oc\/\"  rel=\"bookmark\">\n\t\t<img decoding=\"async\" width=\"150\" height=\"150\" src=\"https:\/\/dacarcomercial.com\/wp-content\/uploads\/2021\/08\/4865-16198111-150x150.jpg\" class=\"attachment-thumbnail size-thumbnail\" alt=\"\" loading=\"eager\" title=\"\">\t<\/a>\n\t<div class=\"jet-woo-category-img-overlay\"><\/div>\n\t<div class=\"jet-woo-category-img-overlay__hover\"><\/div>\n<\/div><\/div>\n\n<div class=\"jet-woo-categories-content\">\n\t<div class=\"jet-woo-category-content__inner\">\n\t\t<h3 class=\"jet-woo-category-title\" ><a href=\"https:\/\/dacarcomercial.com\/fr\/categorias-productos\/toiles-ignifugees\/toiles-ignifugees-jusqua-1000oc\/\" class=\"jet-woo-category-title__link\" >Toiles ignifug\u00e9es jusqu\u00b4\u00e0 1000\u00baC<\/a><\/h3>\n<div class=\"jet-woo-category-excerpt\">Les Toiles ignifug\u00e9es jusqu\u00b4\u00e0 1000\u00baC offrent une r\u00e9sistance \u00e0 haute...<\/div>\t<\/div>\n\n\t<div class=\"jet-woo-category-count__wrap\">\n\t\t\t<\/div>\n<\/div>\t<\/div>\n\n\t<\/div>\n<div class=\"jet-woo-categories__item \">\n\t<div class=\"jet-woo-categories__inner-box\"  >\n\t\t\n<div class=\"jet-woo-categories-thumbnail__wrap\">\n\t\n<div class=\"jet-woo-category-thumbnail\">\n\t<a href=\"https:\/\/dacarcomercial.com\/fr\/categorias-productos\/toiles-ignifugees\/toiles-ignifugees-jusqua-1500oc\/\"  rel=\"bookmark\">\n\t\t<img decoding=\"async\" width=\"150\" height=\"150\" src=\"https:\/\/dacarcomercial.com\/wp-content\/uploads\/2021\/08\/unnamed-150x150.jpg\" class=\"attachment-thumbnail size-thumbnail\" alt=\"La manta ign\u00edfuga DC-1300 i abrasi\u00f3n de Dacar\" loading=\"eager\" title=\"\">\t<\/a>\n\t<div class=\"jet-woo-category-img-overlay\"><\/div>\n\t<div class=\"jet-woo-category-img-overlay__hover\"><\/div>\n<\/div><\/div>\n\n<div class=\"jet-woo-categories-content\">\n\t<div class=\"jet-woo-category-content__inner\">\n\t\t<h3 class=\"jet-woo-category-title\" ><a href=\"https:\/\/dacarcomercial.com\/fr\/categorias-productos\/toiles-ignifugees\/toiles-ignifugees-jusqua-1500oc\/\" class=\"jet-woo-category-title__link\" >Toiles ignifug\u00e9es jusqu\u00b4\u00e0 1500\u00baC<\/a><\/h3>\n<div class=\"jet-woo-category-excerpt\">Les Toiles ignifug\u00e9es jusqu\u00b4\u00e0 1500\u00baC offrent une r\u00e9sistance aux temp\u00e9ratures...<\/div>\t<\/div>\n\n\t<div class=\"jet-woo-category-count__wrap\">\n\t\t\t<\/div>\n<\/div>\t<\/div>\n\n\t<\/div>\n<div class=\"jet-woo-categories__item \">\n\t<div class=\"jet-woo-categories__inner-box\"  >\n\t\t\n<div class=\"jet-woo-categories-thumbnail__wrap\">\n\t\n<div class=\"jet-woo-category-thumbnail\">\n\t<a href=\"https:\/\/dacarcomercial.com\/fr\/categorias-productos\/toiles-ignifugees\/toiles-ignifugees-jusqua-600oc\/\"  rel=\"bookmark\">\n\t\t<img decoding=\"async\" width=\"150\" height=\"150\" src=\"https:\/\/dacarcomercial.com\/wp-content\/uploads\/2021\/08\/manta-ignifuga-2000x3000mm-dacar-150x150.jpg\" class=\"attachment-thumbnail size-thumbnail\" alt=\"manta ign\u00edfuga DC-600L\" loading=\"eager\" title=\"\">\t<\/a>\n\t<div class=\"jet-woo-category-img-overlay\"><\/div>\n\t<div class=\"jet-woo-category-img-overlay__hover\"><\/div>\n<\/div><\/div>\n\n<div class=\"jet-woo-categories-content\">\n\t<div class=\"jet-woo-category-content__inner\">\n\t\t<h3 class=\"jet-woo-category-title\" ><a href=\"https:\/\/dacarcomercial.com\/fr\/categorias-productos\/toiles-ignifugees\/toiles-ignifugees-jusqua-600oc\/\" class=\"jet-woo-category-title__link\" >Toiles ignifug\u00e9es jusqu\u00b4\u00e0 600\u00baC<\/a><\/h3>\n<div class=\"jet-woo-category-excerpt\">Les Toiles ignifug\u00e9es jusqu\u00b4\u00e0 600\u00baC offrent une protection efficace contre...<\/div>\t<\/div>\n\n\t<div class=\"jet-woo-category-count__wrap\">\n\t\t\t<\/div>\n<\/div>\t<\/div>\n\n\t<\/div>\n<div class=\"jet-woo-categories__item \">\n\t<div class=\"jet-woo-categories__inner-box\"  >\n\t\t\n<div class=\"jet-woo-categories-thumbnail__wrap\">\n\t\n<div class=\"jet-woo-category-thumbnail\">\n\t<a href=\"https:\/\/dacarcomercial.com\/fr\/categorias-productos\/masques-de-soudage-avec-apport-dair\/cleanair-2\/tuyaux-dair\/\"  rel=\"bookmark\">\n\t\t<img decoding=\"async\" width=\"150\" height=\"150\" src=\"https:\/\/dacarcomercial.com\/wp-content\/uploads\/tubos-de-aire-150x150.jpg\" class=\"attachment-thumbnail size-thumbnail\" alt=\"Tubo de aire rosca-motor (Versi\u00f3n corta)\" loading=\"eager\" title=\"\">\t<\/a>\n\t<div class=\"jet-woo-category-img-overlay\"><\/div>\n\t<div class=\"jet-woo-category-img-overlay__hover\"><\/div>\n<\/div><\/div>\n\n<div class=\"jet-woo-categories-content\">\n\t<div class=\"jet-woo-category-content__inner\">\n\t\t<h3 class=\"jet-woo-category-title\" ><a href=\"https:\/\/dacarcomercial.com\/fr\/categorias-productos\/masques-de-soudage-avec-apport-dair\/cleanair-2\/tuyaux-dair\/\" class=\"jet-woo-category-title__link\" >Tuyaux d'air<\/a><\/h3>\n<div class=\"jet-woo-category-excerpt\">Tuyaux d'air pour le raccordement des unit\u00e9s ventil\u00e9es par moteur...<\/div>\t<\/div>\n\n\t<div class=\"jet-woo-category-count__wrap\">\n\t\t\t<\/div>\n<\/div>\t<\/div>\n\n\t<\/div>\n<div class=\"jet-woo-categories__item \">\n\t<div class=\"jet-woo-categories__inner-box\"  >\n\t\t\n<div class=\"jet-woo-categories-thumbnail__wrap\">\n\t\n<div class=\"jet-woo-category-thumbnail\">\n\t<a href=\"https:\/\/dacarcomercial.com\/fr\/categorias-productos\/masques-de-soudage-avec-apport-dair\/cleanair-2\/unites-de-tete\/\"  rel=\"bookmark\">\n\t\t<img decoding=\"async\" width=\"150\" height=\"150\" src=\"https:\/\/dacarcomercial.com\/wp-content\/uploads\/2022\/03\/Diseno-sin-titulo-19-min-150x150.png\" class=\"attachment-thumbnail size-thumbnail\" alt=\"Unidades de cabeza para cleanair\" loading=\"eager\" title=\"\">\t<\/a>\n\t<div class=\"jet-woo-category-img-overlay\"><\/div>\n\t<div class=\"jet-woo-category-img-overlay__hover\"><\/div>\n<\/div><\/div>\n\n<div class=\"jet-woo-categories-content\">\n\t<div class=\"jet-woo-category-content__inner\">\n\t\t<h3 class=\"jet-woo-category-title\" ><a href=\"https:\/\/dacarcomercial.com\/fr\/categorias-productos\/masques-de-soudage-avec-apport-dair\/cleanair-2\/unites-de-tete\/\" class=\"jet-woo-category-title__link\" >Unit\u00e9s de t\u00eate<\/a><\/h3>\n<div class=\"jet-woo-category-excerpt\">Unit\u00e9s de t\u00eate sous forme de cagoules, masques et \u00e9crans...<\/div>\t<\/div>\n\n\t<div class=\"jet-woo-category-count__wrap\">\n\t\t\t<\/div>\n<\/div>\t<\/div>\n\n\t<\/div>\n<div class=\"jet-woo-categories__item \">\n\t<div class=\"jet-woo-categories__inner-box\"  >\n\t\t\n<div class=\"jet-woo-categories-thumbnail__wrap\">\n\t\n<div class=\"jet-woo-category-thumbnail\">\n\t<a href=\"https:\/\/dacarcomercial.com\/fr\/categorias-productos\/vetements-de-protection\/\"  rel=\"bookmark\">\n\t\t<img decoding=\"async\" width=\"150\" height=\"150\" src=\"https:\/\/dacarcomercial.com\/wp-content\/uploads\/2022\/03\/Diseno-sin-titulo-10-min-150x150.png\" class=\"attachment-thumbnail size-thumbnail\" alt=\"VESTUARIO DE PROTECCI\u00d3N\" loading=\"eager\" title=\"\">\t<\/a>\n\t<div class=\"jet-woo-category-img-overlay\"><\/div>\n\t<div class=\"jet-woo-category-img-overlay__hover\"><\/div>\n<\/div><\/div>\n\n<div class=\"jet-woo-categories-content\">\n\t<div class=\"jet-woo-category-content__inner\">\n\t\t<h3 class=\"jet-woo-category-title\" ><a href=\"https:\/\/dacarcomercial.com\/fr\/categorias-productos\/vetements-de-protection\/\" class=\"jet-woo-category-title__link\" >V\u00caTEMENTS DE PROTECTION<\/a><\/h3>\n<div class=\"jet-woo-category-excerpt\">Toutes sortes de v\u00eatements de protection contre les produits chimiques,...<\/div>\t<\/div>\n\n\t<div class=\"jet-woo-category-count__wrap\">\n\t\t\t<\/div>\n<\/div>\t<\/div>\n\n\t<\/div>\n<div class=\"jet-woo-categories__item \">\n\t<div class=\"jet-woo-categories__inner-box\"  >\n\t\t\n<div class=\"jet-woo-categories-thumbnail__wrap\">\n\t\n<div class=\"jet-woo-category-thumbnail\">\n\t<a href=\"https:\/\/dacarcomercial.com\/fr\/categorias-productos\/vetements-de-protection\/soudeur\/vetements-pour-soudeur\/\"  rel=\"bookmark\">\n\t\t<img decoding=\"async\" width=\"150\" height=\"150\" src=\"https:\/\/dacarcomercial.com\/wp-content\/uploads\/2022\/03\/Diseno-sin-titulo-11-min-150x150.png\" class=\"attachment-thumbnail size-thumbnail\" alt=\"Ropa para soldar\" loading=\"eager\" title=\"\">\t<\/a>\n\t<div class=\"jet-woo-category-img-overlay\"><\/div>\n\t<div class=\"jet-woo-category-img-overlay__hover\"><\/div>\n<\/div><\/div>\n\n<div class=\"jet-woo-categories-content\">\n\t<div class=\"jet-woo-category-content__inner\">\n\t\t<h3 class=\"jet-woo-category-title\" ><a href=\"https:\/\/dacarcomercial.com\/fr\/categorias-productos\/vetements-de-protection\/soudeur\/vetements-pour-soudeur\/\" class=\"jet-woo-category-title__link\" >V\u00eatements pour soudeur<\/a><\/h3>\n<div class=\"jet-woo-category-excerpt\">Tous les v\u00eatements de soudeur dont vous avez besoin pour...<\/div>\t<\/div>\n\n\t<div class=\"jet-woo-category-count__wrap\">\n\t\t\t<\/div>\n<\/div>\t<\/div>\n\n\t<\/div>\n<div class=\"jet-woo-categories__item \">\n\t<div class=\"jet-woo-categories__inner-box\"  >\n\t\t\n<div class=\"jet-woo-categories-thumbnail__wrap\">\n\t\n<div class=\"jet-woo-category-thumbnail\">\n\t<a href=\"https:\/\/dacarcomercial.com\/fr\/categorias-productos\/masques-de-soudure\/x3-fr\/\"  rel=\"bookmark\">\n\t\t<img decoding=\"async\" width=\"150\" height=\"150\" src=\"https:\/\/dacarcomercial.com\/wp-content\/uploads\/2025\/04\/Caretas-de-soldar-X3--150x150.png\" class=\"attachment-thumbnail size-thumbnail\" alt=\"Caretas de soldar X3\" loading=\"eager\" title=\"\">\t<\/a>\n\t<div class=\"jet-woo-category-img-overlay\"><\/div>\n\t<div class=\"jet-woo-category-img-overlay__hover\"><\/div>\n<\/div><\/div>\n\n<div class=\"jet-woo-categories-content\">\n\t<div class=\"jet-woo-category-content__inner\">\n\t\t<h3 class=\"jet-woo-category-title\" ><a href=\"https:\/\/dacarcomercial.com\/fr\/categorias-productos\/masques-de-soudure\/x3-fr\/\" class=\"jet-woo-category-title__link\" >X3<\/a><\/h3>\t<\/div>\n\n\t<div class=\"jet-woo-category-count__wrap\">\n\t\t\t<\/div>\n<\/div>\t<\/div>\n\n\t<\/div><\/div>\n<\/div>\t\t\t\t<\/div>\n\t\t\t\t<\/div>\n\t\t\t\t\t<\/div>\n\t\t<\/div>\n\t\t\t\t\t<\/div>\n\t\t<\/section>\n\t\t\t\t<\/div>\n\t\t","protected":false},"excerpt":{"rendered":"<p>Boutique Bienvenue sur notre boutique en ligne de produits pour la protection des travailleurs Filtre R\u00e9sultats Voir tous les r\u00e9sultats Accesoires Accesoires et rechanges Accessoires Accessoires et rechanges Accessoires et rechanges Avec \u00e9cran facial DC-Guard Avec filtres \u00e9lectro-optiques Avec oculaires incolores Avec verre soudeur bouchons d\u00b4oreilles et bandes CABINES DE SOUDAGE Casque anti-bruit \u00e9lectronique Casques [&hellip;]<\/p>\n","protected":false},"author":4,"featured_media":0,"parent":0,"menu_order":0,"comment_status":"closed","ping_status":"closed","template":"","meta":{"site-sidebar-layout":"no-sidebar","site-content-layout":"page-builder","ast-site-content-layout":"full-width-container","site-content-style":"unboxed","site-sidebar-style":"unboxed","ast-global-header-display":"","ast-banner-title-visibility":"","ast-main-header-display":"","ast-hfb-above-header-display":"","ast-hfb-below-header-display":"","ast-hfb-mobile-header-display":"","site-post-title":"disabled","ast-breadcrumbs-content":"","ast-featured-img":"disabled","footer-sml-layout":"","ast-disable-related-posts":"","theme-transparent-header-meta":"default","adv-header-id-meta":"","stick-header-meta":"enabled","header-above-stick-meta":"","header-main-stick-meta":"on","header-below-stick-meta":"","astra-migrate-meta-layouts":"default","ast-page-background-enabled":"default","ast-page-background-meta":{"desktop":{"background-color":"","background-image":"","background-repeat":"repeat","background-position":"center center","background-size":"auto","background-attachment":"scroll","background-type":"","background-media":"","overlay-type":"","overlay-color":"","overlay-opacity":"","overlay-gradient":""},"tablet":{"background-color":"","background-image":"","background-repeat":"repeat","background-position":"center center","background-size":"auto","background-attachment":"scroll","background-type":"","background-media":"","overlay-type":"","overlay-color":"","overlay-opacity":"","overlay-gradient":""},"mobile":{"background-color":"","background-image":"","background-repeat":"repeat","background-position":"center center","background-size":"auto","background-attachment":"scroll","background-type":"","background-media":"","overlay-type":"","overlay-color":"","overlay-opacity":"","overlay-gradient":""}},"ast-content-background-meta":{"desktop":{"background-color":"var(--ast-global-color-5)","background-image":"","background-repeat":"repeat","background-position":"center center","background-size":"auto","background-attachment":"scroll","background-type":"","background-media":"","overlay-type":"","overlay-color":"","overlay-opacity":"","overlay-gradient":""},"tablet":{"background-color":"var(--ast-global-color-5)","background-image":"","background-repeat":"repeat","background-position":"center center","background-size":"auto","background-attachment":"scroll","background-type":"","background-media":"","overlay-type":"","overlay-color":"","overlay-opacity":"","overlay-gradient":""},"mobile":{"background-color":"var(--ast-global-color-5)","background-image":"","background-repeat":"repeat","background-position":"center center","background-size":"auto","background-attachment":"scroll","background-type":"","background-media":"","overlay-type":"","overlay-color":"","overlay-opacity":"","overlay-gradient":""}},"footnotes":""},"class_list":["post-23606","page","type-page","status-publish","hentry"],"_links":{"self":[{"href":"https:\/\/dacarcomercial.com\/fr\/wp-json\/wp\/v2\/pages\/23606","targetHints":{"allow":["GET"]}}],"collection":[{"href":"https:\/\/dacarcomercial.com\/fr\/wp-json\/wp\/v2\/pages"}],"about":[{"href":"https:\/\/dacarcomercial.com\/fr\/wp-json\/wp\/v2\/types\/page"}],"author":[{"embeddable":true,"href":"https:\/\/dacarcomercial.com\/fr\/wp-json\/wp\/v2\/users\/4"}],"replies":[{"embeddable":true,"href":"https:\/\/dacarcomercial.com\/fr\/wp-json\/wp\/v2\/comments?post=23606"}],"version-history":[{"count":0,"href":"https:\/\/dacarcomercial.com\/fr\/wp-json\/wp\/v2\/pages\/23606\/revisions"}],"wp:attachment":[{"href":"https:\/\/dacarcomercial.com\/fr\/wp-json\/wp\/v2\/media?parent=23606"}],"curies":[{"name":"wp","href":"https:\/\/api.w.org\/{rel}","templated":true}]}}