{"id":24257,"date":"2021-05-04T12:33:51","date_gmt":"2021-05-04T10:33:51","guid":{"rendered":"http:\/\/dacarcomercial.com\/avis-juridique\/"},"modified":"2021-05-04T12:33:54","modified_gmt":"2021-05-04T10:33:54","slug":"avis-juridique","status":"publish","type":"page","link":"https:\/\/dacarcomercial.com\/fr\/avis-juridique\/","title":{"rendered":"AVIS JURIDIQUE"},"content":{"rendered":"\n<h3 class=\"wp-block-heading\"><strong>AVIS JURIDIQUE WEB<\/strong><\/h3>\n\n<p>Cette notice l\u00e9gale r\u00e9git l&rsquo;utilisation du service de portail Internet www.dacarcomercial.com<\/p>\n\n<h4 class=\"wp-block-heading\"><strong>1. Donn\u00e9es d&rsquo;identification<\/strong><\/h4>\n\n<p>Dacar Comercializaci\u00f3n SL met ce site Web \u00e0 la disposition des internautes, afin \u00e0 la fois de fournir des informations sur les produits ou services propos\u00e9s par celui-ci, ainsi que pour permettre aux utilisateurs de faire tout type de requ\u00eate ou de suggestion par courrier postal \u00e0 l&rsquo;adresse indiqu\u00e9e ci-dessus ou via ce site Web.<\/p>\n\n<ul class=\"wp-block-list\"><li><strong>Raison sociale<\/strong>: Dacar Comercializaci\u00f3n, S.L.<\/li><li><strong>Si\u00e8ge social<\/strong>:\u00a0Pol\u00edgono Ezkabarte, n\u00ba 1 Calle D 31194 Arre (Navarra)<\/li><li><strong>CIF \/ NIF<\/strong>:\u00a0B31609282<\/li><li><strong>T\u00e9l\u00e9phone<\/strong>:\u00a0+34 948 303 359<\/li><\/ul>\n<h4 class=\"wp-block-heading\"><strong>2. Description de www.dacarcomercial.com<\/strong><\/h4>\n\n<p>Dacar Comercializaci\u00f3n SL met ce site Web \u00e0 la disposition des internautes, afin \u00e0 la fois de fournir des informations sur les produits ou services propos\u00e9s par celui-ci, ainsi que pour permettre aux utilisateurs de faire tout type de requ\u00eate ou de suggestion par courrier postal \u00e0 l&rsquo;adresse indiqu\u00e9e ci-dessus ou via ce site Web.<\/p>\n\n<h4 class=\"wp-block-heading\"><strong>3. Propri\u00e9t\u00e9 intellectuelle<\/strong><\/h4>\n\n<p>Les informations et contenus collect\u00e9s sur ce site, ainsi que le code source, les graphismes, les images, les logiciels et les textes, sont prot\u00e9g\u00e9s par la l\u00e9gislation espagnole sur les droits de propri\u00e9t\u00e9 intellectuelle et industrielle en faveur de Dacar Comercializaci\u00f3n SL et la reproduction totale ou partielle et \/ ou la publication du site Web n&rsquo;est pas autoris\u00e9e, ni son traitement informatique, sa distribution, sa diffusion, ni sa modification ou transformation, ni d&rsquo;autres droits l\u00e9galement reconnus \u00e0 son propri\u00e9taire, sans l&rsquo;autorisation \u00e9crite pr\u00e9alable de celui-ci.<\/p>\n\n<p>Tous les droits d\u00e9riv\u00e9s de la propri\u00e9t\u00e9 intellectuelle sont express\u00e9ment r\u00e9serv\u00e9s par Dacar Comercializaci\u00f3n SL. L&rsquo;utilisateur, uniquement et exclusivement, peut utiliser le mat\u00e9riel qui appara\u00eet sur ce site Web pour son usage personnel et priv\u00e9, son utilisation \u00e0 des fins commerciales ou pour se livrer \u00e0 des activit\u00e9s ill\u00e9gales est interdite.<\/p>\n\n<p>Tous les noms commerciaux, marques ou signes diff\u00e9rents de toute nature contenus dans le site Web de Dacar Comercializaci\u00f3n SL sont la propri\u00e9t\u00e9 de leurs propri\u00e9taires et sont prot\u00e9g\u00e9s par la loi.<\/p>\n\n<p>Dacar Comercializaci\u00f3n SL veillera au respect des conditions ci-dessus ainsi qu&rsquo;\u00e0 la bonne utilisation du contenu pr\u00e9sent\u00e9 sur son site Web, en exer\u00e7ant toutes les actions civiles et p\u00e9nales qui lui correspondent en cas de violation ou de violation de ces droits par l&rsquo;utilisateur<\/p>\n\n<h4 class=\"wp-block-heading\"><strong>4. Exclusion de garanties et de responsabilit\u00e9<\/strong><\/h4>\n\n<p>Dacar Comercializaci\u00f3n SL n&rsquo;est en aucun cas responsable des dommages de toute nature qui pourraient causer, \u00e0 titre d&rsquo;exemple: des erreurs ou des omissions dans le contenu, le manque de disponibilit\u00e9 du portail ou la transmission de virus ou de programmes malveillants ou nuisibles dans le contenu, malgr\u00e9 l\u2019adoption de toutes les mesures techniques n\u00e9cessaires pour l\u2019\u00e9viter.<\/p>\n\n<p>Dacar Comercializaci\u00f3n SL s&rsquo;engage par la pr\u00e9sente \u00e0 ne pas faire de publicit\u00e9 trompeuse. \u00c0 ces fins, par cons\u00e9quent, les erreurs formelles ou num\u00e9riques qui peuvent \u00eatre trouv\u00e9es dans le contenu des diff\u00e9rentes sections du Site produites \u00e0 la suite d&rsquo;une maintenance et \/ ou d&rsquo;une mise \u00e0 jour incompl\u00e8tes ou d\u00e9fectueuses des informations contenues ne seront pas consid\u00e9r\u00e9es comme de la publicit\u00e9 trompeuse. sections. Dacar Comercializaci\u00f3n SL, en cons\u00e9quence des dispositions de cette section, s&rsquo;engage \u00e0 le corriger d\u00e8s qu&rsquo;il aura connaissance de ces erreurs.<\/p>\n\n<h4 class=\"wp-block-heading\"><strong>5. Modifications<\/strong><\/h4>\n\n<p>Dacar Comercializaci\u00f3n SL se r\u00e9serve le droit d&rsquo;apporter les modifications qu&rsquo;elle juge appropri\u00e9es \u00e0 son site Web sans pr\u00e9avis, en pouvant changer, supprimer ou ajouter \u00e0 la fois le contenu et les services fournis par son interm\u00e9diaire et la mani\u00e8re dont ils sont pr\u00e9sent\u00e9s ou situ\u00e9s sur votre site Web.<\/p>\n\n<h4 class=\"wp-block-heading\"><strong>6. Utilisation des cookies<\/strong><\/h4>\n\n<p>Dacar Comercializaci\u00f3n SL pour son propre compte ou celui d&rsquo;un tiers engag\u00e9 pour fournir des services de mesure, peut utiliser des cookies lorsqu&rsquo;un utilisateur navigue sur le site Web. Les cookies sont des fichiers envoy\u00e9s au navigateur via un serveur Web afin d&rsquo;enregistrer les activit\u00e9s de l&rsquo;utilisateur pendant sa navigation. Les cookies utilis\u00e9s par le site Web ne sont associ\u00e9s qu&rsquo;\u00e0 un utilisateur anonyme et \u00e0 son ordinateur, et ne fournissent pas eux-m\u00eames les donn\u00e9es personnelles de l&rsquo;utilisateur.<\/p>\n\n<p>Gr\u00e2ce \u00e0 l&rsquo;utilisation de cookies, il est possible que le serveur sur lequel se trouve le Web, reconnaisse le navigateur Web utilis\u00e9 par l&rsquo;utilisateur afin de faciliter la navigation, permettant, par exemple, l&rsquo;acc\u00e8s aux utilisateurs qui se sont enregistr\u00e9s auparavant, acc\u00e9der aux zones , services, promotions ou concours qui leur sont exclusivement r\u00e9serv\u00e9s sans avoir \u00e0 s&rsquo;inscrire \u00e0 chaque visite. Ils sont \u00e9galement utilis\u00e9s pour mesurer l&rsquo;audience et les param\u00e8tres de trafic, contr\u00f4ler la progression et le nombre d&rsquo;entr\u00e9es.<\/p>\n\n<p>L&rsquo;utilisateur a la possibilit\u00e9 de configurer son navigateur pour \u00eatre averti de la r\u00e9ception de cookies et pour emp\u00eacher leur installation sur son ordinateur. Veuillez consulter les instructions et les manuels de votre navigateur pour d\u00e9velopper ces informations.<\/p>\n\n<p>Les cookies utilis\u00e9s sur ce site sont, dans tous les cas, de nature temporaire dans le seul but de rendre leur transmission ult\u00e9rieure plus efficace. En aucun cas, les cookies ne seront utilis\u00e9s pour collecter des informations personnelles.<\/p>\n\n<h4 class=\"wp-block-heading\"><strong>7. Liens<\/strong><\/h4>\n\n<p>La pr\u00e9sence de liens sur le site Web de Dacar Comercializaci\u00f3n SL est \u00e0 titre informatif uniquement et n&rsquo;implique en aucun cas une suggestion, une invitation ou une recommandation \u00e0 leur sujet.<\/p>\n\n<h4 class=\"wp-block-heading\"><strong>8. Modification de ces conditions et dur\u00e9e<\/strong><\/h4>\n\n<p>Dacar Comercializaci\u00f3n SL peut modifier les conditions d\u00e9termin\u00e9es ici \u00e0 tout moment, \u00e9tant d\u00fbment publi\u00e9es telles qu&rsquo;elles apparaissent ici. La validit\u00e9 des conditions susmentionn\u00e9es sera bas\u00e9e sur leur exposition et sera en vigueur jusqu&rsquo;\u00e0 ce qu&rsquo;elles soient modifi\u00e9es par d&rsquo;autres d\u00fbment publi\u00e9es.<\/p>\n\n<h4 class=\"wp-block-heading\"><strong>9. Loi applicable et juridiction<\/strong><\/h4>\n\n<p>Dacar Comercializaci\u00f3n SL et l&rsquo;utilisateur, renon\u00e7ant express\u00e9ment \u00e0 toute autre juridiction ou l\u00e9gislation applicable qui pourrait leur correspondre, se soumettent \u00e0 la l\u00e9gislation de droit commun espagnol et \u00e0 la juridiction des tribunaux et tribunaux de la ville de Pampelune (Espagne), sauf si le Applicable la l\u00e9gislation d\u00e9termine imp\u00e9rativement une autre juridiction ou une l\u00e9gislation diff\u00e9rente.<\/p>\n\n<h4 class=\"wp-block-heading\"><strong>10. Consentement de l&rsquo;utilisateur<\/strong><\/h4>\n\n<p>L&rsquo;utilisateur d\u00e9clare avoir pris connaissance des pr\u00e9sentes conditions g\u00e9n\u00e9rales, en acceptant et en autorisant, pleinement et express\u00e9ment, toutes les dispositions de chacune d&rsquo;elles \u00e0 chaque fois qu&rsquo;il acc\u00e8de \u00e0 www.dacarcomercial.com ou utilise ses services.<\/p>\n","protected":false},"excerpt":{"rendered":"<p>AVIS JURIDIQUE WEB Cette notice l\u00e9gale r\u00e9git l&rsquo;utilisation du service de portail Internet www.dacarcomercial.com 1. Donn\u00e9es d&rsquo;identification Dacar Comercializaci\u00f3n SL met ce site Web \u00e0 la disposition des internautes, afin \u00e0 la fois de fournir des informations sur les produits ou services propos\u00e9s par celui-ci, ainsi que pour permettre aux utilisateurs de faire tout type [&hellip;]<\/p>\n","protected":false},"author":4,"featured_media":0,"parent":0,"menu_order":0,"comment_status":"closed","ping_status":"closed","template":"","meta":{"site-sidebar-layout":"no-sidebar","site-content-layout":"plain-container","ast-site-content-layout":"default","site-content-style":"default","site-sidebar-style":"default","ast-global-header-display":"","ast-banner-title-visibility":"","ast-main-header-display":"","ast-hfb-above-header-display":"","ast-hfb-below-header-display":"","ast-hfb-mobile-header-display":"","site-post-title":"disabled","ast-breadcrumbs-content":"","ast-featured-img":"disabled","footer-sml-layout":"","ast-disable-related-posts":"","theme-transparent-header-meta":"default","adv-header-id-meta":"","stick-header-meta":"","header-above-stick-meta":"","header-main-stick-meta":"","header-below-stick-meta":"","astra-migrate-meta-layouts":"default","ast-page-background-enabled":"default","ast-page-background-meta":{"desktop":{"background-color":"","background-image":"","background-repeat":"repeat","background-position":"center center","background-size":"auto","background-attachment":"scroll","background-type":"","background-media":"","overlay-type":"","overlay-color":"","overlay-opacity":"","overlay-gradient":""},"tablet":{"background-color":"","background-image":"","background-repeat":"repeat","background-position":"center center","background-size":"auto","background-attachment":"scroll","background-type":"","background-media":"","overlay-type":"","overlay-color":"","overlay-opacity":"","overlay-gradient":""},"mobile":{"background-color":"","background-image":"","background-repeat":"repeat","background-position":"center center","background-size":"auto","background-attachment":"scroll","background-type":"","background-media":"","overlay-type":"","overlay-color":"","overlay-opacity":"","overlay-gradient":""}},"ast-content-background-meta":{"desktop":{"background-color":"var(--ast-global-color-5)","background-image":"","background-repeat":"repeat","background-position":"center center","background-size":"auto","background-attachment":"scroll","background-type":"","background-media":"","overlay-type":"","overlay-color":"","overlay-opacity":"","overlay-gradient":""},"tablet":{"background-color":"var(--ast-global-color-5)","background-image":"","background-repeat":"repeat","background-position":"center center","background-size":"auto","background-attachment":"scroll","background-type":"","background-media":"","overlay-type":"","overlay-color":"","overlay-opacity":"","overlay-gradient":""},"mobile":{"background-color":"var(--ast-global-color-5)","background-image":"","background-repeat":"repeat","background-position":"center center","background-size":"auto","background-attachment":"scroll","background-type":"","background-media":"","overlay-type":"","overlay-color":"","overlay-opacity":"","overlay-gradient":""}},"footnotes":""},"class_list":["post-24257","page","type-page","status-publish","hentry"],"_links":{"self":[{"href":"https:\/\/dacarcomercial.com\/fr\/wp-json\/wp\/v2\/pages\/24257","targetHints":{"allow":["GET"]}}],"collection":[{"href":"https:\/\/dacarcomercial.com\/fr\/wp-json\/wp\/v2\/pages"}],"about":[{"href":"https:\/\/dacarcomercial.com\/fr\/wp-json\/wp\/v2\/types\/page"}],"author":[{"embeddable":true,"href":"https:\/\/dacarcomercial.com\/fr\/wp-json\/wp\/v2\/users\/4"}],"replies":[{"embeddable":true,"href":"https:\/\/dacarcomercial.com\/fr\/wp-json\/wp\/v2\/comments?post=24257"}],"version-history":[{"count":0,"href":"https:\/\/dacarcomercial.com\/fr\/wp-json\/wp\/v2\/pages\/24257\/revisions"}],"wp:attachment":[{"href":"https:\/\/dacarcomercial.com\/fr\/wp-json\/wp\/v2\/media?parent=24257"}],"curies":[{"name":"wp","href":"https:\/\/api.w.org\/{rel}","templated":true}]}}