{"id":17149,"date":"2021-03-06T16:42:38","date_gmt":"2021-03-06T15:42:38","guid":{"rendered":"http:\/\/dacarcomercial.com\/producto\/guetres-en-aramide-aluminisee\/"},"modified":"2023-09-29T10:12:23","modified_gmt":"2023-09-29T08:12:23","slug":"guetres-en-aramide-aluminisee","status":"publish","type":"product","link":"https:\/\/dacarcomercial.com\/fr\/producto\/guetres-en-aramide-aluminisee\/","title":{"rendered":"Gu\u00eatres en Aramide aluminis\u00e9e"},"content":{"rendered":"<h2><strong>Caract\u00e9ristiques des Gu\u00eatres en Aramide Aluminis\u00e9e :<\/strong><\/h2>\n<ul>\n<li><strong>Protection Int\u00e9grale :<\/strong> Nos gu\u00eatres en aramide aluminis\u00e9 offrent une protection compl\u00e8te pour vos pieds. De la partie sup\u00e9rieure \u00e0 la semelle, vous serez prot\u00e9g\u00e9 contre les \u00e9tincelles, la chaleur et les dangers associ\u00e9s.<\/li>\n<li><strong>Fermeture Lat\u00e9rale en Velcro de 30 cm :<\/strong> La fermeture lat\u00e9rale en velcro de 30 cm permet un ajustement s\u00fbr et confortable. De plus, elle facilite la mise en place et le retrait des gu\u00eatres.<\/li>\n<li><strong>Semelle en Cuir R\u00e9sistant \u00e0 la Chaleur :<\/strong> La semelle en cuir r\u00e9sistant \u00e0 la chaleur offre une base solide pour vos pieds et r\u00e9siste aux temp\u00e9ratures extr\u00eames, vous procurant confiance \u00e0 chaque pas.<\/li>\n<li><strong>Conforme aux Normes CE EN ISO 11611 et 11612 :<\/strong> Nos gu\u00eatres sont conformes aux normes de s\u00e9curit\u00e9 europ\u00e9ennes les plus strictes, garantissant votre bien-\u00eatre au travail.<\/li>\n<\/ul>\n","protected":false},"excerpt":{"rendered":"<p><strong>Les Gu\u00eatres en Aramide Aluminis\u00e9e<\/strong>\u00a0sont votre d\u00e9fense in\u00e9branlable lorsque vous devez prot\u00e9ger vos pieds dans des environnements \u00e0 haut risque. Con\u00e7ues m\u00e9ticuleusement pour offrir une protection int\u00e9grale, ces gu\u00eatres sont le choix parfait pour les travailleurs confront\u00e9s quotidiennement \u00e0 des dangers li\u00e9s \u00e0 la chaleur et aux \u00e9tincelles.<\/p>\n","protected":false},"featured_media":12465,"template":"","meta":{"site-sidebar-layout":"default","site-content-layout":"default","ast-site-content-layout":"default","site-content-style":"default","site-sidebar-style":"default","ast-global-header-display":"","ast-banner-title-visibility":"","ast-main-header-display":"","ast-hfb-above-header-display":"","ast-hfb-below-header-display":"","ast-hfb-mobile-header-display":"","site-post-title":"","ast-breadcrumbs-content":"","ast-featured-img":"","footer-sml-layout":"","ast-disable-related-posts":"","theme-transparent-header-meta":"default","adv-header-id-meta":"","stick-header-meta":"default","header-above-stick-meta":"","header-main-stick-meta":"","header-below-stick-meta":"","astra-migrate-meta-layouts":"set","ast-page-background-enabled":"default","ast-page-background-meta":{"desktop":{"background-color":"","background-image":"","background-repeat":"repeat","background-position":"center center","background-size":"auto","background-attachment":"scroll","background-type":"","background-media":"","overlay-type":"","overlay-color":"","overlay-opacity":"","overlay-gradient":""},"tablet":{"background-color":"","background-image":"","background-repeat":"repeat","background-position":"center center","background-size":"auto","background-attachment":"scroll","background-type":"","background-media":"","overlay-type":"","overlay-color":"","overlay-opacity":"","overlay-gradient":""},"mobile":{"background-color":"","background-image":"","background-repeat":"repeat","background-position":"center center","background-size":"auto","background-attachment":"scroll","background-type":"","background-media":"","overlay-type":"","overlay-color":"","overlay-opacity":"","overlay-gradient":""}},"ast-content-background-meta":{"desktop":{"background-color":"var(--ast-global-color-5)","background-image":"","background-repeat":"repeat","background-position":"center center","background-size":"auto","background-attachment":"scroll","background-type":"","background-media":"","overlay-type":"","overlay-color":"","overlay-opacity":"","overlay-gradient":""},"tablet":{"background-color":"var(--ast-global-color-5)","background-image":"","background-repeat":"repeat","background-position":"center center","background-size":"auto","background-attachment":"scroll","background-type":"","background-media":"","overlay-type":"","overlay-color":"","overlay-opacity":"","overlay-gradient":""},"mobile":{"background-color":"var(--ast-global-color-5)","background-image":"","background-repeat":"repeat","background-position":"center center","background-size":"auto","background-attachment":"scroll","background-type":"","background-media":"","overlay-type":"","overlay-color":"","overlay-opacity":"","overlay-gradient":""}}},"product_brand":[],"product_cat":[933,931],"product_tag":[],"class_list":{"0":"post-17149","1":"product","2":"type-product","3":"status-publish","4":"has-post-thumbnail","6":"product_cat-protection-thermique","7":"product_cat-vetements-de-protection","8":"desktop-align-left","9":"tablet-align-left","10":"mobile-align-left","11":"ast-product-gallery-layout-horizontal-slider","12":"ast-product-gallery-with-no-image","13":"ast-product-tabs-layout-horizontal","15":"first","16":"instock","17":"taxable","18":"shipping-taxable","19":"purchasable","20":"product-type-simple"},"_links":{"self":[{"href":"https:\/\/dacarcomercial.com\/fr\/wp-json\/wp\/v2\/product\/17149","targetHints":{"allow":["GET"]}}],"collection":[{"href":"https:\/\/dacarcomercial.com\/fr\/wp-json\/wp\/v2\/product"}],"about":[{"href":"https:\/\/dacarcomercial.com\/fr\/wp-json\/wp\/v2\/types\/product"}],"version-history":[{"count":0,"href":"https:\/\/dacarcomercial.com\/fr\/wp-json\/wp\/v2\/product\/17149\/revisions"}],"wp:featuredmedia":[{"embeddable":true,"href":"https:\/\/dacarcomercial.com\/fr\/wp-json\/wp\/v2\/media\/12465"}],"wp:attachment":[{"href":"https:\/\/dacarcomercial.com\/fr\/wp-json\/wp\/v2\/media?parent=17149"}],"wp:term":[{"taxonomy":"product_brand","embeddable":true,"href":"https:\/\/dacarcomercial.com\/fr\/wp-json\/wp\/v2\/product_brand?post=17149"},{"taxonomy":"product_cat","embeddable":true,"href":"https:\/\/dacarcomercial.com\/fr\/wp-json\/wp\/v2\/product_cat?post=17149"},{"taxonomy":"product_tag","embeddable":true,"href":"https:\/\/dacarcomercial.com\/fr\/wp-json\/wp\/v2\/product_tag?post=17149"}],"curies":[{"name":"wp","href":"https:\/\/api.w.org\/{rel}","templated":true}]}}