{"id":17995,"date":"2021-03-06T16:49:30","date_gmt":"2021-03-06T15:49:30","guid":{"rendered":"http:\/\/dacarcomercial.com\/producto\/exor-noire-pc-as\/"},"modified":"2022-03-18T10:22:41","modified_gmt":"2022-03-18T09:22:41","slug":"exor-incolore","status":"publish","type":"product","link":"https:\/\/dacarcomercial.com\/fr\/producto\/exor-incolore\/","title":{"rendered":"Exor incolore"},"content":{"rendered":"<h2><strong>Caract\u00e9ristiques Exor incolore<\/strong><\/h2>\n<ul>\n<li>Verres asph\u00e9riques pour corriger l&rsquo;aberration<\/li>\n<li>Assise optimale gr\u00e2ce \u00e0 la technologie Wraparound<\/li>\n<li>Couverture sup\u00e9rieure des yeux int\u00e9gr\u00e9e<\/li>\n<li>Longueur des branches r\u00e9glable individuellement<\/li>\n<li>Plaquettes souples<\/li>\n<li>L\u00e9g\u00e8re<\/li>\n<\/ul>\n<p><img fetchpriority=\"high\" decoding=\"async\" class=\"alignnone wp-image-26692\" src=\"https:\/\/dacarcomercial.com\/wp-content\/uploads\/2021\/03\/exor-infografia-FR.png\" alt=\"exor\" width=\"654\" height=\"364\" title=\"\" srcset=\"https:\/\/dacarcomercial.com\/wp-content\/uploads\/2021\/03\/exor-infografia-FR.png 780w, https:\/\/dacarcomercial.com\/wp-content\/uploads\/2021\/03\/exor-infografia-FR-768x427.png 768w, https:\/\/dacarcomercial.com\/wp-content\/uploads\/2021\/03\/exor-infografia-FR-600x334.png 600w\" sizes=\"(max-width: 654px) 100vw, 654px\" \/><\/p>\n","protected":false},"excerpt":{"rendered":"<p><strong>Exor incolore, les lunettes de protection \u00e0 correction asph\u00e9rique<\/strong><\/p>\n<p>En raison de la courbure souvent prononc\u00e9e des verres des lunettes de protection, il arrive de remarquer un l\u00e9ger effet d&rsquo;aberration dans la zone lat\u00e9rale, ce qui peut \u00eatre d\u00e9rangeant.<\/p>\n<p>En effet, les rayons de lumi\u00e8re ont tendance \u00e0 \u00eatre davantage r\u00e9fract\u00e9s sur les bords de verre qu&rsquo;en son centre. Dans certains cas extr\u00eames, cela peut provoquer des maux de t\u00eate et des vertiges.<\/p>\n<p>Le mod\u00e8le Exor permet de rem\u00e9dier \u00e0 ce probl\u00e8me gr\u00e2ce \u00e0 la forme asph\u00e9rique de ses verres. Les rayons de lumi\u00e8re sont r\u00e9fract\u00e9s presque de la m\u00eame mani\u00e8re sur les bords et au centre des verres. Le porteur de lunettes profite d&rsquo;une visi\u00f3n plus nette.<\/p>\n<p><strong>Sp\u00e9cifications<\/strong><\/p>\n<ul>\n<li>Avec oculaires incolores en polycarbonate anti-rayures<\/li>\n<li>Protection UV<\/li>\n<li>Poids: 26 g<\/li>\n<li>Branches: Easy Fit Soft<\/li>\n<li>EN 166 &amp; 170<\/li>\n<\/ul>\n<div class=\"elementor-element elementor-element-166c857 ob-has-background-overlay elementor-widget elementor-widget-woocommerce-product-short-description\" data-id=\"166c857\" data-element_type=\"widget\" data-settings=\"{&quot;_ob_perspektive_use&quot;:&quot;no&quot;,&quot;_ob_poopart_use&quot;:&quot;yes&quot;,&quot;_ob_shadough_use&quot;:&quot;no&quot;,&quot;_ob_allow_hoveranimator&quot;:&quot;no&quot;,&quot;_ob_widget_stalker_use&quot;:&quot;no&quot;}\" data-widget_type=\"woocommerce-product-short-description.default\">\n<div class=\"elementor-widget-container\">\n<div class=\"woocommerce-product-details__short-description\">\n<p><em>Les produits Dacar peuvent \u00eatre achet\u00e9s en ligne ou via notre r\u00e9seau de distributeurs. N\u00b4h\u00e9sitez pas \u00e0 nous consulter votre revendeur le plus proche !<\/em><\/p>\n<\/div>\n<\/div>\n<\/div>\n","protected":false},"featured_media":3789,"template":"","meta":{"site-sidebar-layout":"default","site-content-layout":"default","ast-site-content-layout":"default","site-content-style":"default","site-sidebar-style":"default","ast-global-header-display":"","ast-banner-title-visibility":"","ast-main-header-display":"","ast-hfb-above-header-display":"","ast-hfb-below-header-display":"","ast-hfb-mobile-header-display":"","site-post-title":"","ast-breadcrumbs-content":"","ast-featured-img":"","footer-sml-layout":"","ast-disable-related-posts":"","theme-transparent-header-meta":"default","adv-header-id-meta":"","stick-header-meta":"default","header-above-stick-meta":"","header-main-stick-meta":"","header-below-stick-meta":"","astra-migrate-meta-layouts":"default","ast-page-background-enabled":"default","ast-page-background-meta":{"desktop":{"background-color":"","background-image":"","background-repeat":"repeat","background-position":"center center","background-size":"auto","background-attachment":"scroll","background-type":"","background-media":"","overlay-type":"","overlay-color":"","overlay-opacity":"","overlay-gradient":""},"tablet":{"background-color":"","background-image":"","background-repeat":"repeat","background-position":"center center","background-size":"auto","background-attachment":"scroll","background-type":"","background-media":"","overlay-type":"","overlay-color":"","overlay-opacity":"","overlay-gradient":""},"mobile":{"background-color":"","background-image":"","background-repeat":"repeat","background-position":"center center","background-size":"auto","background-attachment":"scroll","background-type":"","background-media":"","overlay-type":"","overlay-color":"","overlay-opacity":"","overlay-gradient":""}},"ast-content-background-meta":{"desktop":{"background-color":"var(--ast-global-color-5)","background-image":"","background-repeat":"repeat","background-position":"center center","background-size":"auto","background-attachment":"scroll","background-type":"","background-media":"","overlay-type":"","overlay-color":"","overlay-opacity":"","overlay-gradient":""},"tablet":{"background-color":"var(--ast-global-color-5)","background-image":"","background-repeat":"repeat","background-position":"center center","background-size":"auto","background-attachment":"scroll","background-type":"","background-media":"","overlay-type":"","overlay-color":"","overlay-opacity":"","overlay-gradient":""},"mobile":{"background-color":"var(--ast-global-color-5)","background-image":"","background-repeat":"repeat","background-position":"center center","background-size":"auto","background-attachment":"scroll","background-type":"","background-media":"","overlay-type":"","overlay-color":"","overlay-opacity":"","overlay-gradient":""}}},"product_brand":[],"product_cat":[1629,973],"product_tag":[],"class_list":{"0":"post-17995","1":"product","2":"type-product","3":"status-publish","4":"has-post-thumbnail","6":"product_cat-avec-oculaires-incolores","7":"product_cat-lunettes-de-protection","8":"desktop-align-left","9":"tablet-align-left","10":"mobile-align-left","11":"ast-product-gallery-layout-horizontal-slider","12":"ast-product-gallery-with-no-image","13":"ast-product-tabs-layout-horizontal","15":"first","16":"instock","17":"taxable","18":"shipping-taxable","19":"purchasable","20":"product-type-simple"},"_links":{"self":[{"href":"https:\/\/dacarcomercial.com\/fr\/wp-json\/wp\/v2\/product\/17995","targetHints":{"allow":["GET"]}}],"collection":[{"href":"https:\/\/dacarcomercial.com\/fr\/wp-json\/wp\/v2\/product"}],"about":[{"href":"https:\/\/dacarcomercial.com\/fr\/wp-json\/wp\/v2\/types\/product"}],"version-history":[{"count":0,"href":"https:\/\/dacarcomercial.com\/fr\/wp-json\/wp\/v2\/product\/17995\/revisions"}],"wp:featuredmedia":[{"embeddable":true,"href":"https:\/\/dacarcomercial.com\/fr\/wp-json\/wp\/v2\/media\/3789"}],"wp:attachment":[{"href":"https:\/\/dacarcomercial.com\/fr\/wp-json\/wp\/v2\/media?parent=17995"}],"wp:term":[{"taxonomy":"product_brand","embeddable":true,"href":"https:\/\/dacarcomercial.com\/fr\/wp-json\/wp\/v2\/product_brand?post=17995"},{"taxonomy":"product_cat","embeddable":true,"href":"https:\/\/dacarcomercial.com\/fr\/wp-json\/wp\/v2\/product_cat?post=17995"},{"taxonomy":"product_tag","embeddable":true,"href":"https:\/\/dacarcomercial.com\/fr\/wp-json\/wp\/v2\/product_tag?post=17995"}],"curies":[{"name":"wp","href":"https:\/\/api.w.org\/{rel}","templated":true}]}}