{"id":18376,"date":"2021-03-06T16:50:52","date_gmt":"2021-03-06T15:50:52","guid":{"rendered":"http:\/\/dacarcomercial.com\/producto\/cagoule-longue-bleue-ca-2-quicklock\/"},"modified":"2024-05-13T13:28:41","modified_gmt":"2024-05-13T11:28:41","slug":"cagoule-ca-2","status":"publish","type":"product","link":"https:\/\/dacarcomercial.com\/fr\/producto\/cagoule-ca-2\/","title":{"rendered":"Cagoule CA-2"},"content":{"rendered":"<p><strong>Sp\u00e9cifications techniques Cagoule CA-2:<\/strong><\/p>\n<ul>\n<li>Poids: 240 g<\/li>\n<li>Mat\u00e9riau cagoule: nylon<\/li>\n<li>Visi\u00e8re: cellulose proportionn\u00e9e<\/li>\n<li>Couleurs: Orange et bleu<\/li>\n<li>Facteur de protection nominale (NPF): 500<\/li>\n<li>Raccord de tuyau QuickLOCK\u2122<\/li>\n<li>Certification: EN 12941 TH3 \/ EN 14594 3A \/ EN 166 1 S F<\/li>\n<\/ul>\n<p><strong>Caract\u00e9ristiques et avantages:<\/strong><\/p>\n<ul>\n<li>Protection des voies respiratoires de qualit\u00e9 sup\u00e9rieure<\/li>\n<li>Grande visi\u00e8re avec rev\u00eatement antibu\u00e9e<\/li>\n<li>R\u00e9glages de serre-t\u00eate individuels \u2013 r\u00e9glage du p\u00e9rim\u00e8tre et de la distance de la visi\u00e8re<\/li>\n<li>Agr\u00e9able \u00e0 porter gr\u00e2ce \u00e0 sa coupe ample et \u00e0 son mat\u00e9riau durable l\u00e9ger<\/li>\n<li>Offre une protection compl\u00e8te des yeux conforme \u00e0 la norme EN 166.<\/li>\n<li>Couche sup\u00e9rieure r\u00e9fl\u00e9chissante pratique<\/li>\n<li>Protection de la partie sup\u00e9rieure du corps<\/li>\n<\/ul>\n","protected":false},"excerpt":{"rendered":"<p><strong>Cagoule CA-2 longue ultra l\u00e9g\u00e8re avec une protection des voies respiratoires de qualit\u00e9 sup\u00e9rieure<\/strong><\/p>\n<p>Cette cagoule longue et l\u00e9g\u00e8re offre une protection des voies respiratoires et une protection de la t\u00eate, du cou et des \u00e9paules, dans des environnements poussi\u00e9reux ne n\u00e9cessitant pas d\u2019autre protection m\u00e9canique.<\/p>\n<p>Associ\u00e9e aux PAPR ou<a href=\"https:\/\/dacarcomercial.com\/fr\/categorias-productos\/protection-respiratoire\/cleanair-2\/\"> syst\u00e8mes CleanAIR\u00ae<\/a>, elle offre le niveau maximum de protection des voies respiratoires. Elle s\u2019adapte parfaitement aux diff\u00e9rents types de t\u00eate gr\u00e2ce \u00e0 son serre-t\u00eate r\u00e9glable et son bandeau \u00e9lastique confortable.<\/p>\n<p>La distance de la visi\u00e8re peut \u00eatre r\u00e9gl\u00e9e individuellement, tout comme le p\u00e9rim\u00e8tre du bandeau. Le tissu en nylon l\u00e9ger et la coupe ample la rendent agr\u00e9able \u00e0 porter sur de longues p\u00e9riodes. Sa visi\u00e8re \u00e0 champ panoramique avec rev\u00eatement antibu\u00e9e garantit une vision d\u00e9gag\u00e9e et offre une protection m\u00e9canique de base pour les yeux.<\/p>\n<p><em>Les produits Dacar peuvent \u00eatre achet\u00e9s en ligne ou via notre r\u00e9seau de distributeurs. N\u00b4h\u00e9sitez pas \u00e0 nous consulter votre revendeur le plus proche !<\/em><\/p>\n","protected":false},"featured_media":4794,"template":"","meta":{"site-sidebar-layout":"default","site-content-layout":"default","ast-site-content-layout":"default","site-content-style":"default","site-sidebar-style":"default","ast-global-header-display":"","ast-banner-title-visibility":"","ast-main-header-display":"","ast-hfb-above-header-display":"","ast-hfb-below-header-display":"","ast-hfb-mobile-header-display":"","site-post-title":"","ast-breadcrumbs-content":"","ast-featured-img":"","footer-sml-layout":"","ast-disable-related-posts":"","theme-transparent-header-meta":"default","adv-header-id-meta":"","stick-header-meta":"default","header-above-stick-meta":"","header-main-stick-meta":"","header-below-stick-meta":"","astra-migrate-meta-layouts":"set","ast-page-background-enabled":"default","ast-page-background-meta":{"desktop":{"background-color":"","background-image":"","background-repeat":"repeat","background-position":"center center","background-size":"auto","background-attachment":"scroll","background-type":"","background-media":"","overlay-type":"","overlay-color":"","overlay-opacity":"","overlay-gradient":""},"tablet":{"background-color":"","background-image":"","background-repeat":"repeat","background-position":"center center","background-size":"auto","background-attachment":"scroll","background-type":"","background-media":"","overlay-type":"","overlay-color":"","overlay-opacity":"","overlay-gradient":""},"mobile":{"background-color":"","background-image":"","background-repeat":"repeat","background-position":"center center","background-size":"auto","background-attachment":"scroll","background-type":"","background-media":"","overlay-type":"","overlay-color":"","overlay-opacity":"","overlay-gradient":""}},"ast-content-background-meta":{"desktop":{"background-color":"var(--ast-global-color-5)","background-image":"","background-repeat":"repeat","background-position":"center center","background-size":"auto","background-attachment":"scroll","background-type":"","background-media":"","overlay-type":"","overlay-color":"","overlay-opacity":"","overlay-gradient":""},"tablet":{"background-color":"var(--ast-global-color-5)","background-image":"","background-repeat":"repeat","background-position":"center center","background-size":"auto","background-attachment":"scroll","background-type":"","background-media":"","overlay-type":"","overlay-color":"","overlay-opacity":"","overlay-gradient":""},"mobile":{"background-color":"var(--ast-global-color-5)","background-image":"","background-repeat":"repeat","background-position":"center center","background-size":"auto","background-attachment":"scroll","background-type":"","background-media":"","overlay-type":"","overlay-color":"","overlay-opacity":"","overlay-gradient":""}}},"product_brand":[],"product_cat":[984,990],"product_tag":[],"class_list":{"0":"post-18376","1":"product","2":"type-product","3":"status-publish","4":"has-post-thumbnail","6":"product_cat-cleanair-2","7":"product_cat-unites-de-tete","8":"desktop-align-left","9":"tablet-align-left","10":"mobile-align-left","11":"ast-product-gallery-layout-horizontal-slider","12":"ast-product-single-variable","13":"ast-product-tabs-layout-horizontal","15":"first","16":"instock","17":"taxable","18":"shipping-taxable","19":"purchasable","20":"product-type-variable"},"_links":{"self":[{"href":"https:\/\/dacarcomercial.com\/fr\/wp-json\/wp\/v2\/product\/18376","targetHints":{"allow":["GET"]}}],"collection":[{"href":"https:\/\/dacarcomercial.com\/fr\/wp-json\/wp\/v2\/product"}],"about":[{"href":"https:\/\/dacarcomercial.com\/fr\/wp-json\/wp\/v2\/types\/product"}],"version-history":[{"count":0,"href":"https:\/\/dacarcomercial.com\/fr\/wp-json\/wp\/v2\/product\/18376\/revisions"}],"wp:featuredmedia":[{"embeddable":true,"href":"https:\/\/dacarcomercial.com\/fr\/wp-json\/wp\/v2\/media\/4794"}],"wp:attachment":[{"href":"https:\/\/dacarcomercial.com\/fr\/wp-json\/wp\/v2\/media?parent=18376"}],"wp:term":[{"taxonomy":"product_brand","embeddable":true,"href":"https:\/\/dacarcomercial.com\/fr\/wp-json\/wp\/v2\/product_brand?post=18376"},{"taxonomy":"product_cat","embeddable":true,"href":"https:\/\/dacarcomercial.com\/fr\/wp-json\/wp\/v2\/product_cat?post=18376"},{"taxonomy":"product_tag","embeddable":true,"href":"https:\/\/dacarcomercial.com\/fr\/wp-json\/wp\/v2\/product_tag?post=18376"}],"curies":[{"name":"wp","href":"https:\/\/api.w.org\/{rel}","templated":true}]}}