{"id":18423,"date":"2021-03-06T16:51:21","date_gmt":"2021-03-12T07:42:37","guid":{"rendered":"http:\/\/dacarcomercial.com\/producto\/ensemble-tout-en-un-ca-40gw\/"},"modified":"2024-05-10T12:34:09","modified_gmt":"2024-05-10T10:34:09","slug":"unite-de-tete-ca-40-gw","status":"publish","type":"product","link":"https:\/\/dacarcomercial.com\/fr\/producto\/unite-de-tete-ca-40-gw\/","title":{"rendered":"Unit\u00e9 de t\u00eate CA-40GW"},"content":{"rendered":"<h2>Caract\u00e9ristiques techniques Unit\u00e9 de t\u00eate CA-40GW<\/h2>\n<p><strong>Sp\u00e9cifications techniques<\/strong>:<\/p>\n<ul>\n<li>Poids : 1255 g<\/li>\n<li>Dimensions : 300 mm \/ 240 mm \/ 320 mm<\/li>\n<li>Couvercle du filtre : 110 \u00d7 90 mm<\/li>\n<li>Visi\u00e8re givr\u00e9e : Polycarbonate, 280 \u00d7 150 mm<\/li>\n<li>Couleur : bleu m\u00e9tallis\u00e9<\/li>\n<li>Facteur de protection (NPF) : 500<\/li>\n<li>Certifications : EN 166 1, A, K, N, EN 379 1\/1\/1\/2, EN 175 S, B, EN 397, EN 12941 TH3, EN 14594 3B<\/li>\n<\/ul>\n<p><strong>Caract\u00e9ristiques et avantages:<\/strong><\/p>\n<ul>\n<li>Protection multiple : 5 niveaux de protection en m\u00eame temps : yeux, visage, t\u00eate, respiratoire et protection auditive en option<\/li>\n<li>Syst\u00e8me compact, confortable et facile \u00e0 entretenir<\/li>\n<li>Compatible avec ADF ou filtres passifs 110 \u00d7 90 mm<\/li>\n<li>La visi\u00e8re sph\u00e9rique d&rsquo;excellente qualit\u00e9 assure un excellent champ de vision<\/li>\n<li>Le rev\u00eatement antibu\u00e9e emp\u00eache la visi\u00e8re de s&#8217;embuer<\/li>\n<li>Le rev\u00eatement anti-rayures augmente la durabilit\u00e9 m\u00e9canique de la visi\u00e8re.<\/li>\n<li>Visi\u00e8res teinte 4, teinte 5 et jaune disponibles en accessoires (\u00e0 commander s\u00e9par\u00e9ment)<\/li>\n<li>Robustesse am\u00e9lior\u00e9e : protection contre les particules \u00e0 grande vitesse et forte \u00e9nergie (Classe B &#8211; EN166)<\/li>\n<li>Syst\u00e8me de distribution d&rsquo;air int\u00e9gr\u00e9<\/li>\n<li><span class=\"ng-star-inserted\">Les meilleures classifications en protection respiratoire (EN12941 TH3 et EN14594 : 3B)<\/span><\/li>\n<\/ul>\n","protected":false},"excerpt":{"rendered":"<p><span class=\"ng-star-inserted\">L&rsquo;unit\u00e9 de t\u00eate CA-40GW pour le soudage et le meulage, offre 5 niveaux de protection \u00e0 la fois : protection oculaire, faciale, de la t\u00eate, respiratoire et auditive (en option).<\/span><\/p>\n<p><span class=\"ng-star-inserted\">Le masque \u00e0 souder rabattable est compatible avec les filtres \u00e9lectroniques d\u2019obscurcissement automatique ou les filtres passifs dans une dimension de 110 90 mm (\u00e0 commander s\u00e9par\u00e9ment).\u00a0\u00a0<\/span><span class=\"ng-star-inserted\">La visi\u00e8re en polycarbonate d\u2019excellente qualit\u00e9 avec rev\u00eatement anti-rayures garantit un excellent champ de vision et une plus grande durabilit\u00e9.<\/span><\/p>\n<p><span class=\"ng-star-inserted\">L&rsquo;unit\u00e9 de t\u00eate CA-40GW convient aux op\u00e9rations de soudage les plus difficiles, y compris les op\u00e9rations de soudage (positionnement, fixation) et autres op\u00e9rations de surface (meulage, nettoyage, polissage) et peut \u00eatre utilis\u00e9 dans des zones o\u00f9 le port d\u2019un casque de s\u00e9curit\u00e9 est obligatoire car il est conforme aux exigences et certifi\u00e9 EN397. <\/span><span class=\"ng-star-inserted\">En combinaison avec les CleanAIR AerGO, Basic et Pressure Flow Master, il offre un facteur de protection (FPN) de 500, obtenant ainsi les meilleures classifications en protection respiratoire (EN12941 TH3 et EN14594\u00a0: 3B)<\/span><\/p>\n<p><span class=\"ng-star-inserted\">Joint facial en tissu ignifug\u00e9 et connecteur QuickLOCK pour utilisation avec le tube \u00e0 air CleanAIR 710060 (\u00e0 commander s\u00e9par\u00e9ment).\u00a0 <\/span><span class=\"ng-star-inserted\">Oreillettes anti-bruit en option \u00e0 commander s\u00e9par\u00e9ment.<\/span><\/p>\n<p><em>Les produits Dacar peuvent \u00eatre achet\u00e9s en ligne ou via notre r\u00e9seau de distributeurs. N\u00b4h\u00e9sitez pas \u00e0 nous consulter votre revendeur le plus proche !<\/em><\/p>\n","protected":false},"featured_media":33150,"template":"","meta":{"site-sidebar-layout":"default","site-content-layout":"default","ast-site-content-layout":"default","site-content-style":"default","site-sidebar-style":"default","ast-global-header-display":"","ast-banner-title-visibility":"","ast-main-header-display":"","ast-hfb-above-header-display":"","ast-hfb-below-header-display":"","ast-hfb-mobile-header-display":"","site-post-title":"","ast-breadcrumbs-content":"","ast-featured-img":"","footer-sml-layout":"","ast-disable-related-posts":"","theme-transparent-header-meta":"default","adv-header-id-meta":"","stick-header-meta":"default","header-above-stick-meta":"","header-main-stick-meta":"","header-below-stick-meta":"","astra-migrate-meta-layouts":"set","ast-page-background-enabled":"default","ast-page-background-meta":{"desktop":{"background-color":"","background-image":"","background-repeat":"repeat","background-position":"center center","background-size":"auto","background-attachment":"scroll","background-type":"","background-media":"","overlay-type":"","overlay-color":"","overlay-opacity":"","overlay-gradient":""},"tablet":{"background-color":"","background-image":"","background-repeat":"repeat","background-position":"center center","background-size":"auto","background-attachment":"scroll","background-type":"","background-media":"","overlay-type":"","overlay-color":"","overlay-opacity":"","overlay-gradient":""},"mobile":{"background-color":"","background-image":"","background-repeat":"repeat","background-position":"center center","background-size":"auto","background-attachment":"scroll","background-type":"","background-media":"","overlay-type":"","overlay-color":"","overlay-opacity":"","overlay-gradient":""}},"ast-content-background-meta":{"desktop":{"background-color":"var(--ast-global-color-5)","background-image":"","background-repeat":"repeat","background-position":"center center","background-size":"auto","background-attachment":"scroll","background-type":"","background-media":"","overlay-type":"","overlay-color":"","overlay-opacity":"","overlay-gradient":""},"tablet":{"background-color":"var(--ast-global-color-5)","background-image":"","background-repeat":"repeat","background-position":"center center","background-size":"auto","background-attachment":"scroll","background-type":"","background-media":"","overlay-type":"","overlay-color":"","overlay-opacity":"","overlay-gradient":""},"mobile":{"background-color":"var(--ast-global-color-5)","background-image":"","background-repeat":"repeat","background-position":"center center","background-size":"auto","background-attachment":"scroll","background-type":"","background-media":"","overlay-type":"","overlay-color":"","overlay-opacity":"","overlay-gradient":""}}},"product_brand":[],"product_cat":[984,990],"product_tag":[],"class_list":{"0":"post-18423","1":"product","2":"type-product","3":"status-publish","4":"has-post-thumbnail","6":"product_cat-cleanair-2","7":"product_cat-unites-de-tete","8":"desktop-align-left","9":"tablet-align-left","10":"mobile-align-left","11":"ast-product-gallery-layout-horizontal-slider","12":"ast-product-tabs-layout-horizontal","14":"first","15":"instock","16":"taxable","17":"shipping-taxable","18":"purchasable","19":"product-type-simple"},"_links":{"self":[{"href":"https:\/\/dacarcomercial.com\/fr\/wp-json\/wp\/v2\/product\/18423","targetHints":{"allow":["GET"]}}],"collection":[{"href":"https:\/\/dacarcomercial.com\/fr\/wp-json\/wp\/v2\/product"}],"about":[{"href":"https:\/\/dacarcomercial.com\/fr\/wp-json\/wp\/v2\/types\/product"}],"version-history":[{"count":0,"href":"https:\/\/dacarcomercial.com\/fr\/wp-json\/wp\/v2\/product\/18423\/revisions"}],"wp:featuredmedia":[{"embeddable":true,"href":"https:\/\/dacarcomercial.com\/fr\/wp-json\/wp\/v2\/media\/33150"}],"wp:attachment":[{"href":"https:\/\/dacarcomercial.com\/fr\/wp-json\/wp\/v2\/media?parent=18423"}],"wp:term":[{"taxonomy":"product_brand","embeddable":true,"href":"https:\/\/dacarcomercial.com\/fr\/wp-json\/wp\/v2\/product_brand?post=18423"},{"taxonomy":"product_cat","embeddable":true,"href":"https:\/\/dacarcomercial.com\/fr\/wp-json\/wp\/v2\/product_cat?post=18423"},{"taxonomy":"product_tag","embeddable":true,"href":"https:\/\/dacarcomercial.com\/fr\/wp-json\/wp\/v2\/product_tag?post=18423"}],"curies":[{"name":"wp","href":"https:\/\/api.w.org\/{rel}","templated":true}]}}