{"id":43747,"date":"2023-06-26T14:15:32","date_gmt":"2023-06-26T12:15:32","guid":{"rendered":"https:\/\/dacarcomercial.com\/?post_type=product&#038;p=43747"},"modified":"2026-04-22T10:40:42","modified_gmt":"2026-04-22T08:40:42","slug":"masque-de-soudure-x3-pro","status":"publish","type":"product","link":"https:\/\/dacarcomercial.com\/fr\/producto\/masque-de-soudure-x3-pro\/","title":{"rendered":"Masque de soudure X3 PRO"},"content":{"rendered":"<h2><strong>CARACT\u00c9RISTIQUES DU MASQUE X3 PRO:<\/strong><\/h2>\n<p><strong>Mat\u00e9riaux:<\/strong><br \/>\n&#8211; Serre-t\u00eate: HDPE<br \/>\n&#8211; Coque: PA66<br \/>\n&#8211; \u00c9crans de protection: PC<br \/>\n<strong>\u00c9crans de protection:<\/strong><br \/>\n&#8211; Ext\u00e9rieurs: 178,6X129,9 mm<br \/>\n&#8211; Int\u00e9rieurs: 114X89 mm<br \/>\n&#8211; Couleurs disponibles: Noir<br \/>\n<strong>Poids:<\/strong><br \/>\n&#8211; Masque complet: 590 g<br \/>\n<strong>Certification:<\/strong><br \/>\n&#8211; CE ISO 16321 W 14 E 1-M<\/p>\n<h2>CARACT\u00c9RISTIQUES DU FILTRE \u00c9LECTRONIQUE P20+:<\/h2>\n<p><strong>Champ de vision<\/strong> 108 x 74 mm<br \/>\n<strong>Teinte claire<\/strong> True color vert-jaune teinte 3, avec filtre lumi\u00e8re bleue<br \/>\n<strong>Classe optique<\/strong> 1\/1\/1\/2 (V2 &#8211; ISO16321)<br \/>\n<strong>Modes<\/strong> Soudage\/d\u00e9coupage\/polissage<br \/>\n<strong>Nombre de capteurs<\/strong> 4<br \/>\n<strong>R\u00e9glage de la teinte fonc\u00e9e<\/strong> 4-8\/9-13<br \/>\n<strong>Fonction s\u00e9lection automatique de la teinte fonc\u00e9e<\/strong> No<br \/>\n<strong>Fonction m\u00e9moire<\/strong> Oui, 10 m\u00e9moires<br \/>\n<strong>Fonction meulage<\/strong> Oui, avec un bouton externe bouton-poussoir externe facile \u00e0 actionner<br \/>\n<strong>R\u00e9glage sensibilit\u00e9<\/strong> 0-9 niveaux manuel<br \/>\n<strong>Fonction TIG \u00e0 faible amp\u00e9rage (SUPER)<\/strong> No<br \/>\n<strong>Temps de r\u00e9action<\/strong> 0,04 ms<br \/>\n<strong>Temps de retour \u00e0 la teinte claire<\/strong> 0,1 &#8211; 2,0 seg. Manuel<br \/>\n<strong>Mode de soudage par points (TACK)<\/strong> No<br \/>\n<strong>Fonction Gradient<\/strong> Oui<br \/>\n<strong>Alimentation<\/strong> Solaire+2 piles CR2450 rempla\u00e7able<br \/>\n<strong>Garantie<\/strong> 2 ans<br \/>\n<strong>Certification<\/strong> CE ISO 16321<\/p>\n","protected":false},"excerpt":{"rendered":"<p>Le champ de vision du <strong>masque de soudure X3 PRO<\/strong> va vous surprendre. Avec une zone de vision extra large (108 x 74 mm), vous b\u00e9n\u00e9ficierez d\u00b4un confort optimal tout au long de la journ\u00e9e de travail. Il vous permettra de souder, couper et polir tout en vous assurant un maximum de s\u00e9curit\u00e9 et de confort. Il est \u00e9quip\u00e9 du filtre \u00e9lectronique P20+ (Voir caract\u00e9ristiques du filtre ci-dessous) qui int\u00e8gre toutes les fonctions dont un soudeur amateur ou professionnel peut avoir besoin.<\/p>\n<p>Le <strong>masque de soudure X3 PRO<\/strong> offre un grand confort gr\u00e2ce \u00e0 son serre-t\u00eate <strong>avec Dispositif R\u00e9ducteur de Pression (DRP)<\/strong>. Ce dispositif r\u00e9duit la tension \u00e0 l\u00b4arri\u00e8re du cou, ce qui se traduit par une sensation de tension moindre dur la t\u00eate. De plus, le design ergonomique prot\u00e8ge efficacement toutes les parties du visage des projections ainsi que de la lumi\u00e8re nocive du soudage.<\/p>\n<p>Une autre chose qui se d\u00e9marque de cet \u00e9cran de soudage est son champ de vision avec technologie True color teinte 3 jaun\u00e2tre qui amplifie les contrastes lumineux et offre un filtrage suppl\u00e9mentaire de la lumi\u00e8re bleue. Le marque X3 PRO dispose \u00e9galement d\u00b4un bouton externe pratique pour activer et d\u00e9sactiver la fonction de meulage facilement et rapidement.<\/p>\n","protected":false},"featured_media":43439,"template":"","meta":{"site-sidebar-layout":"default","site-content-layout":"default","ast-site-content-layout":"default","site-content-style":"default","site-sidebar-style":"default","ast-global-header-display":"","ast-banner-title-visibility":"","ast-main-header-display":"","ast-hfb-above-header-display":"","ast-hfb-below-header-display":"","ast-hfb-mobile-header-display":"","site-post-title":"","ast-breadcrumbs-content":"","ast-featured-img":"","footer-sml-layout":"","ast-disable-related-posts":"","theme-transparent-header-meta":"default","adv-header-id-meta":"","stick-header-meta":"default","header-above-stick-meta":"","header-main-stick-meta":"","header-below-stick-meta":"","astra-migrate-meta-layouts":"set","ast-page-background-enabled":"default","ast-page-background-meta":{"desktop":{"background-color":"","background-image":"","background-repeat":"repeat","background-position":"center center","background-size":"auto","background-attachment":"scroll","background-type":"","background-media":"","overlay-type":"","overlay-color":"","overlay-opacity":"","overlay-gradient":""},"tablet":{"background-color":"","background-image":"","background-repeat":"repeat","background-position":"center center","background-size":"auto","background-attachment":"scroll","background-type":"","background-media":"","overlay-type":"","overlay-color":"","overlay-opacity":"","overlay-gradient":""},"mobile":{"background-color":"","background-image":"","background-repeat":"repeat","background-position":"center center","background-size":"auto","background-attachment":"scroll","background-type":"","background-media":"","overlay-type":"","overlay-color":"","overlay-opacity":"","overlay-gradient":""}},"ast-content-background-meta":{"desktop":{"background-color":"var(--ast-global-color-5)","background-image":"","background-repeat":"repeat","background-position":"center center","background-size":"auto","background-attachment":"scroll","background-type":"","background-media":"","overlay-type":"","overlay-color":"","overlay-opacity":"","overlay-gradient":""},"tablet":{"background-color":"var(--ast-global-color-5)","background-image":"","background-repeat":"repeat","background-position":"center center","background-size":"auto","background-attachment":"scroll","background-type":"","background-media":"","overlay-type":"","overlay-color":"","overlay-opacity":"","overlay-gradient":""},"mobile":{"background-color":"var(--ast-global-color-5)","background-image":"","background-repeat":"repeat","background-position":"center center","background-size":"auto","background-attachment":"scroll","background-type":"","background-media":"","overlay-type":"","overlay-color":"","overlay-opacity":"","overlay-gradient":""}}},"product_brand":[],"product_cat":[940,1933],"product_tag":[],"class_list":{"0":"post-43747","1":"product","2":"type-product","3":"status-publish","4":"has-post-thumbnail","6":"product_cat-avec-filtres-electro-optiques","7":"product_cat-x3-fr","8":"desktop-align-left","9":"tablet-align-left","10":"mobile-align-left","11":"ast-product-gallery-layout-horizontal-slider","12":"ast-product-tabs-layout-horizontal","14":"first","15":"instock","16":"taxable","17":"shipping-taxable","18":"purchasable","19":"product-type-simple"},"_links":{"self":[{"href":"https:\/\/dacarcomercial.com\/fr\/wp-json\/wp\/v2\/product\/43747","targetHints":{"allow":["GET"]}}],"collection":[{"href":"https:\/\/dacarcomercial.com\/fr\/wp-json\/wp\/v2\/product"}],"about":[{"href":"https:\/\/dacarcomercial.com\/fr\/wp-json\/wp\/v2\/types\/product"}],"version-history":[{"count":1,"href":"https:\/\/dacarcomercial.com\/fr\/wp-json\/wp\/v2\/product\/43747\/revisions"}],"predecessor-version":[{"id":55587,"href":"https:\/\/dacarcomercial.com\/fr\/wp-json\/wp\/v2\/product\/43747\/revisions\/55587"}],"wp:featuredmedia":[{"embeddable":true,"href":"https:\/\/dacarcomercial.com\/fr\/wp-json\/wp\/v2\/media\/43439"}],"wp:attachment":[{"href":"https:\/\/dacarcomercial.com\/fr\/wp-json\/wp\/v2\/media?parent=43747"}],"wp:term":[{"taxonomy":"product_brand","embeddable":true,"href":"https:\/\/dacarcomercial.com\/fr\/wp-json\/wp\/v2\/product_brand?post=43747"},{"taxonomy":"product_cat","embeddable":true,"href":"https:\/\/dacarcomercial.com\/fr\/wp-json\/wp\/v2\/product_cat?post=43747"},{"taxonomy":"product_tag","embeddable":true,"href":"https:\/\/dacarcomercial.com\/fr\/wp-json\/wp\/v2\/product_tag?post=43747"}],"curies":[{"name":"wp","href":"https:\/\/api.w.org\/{rel}","templated":true}]}}