{"id":47867,"date":"2024-03-04T08:39:19","date_gmt":"2024-03-04T07:39:19","guid":{"rendered":"https:\/\/dacarcomercial.com\/producto\/masque-facial-fs01\/"},"modified":"2024-03-04T10:05:49","modified_gmt":"2024-03-04T09:05:49","slug":"masque-facial-fs01","status":"publish","type":"product","link":"https:\/\/dacarcomercial.com\/fr\/producto\/masque-facial-fs01\/","title":{"rendered":"Masque facial FS01"},"content":{"rendered":"<h2><strong>Caract\u00e9ristiques techniques du masque facial FS01:<\/strong><\/h2>\n<ul>\n<li>Connecteurs excentr\u00e9s pour une vue large (CP-P3R uniquement)<\/li>\n<li>Connecteurs de filtre \u00e0 action rapide de type ba\u00efonnette (CP-P3R uniquement)<\/li>\n<li>Visi\u00e8re en polycarbonate avec courbe panoramique 3D (EN166 1B)<\/li>\n<li>Int\u00e9rieur trait\u00e9 anti-bu\u00e9e pour une vision claire \u00e0 tout moment.<\/li>\n<li>Ext\u00e9rieur trait\u00e9 anti-rayures pour une longue dur\u00e9e de vie<\/li>\n<li>Con\u00e7u pour \u00eatre compatible avec un casque de s\u00e9curit\u00e9<\/li>\n<li>Masque int\u00e9rieur pour le nez et la bouche facile \u00e0 retirer<\/li>\n<li>R\u00e9glage facile gr\u00e2ce \u00e0 la dragonne \u00e9lastique r\u00e9glable en 6 points.<\/li>\n<\/ul>\n","protected":false},"excerpt":{"rendered":"<p>Le <strong>masque facial FS01 de Shigematsu<\/strong> est magnifiquement con\u00e7u et offre \u00e9galement un confort de port incroyable pour ce type de produit. Gr\u00e2ce \u00e0 ses connecteurs d\u00e9centr\u00e9s, elle offre une large vue, qui est encore am\u00e9lior\u00e9e par sa visi\u00e8re en polycarbonate avec courbe panoramique 3D. La visi\u00e8re est dot\u00e9e d\u2019un rev\u00eatement int\u00e9rieur anti-bu\u00e9e et d\u2019un rev\u00eatement ext\u00e9rieur anti-rayures pour une vision claire \u00e0 tout moment et pendant longtemps, m\u00eame en cas d\u2019utilisation dans des conditions difficiles. Le masque int\u00e9gral FS01 est con\u00e7u pour \u00eatre port\u00e9 avec un casque de s\u00e9curit\u00e9. Il est \u00e9quip\u00e9 d\u2019un clip de fixation \u00e0 6 points pour un retrait rapide et facile.<\/p>\n<p><strong>A utiliser avec 2 filtres de la s\u00e9rie CA. (Non inclus)<\/strong><\/p>\n<p><em>Les produits Dacar peuvent \u00eatre achet\u00e9s en ligne ou par l\u2019interm\u00e9diaire de notre r\u00e9seau de distributeurs. Demandez-nous des informations sur le distributeur le plus proche de chez vous.<\/em><\/p>\n","protected":false},"featured_media":27803,"template":"","meta":{"site-sidebar-layout":"default","site-content-layout":"","ast-site-content-layout":"default","site-content-style":"default","site-sidebar-style":"default","ast-global-header-display":"","ast-banner-title-visibility":"","ast-main-header-display":"","ast-hfb-above-header-display":"","ast-hfb-below-header-display":"","ast-hfb-mobile-header-display":"","site-post-title":"","ast-breadcrumbs-content":"","ast-featured-img":"","footer-sml-layout":"","ast-disable-related-posts":"","theme-transparent-header-meta":"default","adv-header-id-meta":"","stick-header-meta":"default","header-above-stick-meta":"","header-main-stick-meta":"","header-below-stick-meta":"","astra-migrate-meta-layouts":"default","ast-page-background-enabled":"default","ast-page-background-meta":{"desktop":{"background-color":"","background-image":"","background-repeat":"repeat","background-position":"center center","background-size":"auto","background-attachment":"scroll","background-type":"","background-media":"","overlay-type":"","overlay-color":"","overlay-opacity":"","overlay-gradient":""},"tablet":{"background-color":"","background-image":"","background-repeat":"repeat","background-position":"center center","background-size":"auto","background-attachment":"scroll","background-type":"","background-media":"","overlay-type":"","overlay-color":"","overlay-opacity":"","overlay-gradient":""},"mobile":{"background-color":"","background-image":"","background-repeat":"repeat","background-position":"center center","background-size":"auto","background-attachment":"scroll","background-type":"","background-media":"","overlay-type":"","overlay-color":"","overlay-opacity":"","overlay-gradient":""}},"ast-content-background-meta":{"desktop":{"background-color":"var(--ast-global-color-5)","background-image":"","background-repeat":"repeat","background-position":"center center","background-size":"auto","background-attachment":"scroll","background-type":"","background-media":"","overlay-type":"","overlay-color":"","overlay-opacity":"","overlay-gradient":""},"tablet":{"background-color":"var(--ast-global-color-5)","background-image":"","background-repeat":"repeat","background-position":"center center","background-size":"auto","background-attachment":"scroll","background-type":"","background-media":"","overlay-type":"","overlay-color":"","overlay-opacity":"","overlay-gradient":""},"mobile":{"background-color":"var(--ast-global-color-5)","background-image":"","background-repeat":"repeat","background-position":"center center","background-size":"auto","background-attachment":"scroll","background-type":"","background-media":"","overlay-type":"","overlay-color":"","overlay-opacity":"","overlay-gradient":""}}},"product_brand":[],"product_cat":[1719,981],"product_tag":[],"class_list":{"0":"post-47867","1":"product","2":"type-product","3":"status-publish","4":"has-post-thumbnail","6":"product_cat-masques-faciaux","7":"product_cat-protection-respiratoire","8":"desktop-align-left","9":"tablet-align-left","10":"mobile-align-left","11":"ast-product-gallery-layout-horizontal-slider","12":"ast-product-gallery-with-no-image","13":"ast-product-single-variable","14":"ast-product-tabs-layout-horizontal","16":"first","17":"onbackorder","18":"taxable","19":"shipping-taxable","20":"purchasable","21":"product-type-variable"},"_links":{"self":[{"href":"https:\/\/dacarcomercial.com\/fr\/wp-json\/wp\/v2\/product\/47867","targetHints":{"allow":["GET"]}}],"collection":[{"href":"https:\/\/dacarcomercial.com\/fr\/wp-json\/wp\/v2\/product"}],"about":[{"href":"https:\/\/dacarcomercial.com\/fr\/wp-json\/wp\/v2\/types\/product"}],"version-history":[{"count":0,"href":"https:\/\/dacarcomercial.com\/fr\/wp-json\/wp\/v2\/product\/47867\/revisions"}],"wp:featuredmedia":[{"embeddable":true,"href":"https:\/\/dacarcomercial.com\/fr\/wp-json\/wp\/v2\/media\/27803"}],"wp:attachment":[{"href":"https:\/\/dacarcomercial.com\/fr\/wp-json\/wp\/v2\/media?parent=47867"}],"wp:term":[{"taxonomy":"product_brand","embeddable":true,"href":"https:\/\/dacarcomercial.com\/fr\/wp-json\/wp\/v2\/product_brand?post=47867"},{"taxonomy":"product_cat","embeddable":true,"href":"https:\/\/dacarcomercial.com\/fr\/wp-json\/wp\/v2\/product_cat?post=47867"},{"taxonomy":"product_tag","embeddable":true,"href":"https:\/\/dacarcomercial.com\/fr\/wp-json\/wp\/v2\/product_tag?post=47867"}],"curies":[{"name":"wp","href":"https:\/\/api.w.org\/{rel}","templated":true}]}}